{"version":"1.0","provider_name":"C.A.R.E.","provider_url":"https:\/\/www.care-platform.eu\/","author_name":"admin","author_url":"https:\/\/www.care-platform.eu\/index.php\/author\/tourniss_sq4t7cxk\/","title":"Ocean mo\u017cliwo\u015bci - C.A.R.E.","type":"rich","width":600,"height":338,"html":"<blockquote class=\"wp-embedded-content\" data-secret=\"t0NI5y6KpJ\"><a href=\"https:\/\/www.care-platform.eu\/index.php\/pl\/2024\/06\/05\/ocean-mozliwosci\/\">Ocean mo\u017cliwo\u015bci<\/a><\/blockquote><iframe sandbox=\"allow-scripts\" security=\"restricted\" src=\"https:\/\/www.care-platform.eu\/index.php\/pl\/2024\/06\/05\/ocean-mozliwosci\/embed\/#?secret=t0NI5y6KpJ\" width=\"600\" height=\"338\" title=\"&#8220;Ocean mo\u017cliwo\u015bci&#8221; &#8212; C.A.R.E.\" data-secret=\"t0NI5y6KpJ\" frameborder=\"0\" marginwidth=\"0\" marginheight=\"0\" scrolling=\"no\" class=\"wp-embedded-content\"><\/iframe><script>\n\/*! This file is auto-generated *\/\n!function(d,l){\"use strict\";l.querySelector&&d.addEventListener&&\"undefined\"!=typeof URL&&(d.wp=d.wp||{},d.wp.receiveEmbedMessage||(d.wp.receiveEmbedMessage=function(e){var t=e.data;if((t||t.secret||t.message||t.value)&&!\/[^a-zA-Z0-9]\/.test(t.secret)){for(var s,r,n,a=l.querySelectorAll('iframe[data-secret=\"'+t.secret+'\"]'),o=l.querySelectorAll('blockquote[data-secret=\"'+t.secret+'\"]'),c=new RegExp(\"^https?:$\",\"i\"),i=0;i<o.length;i++)o[i].style.display=\"none\";for(i=0;i<a.length;i++)s=a[i],e.source===s.contentWindow&&(s.removeAttribute(\"style\"),\"height\"===t.message?(1e3<(r=parseInt(t.value,10))?r=1e3:~~r<200&&(r=200),s.height=r):\"link\"===t.message&&(r=new URL(s.getAttribute(\"src\")),n=new URL(t.value),c.test(n.protocol))&&n.host===r.host&&l.activeElement===s&&(d.top.location.href=t.value))}},d.addEventListener(\"message\",d.wp.receiveEmbedMessage,!1),l.addEventListener(\"DOMContentLoaded\",function(){for(var e,t,s=l.querySelectorAll(\"iframe.wp-embedded-content\"),r=0;r<s.length;r++)(t=(e=s[r]).getAttribute(\"data-secret\"))||(t=Math.random().toString(36).substring(2,12),e.src+=\"#?secret=\"+t,e.setAttribute(\"data-secret\",t)),e.contentWindow.postMessage({message:\"ready\",secret:t},\"*\")},!1)))}(window,document);\n\/\/# sourceURL=https:\/\/www.care-platform.eu\/wp-includes\/js\/wp-embed.min.js\n<\/script>\n","description":"W pa\u017adzierniku 2023 roku rozpocz\u0119li\u015bmy warsztaty ceramiczne w ramach projektu CARE \u2013 Ceramic Artworks to Raise Esteem and Employability, we wsp\u00f3\u0142pracy z partnerami projektu oraz \u0141\u00f3dzk\u0105 Szko\u0142\u0105 dla Dzieci i M\u0142odzie\u017cy S\u0142abowidz\u0105cej i Niewidomej. Tempo wydarze\u0144 by\u0142o bardzo intensywne \u2013 ju\u017c w grudniu potrzebne by\u0142y pierwsze prace uczestnik\u00f3w. Wsp\u00f3lnie z m\u0142odzie\u017c\u0105 przygotowali\u015bmy szkliwione ozdoby \u015bwi\u0105teczne. Ka\u017cdy, kto pracuje z glin\u0105, wie, \u017ce to materia\u0142 wymagaj\u0105cy czasu i cierpliwo\u015bci \u2013 rze\u017aby musz\u0105 schn\u0105\u0107, by\u0107 szlifowane, wypalane, szkliwione i ponownie wypalane. Z inicjatywy naszych m\u0142odych \u2013 przysz\u0142ych mistrz\u00f3w ceramiki \u2013 wykonane dekoracje sta\u0142y si\u0119 g\u0142\u00f3wnym produktem bo\u017conarodzeniowego kiermaszu. Sprzeda\u017c tych wyj\u0105tkowych prac przynios\u0142a wsparcie finansowe dla bud\u017cetu szko\u0142y, a sama praca z glin\u0105 przerodzi\u0142a si\u0119 w rozmowy o kszta\u0142towaniu komercyjnej oferty przysz\u0142ej pracowni ceramicznej. Wsp\u00f3lnie zastanawiali\u015bmy si\u0119, jak stworzy\u0107 mark\u0119, jak wycenia\u0107 produkty i jak planowa\u0107 przysz\u0142e dzia\u0142ania \u2013 to by\u0142a nasza pierwsza lekcja przedsi\u0119biorczo\u015bci. Kiermasz okaza\u0142 si\u0119 ogromnym sukcesem \u2013 nasze wyroby cieszy\u0142y si\u0119 du\u017cym zainteresowaniem. To do\u015bwiadczenie da\u0142o impuls do kolejnych plan\u00f3w. Postanowili\u015bmy, \u017ce kolejne prace r\u00f3wnie\u017c zostan\u0105 zaprezentowane jako oferta grupy m\u0142odych ceramik\u00f3w, a ich fina\u0142ow\u0105 prezentacj\u0105 b\u0119dzie wystawa podsumowuj\u0105ca ca\u0142y cykl warsztat\u00f3w, zaplanowana na wrzesie\u0144 2024 roku. Wystawa b\u0119dzie mia\u0142a interaktywny charakter. M\u0142odzi uczestnicy zaprezentuj\u0105 wszystkie swoje prace na stoisku szkolnym, gdzie b\u0119d\u0105 one poddane ocenie rynkowej przez odwiedzaj\u0105cych, a zebrane \u015brodki ponownie zasil\u0105 szkolny bud\u017cet. Uczniowie poprowadz\u0105 tak\u017ce miniwarsztaty ceramiczne dla os\u00f3b zainteresowanych prac\u0105 z glin\u0105, dziel\u0105c si\u0119 wiedz\u0105 zdobyt\u0105 w ramach projektu CARE. Kulminacyjnym punktem wydarzenia b\u0119dzie ods\u0142oni\u0119cie zbiorowej rze\u017aby zatytu\u0142owanej \u201eMorze Mo\u017cliwo\u015bci\u201d \u2013 wsp\u00f3lnego dzie\u0142a, kt\u00f3re na sta\u0142e pozostanie w przestrzeni szko\u0142y jako symbol potencja\u0142u rozwoju zawodowego w bran\u017cy ceramicznej. Zanim jednak nadejdzie dzie\u0144 wystawy, 21 maja odby\u0142a si\u0119 wizyta studyjna w pracowni ceramicznej \u201eZbychewka\u201d. Uczestnicy odwiedzili pracowni\u0119 naszej Mistrzyni Ceramiki \u2013 Ewy Ber, by z bliska zobaczy\u0107 codzienno\u015b\u0107 tw\u00f3rcy ceramiki i samodzielnie spr\u00f3bowa\u0107 swoich si\u0142. W atmosferze integracji przy ognisku i rozm\u00f3w o w\u0142asnym biznesie, ka\u017cdy uczestnik stworzy\u0142 ceramiczn\u0105 ryb\u0119, kt\u00f3ra stanie si\u0119 cz\u0119\u015bci\u0105 naszej wsp\u00f3lnej rze\u017aby \u2013 ryby przep\u0142yn\u0105 przez nasze \u201eMorze Mo\u017cliwo\u015bci\u201d. Zajrzeli\u015bmy r\u00f3wnie\u017c za kulisy pracy z piecem ceramicznym \u2013 to etap wymagaj\u0105cy szczeg\u00f3lnej ostro\u017cno\u015bci, wiedzy i do\u015bwiadczenia. Uczestnicy zobaczyli proces za\u0142adunku pieca i poznali jego dzia\u0142anie, jednak z uwagi na poziom zaawansowania, nie wszystkie czynno\u015bci mogli wykona\u0107 samodzielnie. Dlatego Mistrzyni Ceramiki przygotowa\u0142a dla nich filmy instrukta\u017cowe, kt\u00f3re zosta\u0142y om\u00f3wione podczas specjalnej edycji warsztat\u00f3w. W ten spos\u00f3b wprowadzili\u015bmy zasady bezpiecze\u0144stwa w pracy z ceramik\u0105. Nasze warsztaty trwaj\u0105 nadal, powstaj\u0105 nowe prace, a przed nami kolejne wyzwanie \u2013 wizyta na Sardynii, gdzie spotkamy si\u0119 z uczestnikami projektu CARE z innych kraj\u00f3w. To b\u0119dzie wyj\u0105tkowa podr\u00f3\u017c. Do zobaczenia!","thumbnail_url":"https:\/\/www.care-platform.eu\/wp-content\/uploads\/2025\/08\/Picture1-2.jpg","thumbnail_width":579,"thumbnail_height":338}