{"version":"1.0","provider_name":"C.A.R.E.","provider_url":"https:\/\/www.care-platform.eu\/","author_name":"admin","author_url":"https:\/\/www.care-platform.eu\/index.php\/author\/tourniss_sq4t7cxk\/","title":"Wsp\u00f3lne szkolenie personelu w \u0141odzi, Polska - C.A.R.E.","type":"rich","width":600,"height":338,"html":"<blockquote class=\"wp-embedded-content\" data-secret=\"Bdtde5Xa4Y\"><a href=\"https:\/\/www.care-platform.eu\/index.php\/pl\/wspolne-szkolenie-personelu-w-lodzi-polska\/\">Wsp\u00f3lne szkolenie personelu w \u0141odzi, Polska<\/a><\/blockquote><iframe sandbox=\"allow-scripts\" security=\"restricted\" src=\"https:\/\/www.care-platform.eu\/index.php\/pl\/wspolne-szkolenie-personelu-w-lodzi-polska\/embed\/#?secret=Bdtde5Xa4Y\" width=\"600\" height=\"338\" title=\"&#8220;Wsp\u00f3lne szkolenie personelu w \u0141odzi, Polska&#8221; &#8212; C.A.R.E.\" data-secret=\"Bdtde5Xa4Y\" frameborder=\"0\" marginwidth=\"0\" marginheight=\"0\" scrolling=\"no\" class=\"wp-embedded-content\"><\/iframe><script>\n\/*! This file is auto-generated *\/\n!function(d,l){\"use strict\";l.querySelector&&d.addEventListener&&\"undefined\"!=typeof URL&&(d.wp=d.wp||{},d.wp.receiveEmbedMessage||(d.wp.receiveEmbedMessage=function(e){var t=e.data;if((t||t.secret||t.message||t.value)&&!\/[^a-zA-Z0-9]\/.test(t.secret)){for(var s,r,n,a=l.querySelectorAll('iframe[data-secret=\"'+t.secret+'\"]'),o=l.querySelectorAll('blockquote[data-secret=\"'+t.secret+'\"]'),c=new RegExp(\"^https?:$\",\"i\"),i=0;i<o.length;i++)o[i].style.display=\"none\";for(i=0;i<a.length;i++)s=a[i],e.source===s.contentWindow&&(s.removeAttribute(\"style\"),\"height\"===t.message?(1e3<(r=parseInt(t.value,10))?r=1e3:~~r<200&&(r=200),s.height=r):\"link\"===t.message&&(r=new URL(s.getAttribute(\"src\")),n=new URL(t.value),c.test(n.protocol))&&n.host===r.host&&l.activeElement===s&&(d.top.location.href=t.value))}},d.addEventListener(\"message\",d.wp.receiveEmbedMessage,!1),l.addEventListener(\"DOMContentLoaded\",function(){for(var e,t,s=l.querySelectorAll(\"iframe.wp-embedded-content\"),r=0;r<s.length;r++)(t=(e=s[r]).getAttribute(\"data-secret\"))||(t=Math.random().toString(36).substring(2,12),e.src+=\"#?secret=\"+t,e.setAttribute(\"data-secret\",t)),e.contentWindow.postMessage({message:\"ready\",secret:t},\"*\")},!1)))}(window,document);\n\/\/# sourceURL=https:\/\/www.care-platform.eu\/wp-includes\/js\/wp-embed.min.js\n<\/script>\n","description":"Wsp\u00f3lne szkolenie personelu w \u0141odzi, Polska Z rado\u015bci\u0105 uczestniczyli\u015bmy we wsp\u00f3lnym szkoleniu personelu w \u0141odzi, kt\u00f3re koncentrowa\u0142o si\u0119 na rozwijaniu umiej\u0119tno\u015bci i pog\u0142\u0119bianiu wiedzy w zakresie pracy z osobami niewidomymi i niedowidz\u0105cymi. To partnerskie dzia\u0142anie dostarczy\u0142o nam cennych do\u015bwiadcze\u0144 praktycznych, promowa\u0142o postawy inkluzywne i poszerzy\u0142o nasze rozumienie najlepszych praktyk wspierania i wzmacniania os\u00f3b z dysfunkcj\u0105 wzroku. Wsp\u00f3lnie d\u0105\u017cymy do tworzenia bardziej dost\u0119pnego i przyjaznego \u015brodowiska dla wszystkich.","thumbnail_url":"http:\/\/www.care-platform.eu\/wp-content\/uploads\/elementor\/thumbs\/20231025_115214-scaled-qv2v1al5jugxaxydcvymylstsguxufl7jy7xl65kao.jpg"}