{"id":3072,"date":"2025-05-19T21:27:53","date_gmt":"2025-05-19T21:27:53","guid":{"rendered":"https:\/\/www.care-platform.eu\/?post_type=mathima&#038;p=3072"},"modified":"2025-05-19T21:27:53","modified_gmt":"2025-05-19T21:27:53","slug":"introduzione","status":"publish","type":"mathima","link":"https:\/\/www.care-platform.eu\/index.php\/lesson\/introduzione\/","title":{"rendered":"Introduzione"},"content":{"rendered":"<p><span style=\"font-family: tahoma, arial, helvetica, sans-serif; font-size: 18pt;\">Il settore delle opere d&#8217;arte in ceramica in Europa \u00e8 un&#8217;industria diversificata e dinamica, con opportunit\u00e0 di lavoro che variano nei diversi contesti geografici.<\/span><\/p>\n<p><span style=\"font-family: tahoma, arial, helvetica, sans-serif; font-size: 18pt;\">In molti Paesi europei, il settore delle arti creative, che comprende campi come la ceramica, il design, le arti visive e l&#8217;artigianato, ha registrato una crescita e ha offerto opportunit\u00e0 di lavoro ad artisti, artigiani e professionisti affini.<\/span><\/p>\n<p><span style=\"font-family: tahoma, arial, helvetica, sans-serif; font-size: 18pt;\">Sebbene i dati specifici sull&#8217;occupazione nel settore delle opere d&#8217;arte in ceramica siano limitati, il panorama occupazionale del settore pu\u00f2 spaziare da artisti e artigiani autonomi che gestiscono i propri studi e gallerie a persone che lavorano in grandi aziende di produzione di ceramica, musei, istituzioni educative e organizzazioni culturali. \u00c8 importante notare che le dimensioni e la composizione del settore delle opere d&#8217;arte in ceramica possono variare in modo significativo da un Paese all&#8217;altro, e che i fattori economici, le tradizioni culturali e il sostegno governativo alle arti possono influenzare i tassi di occupazione e le opportunit\u00e0.<\/span><\/p>\n<p><span style=\"font-family: tahoma, arial, helvetica, sans-serif; font-size: 18pt;\">In alcuni Paesi europei, musei e gallerie hanno offerto programmi e risorse specifiche per promuovere e migliorare la partecipazione delle persone con disabilit\u00e0 visiva al settore artistico, fornendo risorse, laboratori e piattaforme per gli artisti con disabilit\u00e0 visiva per mostrare il loro lavoro e contribuire alla comunit\u00e0 artistica. Queste iniziative comprendevano mostre tattili, descrizioni audio e tour tattili che consentivano alle persone con disabilit\u00e0 visive di sperimentare e di confrontarsi con le opere d&#8217;arte attraverso il tatto e l&#8217;udito, promuovendo in ultima analisi l&#8217;inclusivit\u00e0 e l&#8217;accessibilit\u00e0 delle arti.<\/span><\/p>\n<p>&nbsp;<\/p>\n<p><span style=\"font-family: tahoma, arial, helvetica, sans-serif; font-size: 18pt;\"><em>Qual \u00e8 il coinvolgimento delle persone con disabilit\u00e0 visiva nel settore dell&#8217;arte in Europa?<\/em><\/span><\/p>\n<p><span style=\"font-family: tahoma, arial, helvetica, sans-serif; font-size: 18pt;\">Nel 2023, inoltre, non sono ancora disponibili dati esaustivi sull&#8217;esatto livello di coinvolgimento del gruppo target specifico del progetto C.A.R.E, sebbene esistano diversi sforzi e programmi volti a promuovere l&#8217;inclusivit\u00e0 e l&#8217;accessibilit\u00e0 nelle arti per le persone con disabilit\u00e0 visiva (V.I.P.).<\/span><\/p>\n<p><span style=\"font-family: tahoma, arial, helvetica, sans-serif; font-size: 18pt;\">C.A.R.E. \u00e8 innovativa perch\u00e9 vede i V.I.P. pienamente capaci di creazioni, di arte e pi\u00f9 che sufficienti per essere attori chiave nelle nostre societ\u00e0. \u00c8 innovativo perch\u00e9 il suo partenariato ha la competenza e l&#8217;impegno per trasferire questa visione alla comunit\u00e0 dei V.I. e per dare loro pi\u00f9 di una chiave per sbloccare il loro potenziale come individui e come professionisti, persino per costruire la propria impresa.<\/span><\/p>\n","protected":false},"template":"","meta":{"_exactmetrics_skip_tracking":false,"_exactmetrics_sitenote_active":false,"_exactmetrics_sitenote_note":"","_exactmetrics_sitenote_category":0,"_monsterinsights_skip_tracking":false,"_monsterinsights_sitenote_active":false,"_monsterinsights_sitenote_note":"","_monsterinsights_sitenote_category":0,"site-sidebar-layout":"default","site-content-layout":"","ast-site-content-layout":"default","site-content-style":"default","site-sidebar-style":"default","ast-global-header-display":"","ast-banner-title-visibility":"","ast-main-header-display":"","ast-hfb-above-header-display":"","ast-hfb-below-header-display":"","ast-hfb-mobile-header-display":"","site-post-title":"","ast-breadcrumbs-content":"","ast-featured-img":"","footer-sml-layout":"","theme-transparent-header-meta":"default","adv-header-id-meta":"","stick-header-meta":"","header-above-stick-meta":"","header-main-stick-meta":"","header-below-stick-meta":"","astra-migrate-meta-layouts":"set","ast-page-background-enabled":"default","ast-page-background-meta":{"desktop":{"background-color":"var(--ast-global-color-4)","background-image":"","background-repeat":"repeat","background-position":"center center","background-size":"auto","background-attachment":"scroll","background-type":"","background-media":"","overlay-type":"","overlay-color":"","overlay-opacity":"","overlay-gradient":""},"tablet":{"background-color":"","background-image":"","background-repeat":"repeat","background-position":"center center","background-size":"auto","background-attachment":"scroll","background-type":"","background-media":"","overlay-type":"","overlay-color":"","overlay-opacity":"","overlay-gradient":""},"mobile":{"background-color":"","background-image":"","background-repeat":"repeat","background-position":"center center","background-size":"auto","background-attachment":"scroll","background-type":"","background-media":"","overlay-type":"","overlay-color":"","overlay-opacity":"","overlay-gradient":""}},"ast-content-background-meta":{"desktop":{"background-color":"var(--ast-global-color-5)","background-image":"","background-repeat":"repeat","background-position":"center center","background-size":"auto","background-attachment":"scroll","background-type":"","background-media":"","overlay-type":"","overlay-color":"","overlay-opacity":"","overlay-gradient":""},"tablet":{"background-color":"var(--ast-global-color-5)","background-image":"","background-repeat":"repeat","background-position":"center center","background-size":"auto","background-attachment":"scroll","background-type":"","background-media":"","overlay-type":"","overlay-color":"","overlay-opacity":"","overlay-gradient":""},"mobile":{"background-color":"var(--ast-global-color-5)","background-image":"","background-repeat":"repeat","background-position":"center center","background-size":"auto","background-attachment":"scroll","background-type":"","background-media":"","overlay-type":"","overlay-color":"","overlay-opacity":"","overlay-gradient":""}}},"class_list":["post-3072","mathima","type-mathima","status-publish","hentry","course-wp2-1_it"],"yoast_head":"<!-- This site is optimized with the Yoast SEO plugin v25.5 - https:\/\/yoast.com\/wordpress\/plugins\/seo\/ -->\n<title>Introduzione - C.A.R.E.<\/title>\n<meta name=\"robots\" content=\"index, follow, max-snippet:-1, max-image-preview:large, max-video-preview:-1\" \/>\n<link rel=\"canonical\" href=\"https:\/\/www.care-platform.eu\/index.php\/lesson\/introduzione\/\" \/>\n<meta property=\"og:locale\" content=\"en_US\" \/>\n<meta property=\"og:type\" content=\"article\" \/>\n<meta property=\"og:title\" content=\"Introduzione - C.A.R.E.\" \/>\n<meta property=\"og:description\" content=\"Il settore delle opere d&#8217;arte in ceramica in Europa \u00e8 un&#8217;industria diversificata e dinamica, con opportunit\u00e0 di lavoro che variano nei diversi contesti geografici. In molti Paesi europei, il settore delle arti creative, che comprende campi come la ceramica, il design, le arti visive e l&#8217;artigianato, ha registrato una crescita e ha offerto opportunit\u00e0 di lavoro ad artisti, artigiani e professionisti affini. Sebbene i dati specifici sull&#8217;occupazione nel settore delle opere d&#8217;arte in ceramica siano limitati, il panorama occupazionale del settore pu\u00f2 spaziare da artisti e artigiani autonomi che gestiscono i propri studi e gallerie a persone che lavorano in grandi aziende di produzione di ceramica, musei, istituzioni educative e organizzazioni culturali. \u00c8 importante notare che le dimensioni e la composizione del settore delle opere d&#8217;arte in ceramica possono variare in modo significativo da un Paese all&#8217;altro, e che i fattori economici, le tradizioni culturali e il sostegno governativo alle arti possono influenzare i tassi di occupazione e le opportunit\u00e0. In alcuni Paesi europei, musei e gallerie hanno offerto programmi e risorse specifiche per promuovere e migliorare la partecipazione delle persone con disabilit\u00e0 visiva al settore artistico, fornendo risorse, laboratori e piattaforme per gli artisti con disabilit\u00e0 visiva per mostrare il loro lavoro e contribuire alla comunit\u00e0 artistica. Queste iniziative comprendevano mostre tattili, descrizioni audio e tour tattili che consentivano alle persone con disabilit\u00e0 visive di sperimentare e di confrontarsi con le opere d&#8217;arte attraverso il tatto e l&#8217;udito, promuovendo in ultima analisi l&#8217;inclusivit\u00e0 e l&#8217;accessibilit\u00e0 delle arti. &nbsp; Qual \u00e8 il coinvolgimento delle persone con disabilit\u00e0 visiva nel settore dell&#8217;arte in Europa? Nel 2023, inoltre, non sono ancora disponibili dati esaustivi sull&#8217;esatto livello di coinvolgimento del gruppo target specifico del progetto C.A.R.E, sebbene esistano diversi sforzi e programmi volti a promuovere l&#8217;inclusivit\u00e0 e l&#8217;accessibilit\u00e0 nelle arti per le persone con disabilit\u00e0 visiva (V.I.P.). C.A.R.E. \u00e8 innovativa perch\u00e9 vede i V.I.P. pienamente capaci di creazioni, di arte e pi\u00f9 che sufficienti per essere attori chiave nelle nostre societ\u00e0. \u00c8 innovativo perch\u00e9 il suo partenariato ha la competenza e l&#8217;impegno per trasferire questa visione alla comunit\u00e0 dei V.I. e per dare loro pi\u00f9 di una chiave per sbloccare il loro potenziale come individui e come professionisti, persino per costruire la propria impresa.\" \/>\n<meta property=\"og:url\" content=\"https:\/\/www.care-platform.eu\/index.php\/lesson\/introduzione\/\" \/>\n<meta property=\"og:site_name\" content=\"C.A.R.E.\" \/>\n<meta name=\"twitter:card\" content=\"summary_large_image\" \/>\n<meta name=\"twitter:label1\" content=\"Est. reading time\" \/>\n\t<meta name=\"twitter:data1\" content=\"2 minutes\" \/>\n<script type=\"application\/ld+json\" class=\"yoast-schema-graph\">{\"@context\":\"https:\/\/schema.org\",\"@graph\":[{\"@type\":\"WebPage\",\"@id\":\"https:\/\/www.care-platform.eu\/index.php\/lesson\/introduzione\/\",\"url\":\"https:\/\/www.care-platform.eu\/index.php\/lesson\/introduzione\/\",\"name\":\"Introduzione - C.A.R.E.\",\"isPartOf\":{\"@id\":\"https:\/\/www.care-platform.eu\/#website\"},\"datePublished\":\"2025-05-19T21:27:53+00:00\",\"breadcrumb\":{\"@id\":\"https:\/\/www.care-platform.eu\/index.php\/lesson\/introduzione\/#breadcrumb\"},\"inLanguage\":\"en-US\",\"potentialAction\":[{\"@type\":\"ReadAction\",\"target\":[\"https:\/\/www.care-platform.eu\/index.php\/lesson\/introduzione\/\"]}]},{\"@type\":\"BreadcrumbList\",\"@id\":\"https:\/\/www.care-platform.eu\/index.php\/lesson\/introduzione\/#breadcrumb\",\"itemListElement\":[{\"@type\":\"ListItem\",\"position\":1,\"name\":\"Home\",\"item\":\"https:\/\/www.care-platform.eu\/\"},{\"@type\":\"ListItem\",\"position\":2,\"name\":\"Introduzione\"}]},{\"@type\":\"WebSite\",\"@id\":\"https:\/\/www.care-platform.eu\/#website\",\"url\":\"https:\/\/www.care-platform.eu\/\",\"name\":\"C.A.R.E.\",\"description\":\"\",\"publisher\":{\"@id\":\"https:\/\/www.care-platform.eu\/#organization\"},\"potentialAction\":[{\"@type\":\"SearchAction\",\"target\":{\"@type\":\"EntryPoint\",\"urlTemplate\":\"https:\/\/www.care-platform.eu\/?s={search_term_string}\"},\"query-input\":{\"@type\":\"PropertyValueSpecification\",\"valueRequired\":true,\"valueName\":\"search_term_string\"}}],\"inLanguage\":\"en-US\"},{\"@type\":\"Organization\",\"@id\":\"https:\/\/www.care-platform.eu\/#organization\",\"name\":\"C.A.R.E.\",\"url\":\"https:\/\/www.care-platform.eu\/\",\"logo\":{\"@type\":\"ImageObject\",\"inLanguage\":\"en-US\",\"@id\":\"https:\/\/www.care-platform.eu\/#\/schema\/logo\/image\/\",\"url\":\"https:\/\/www.care-platform.eu\/wp-content\/uploads\/2023\/04\/cropped-cropped-logo-1-1.png\",\"contentUrl\":\"https:\/\/www.care-platform.eu\/wp-content\/uploads\/2023\/04\/cropped-cropped-logo-1-1.png\",\"width\":127,\"height\":153,\"caption\":\"C.A.R.E.\"},\"image\":{\"@id\":\"https:\/\/www.care-platform.eu\/#\/schema\/logo\/image\/\"}}]}<\/script>\n<!-- \/ Yoast SEO plugin. -->","yoast_head_json":{"title":"Introduzione - C.A.R.E.","robots":{"index":"index","follow":"follow","max-snippet":"max-snippet:-1","max-image-preview":"max-image-preview:large","max-video-preview":"max-video-preview:-1"},"canonical":"https:\/\/www.care-platform.eu\/index.php\/lesson\/introduzione\/","og_locale":"en_US","og_type":"article","og_title":"Introduzione - C.A.R.E.","og_description":"Il settore delle opere d&#8217;arte in ceramica in Europa \u00e8 un&#8217;industria diversificata e dinamica, con opportunit\u00e0 di lavoro che variano nei diversi contesti geografici. In molti Paesi europei, il settore delle arti creative, che comprende campi come la ceramica, il design, le arti visive e l&#8217;artigianato, ha registrato una crescita e ha offerto opportunit\u00e0 di lavoro ad artisti, artigiani e professionisti affini. Sebbene i dati specifici sull&#8217;occupazione nel settore delle opere d&#8217;arte in ceramica siano limitati, il panorama occupazionale del settore pu\u00f2 spaziare da artisti e artigiani autonomi che gestiscono i propri studi e gallerie a persone che lavorano in grandi aziende di produzione di ceramica, musei, istituzioni educative e organizzazioni culturali. \u00c8 importante notare che le dimensioni e la composizione del settore delle opere d&#8217;arte in ceramica possono variare in modo significativo da un Paese all&#8217;altro, e che i fattori economici, le tradizioni culturali e il sostegno governativo alle arti possono influenzare i tassi di occupazione e le opportunit\u00e0. In alcuni Paesi europei, musei e gallerie hanno offerto programmi e risorse specifiche per promuovere e migliorare la partecipazione delle persone con disabilit\u00e0 visiva al settore artistico, fornendo risorse, laboratori e piattaforme per gli artisti con disabilit\u00e0 visiva per mostrare il loro lavoro e contribuire alla comunit\u00e0 artistica. Queste iniziative comprendevano mostre tattili, descrizioni audio e tour tattili che consentivano alle persone con disabilit\u00e0 visive di sperimentare e di confrontarsi con le opere d&#8217;arte attraverso il tatto e l&#8217;udito, promuovendo in ultima analisi l&#8217;inclusivit\u00e0 e l&#8217;accessibilit\u00e0 delle arti. &nbsp; Qual \u00e8 il coinvolgimento delle persone con disabilit\u00e0 visiva nel settore dell&#8217;arte in Europa? Nel 2023, inoltre, non sono ancora disponibili dati esaustivi sull&#8217;esatto livello di coinvolgimento del gruppo target specifico del progetto C.A.R.E, sebbene esistano diversi sforzi e programmi volti a promuovere l&#8217;inclusivit\u00e0 e l&#8217;accessibilit\u00e0 nelle arti per le persone con disabilit\u00e0 visiva (V.I.P.). C.A.R.E. \u00e8 innovativa perch\u00e9 vede i V.I.P. pienamente capaci di creazioni, di arte e pi\u00f9 che sufficienti per essere attori chiave nelle nostre societ\u00e0. \u00c8 innovativo perch\u00e9 il suo partenariato ha la competenza e l&#8217;impegno per trasferire questa visione alla comunit\u00e0 dei V.I. e per dare loro pi\u00f9 di una chiave per sbloccare il loro potenziale come individui e come professionisti, persino per costruire la propria impresa.","og_url":"https:\/\/www.care-platform.eu\/index.php\/lesson\/introduzione\/","og_site_name":"C.A.R.E.","twitter_card":"summary_large_image","twitter_misc":{"Est. reading time":"2 minutes"},"schema":{"@context":"https:\/\/schema.org","@graph":[{"@type":"WebPage","@id":"https:\/\/www.care-platform.eu\/index.php\/lesson\/introduzione\/","url":"https:\/\/www.care-platform.eu\/index.php\/lesson\/introduzione\/","name":"Introduzione - C.A.R.E.","isPartOf":{"@id":"https:\/\/www.care-platform.eu\/#website"},"datePublished":"2025-05-19T21:27:53+00:00","breadcrumb":{"@id":"https:\/\/www.care-platform.eu\/index.php\/lesson\/introduzione\/#breadcrumb"},"inLanguage":"en-US","potentialAction":[{"@type":"ReadAction","target":["https:\/\/www.care-platform.eu\/index.php\/lesson\/introduzione\/"]}]},{"@type":"BreadcrumbList","@id":"https:\/\/www.care-platform.eu\/index.php\/lesson\/introduzione\/#breadcrumb","itemListElement":[{"@type":"ListItem","position":1,"name":"Home","item":"https:\/\/www.care-platform.eu\/"},{"@type":"ListItem","position":2,"name":"Introduzione"}]},{"@type":"WebSite","@id":"https:\/\/www.care-platform.eu\/#website","url":"https:\/\/www.care-platform.eu\/","name":"C.A.R.E.","description":"","publisher":{"@id":"https:\/\/www.care-platform.eu\/#organization"},"potentialAction":[{"@type":"SearchAction","target":{"@type":"EntryPoint","urlTemplate":"https:\/\/www.care-platform.eu\/?s={search_term_string}"},"query-input":{"@type":"PropertyValueSpecification","valueRequired":true,"valueName":"search_term_string"}}],"inLanguage":"en-US"},{"@type":"Organization","@id":"https:\/\/www.care-platform.eu\/#organization","name":"C.A.R.E.","url":"https:\/\/www.care-platform.eu\/","logo":{"@type":"ImageObject","inLanguage":"en-US","@id":"https:\/\/www.care-platform.eu\/#\/schema\/logo\/image\/","url":"https:\/\/www.care-platform.eu\/wp-content\/uploads\/2023\/04\/cropped-cropped-logo-1-1.png","contentUrl":"https:\/\/www.care-platform.eu\/wp-content\/uploads\/2023\/04\/cropped-cropped-logo-1-1.png","width":127,"height":153,"caption":"C.A.R.E."},"image":{"@id":"https:\/\/www.care-platform.eu\/#\/schema\/logo\/image\/"}}]}},"_links":{"self":[{"href":"https:\/\/www.care-platform.eu\/index.php\/wp-json\/wp\/v2\/mathima\/3072","targetHints":{"allow":["GET"]}}],"collection":[{"href":"https:\/\/www.care-platform.eu\/index.php\/wp-json\/wp\/v2\/mathima"}],"about":[{"href":"https:\/\/www.care-platform.eu\/index.php\/wp-json\/wp\/v2\/types\/mathima"}],"wp:attachment":[{"href":"https:\/\/www.care-platform.eu\/index.php\/wp-json\/wp\/v2\/media?parent=3072"}],"curies":[{"name":"wp","href":"https:\/\/api.w.org\/{rel}","templated":true}]}}