{"id":3096,"date":"2025-05-21T15:16:41","date_gmt":"2025-05-21T15:16:41","guid":{"rendered":"https:\/\/www.care-platform.eu\/?post_type=mathima&#038;p=3096"},"modified":"2025-05-21T15:16:41","modified_gmt":"2025-05-21T15:16:41","slug":"11-le-mie-competenze","status":"publish","type":"mathima","link":"https:\/\/www.care-platform.eu\/index.php\/lesson\/11-le-mie-competenze\/","title":{"rendered":"11. Le mie competenze"},"content":{"rendered":"<table style=\"width: 100%;\" width=\"100%\">\n<tbody>\n<tr>\n<td style=\"width: 16%;\" width=\"16%\"><span style=\"font-family: tahoma, arial, helvetica, sans-serif; font-size: 18pt;\">Obiettivo<\/span><\/td>\n<td style=\"width: 83%;\" width=\"83%\"><span style=\"font-family: tahoma, arial, helvetica, sans-serif; font-size: 18pt;\">Questa attivit\u00e0 sviluppa l&#8217;autoconsapevolezza e la consapevolezza dell&#8217;importanza delle competenze e degli atteggiamenti. La riflessione sulle competenze aiuter\u00e0 gli studenti a identificare i propri punti di forza e a costruire la propria autostima.<\/span><\/td>\n<\/tr>\n<tr>\n<td style=\"width: 16%;\" width=\"16%\"><span style=\"font-family: tahoma, arial, helvetica, sans-serif; font-size: 18pt;\">Profilo del tirocinante<\/span><\/td>\n<td style=\"width: 83%;\" width=\"83%\"><span style=\"font-family: tahoma, arial, helvetica, sans-serif; font-size: 18pt;\">Qualsiasi. Le persone con esigenze particolari possono partecipare purch\u00e9 siano in grado di esprimersi.<\/span><\/td>\n<\/tr>\n<tr>\n<td style=\"width: 16%;\" width=\"16%\"><span style=\"font-family: tahoma, arial, helvetica, sans-serif; font-size: 18pt;\">Obiettivi di apprendimento<\/span><\/td>\n<td style=\"width: 83%;\" width=\"83%\"><span style=\"font-family: tahoma, arial, helvetica, sans-serif; font-size: 18pt;\">Definire qualit\u00e0 di valori, atteggiamenti, abilit\u00e0 e caratteristiche.<\/span><\/p>\n<p><span style=\"font-family: tahoma, arial, helvetica, sans-serif; font-size: 18pt;\">Sviluppare le qualit\u00e0 di leadership<\/span><\/p>\n<p><span style=\"font-family: tahoma, arial, helvetica, sans-serif; font-size: 18pt;\">Identificare i propri punti di forza<\/span><\/p>\n<p><span style=\"font-family: tahoma, arial, helvetica, sans-serif; font-size: 18pt;\">Migliorare la loro autostima<\/span><\/p>\n<p><span style=\"font-family: tahoma, arial, helvetica, sans-serif; font-size: 18pt;\">Arricchire il vocabolario<\/span><\/td>\n<\/tr>\n<tr>\n<td style=\"width: 16%;\" width=\"16%\"><span style=\"font-family: tahoma, arial, helvetica, sans-serif; font-size: 18pt;\">n\u00b0 partecipanti<\/span><\/td>\n<td style=\"width: 83%;\" width=\"83%\"><span style=\"font-family: tahoma, arial, helvetica, sans-serif; font-size: 18pt;\">Fino a 15 persone<\/span><\/td>\n<\/tr>\n<tr>\n<td style=\"width: 16%;\" width=\"16%\"><span style=\"font-family: tahoma, arial, helvetica, sans-serif; font-size: 18pt;\">Durata<\/span><\/td>\n<td style=\"width: 83%;\" width=\"83%\"><span style=\"font-family: tahoma, arial, helvetica, sans-serif; font-size: 18pt;\">30 minuti<\/span><\/td>\n<\/tr>\n<tr>\n<td style=\"width: 16%;\" width=\"16%\"><span style=\"font-family: tahoma, arial, helvetica, sans-serif; font-size: 18pt;\">I materiali<\/span><\/td>\n<td style=\"width: 83%;\" width=\"83%\"><span style=\"font-family: tahoma, arial, helvetica, sans-serif; font-size: 18pt;\">Penne\/matite &#8211; Copie delle schede modello (vedi allegati) per ogni partecipante.<\/span><\/td>\n<\/tr>\n<tr>\n<td style=\"width: 16%;\" width=\"16%\"><span style=\"font-family: tahoma, arial, helvetica, sans-serif; font-size: 18pt;\">Preparazione<\/span><\/td>\n<td style=\"width: 83%;\" width=\"83%\"><span style=\"font-family: tahoma, arial, helvetica, sans-serif; font-size: 18pt;\">Stampate il foglio in allegato e modificatelo, se necessario.<\/span><\/td>\n<\/tr>\n<tr>\n<td style=\"width: 16%;\" width=\"16%\"><span style=\"font-family: tahoma, arial, helvetica, sans-serif; font-size: 18pt;\">Attuazione<\/span><\/td>\n<td style=\"width: 83%;\" width=\"83%\"><span style=\"font-family: tahoma, arial, helvetica, sans-serif; font-size: 18pt;\">1.\u00a0\u00a0\u00a0\u00a0\u00a0 Consegnate ai partecipanti una copia dell&#8217;opuscolo &#8220;Valori, caratteristiche e competenze&#8221; e chiedete loro di leggere attentamente l&#8217;elenco dei valori, delle attitudini e delle competenze.<\/span><\/p>\n<p><span style=\"font-family: tahoma, arial, helvetica, sans-serif; font-size: 18pt;\">2.\u00a0\u00a0\u00a0\u00a0\u00a0 Avviare una piccola conversazione e assicurarsi che i partecipanti siano consapevoli dei significati e delle caratteristiche dei valori, degli atteggiamenti e delle competenze elencati.<\/span><\/p>\n<p><span style=\"font-family: tahoma, arial, helvetica, sans-serif; font-size: 18pt;\">3.\u00a0\u00a0\u00a0\u00a0\u00a0 Consegnate una copia del pieghevole &#8220;Le mie competenze&#8221; a ciascun partecipante e chiedete loro di selezionare quelle che ritengono di possedere gi\u00e0 e quelle che pensano di non possedere ma che vorrebbero sviluppare.<\/span><\/p>\n<p><span style=\"font-family: tahoma, arial, helvetica, sans-serif; font-size: 18pt;\">4.\u00a0\u00a0\u00a0\u00a0\u00a0 Chiedete ai partecipanti di scriverli sui fogli.<\/span><\/p>\n<p><span style=\"font-family: tahoma, arial, helvetica, sans-serif; font-size: 18pt;\">5.\u00a0\u00a0\u00a0\u00a0\u00a0 Chiedete ai partecipanti di condividere una per una le loro risposte e le ragioni della loro scelta. Dopo ogni condivisione, invitate tutti gli altri partecipanti ad aiutare la persona a scoprire cosa dovrebbe fare o di cui ha bisogno per sviluppare i valori, gli atteggiamenti e le competenze desiderate.<\/span><\/td>\n<\/tr>\n<tr>\n<td style=\"width: 16%;\" width=\"16%\"><span style=\"font-family: tahoma, arial, helvetica, sans-serif; font-size: 18pt;\">Debriefing<\/span><\/td>\n<td style=\"width: 83%;\" width=\"83%\"><span style=\"font-family: tahoma, arial, helvetica, sans-serif; font-size: 18pt;\">Facilitate la discussione ponendo le seguenti domande:<\/span><\/p>\n<p><span style=\"font-family: tahoma, arial, helvetica, sans-serif; font-size: 18pt;\">Per quanto riguarda le competenze che ritenete di possedere, potete condividere una situazione\/circostanza che ve ne ha fatto rendere conto? Come pensate di aver sviluppato questa competenza?<\/span><\/p>\n<p><span style=\"font-family: tahoma, arial, helvetica, sans-serif; font-size: 18pt;\">Per quanto riguarda le competenze che vorrebbe sviluppare, perch\u00e9 le ha selezionate? Pu\u00f2 condividere un particolare scopo personale\/professionale a cui potrebbero servire?<\/span><\/td>\n<\/tr>\n<tr>\n<td style=\"width: 16%;\" width=\"16%\"><span style=\"font-family: tahoma, arial, helvetica, sans-serif; font-size: 18pt;\">Suggerimenti e consigli<\/span><\/td>\n<td style=\"width: 83%;\" width=\"83%\"><span style=\"font-family: tahoma, arial, helvetica, sans-serif; font-size: 18pt;\">Se ritenete che il foglio di lavoro sia troppo complesso, a causa dei 3 tipi di qualit\u00e0 &#8211; valori, attitudini e abilit\u00e0 &#8211; potete trattare solo le qualit\u00e0 di leadership in generale o le qualit\u00e0 che possono riconoscere in una persona che ammirano.<\/span><\/p>\n<p><span style=\"font-family: tahoma, arial, helvetica, sans-serif; font-size: 18pt;\">Nel caso di partecipanti con esigenze particolari che non possono scrivere i valori, chiedete a un collaboratore di aiutarli.<\/span><\/td>\n<\/tr>\n<\/tbody>\n<\/table>\n","protected":false},"template":"","meta":{"_exactmetrics_skip_tracking":false,"_exactmetrics_sitenote_active":false,"_exactmetrics_sitenote_note":"","_exactmetrics_sitenote_category":0,"_monsterinsights_skip_tracking":false,"_monsterinsights_sitenote_active":false,"_monsterinsights_sitenote_note":"","_monsterinsights_sitenote_category":0,"site-sidebar-layout":"default","site-content-layout":"","ast-site-content-layout":"default","site-content-style":"default","site-sidebar-style":"default","ast-global-header-display":"","ast-banner-title-visibility":"","ast-main-header-display":"","ast-hfb-above-header-display":"","ast-hfb-below-header-display":"","ast-hfb-mobile-header-display":"","site-post-title":"","ast-breadcrumbs-content":"","ast-featured-img":"","footer-sml-layout":"","theme-transparent-header-meta":"default","adv-header-id-meta":"","stick-header-meta":"","header-above-stick-meta":"","header-main-stick-meta":"","header-below-stick-meta":"","astra-migrate-meta-layouts":"set","ast-page-background-enabled":"default","ast-page-background-meta":{"desktop":{"background-color":"var(--ast-global-color-4)","background-image":"","background-repeat":"repeat","background-position":"center center","background-size":"auto","background-attachment":"scroll","background-type":"","background-media":"","overlay-type":"","overlay-color":"","overlay-opacity":"","overlay-gradient":""},"tablet":{"background-color":"","background-image":"","background-repeat":"repeat","background-position":"center center","background-size":"auto","background-attachment":"scroll","background-type":"","background-media":"","overlay-type":"","overlay-color":"","overlay-opacity":"","overlay-gradient":""},"mobile":{"background-color":"","background-image":"","background-repeat":"repeat","background-position":"center center","background-size":"auto","background-attachment":"scroll","background-type":"","background-media":"","overlay-type":"","overlay-color":"","overlay-opacity":"","overlay-gradient":""}},"ast-content-background-meta":{"desktop":{"background-color":"var(--ast-global-color-5)","background-image":"","background-repeat":"repeat","background-position":"center center","background-size":"auto","background-attachment":"scroll","background-type":"","background-media":"","overlay-type":"","overlay-color":"","overlay-opacity":"","overlay-gradient":""},"tablet":{"background-color":"var(--ast-global-color-5)","background-image":"","background-repeat":"repeat","background-position":"center center","background-size":"auto","background-attachment":"scroll","background-type":"","background-media":"","overlay-type":"","overlay-color":"","overlay-opacity":"","overlay-gradient":""},"mobile":{"background-color":"var(--ast-global-color-5)","background-image":"","background-repeat":"repeat","background-position":"center center","background-size":"auto","background-attachment":"scroll","background-type":"","background-media":"","overlay-type":"","overlay-color":"","overlay-opacity":"","overlay-gradient":""}}},"class_list":["post-3096","mathima","type-mathima","status-publish","hentry","course-wp2-3_it"],"yoast_head":"<!-- This site is optimized with the Yoast SEO plugin v25.5 - https:\/\/yoast.com\/wordpress\/plugins\/seo\/ -->\n<title>11. Le mie competenze - C.A.R.E.<\/title>\n<meta name=\"robots\" content=\"index, follow, max-snippet:-1, max-image-preview:large, max-video-preview:-1\" \/>\n<link rel=\"canonical\" href=\"https:\/\/www.care-platform.eu\/index.php\/lesson\/11-le-mie-competenze\/\" \/>\n<meta property=\"og:locale\" content=\"en_US\" \/>\n<meta property=\"og:type\" content=\"article\" \/>\n<meta property=\"og:title\" content=\"11. Le mie competenze - C.A.R.E.\" \/>\n<meta property=\"og:description\" content=\"Obiettivo Questa attivit\u00e0 sviluppa l&#8217;autoconsapevolezza e la consapevolezza dell&#8217;importanza delle competenze e degli atteggiamenti. La riflessione sulle competenze aiuter\u00e0 gli studenti a identificare i propri punti di forza e a costruire la propria autostima. Profilo del tirocinante Qualsiasi. Le persone con esigenze particolari possono partecipare purch\u00e9 siano in grado di esprimersi. Obiettivi di apprendimento Definire qualit\u00e0 di valori, atteggiamenti, abilit\u00e0 e caratteristiche. Sviluppare le qualit\u00e0 di leadership Identificare i propri punti di forza Migliorare la loro autostima Arricchire il vocabolario n\u00b0 partecipanti Fino a 15 persone Durata 30 minuti I materiali Penne\/matite &#8211; Copie delle schede modello (vedi allegati) per ogni partecipante. Preparazione Stampate il foglio in allegato e modificatelo, se necessario. Attuazione 1.\u00a0\u00a0\u00a0\u00a0\u00a0 Consegnate ai partecipanti una copia dell&#8217;opuscolo &#8220;Valori, caratteristiche e competenze&#8221; e chiedete loro di leggere attentamente l&#8217;elenco dei valori, delle attitudini e delle competenze. 2.\u00a0\u00a0\u00a0\u00a0\u00a0 Avviare una piccola conversazione e assicurarsi che i partecipanti siano consapevoli dei significati e delle caratteristiche dei valori, degli atteggiamenti e delle competenze elencati. 3.\u00a0\u00a0\u00a0\u00a0\u00a0 Consegnate una copia del pieghevole &#8220;Le mie competenze&#8221; a ciascun partecipante e chiedete loro di selezionare quelle che ritengono di possedere gi\u00e0 e quelle che pensano di non possedere ma che vorrebbero sviluppare. 4.\u00a0\u00a0\u00a0\u00a0\u00a0 Chiedete ai partecipanti di scriverli sui fogli. 5.\u00a0\u00a0\u00a0\u00a0\u00a0 Chiedete ai partecipanti di condividere una per una le loro risposte e le ragioni della loro scelta. Dopo ogni condivisione, invitate tutti gli altri partecipanti ad aiutare la persona a scoprire cosa dovrebbe fare o di cui ha bisogno per sviluppare i valori, gli atteggiamenti e le competenze desiderate. Debriefing Facilitate la discussione ponendo le seguenti domande: Per quanto riguarda le competenze che ritenete di possedere, potete condividere una situazione\/circostanza che ve ne ha fatto rendere conto? Come pensate di aver sviluppato questa competenza? Per quanto riguarda le competenze che vorrebbe sviluppare, perch\u00e9 le ha selezionate? Pu\u00f2 condividere un particolare scopo personale\/professionale a cui potrebbero servire? Suggerimenti e consigli Se ritenete che il foglio di lavoro sia troppo complesso, a causa dei 3 tipi di qualit\u00e0 &#8211; valori, attitudini e abilit\u00e0 &#8211; potete trattare solo le qualit\u00e0 di leadership in generale o le qualit\u00e0 che possono riconoscere in una persona che ammirano. Nel caso di partecipanti con esigenze particolari che non possono scrivere i valori, chiedete a un collaboratore di aiutarli.\" \/>\n<meta property=\"og:url\" content=\"https:\/\/www.care-platform.eu\/index.php\/lesson\/11-le-mie-competenze\/\" \/>\n<meta property=\"og:site_name\" content=\"C.A.R.E.\" \/>\n<meta name=\"twitter:card\" content=\"summary_large_image\" \/>\n<meta name=\"twitter:label1\" content=\"Est. reading time\" \/>\n\t<meta name=\"twitter:data1\" content=\"2 minutes\" \/>\n<script type=\"application\/ld+json\" class=\"yoast-schema-graph\">{\"@context\":\"https:\/\/schema.org\",\"@graph\":[{\"@type\":\"WebPage\",\"@id\":\"https:\/\/www.care-platform.eu\/index.php\/lesson\/11-le-mie-competenze\/\",\"url\":\"https:\/\/www.care-platform.eu\/index.php\/lesson\/11-le-mie-competenze\/\",\"name\":\"11. Le mie competenze - C.A.R.E.\",\"isPartOf\":{\"@id\":\"https:\/\/www.care-platform.eu\/#website\"},\"datePublished\":\"2025-05-21T15:16:41+00:00\",\"breadcrumb\":{\"@id\":\"https:\/\/www.care-platform.eu\/index.php\/lesson\/11-le-mie-competenze\/#breadcrumb\"},\"inLanguage\":\"en-US\",\"potentialAction\":[{\"@type\":\"ReadAction\",\"target\":[\"https:\/\/www.care-platform.eu\/index.php\/lesson\/11-le-mie-competenze\/\"]}]},{\"@type\":\"BreadcrumbList\",\"@id\":\"https:\/\/www.care-platform.eu\/index.php\/lesson\/11-le-mie-competenze\/#breadcrumb\",\"itemListElement\":[{\"@type\":\"ListItem\",\"position\":1,\"name\":\"Home\",\"item\":\"https:\/\/www.care-platform.eu\/\"},{\"@type\":\"ListItem\",\"position\":2,\"name\":\"11. Le mie competenze\"}]},{\"@type\":\"WebSite\",\"@id\":\"https:\/\/www.care-platform.eu\/#website\",\"url\":\"https:\/\/www.care-platform.eu\/\",\"name\":\"C.A.R.E.\",\"description\":\"\",\"publisher\":{\"@id\":\"https:\/\/www.care-platform.eu\/#organization\"},\"potentialAction\":[{\"@type\":\"SearchAction\",\"target\":{\"@type\":\"EntryPoint\",\"urlTemplate\":\"https:\/\/www.care-platform.eu\/?s={search_term_string}\"},\"query-input\":{\"@type\":\"PropertyValueSpecification\",\"valueRequired\":true,\"valueName\":\"search_term_string\"}}],\"inLanguage\":\"en-US\"},{\"@type\":\"Organization\",\"@id\":\"https:\/\/www.care-platform.eu\/#organization\",\"name\":\"C.A.R.E.\",\"url\":\"https:\/\/www.care-platform.eu\/\",\"logo\":{\"@type\":\"ImageObject\",\"inLanguage\":\"en-US\",\"@id\":\"https:\/\/www.care-platform.eu\/#\/schema\/logo\/image\/\",\"url\":\"https:\/\/www.care-platform.eu\/wp-content\/uploads\/2023\/04\/cropped-cropped-logo-1-1.png\",\"contentUrl\":\"https:\/\/www.care-platform.eu\/wp-content\/uploads\/2023\/04\/cropped-cropped-logo-1-1.png\",\"width\":127,\"height\":153,\"caption\":\"C.A.R.E.\"},\"image\":{\"@id\":\"https:\/\/www.care-platform.eu\/#\/schema\/logo\/image\/\"}}]}<\/script>\n<!-- \/ Yoast SEO plugin. -->","yoast_head_json":{"title":"11. Le mie competenze - C.A.R.E.","robots":{"index":"index","follow":"follow","max-snippet":"max-snippet:-1","max-image-preview":"max-image-preview:large","max-video-preview":"max-video-preview:-1"},"canonical":"https:\/\/www.care-platform.eu\/index.php\/lesson\/11-le-mie-competenze\/","og_locale":"en_US","og_type":"article","og_title":"11. Le mie competenze - C.A.R.E.","og_description":"Obiettivo Questa attivit\u00e0 sviluppa l&#8217;autoconsapevolezza e la consapevolezza dell&#8217;importanza delle competenze e degli atteggiamenti. La riflessione sulle competenze aiuter\u00e0 gli studenti a identificare i propri punti di forza e a costruire la propria autostima. Profilo del tirocinante Qualsiasi. Le persone con esigenze particolari possono partecipare purch\u00e9 siano in grado di esprimersi. Obiettivi di apprendimento Definire qualit\u00e0 di valori, atteggiamenti, abilit\u00e0 e caratteristiche. Sviluppare le qualit\u00e0 di leadership Identificare i propri punti di forza Migliorare la loro autostima Arricchire il vocabolario n\u00b0 partecipanti Fino a 15 persone Durata 30 minuti I materiali Penne\/matite &#8211; Copie delle schede modello (vedi allegati) per ogni partecipante. Preparazione Stampate il foglio in allegato e modificatelo, se necessario. Attuazione 1.\u00a0\u00a0\u00a0\u00a0\u00a0 Consegnate ai partecipanti una copia dell&#8217;opuscolo &#8220;Valori, caratteristiche e competenze&#8221; e chiedete loro di leggere attentamente l&#8217;elenco dei valori, delle attitudini e delle competenze. 2.\u00a0\u00a0\u00a0\u00a0\u00a0 Avviare una piccola conversazione e assicurarsi che i partecipanti siano consapevoli dei significati e delle caratteristiche dei valori, degli atteggiamenti e delle competenze elencati. 3.\u00a0\u00a0\u00a0\u00a0\u00a0 Consegnate una copia del pieghevole &#8220;Le mie competenze&#8221; a ciascun partecipante e chiedete loro di selezionare quelle che ritengono di possedere gi\u00e0 e quelle che pensano di non possedere ma che vorrebbero sviluppare. 4.\u00a0\u00a0\u00a0\u00a0\u00a0 Chiedete ai partecipanti di scriverli sui fogli. 5.\u00a0\u00a0\u00a0\u00a0\u00a0 Chiedete ai partecipanti di condividere una per una le loro risposte e le ragioni della loro scelta. Dopo ogni condivisione, invitate tutti gli altri partecipanti ad aiutare la persona a scoprire cosa dovrebbe fare o di cui ha bisogno per sviluppare i valori, gli atteggiamenti e le competenze desiderate. Debriefing Facilitate la discussione ponendo le seguenti domande: Per quanto riguarda le competenze che ritenete di possedere, potete condividere una situazione\/circostanza che ve ne ha fatto rendere conto? Come pensate di aver sviluppato questa competenza? Per quanto riguarda le competenze che vorrebbe sviluppare, perch\u00e9 le ha selezionate? Pu\u00f2 condividere un particolare scopo personale\/professionale a cui potrebbero servire? Suggerimenti e consigli Se ritenete che il foglio di lavoro sia troppo complesso, a causa dei 3 tipi di qualit\u00e0 &#8211; valori, attitudini e abilit\u00e0 &#8211; potete trattare solo le qualit\u00e0 di leadership in generale o le qualit\u00e0 che possono riconoscere in una persona che ammirano. Nel caso di partecipanti con esigenze particolari che non possono scrivere i valori, chiedete a un collaboratore di aiutarli.","og_url":"https:\/\/www.care-platform.eu\/index.php\/lesson\/11-le-mie-competenze\/","og_site_name":"C.A.R.E.","twitter_card":"summary_large_image","twitter_misc":{"Est. reading time":"2 minutes"},"schema":{"@context":"https:\/\/schema.org","@graph":[{"@type":"WebPage","@id":"https:\/\/www.care-platform.eu\/index.php\/lesson\/11-le-mie-competenze\/","url":"https:\/\/www.care-platform.eu\/index.php\/lesson\/11-le-mie-competenze\/","name":"11. Le mie competenze - C.A.R.E.","isPartOf":{"@id":"https:\/\/www.care-platform.eu\/#website"},"datePublished":"2025-05-21T15:16:41+00:00","breadcrumb":{"@id":"https:\/\/www.care-platform.eu\/index.php\/lesson\/11-le-mie-competenze\/#breadcrumb"},"inLanguage":"en-US","potentialAction":[{"@type":"ReadAction","target":["https:\/\/www.care-platform.eu\/index.php\/lesson\/11-le-mie-competenze\/"]}]},{"@type":"BreadcrumbList","@id":"https:\/\/www.care-platform.eu\/index.php\/lesson\/11-le-mie-competenze\/#breadcrumb","itemListElement":[{"@type":"ListItem","position":1,"name":"Home","item":"https:\/\/www.care-platform.eu\/"},{"@type":"ListItem","position":2,"name":"11. Le mie competenze"}]},{"@type":"WebSite","@id":"https:\/\/www.care-platform.eu\/#website","url":"https:\/\/www.care-platform.eu\/","name":"C.A.R.E.","description":"","publisher":{"@id":"https:\/\/www.care-platform.eu\/#organization"},"potentialAction":[{"@type":"SearchAction","target":{"@type":"EntryPoint","urlTemplate":"https:\/\/www.care-platform.eu\/?s={search_term_string}"},"query-input":{"@type":"PropertyValueSpecification","valueRequired":true,"valueName":"search_term_string"}}],"inLanguage":"en-US"},{"@type":"Organization","@id":"https:\/\/www.care-platform.eu\/#organization","name":"C.A.R.E.","url":"https:\/\/www.care-platform.eu\/","logo":{"@type":"ImageObject","inLanguage":"en-US","@id":"https:\/\/www.care-platform.eu\/#\/schema\/logo\/image\/","url":"https:\/\/www.care-platform.eu\/wp-content\/uploads\/2023\/04\/cropped-cropped-logo-1-1.png","contentUrl":"https:\/\/www.care-platform.eu\/wp-content\/uploads\/2023\/04\/cropped-cropped-logo-1-1.png","width":127,"height":153,"caption":"C.A.R.E."},"image":{"@id":"https:\/\/www.care-platform.eu\/#\/schema\/logo\/image\/"}}]}},"_links":{"self":[{"href":"https:\/\/www.care-platform.eu\/index.php\/wp-json\/wp\/v2\/mathima\/3096","targetHints":{"allow":["GET"]}}],"collection":[{"href":"https:\/\/www.care-platform.eu\/index.php\/wp-json\/wp\/v2\/mathima"}],"about":[{"href":"https:\/\/www.care-platform.eu\/index.php\/wp-json\/wp\/v2\/types\/mathima"}],"wp:attachment":[{"href":"https:\/\/www.care-platform.eu\/index.php\/wp-json\/wp\/v2\/media?parent=3096"}],"curies":[{"name":"wp","href":"https:\/\/api.w.org\/{rel}","templated":true}]}}