{"id":3124,"date":"2025-05-24T20:26:17","date_gmt":"2025-05-24T20:26:17","guid":{"rendered":"https:\/\/www.care-platform.eu\/?post_type=mathima&#038;p=3124"},"modified":"2025-05-24T20:26:17","modified_gmt":"2025-05-24T20:26:17","slug":"wprowadzenie","status":"publish","type":"mathima","link":"https:\/\/www.care-platform.eu\/index.php\/lesson\/wprowadzenie\/","title":{"rendered":"Wprowadzenie"},"content":{"rendered":"<p><span style=\"font-family: tahoma, arial, helvetica, sans-serif; font-size: 18pt;\">Sektor ceramiki artystycznej w Europie jest zr\u00f3\u017cnicowany i dynamiczny, a mo\u017cliwo\u015bci zatrudnienia r\u00f3\u017cni\u0105 si\u0119 w zale\u017cno\u015bci od kontekstu geograficznego.<\/span><\/p>\n<p><span style=\"font-family: tahoma, arial, helvetica, sans-serif; font-size: 18pt;\">W wielu krajach europejskich sektor sztuk kreatywnych, kt\u00f3ry obejmuje takie dziedziny jak ceramika, projektowanie, sztuki wizualne i rzemios\u0142o, odnotowa\u0142 wzrost i zapewni\u0142 mo\u017cliwo\u015bci zatrudnienia dla artyst\u00f3w, rzemie\u015blnik\u00f3w i powi\u0105zanych specjalist\u00f3w.<\/span><\/p>\n<p><span style=\"font-family: tahoma, arial, helvetica, sans-serif; font-size: 18pt;\">Podczas gdy konkretne dane dotycz\u0105ce zatrudnienia w sektorze dzie\u0142 ceramicznych mog\u0105 by\u0107 ograniczone, krajobraz zatrudnienia w sektorze dzie\u0142 ceramicznych mo\u017ce obejmowa\u0107 zar\u00f3wno samozatrudnionych artyst\u00f3w i rzemie\u015blnik\u00f3w prowadz\u0105cych w\u0142asne studia i galerie, jak i osoby pracuj\u0105ce w wi\u0119kszych firmach produkuj\u0105cych ceramik\u0119, muzeach, instytucjach edukacyjnych i organizacjach kulturalnych. Nale\u017cy zauwa\u017cy\u0107, \u017ce wielko\u015b\u0107 i sk\u0142ad sektora wyrob\u00f3w ceramicznych mo\u017ce si\u0119 znacznie r\u00f3\u017cni\u0107 w zale\u017cno\u015bci od kraju, a czynniki ekonomiczne, tradycje kulturowe i wsparcie rz\u0105dowe dla sztuki mog\u0105 wp\u0142ywa\u0107 na wska\u017aniki zatrudnienia i mo\u017cliwo\u015bci.<\/span><\/p>\n<p><span style=\"font-family: tahoma, arial, helvetica, sans-serif; font-size: 18pt;\">W niekt\u00f3rych krajach europejskich muzea i galerie oferowa\u0142y specjalne programy i zasoby w celu promowania i zwi\u0119kszania udzia\u0142u os\u00f3b s\u0142abowidz\u0105cych w sektorze dzie\u0142 sztuki poprzez zapewnianie zasob\u00f3w, warsztat\u00f3w i platform s\u0142u\u017c\u0105cych artyst\u00f3w z niepe\u0142nosprawno\u015bci\u0105 wzrokow\u0105. Specjalnym formom ekspozycji pracy artyst\u00f3w i ukazuj\u0105cych ich wk\u0142ad w spo\u0142eczno\u015b\u0107 artystyczn\u0105. Inicjatywy te obejmowa\u0142y wystawy dotykowe, opisy d\u017awi\u0119kowe i wycieczki dotykowe, kt\u00f3re umo\u017cliwia\u0142y osobom s\u0142abowidz\u0105cym do\u015bwiadczanie i anga\u017cowanie si\u0119 w dzie\u0142a sztuki za pomoc\u0105 zmys\u0142u dotyku i s\u0142uchu, ostatecznie promuj\u0105c integracj\u0119 i dost\u0119pno\u015b\u0107 w sztuce.<\/span><\/p>\n<p>&nbsp;<\/p>\n<p><span style=\"font-family: tahoma, arial, helvetica, sans-serif; font-size: 18pt;\"><em>Jakie jest zaanga\u017cowanie os\u00f3b z niepe\u0142nosprawno\u015bci\u0105 wzrokow\u0105 w sektorze dzie\u0142 sztuki w Europie?<\/em><\/span><\/p>\n<p><span style=\"font-family: tahoma, arial, helvetica, sans-serif; font-size: 18pt;\">W 2023 r. nadal nie ma kompleksowych danych na temat dok\u0142adnego poziomu zaanga\u017cowania konkretnej grupy docelowej projektu C.A.R.E., chocia\u017c istniej\u0105 r\u00f3\u017cne wysi\u0142ki i programy maj\u0105ce na celu promowanie integracji i dost\u0119pno\u015bci w sztuce dla os\u00f3b niewidomych i s\u0142abowidz\u0105cych (V.I.P.).<\/span><\/p>\n<p><span style=\"font-family: tahoma, arial, helvetica, sans-serif; font-size: 18pt;\">C.A.R.E. jest innowacyjny, poniewa\u017c postrzega V.I.P. jako w pe\u0142ni zdolnych do tworzenia, sztuki i wi\u0119cej ni\u017c kompetentnych, aby by\u0107 kluczowymi aktorami w naszych spo\u0142ecze\u0144stwach. Jest innowacyjny, poniewa\u017c Partnerzy realizuj\u0105cy projekt posiadaj\u0105 wiedz\u0119 i zaanga\u017cowanie, aby przekaza\u0107 t\u0119 wizj\u0119 spo\u0142eczno\u015bci V.I. a tym samym da\u0107 im wi\u0119cej ni\u017c jeden klucz do uwolnienia ich potencja\u0142u jako jednostek i profesjonalist\u00f3w, a nawet do zbudowania w\u0142asnego przedsi\u0119biorstwa.<\/span><\/p>\n","protected":false},"template":"","meta":{"_exactmetrics_skip_tracking":false,"_exactmetrics_sitenote_active":false,"_exactmetrics_sitenote_note":"","_exactmetrics_sitenote_category":0,"_monsterinsights_skip_tracking":false,"_monsterinsights_sitenote_active":false,"_monsterinsights_sitenote_note":"","_monsterinsights_sitenote_category":0,"site-sidebar-layout":"default","site-content-layout":"","ast-site-content-layout":"default","site-content-style":"default","site-sidebar-style":"default","ast-global-header-display":"","ast-banner-title-visibility":"","ast-main-header-display":"","ast-hfb-above-header-display":"","ast-hfb-below-header-display":"","ast-hfb-mobile-header-display":"","site-post-title":"","ast-breadcrumbs-content":"","ast-featured-img":"","footer-sml-layout":"","theme-transparent-header-meta":"default","adv-header-id-meta":"","stick-header-meta":"","header-above-stick-meta":"","header-main-stick-meta":"","header-below-stick-meta":"","astra-migrate-meta-layouts":"set","ast-page-background-enabled":"default","ast-page-background-meta":{"desktop":{"background-color":"var(--ast-global-color-4)","background-image":"","background-repeat":"repeat","background-position":"center center","background-size":"auto","background-attachment":"scroll","background-type":"","background-media":"","overlay-type":"","overlay-color":"","overlay-opacity":"","overlay-gradient":""},"tablet":{"background-color":"","background-image":"","background-repeat":"repeat","background-position":"center center","background-size":"auto","background-attachment":"scroll","background-type":"","background-media":"","overlay-type":"","overlay-color":"","overlay-opacity":"","overlay-gradient":""},"mobile":{"background-color":"","background-image":"","background-repeat":"repeat","background-position":"center center","background-size":"auto","background-attachment":"scroll","background-type":"","background-media":"","overlay-type":"","overlay-color":"","overlay-opacity":"","overlay-gradient":""}},"ast-content-background-meta":{"desktop":{"background-color":"var(--ast-global-color-5)","background-image":"","background-repeat":"repeat","background-position":"center center","background-size":"auto","background-attachment":"scroll","background-type":"","background-media":"","overlay-type":"","overlay-color":"","overlay-opacity":"","overlay-gradient":""},"tablet":{"background-color":"var(--ast-global-color-5)","background-image":"","background-repeat":"repeat","background-position":"center center","background-size":"auto","background-attachment":"scroll","background-type":"","background-media":"","overlay-type":"","overlay-color":"","overlay-opacity":"","overlay-gradient":""},"mobile":{"background-color":"var(--ast-global-color-5)","background-image":"","background-repeat":"repeat","background-position":"center center","background-size":"auto","background-attachment":"scroll","background-type":"","background-media":"","overlay-type":"","overlay-color":"","overlay-opacity":"","overlay-gradient":""}}},"class_list":["post-3124","mathima","type-mathima","status-publish","hentry","course-wp2-1_pl"],"yoast_head":"<!-- This site is optimized with the Yoast SEO plugin v25.5 - https:\/\/yoast.com\/wordpress\/plugins\/seo\/ -->\n<title>Wprowadzenie - C.A.R.E.<\/title>\n<meta name=\"robots\" content=\"index, follow, max-snippet:-1, max-image-preview:large, max-video-preview:-1\" \/>\n<link rel=\"canonical\" href=\"https:\/\/www.care-platform.eu\/index.php\/lesson\/wprowadzenie\/\" \/>\n<meta property=\"og:locale\" content=\"en_US\" \/>\n<meta property=\"og:type\" content=\"article\" \/>\n<meta property=\"og:title\" content=\"Wprowadzenie - C.A.R.E.\" \/>\n<meta property=\"og:description\" content=\"Sektor ceramiki artystycznej w Europie jest zr\u00f3\u017cnicowany i dynamiczny, a mo\u017cliwo\u015bci zatrudnienia r\u00f3\u017cni\u0105 si\u0119 w zale\u017cno\u015bci od kontekstu geograficznego. W wielu krajach europejskich sektor sztuk kreatywnych, kt\u00f3ry obejmuje takie dziedziny jak ceramika, projektowanie, sztuki wizualne i rzemios\u0142o, odnotowa\u0142 wzrost i zapewni\u0142 mo\u017cliwo\u015bci zatrudnienia dla artyst\u00f3w, rzemie\u015blnik\u00f3w i powi\u0105zanych specjalist\u00f3w. Podczas gdy konkretne dane dotycz\u0105ce zatrudnienia w sektorze dzie\u0142 ceramicznych mog\u0105 by\u0107 ograniczone, krajobraz zatrudnienia w sektorze dzie\u0142 ceramicznych mo\u017ce obejmowa\u0107 zar\u00f3wno samozatrudnionych artyst\u00f3w i rzemie\u015blnik\u00f3w prowadz\u0105cych w\u0142asne studia i galerie, jak i osoby pracuj\u0105ce w wi\u0119kszych firmach produkuj\u0105cych ceramik\u0119, muzeach, instytucjach edukacyjnych i organizacjach kulturalnych. Nale\u017cy zauwa\u017cy\u0107, \u017ce wielko\u015b\u0107 i sk\u0142ad sektora wyrob\u00f3w ceramicznych mo\u017ce si\u0119 znacznie r\u00f3\u017cni\u0107 w zale\u017cno\u015bci od kraju, a czynniki ekonomiczne, tradycje kulturowe i wsparcie rz\u0105dowe dla sztuki mog\u0105 wp\u0142ywa\u0107 na wska\u017aniki zatrudnienia i mo\u017cliwo\u015bci. W niekt\u00f3rych krajach europejskich muzea i galerie oferowa\u0142y specjalne programy i zasoby w celu promowania i zwi\u0119kszania udzia\u0142u os\u00f3b s\u0142abowidz\u0105cych w sektorze dzie\u0142 sztuki poprzez zapewnianie zasob\u00f3w, warsztat\u00f3w i platform s\u0142u\u017c\u0105cych artyst\u00f3w z niepe\u0142nosprawno\u015bci\u0105 wzrokow\u0105. Specjalnym formom ekspozycji pracy artyst\u00f3w i ukazuj\u0105cych ich wk\u0142ad w spo\u0142eczno\u015b\u0107 artystyczn\u0105. Inicjatywy te obejmowa\u0142y wystawy dotykowe, opisy d\u017awi\u0119kowe i wycieczki dotykowe, kt\u00f3re umo\u017cliwia\u0142y osobom s\u0142abowidz\u0105cym do\u015bwiadczanie i anga\u017cowanie si\u0119 w dzie\u0142a sztuki za pomoc\u0105 zmys\u0142u dotyku i s\u0142uchu, ostatecznie promuj\u0105c integracj\u0119 i dost\u0119pno\u015b\u0107 w sztuce. &nbsp; Jakie jest zaanga\u017cowanie os\u00f3b z niepe\u0142nosprawno\u015bci\u0105 wzrokow\u0105 w sektorze dzie\u0142 sztuki w Europie? W 2023 r. nadal nie ma kompleksowych danych na temat dok\u0142adnego poziomu zaanga\u017cowania konkretnej grupy docelowej projektu C.A.R.E., chocia\u017c istniej\u0105 r\u00f3\u017cne wysi\u0142ki i programy maj\u0105ce na celu promowanie integracji i dost\u0119pno\u015bci w sztuce dla os\u00f3b niewidomych i s\u0142abowidz\u0105cych (V.I.P.). C.A.R.E. jest innowacyjny, poniewa\u017c postrzega V.I.P. jako w pe\u0142ni zdolnych do tworzenia, sztuki i wi\u0119cej ni\u017c kompetentnych, aby by\u0107 kluczowymi aktorami w naszych spo\u0142ecze\u0144stwach. Jest innowacyjny, poniewa\u017c Partnerzy realizuj\u0105cy projekt posiadaj\u0105 wiedz\u0119 i zaanga\u017cowanie, aby przekaza\u0107 t\u0119 wizj\u0119 spo\u0142eczno\u015bci V.I. a tym samym da\u0107 im wi\u0119cej ni\u017c jeden klucz do uwolnienia ich potencja\u0142u jako jednostek i profesjonalist\u00f3w, a nawet do zbudowania w\u0142asnego przedsi\u0119biorstwa.\" \/>\n<meta property=\"og:url\" content=\"https:\/\/www.care-platform.eu\/index.php\/lesson\/wprowadzenie\/\" \/>\n<meta property=\"og:site_name\" content=\"C.A.R.E.\" \/>\n<meta name=\"twitter:card\" content=\"summary_large_image\" \/>\n<meta name=\"twitter:label1\" content=\"Est. reading time\" \/>\n\t<meta name=\"twitter:data1\" content=\"2 minutes\" \/>\n<script type=\"application\/ld+json\" class=\"yoast-schema-graph\">{\"@context\":\"https:\/\/schema.org\",\"@graph\":[{\"@type\":\"WebPage\",\"@id\":\"https:\/\/www.care-platform.eu\/index.php\/lesson\/wprowadzenie\/\",\"url\":\"https:\/\/www.care-platform.eu\/index.php\/lesson\/wprowadzenie\/\",\"name\":\"Wprowadzenie - C.A.R.E.\",\"isPartOf\":{\"@id\":\"https:\/\/www.care-platform.eu\/#website\"},\"datePublished\":\"2025-05-24T20:26:17+00:00\",\"breadcrumb\":{\"@id\":\"https:\/\/www.care-platform.eu\/index.php\/lesson\/wprowadzenie\/#breadcrumb\"},\"inLanguage\":\"en-US\",\"potentialAction\":[{\"@type\":\"ReadAction\",\"target\":[\"https:\/\/www.care-platform.eu\/index.php\/lesson\/wprowadzenie\/\"]}]},{\"@type\":\"BreadcrumbList\",\"@id\":\"https:\/\/www.care-platform.eu\/index.php\/lesson\/wprowadzenie\/#breadcrumb\",\"itemListElement\":[{\"@type\":\"ListItem\",\"position\":1,\"name\":\"Home\",\"item\":\"https:\/\/www.care-platform.eu\/\"},{\"@type\":\"ListItem\",\"position\":2,\"name\":\"Wprowadzenie\"}]},{\"@type\":\"WebSite\",\"@id\":\"https:\/\/www.care-platform.eu\/#website\",\"url\":\"https:\/\/www.care-platform.eu\/\",\"name\":\"C.A.R.E.\",\"description\":\"\",\"publisher\":{\"@id\":\"https:\/\/www.care-platform.eu\/#organization\"},\"potentialAction\":[{\"@type\":\"SearchAction\",\"target\":{\"@type\":\"EntryPoint\",\"urlTemplate\":\"https:\/\/www.care-platform.eu\/?s={search_term_string}\"},\"query-input\":{\"@type\":\"PropertyValueSpecification\",\"valueRequired\":true,\"valueName\":\"search_term_string\"}}],\"inLanguage\":\"en-US\"},{\"@type\":\"Organization\",\"@id\":\"https:\/\/www.care-platform.eu\/#organization\",\"name\":\"C.A.R.E.\",\"url\":\"https:\/\/www.care-platform.eu\/\",\"logo\":{\"@type\":\"ImageObject\",\"inLanguage\":\"en-US\",\"@id\":\"https:\/\/www.care-platform.eu\/#\/schema\/logo\/image\/\",\"url\":\"https:\/\/www.care-platform.eu\/wp-content\/uploads\/2023\/04\/cropped-cropped-logo-1-1.png\",\"contentUrl\":\"https:\/\/www.care-platform.eu\/wp-content\/uploads\/2023\/04\/cropped-cropped-logo-1-1.png\",\"width\":127,\"height\":153,\"caption\":\"C.A.R.E.\"},\"image\":{\"@id\":\"https:\/\/www.care-platform.eu\/#\/schema\/logo\/image\/\"}}]}<\/script>\n<!-- \/ Yoast SEO plugin. -->","yoast_head_json":{"title":"Wprowadzenie - C.A.R.E.","robots":{"index":"index","follow":"follow","max-snippet":"max-snippet:-1","max-image-preview":"max-image-preview:large","max-video-preview":"max-video-preview:-1"},"canonical":"https:\/\/www.care-platform.eu\/index.php\/lesson\/wprowadzenie\/","og_locale":"en_US","og_type":"article","og_title":"Wprowadzenie - C.A.R.E.","og_description":"Sektor ceramiki artystycznej w Europie jest zr\u00f3\u017cnicowany i dynamiczny, a mo\u017cliwo\u015bci zatrudnienia r\u00f3\u017cni\u0105 si\u0119 w zale\u017cno\u015bci od kontekstu geograficznego. W wielu krajach europejskich sektor sztuk kreatywnych, kt\u00f3ry obejmuje takie dziedziny jak ceramika, projektowanie, sztuki wizualne i rzemios\u0142o, odnotowa\u0142 wzrost i zapewni\u0142 mo\u017cliwo\u015bci zatrudnienia dla artyst\u00f3w, rzemie\u015blnik\u00f3w i powi\u0105zanych specjalist\u00f3w. Podczas gdy konkretne dane dotycz\u0105ce zatrudnienia w sektorze dzie\u0142 ceramicznych mog\u0105 by\u0107 ograniczone, krajobraz zatrudnienia w sektorze dzie\u0142 ceramicznych mo\u017ce obejmowa\u0107 zar\u00f3wno samozatrudnionych artyst\u00f3w i rzemie\u015blnik\u00f3w prowadz\u0105cych w\u0142asne studia i galerie, jak i osoby pracuj\u0105ce w wi\u0119kszych firmach produkuj\u0105cych ceramik\u0119, muzeach, instytucjach edukacyjnych i organizacjach kulturalnych. Nale\u017cy zauwa\u017cy\u0107, \u017ce wielko\u015b\u0107 i sk\u0142ad sektora wyrob\u00f3w ceramicznych mo\u017ce si\u0119 znacznie r\u00f3\u017cni\u0107 w zale\u017cno\u015bci od kraju, a czynniki ekonomiczne, tradycje kulturowe i wsparcie rz\u0105dowe dla sztuki mog\u0105 wp\u0142ywa\u0107 na wska\u017aniki zatrudnienia i mo\u017cliwo\u015bci. W niekt\u00f3rych krajach europejskich muzea i galerie oferowa\u0142y specjalne programy i zasoby w celu promowania i zwi\u0119kszania udzia\u0142u os\u00f3b s\u0142abowidz\u0105cych w sektorze dzie\u0142 sztuki poprzez zapewnianie zasob\u00f3w, warsztat\u00f3w i platform s\u0142u\u017c\u0105cych artyst\u00f3w z niepe\u0142nosprawno\u015bci\u0105 wzrokow\u0105. Specjalnym formom ekspozycji pracy artyst\u00f3w i ukazuj\u0105cych ich wk\u0142ad w spo\u0142eczno\u015b\u0107 artystyczn\u0105. Inicjatywy te obejmowa\u0142y wystawy dotykowe, opisy d\u017awi\u0119kowe i wycieczki dotykowe, kt\u00f3re umo\u017cliwia\u0142y osobom s\u0142abowidz\u0105cym do\u015bwiadczanie i anga\u017cowanie si\u0119 w dzie\u0142a sztuki za pomoc\u0105 zmys\u0142u dotyku i s\u0142uchu, ostatecznie promuj\u0105c integracj\u0119 i dost\u0119pno\u015b\u0107 w sztuce. &nbsp; Jakie jest zaanga\u017cowanie os\u00f3b z niepe\u0142nosprawno\u015bci\u0105 wzrokow\u0105 w sektorze dzie\u0142 sztuki w Europie? W 2023 r. nadal nie ma kompleksowych danych na temat dok\u0142adnego poziomu zaanga\u017cowania konkretnej grupy docelowej projektu C.A.R.E., chocia\u017c istniej\u0105 r\u00f3\u017cne wysi\u0142ki i programy maj\u0105ce na celu promowanie integracji i dost\u0119pno\u015bci w sztuce dla os\u00f3b niewidomych i s\u0142abowidz\u0105cych (V.I.P.). C.A.R.E. jest innowacyjny, poniewa\u017c postrzega V.I.P. jako w pe\u0142ni zdolnych do tworzenia, sztuki i wi\u0119cej ni\u017c kompetentnych, aby by\u0107 kluczowymi aktorami w naszych spo\u0142ecze\u0144stwach. Jest innowacyjny, poniewa\u017c Partnerzy realizuj\u0105cy projekt posiadaj\u0105 wiedz\u0119 i zaanga\u017cowanie, aby przekaza\u0107 t\u0119 wizj\u0119 spo\u0142eczno\u015bci V.I. a tym samym da\u0107 im wi\u0119cej ni\u017c jeden klucz do uwolnienia ich potencja\u0142u jako jednostek i profesjonalist\u00f3w, a nawet do zbudowania w\u0142asnego przedsi\u0119biorstwa.","og_url":"https:\/\/www.care-platform.eu\/index.php\/lesson\/wprowadzenie\/","og_site_name":"C.A.R.E.","twitter_card":"summary_large_image","twitter_misc":{"Est. reading time":"2 minutes"},"schema":{"@context":"https:\/\/schema.org","@graph":[{"@type":"WebPage","@id":"https:\/\/www.care-platform.eu\/index.php\/lesson\/wprowadzenie\/","url":"https:\/\/www.care-platform.eu\/index.php\/lesson\/wprowadzenie\/","name":"Wprowadzenie - C.A.R.E.","isPartOf":{"@id":"https:\/\/www.care-platform.eu\/#website"},"datePublished":"2025-05-24T20:26:17+00:00","breadcrumb":{"@id":"https:\/\/www.care-platform.eu\/index.php\/lesson\/wprowadzenie\/#breadcrumb"},"inLanguage":"en-US","potentialAction":[{"@type":"ReadAction","target":["https:\/\/www.care-platform.eu\/index.php\/lesson\/wprowadzenie\/"]}]},{"@type":"BreadcrumbList","@id":"https:\/\/www.care-platform.eu\/index.php\/lesson\/wprowadzenie\/#breadcrumb","itemListElement":[{"@type":"ListItem","position":1,"name":"Home","item":"https:\/\/www.care-platform.eu\/"},{"@type":"ListItem","position":2,"name":"Wprowadzenie"}]},{"@type":"WebSite","@id":"https:\/\/www.care-platform.eu\/#website","url":"https:\/\/www.care-platform.eu\/","name":"C.A.R.E.","description":"","publisher":{"@id":"https:\/\/www.care-platform.eu\/#organization"},"potentialAction":[{"@type":"SearchAction","target":{"@type":"EntryPoint","urlTemplate":"https:\/\/www.care-platform.eu\/?s={search_term_string}"},"query-input":{"@type":"PropertyValueSpecification","valueRequired":true,"valueName":"search_term_string"}}],"inLanguage":"en-US"},{"@type":"Organization","@id":"https:\/\/www.care-platform.eu\/#organization","name":"C.A.R.E.","url":"https:\/\/www.care-platform.eu\/","logo":{"@type":"ImageObject","inLanguage":"en-US","@id":"https:\/\/www.care-platform.eu\/#\/schema\/logo\/image\/","url":"https:\/\/www.care-platform.eu\/wp-content\/uploads\/2023\/04\/cropped-cropped-logo-1-1.png","contentUrl":"https:\/\/www.care-platform.eu\/wp-content\/uploads\/2023\/04\/cropped-cropped-logo-1-1.png","width":127,"height":153,"caption":"C.A.R.E."},"image":{"@id":"https:\/\/www.care-platform.eu\/#\/schema\/logo\/image\/"}}]}},"_links":{"self":[{"href":"https:\/\/www.care-platform.eu\/index.php\/wp-json\/wp\/v2\/mathima\/3124","targetHints":{"allow":["GET"]}}],"collection":[{"href":"https:\/\/www.care-platform.eu\/index.php\/wp-json\/wp\/v2\/mathima"}],"about":[{"href":"https:\/\/www.care-platform.eu\/index.php\/wp-json\/wp\/v2\/types\/mathima"}],"wp:attachment":[{"href":"https:\/\/www.care-platform.eu\/index.php\/wp-json\/wp\/v2\/media?parent=3124"}],"curies":[{"name":"wp","href":"https:\/\/api.w.org\/{rel}","templated":true}]}}