{"id":3155,"date":"2025-05-24T23:13:45","date_gmt":"2025-05-24T23:13:45","guid":{"rendered":"https:\/\/www.care-platform.eu\/?post_type=mathima&#038;p=3155"},"modified":"2025-05-24T23:14:15","modified_gmt":"2025-05-24T23:14:15","slug":"22-kim-czym-jestem","status":"publish","type":"mathima","link":"https:\/\/www.care-platform.eu\/index.php\/lesson\/22-kim-czym-jestem\/","title":{"rendered":"22. Kim\/czym jestem?"},"content":{"rendered":"<table style=\"width: 100%;\" width=\"100%\">\n<tbody>\n<tr>\n<td style=\"width: 16%;\" width=\"16%\"><span style=\"font-family: tahoma, arial, helvetica, sans-serif; font-size: 18pt;\">Cel<\/span><\/td>\n<td style=\"width: 83%;\" width=\"83%\"><span style=\"font-family: tahoma, arial, helvetica, sans-serif; font-size: 18pt;\">Samookre\u015blenie. Celem \u0107wiczenia jest zdefiniowanie siebie i okre\u015blenie swojego obecnego stanu emocjonalnego.<\/span><\/td>\n<\/tr>\n<tr>\n<td style=\"width: 16%;\" width=\"16%\"><span style=\"font-family: tahoma, arial, helvetica, sans-serif; font-size: 18pt;\">Cele nauczania<\/span><\/td>\n<td style=\"width: 83%;\" width=\"83%\"><span style=\"font-family: tahoma, arial, helvetica, sans-serif; font-size: 18pt;\">Rozwijanie umiej\u0119tno\u015bci definiowania siebie na r\u00f3\u017cne sposoby<\/span><\/p>\n<p><span style=\"font-family: tahoma, arial, helvetica, sans-serif; font-size: 18pt;\">Rozbudzanie ciekawo\u015bci dotycz\u0105cej osobowo\u015bci innych uczestnik\u00f3w i ich postrzegania samych siebie.<\/span><\/p>\n<p><span style=\"font-family: tahoma, arial, helvetica, sans-serif; font-size: 18pt;\">Rozwijanie umiej\u0119tno\u015bci komunikacji i prezentacji<\/span><\/td>\n<\/tr>\n<tr>\n<td style=\"width: 16%;\" width=\"16%\"><span style=\"font-family: tahoma, arial, helvetica, sans-serif; font-size: 18pt;\">liczba uczestnik\u00f3w<\/span><\/td>\n<td style=\"width: 83%;\" width=\"83%\"><span style=\"font-family: tahoma, arial, helvetica, sans-serif; font-size: 18pt;\">Od 6 do 10 os\u00f3b<\/span><\/td>\n<\/tr>\n<tr>\n<td style=\"width: 16%;\" width=\"16%\"><span style=\"font-family: tahoma, arial, helvetica, sans-serif; font-size: 18pt;\">Czas trwania<\/span><\/td>\n<td style=\"width: 83%;\" width=\"83%\"><span style=\"font-family: tahoma, arial, helvetica, sans-serif; font-size: 18pt;\">35 minut<\/span><\/td>\n<\/tr>\n<tr>\n<td style=\"width: 16%;\" width=\"16%\"><span style=\"font-family: tahoma, arial, helvetica, sans-serif; font-size: 18pt;\">Materia\u0142y<\/span><\/td>\n<td style=\"width: 83%;\" width=\"83%\"><span style=\"font-family: tahoma, arial, helvetica, sans-serif; font-size: 18pt;\">Trener musi mie\u0107 pytania samoopisowe, kt\u00f3re s\u0105 dostosowane do kompetencji i do\u015bwiadcze\u0144 uczestnik\u00f3w. Pytania te mog\u0105 koncentrowa\u0107 si\u0119 na wspomnieniach, emocjach lub <\/span><span style=\"font-family: tahoma, arial, helvetica, sans-serif; font-size: 18pt;\">osobowo\u015bciach ludzi i mog\u0105 odnosi\u0107 si\u0119 do muzyki, jedzenia, zapach\u00f3w lub d\u017awi\u0119k\u00f3w. Oto kilka przyk\u0142ad\u00f3w:<\/span><\/p>\n<p><span style=\"font-family: tahoma, arial, helvetica, sans-serif; font-size: 18pt;\">Jaki kolor reprezentuje Ci\u0119 najbardziej?<\/span><\/p>\n<p><span style=\"font-family: tahoma, arial, helvetica, sans-serif; font-size: 18pt;\">Kt\u00f3ry element reprezentuje Ci\u0119 najbardziej?<\/span><\/p>\n<p><span style=\"font-family: tahoma, arial, helvetica, sans-serif; font-size: 18pt;\">Jakiego rodzaju owocem jeste\u015b?<\/span><\/p>\n<p><span style=\"font-family: tahoma, arial, helvetica, sans-serif; font-size: 18pt;\">Jakiej muzyki s\u0142uchasz, gdy jeste\u015b sam w domu lub na zewn\u0105trz?<\/span><\/p>\n<p><span style=\"font-family: tahoma, arial, helvetica, sans-serif; font-size: 18pt;\">Jak\u0105 supermoc chcia\u0142by\u015b posiada\u0107?<\/span><\/p>\n<p><span style=\"font-family: tahoma, arial, helvetica, sans-serif; font-size: 18pt;\">Gdzie chcesz sp\u0119dzi\u0107 swoje wymarzone wakacje?<\/span><\/p>\n<p><span style=\"font-family: tahoma, arial, helvetica, sans-serif; font-size: 18pt;\">Jaki by\u0142by Tw\u00f3j wymarzony dzie\u0144?<\/span><\/p>\n<p><span style=\"font-family: tahoma, arial, helvetica, sans-serif; font-size: 18pt;\">Uczestnicy mog\u0105 korzysta\u0107 z urz\u0105dze\u0144 cyfrowych do wyra\u017cania siebie.<\/span><\/td>\n<\/tr>\n<tr>\n<td style=\"width: 16%;\" width=\"16%\"><span style=\"font-family: tahoma, arial, helvetica, sans-serif; font-size: 18pt;\">Przebieg<\/span><\/td>\n<td style=\"width: 83%;\" width=\"83%\"><span style=\"font-family: tahoma, arial, helvetica, sans-serif; font-size: 18pt;\">1.\u00a0\u00a0\u00a0\u00a0 Pozw\u00f3l uczestnikom usi\u0105\u015b\u0107 w wygodnym dla nich miejscu i pozycji. Mo\u017cesz r\u00f3wnie\u017c utworzy\u0107 kr\u0105g.<\/span><\/p>\n<p><span style=\"font-family: tahoma, arial, helvetica, sans-serif; font-size: 18pt;\">2.\u00a0\u00a0\u00a0\u00a0 Powiedz im, \u017ce b\u0119dziesz zadawa\u0107 pytania opisowe, na kt\u00f3re b\u0119d\u0105 musieli znale\u017a\u0107 odpowied\u017a. Nast\u0119pnie ka\u017cdy po kolei podzieli si\u0119 swoj\u0105 odpowiedzi\u0105.<\/span><\/p>\n<p><span style=\"font-family: tahoma, arial, helvetica, sans-serif; font-size: 18pt;\">3.\u00a0\u00a0\u00a0\u00a0 Rozpocznij pierwsz\u0105 rund\u0119 i zadaj pierwsze pytanie wszystkim uczestnikom (na przyk\u0142ad: &#8220;Jaki kolor reprezentuje Ci\u0119 najbardziej?&#8221;). Powiedz uczestnikom, \u017ce mog\u0105 r\u00f3wnie\u017c u\u017cy\u0107 telefonu kom\u00f3rkowego do odtwarzania muzyki lub reprezentowania d\u017awi\u0119ku. Daj im kilka minut na zastanowienie si\u0119 nad odpowiedzi\u0105.<\/span><\/p>\n<p><span style=\"font-family: tahoma, arial, helvetica, sans-serif; font-size: 18pt;\">4.\u00a0\u00a0\u00a0\u00a0 Popro\u015b uczestnik\u00f3w, aby jeden po drugim odpowiedzieli na pytanie, a nast\u0119pnie wyja\u015bnili powody swojego wyboru (na przyk\u0142ad: &#8220;Czuj\u0119, \u017ce zielony kolor bardzo mnie reprezentuje, poniewa\u017c od razu czuj\u0119 si\u0119 komfortowo, kiedy na niego patrz\u0119 lub jestem w jego pobli\u017cu&#8221;). Popro\u015b innych uczestnik\u00f3w, aby uszanowali swoj\u0105 kolej i nie wypowiadali si\u0119, gdy inni s\u0105.<\/span><\/p>\n<p><span style=\"font-family: tahoma, arial, helvetica, sans-serif; font-size: 18pt;\">5.\u00a0\u00a0\u00a0\u00a0 Powt\u00f3rz kroki 3 i 4 dla wszystkich pozosta\u0142ych pyta\u0144.<\/span><\/td>\n<\/tr>\n<tr>\n<td style=\"width: 16%;\" width=\"16%\"><span style=\"font-family: tahoma, arial, helvetica, sans-serif; font-size: 18pt;\">Podsumowanie<\/span><\/td>\n<td style=\"width: 83%;\" width=\"83%\"><span style=\"font-family: tahoma, arial, helvetica, sans-serif; font-size: 18pt;\">Zanotuj podobie\u0144stwa mi\u0119dzy powodami wyboru odpowiedzi przez uczestnik\u00f3w. Po udzieleniu odpowiedzi na wszystkie pytania zorganizuj sesj\u0119 podsumowuj\u0105c\u0105 z udzia\u0142em wszystkich uczestnik\u00f3w w kr\u0119gu.<\/span><\/td>\n<\/tr>\n<tr>\n<td style=\"width: 16%;\" width=\"16%\"><span style=\"font-family: tahoma, arial, helvetica, sans-serif; font-size: 18pt;\">Wskaz\u00f3wki i podpowiedzi<\/span><\/td>\n<td style=\"width: 83%;\" width=\"83%\"><span style=\"font-family: tahoma, arial, helvetica, sans-serif; font-size: 18pt;\">Podczas podsumowania popro\u015b uczestnik\u00f3w o wymy\u015blenie w\u0142asnych pyta\u0144 i zach\u0119\u0107 ich do zadawania ich innym.<\/span><\/p>\n<p><span style=\"font-family: tahoma, arial, helvetica, sans-serif; font-size: 18pt;\">Wsp\u00f3lnie ustalcie, czy pytanie odnosi si\u0119 do ich samookre\u015blenia, czy do ich obecnego stanu emocjonalnego.<\/span><\/td>\n<\/tr>\n<tr>\n<td style=\"width: 16%;\" width=\"16%\"><span style=\"font-family: tahoma, arial, helvetica, sans-serif; font-size: 18pt;\">\u015arodki bezpiecze\u0144stwa<\/span><\/td>\n<td style=\"width: 83%;\" width=\"83%\"><span style=\"font-family: tahoma, arial, helvetica, sans-serif; font-size: 18pt;\">Je\u015bli uczestnicy korzystaj\u0105 z telefon\u00f3w kom\u00f3rkowych lub innych urz\u0105dze\u0144\/przedmiot\u00f3w, nale\u017cy upewni\u0107 si\u0119, \u017ce uczestnicy dbaj\u0105 o nie i nie pozostawiaj\u0105 ich w pobli\u017cu.<\/span><\/td>\n<\/tr>\n<tr>\n<td style=\"width: 16%;\" width=\"16%\"><span style=\"font-family: tahoma, arial, helvetica, sans-serif; font-size: 18pt;\">Warto\u015b\u0107 dodana<\/span><\/td>\n<td style=\"width: 83%;\" width=\"83%\"><span style=\"font-family: tahoma, arial, helvetica, sans-serif; font-size: 18pt;\">Lista pyta\u0144 diagnostycznych zwi\u0119ksza nasz\u0105 zdolno\u015b\u0107 do samoidentyfikacji. Pozwala nam r\u00f3wnie\u017c na zabaw\u0119 skojarzeniami, preferencjami dotycz\u0105cymi d\u017awi\u0119k\u00f3w, widok\u00f3w czy naturalnych do\u015bwiadcze\u0144 (rodzaj deszczu, rodzaj wiatru). Mo\u017ce to by\u0107 dobry spos\u00f3b na alternatywne formy autoprezentacji.<\/span><\/td>\n<\/tr>\n<\/tbody>\n<\/table>\n","protected":false},"template":"","meta":{"_exactmetrics_skip_tracking":false,"_exactmetrics_sitenote_active":false,"_exactmetrics_sitenote_note":"","_exactmetrics_sitenote_category":0,"_monsterinsights_skip_tracking":false,"_monsterinsights_sitenote_active":false,"_monsterinsights_sitenote_note":"","_monsterinsights_sitenote_category":0,"site-sidebar-layout":"default","site-content-layout":"","ast-site-content-layout":"default","site-content-style":"default","site-sidebar-style":"default","ast-global-header-display":"","ast-banner-title-visibility":"","ast-main-header-display":"","ast-hfb-above-header-display":"","ast-hfb-below-header-display":"","ast-hfb-mobile-header-display":"","site-post-title":"","ast-breadcrumbs-content":"","ast-featured-img":"","footer-sml-layout":"","theme-transparent-header-meta":"default","adv-header-id-meta":"","stick-header-meta":"","header-above-stick-meta":"","header-main-stick-meta":"","header-below-stick-meta":"","astra-migrate-meta-layouts":"set","ast-page-background-enabled":"default","ast-page-background-meta":{"desktop":{"background-color":"var(--ast-global-color-4)","background-image":"","background-repeat":"repeat","background-position":"center center","background-size":"auto","background-attachment":"scroll","background-type":"","background-media":"","overlay-type":"","overlay-color":"","overlay-opacity":"","overlay-gradient":""},"tablet":{"background-color":"","background-image":"","background-repeat":"repeat","background-position":"center center","background-size":"auto","background-attachment":"scroll","background-type":"","background-media":"","overlay-type":"","overlay-color":"","overlay-opacity":"","overlay-gradient":""},"mobile":{"background-color":"","background-image":"","background-repeat":"repeat","background-position":"center center","background-size":"auto","background-attachment":"scroll","background-type":"","background-media":"","overlay-type":"","overlay-color":"","overlay-opacity":"","overlay-gradient":""}},"ast-content-background-meta":{"desktop":{"background-color":"var(--ast-global-color-5)","background-image":"","background-repeat":"repeat","background-position":"center center","background-size":"auto","background-attachment":"scroll","background-type":"","background-media":"","overlay-type":"","overlay-color":"","overlay-opacity":"","overlay-gradient":""},"tablet":{"background-color":"var(--ast-global-color-5)","background-image":"","background-repeat":"repeat","background-position":"center center","background-size":"auto","background-attachment":"scroll","background-type":"","background-media":"","overlay-type":"","overlay-color":"","overlay-opacity":"","overlay-gradient":""},"mobile":{"background-color":"var(--ast-global-color-5)","background-image":"","background-repeat":"repeat","background-position":"center center","background-size":"auto","background-attachment":"scroll","background-type":"","background-media":"","overlay-type":"","overlay-color":"","overlay-opacity":"","overlay-gradient":""}}},"class_list":["post-3155","mathima","type-mathima","status-publish","hentry","course-wp2-3_pl"],"yoast_head":"<!-- This site is optimized with the Yoast SEO plugin v25.5 - https:\/\/yoast.com\/wordpress\/plugins\/seo\/ -->\n<title>22. Kim\/czym jestem? - C.A.R.E.<\/title>\n<meta name=\"robots\" content=\"index, follow, max-snippet:-1, max-image-preview:large, max-video-preview:-1\" \/>\n<link rel=\"canonical\" href=\"https:\/\/www.care-platform.eu\/index.php\/lesson\/22-kim-czym-jestem\/\" \/>\n<meta property=\"og:locale\" content=\"en_US\" \/>\n<meta property=\"og:type\" content=\"article\" \/>\n<meta property=\"og:title\" content=\"22. Kim\/czym jestem? - C.A.R.E.\" \/>\n<meta property=\"og:description\" content=\"Cel Samookre\u015blenie. Celem \u0107wiczenia jest zdefiniowanie siebie i okre\u015blenie swojego obecnego stanu emocjonalnego. Cele nauczania Rozwijanie umiej\u0119tno\u015bci definiowania siebie na r\u00f3\u017cne sposoby Rozbudzanie ciekawo\u015bci dotycz\u0105cej osobowo\u015bci innych uczestnik\u00f3w i ich postrzegania samych siebie. Rozwijanie umiej\u0119tno\u015bci komunikacji i prezentacji liczba uczestnik\u00f3w Od 6 do 10 os\u00f3b Czas trwania 35 minut Materia\u0142y Trener musi mie\u0107 pytania samoopisowe, kt\u00f3re s\u0105 dostosowane do kompetencji i do\u015bwiadcze\u0144 uczestnik\u00f3w. Pytania te mog\u0105 koncentrowa\u0107 si\u0119 na wspomnieniach, emocjach lub osobowo\u015bciach ludzi i mog\u0105 odnosi\u0107 si\u0119 do muzyki, jedzenia, zapach\u00f3w lub d\u017awi\u0119k\u00f3w. Oto kilka przyk\u0142ad\u00f3w: Jaki kolor reprezentuje Ci\u0119 najbardziej? Kt\u00f3ry element reprezentuje Ci\u0119 najbardziej? Jakiego rodzaju owocem jeste\u015b? Jakiej muzyki s\u0142uchasz, gdy jeste\u015b sam w domu lub na zewn\u0105trz? Jak\u0105 supermoc chcia\u0142by\u015b posiada\u0107? Gdzie chcesz sp\u0119dzi\u0107 swoje wymarzone wakacje? Jaki by\u0142by Tw\u00f3j wymarzony dzie\u0144? Uczestnicy mog\u0105 korzysta\u0107 z urz\u0105dze\u0144 cyfrowych do wyra\u017cania siebie. Przebieg 1.\u00a0\u00a0\u00a0\u00a0 Pozw\u00f3l uczestnikom usi\u0105\u015b\u0107 w wygodnym dla nich miejscu i pozycji. Mo\u017cesz r\u00f3wnie\u017c utworzy\u0107 kr\u0105g. 2.\u00a0\u00a0\u00a0\u00a0 Powiedz im, \u017ce b\u0119dziesz zadawa\u0107 pytania opisowe, na kt\u00f3re b\u0119d\u0105 musieli znale\u017a\u0107 odpowied\u017a. Nast\u0119pnie ka\u017cdy po kolei podzieli si\u0119 swoj\u0105 odpowiedzi\u0105. 3.\u00a0\u00a0\u00a0\u00a0 Rozpocznij pierwsz\u0105 rund\u0119 i zadaj pierwsze pytanie wszystkim uczestnikom (na przyk\u0142ad: &#8220;Jaki kolor reprezentuje Ci\u0119 najbardziej?&#8221;). Powiedz uczestnikom, \u017ce mog\u0105 r\u00f3wnie\u017c u\u017cy\u0107 telefonu kom\u00f3rkowego do odtwarzania muzyki lub reprezentowania d\u017awi\u0119ku. Daj im kilka minut na zastanowienie si\u0119 nad odpowiedzi\u0105. 4.\u00a0\u00a0\u00a0\u00a0 Popro\u015b uczestnik\u00f3w, aby jeden po drugim odpowiedzieli na pytanie, a nast\u0119pnie wyja\u015bnili powody swojego wyboru (na przyk\u0142ad: &#8220;Czuj\u0119, \u017ce zielony kolor bardzo mnie reprezentuje, poniewa\u017c od razu czuj\u0119 si\u0119 komfortowo, kiedy na niego patrz\u0119 lub jestem w jego pobli\u017cu&#8221;). Popro\u015b innych uczestnik\u00f3w, aby uszanowali swoj\u0105 kolej i nie wypowiadali si\u0119, gdy inni s\u0105. 5.\u00a0\u00a0\u00a0\u00a0 Powt\u00f3rz kroki 3 i 4 dla wszystkich pozosta\u0142ych pyta\u0144. Podsumowanie Zanotuj podobie\u0144stwa mi\u0119dzy powodami wyboru odpowiedzi przez uczestnik\u00f3w. Po udzieleniu odpowiedzi na wszystkie pytania zorganizuj sesj\u0119 podsumowuj\u0105c\u0105 z udzia\u0142em wszystkich uczestnik\u00f3w w kr\u0119gu. Wskaz\u00f3wki i podpowiedzi Podczas podsumowania popro\u015b uczestnik\u00f3w o wymy\u015blenie w\u0142asnych pyta\u0144 i zach\u0119\u0107 ich do zadawania ich innym. Wsp\u00f3lnie ustalcie, czy pytanie odnosi si\u0119 do ich samookre\u015blenia, czy do ich obecnego stanu emocjonalnego. \u015arodki bezpiecze\u0144stwa Je\u015bli uczestnicy korzystaj\u0105 z telefon\u00f3w kom\u00f3rkowych lub innych urz\u0105dze\u0144\/przedmiot\u00f3w, nale\u017cy upewni\u0107 si\u0119, \u017ce uczestnicy dbaj\u0105 o nie i nie pozostawiaj\u0105 ich w pobli\u017cu. Warto\u015b\u0107 dodana Lista pyta\u0144 diagnostycznych zwi\u0119ksza nasz\u0105 zdolno\u015b\u0107 do samoidentyfikacji. Pozwala nam r\u00f3wnie\u017c na zabaw\u0119 skojarzeniami, preferencjami dotycz\u0105cymi d\u017awi\u0119k\u00f3w, widok\u00f3w czy naturalnych do\u015bwiadcze\u0144 (rodzaj deszczu, rodzaj wiatru). Mo\u017ce to by\u0107 dobry spos\u00f3b na alternatywne formy autoprezentacji.\" \/>\n<meta property=\"og:url\" content=\"https:\/\/www.care-platform.eu\/index.php\/lesson\/22-kim-czym-jestem\/\" \/>\n<meta property=\"og:site_name\" content=\"C.A.R.E.\" \/>\n<meta property=\"article:modified_time\" content=\"2025-05-24T23:14:15+00:00\" \/>\n<meta name=\"twitter:card\" content=\"summary_large_image\" \/>\n<meta name=\"twitter:label1\" content=\"Est. reading time\" \/>\n\t<meta name=\"twitter:data1\" content=\"2 minutes\" \/>\n<script type=\"application\/ld+json\" class=\"yoast-schema-graph\">{\"@context\":\"https:\/\/schema.org\",\"@graph\":[{\"@type\":\"WebPage\",\"@id\":\"https:\/\/www.care-platform.eu\/index.php\/lesson\/22-kim-czym-jestem\/\",\"url\":\"https:\/\/www.care-platform.eu\/index.php\/lesson\/22-kim-czym-jestem\/\",\"name\":\"22. Kim\/czym jestem? - C.A.R.E.\",\"isPartOf\":{\"@id\":\"https:\/\/www.care-platform.eu\/#website\"},\"datePublished\":\"2025-05-24T23:13:45+00:00\",\"dateModified\":\"2025-05-24T23:14:15+00:00\",\"breadcrumb\":{\"@id\":\"https:\/\/www.care-platform.eu\/index.php\/lesson\/22-kim-czym-jestem\/#breadcrumb\"},\"inLanguage\":\"en-US\",\"potentialAction\":[{\"@type\":\"ReadAction\",\"target\":[\"https:\/\/www.care-platform.eu\/index.php\/lesson\/22-kim-czym-jestem\/\"]}]},{\"@type\":\"BreadcrumbList\",\"@id\":\"https:\/\/www.care-platform.eu\/index.php\/lesson\/22-kim-czym-jestem\/#breadcrumb\",\"itemListElement\":[{\"@type\":\"ListItem\",\"position\":1,\"name\":\"Home\",\"item\":\"https:\/\/www.care-platform.eu\/\"},{\"@type\":\"ListItem\",\"position\":2,\"name\":\"22. Kim\/czym jestem?\"}]},{\"@type\":\"WebSite\",\"@id\":\"https:\/\/www.care-platform.eu\/#website\",\"url\":\"https:\/\/www.care-platform.eu\/\",\"name\":\"C.A.R.E.\",\"description\":\"\",\"publisher\":{\"@id\":\"https:\/\/www.care-platform.eu\/#organization\"},\"potentialAction\":[{\"@type\":\"SearchAction\",\"target\":{\"@type\":\"EntryPoint\",\"urlTemplate\":\"https:\/\/www.care-platform.eu\/?s={search_term_string}\"},\"query-input\":{\"@type\":\"PropertyValueSpecification\",\"valueRequired\":true,\"valueName\":\"search_term_string\"}}],\"inLanguage\":\"en-US\"},{\"@type\":\"Organization\",\"@id\":\"https:\/\/www.care-platform.eu\/#organization\",\"name\":\"C.A.R.E.\",\"url\":\"https:\/\/www.care-platform.eu\/\",\"logo\":{\"@type\":\"ImageObject\",\"inLanguage\":\"en-US\",\"@id\":\"https:\/\/www.care-platform.eu\/#\/schema\/logo\/image\/\",\"url\":\"https:\/\/www.care-platform.eu\/wp-content\/uploads\/2023\/04\/cropped-cropped-logo-1-1.png\",\"contentUrl\":\"https:\/\/www.care-platform.eu\/wp-content\/uploads\/2023\/04\/cropped-cropped-logo-1-1.png\",\"width\":127,\"height\":153,\"caption\":\"C.A.R.E.\"},\"image\":{\"@id\":\"https:\/\/www.care-platform.eu\/#\/schema\/logo\/image\/\"}}]}<\/script>\n<!-- \/ Yoast SEO plugin. -->","yoast_head_json":{"title":"22. Kim\/czym jestem? - C.A.R.E.","robots":{"index":"index","follow":"follow","max-snippet":"max-snippet:-1","max-image-preview":"max-image-preview:large","max-video-preview":"max-video-preview:-1"},"canonical":"https:\/\/www.care-platform.eu\/index.php\/lesson\/22-kim-czym-jestem\/","og_locale":"en_US","og_type":"article","og_title":"22. Kim\/czym jestem? - C.A.R.E.","og_description":"Cel Samookre\u015blenie. Celem \u0107wiczenia jest zdefiniowanie siebie i okre\u015blenie swojego obecnego stanu emocjonalnego. Cele nauczania Rozwijanie umiej\u0119tno\u015bci definiowania siebie na r\u00f3\u017cne sposoby Rozbudzanie ciekawo\u015bci dotycz\u0105cej osobowo\u015bci innych uczestnik\u00f3w i ich postrzegania samych siebie. Rozwijanie umiej\u0119tno\u015bci komunikacji i prezentacji liczba uczestnik\u00f3w Od 6 do 10 os\u00f3b Czas trwania 35 minut Materia\u0142y Trener musi mie\u0107 pytania samoopisowe, kt\u00f3re s\u0105 dostosowane do kompetencji i do\u015bwiadcze\u0144 uczestnik\u00f3w. Pytania te mog\u0105 koncentrowa\u0107 si\u0119 na wspomnieniach, emocjach lub osobowo\u015bciach ludzi i mog\u0105 odnosi\u0107 si\u0119 do muzyki, jedzenia, zapach\u00f3w lub d\u017awi\u0119k\u00f3w. Oto kilka przyk\u0142ad\u00f3w: Jaki kolor reprezentuje Ci\u0119 najbardziej? Kt\u00f3ry element reprezentuje Ci\u0119 najbardziej? Jakiego rodzaju owocem jeste\u015b? Jakiej muzyki s\u0142uchasz, gdy jeste\u015b sam w domu lub na zewn\u0105trz? Jak\u0105 supermoc chcia\u0142by\u015b posiada\u0107? Gdzie chcesz sp\u0119dzi\u0107 swoje wymarzone wakacje? Jaki by\u0142by Tw\u00f3j wymarzony dzie\u0144? Uczestnicy mog\u0105 korzysta\u0107 z urz\u0105dze\u0144 cyfrowych do wyra\u017cania siebie. Przebieg 1.\u00a0\u00a0\u00a0\u00a0 Pozw\u00f3l uczestnikom usi\u0105\u015b\u0107 w wygodnym dla nich miejscu i pozycji. Mo\u017cesz r\u00f3wnie\u017c utworzy\u0107 kr\u0105g. 2.\u00a0\u00a0\u00a0\u00a0 Powiedz im, \u017ce b\u0119dziesz zadawa\u0107 pytania opisowe, na kt\u00f3re b\u0119d\u0105 musieli znale\u017a\u0107 odpowied\u017a. Nast\u0119pnie ka\u017cdy po kolei podzieli si\u0119 swoj\u0105 odpowiedzi\u0105. 3.\u00a0\u00a0\u00a0\u00a0 Rozpocznij pierwsz\u0105 rund\u0119 i zadaj pierwsze pytanie wszystkim uczestnikom (na przyk\u0142ad: &#8220;Jaki kolor reprezentuje Ci\u0119 najbardziej?&#8221;). Powiedz uczestnikom, \u017ce mog\u0105 r\u00f3wnie\u017c u\u017cy\u0107 telefonu kom\u00f3rkowego do odtwarzania muzyki lub reprezentowania d\u017awi\u0119ku. Daj im kilka minut na zastanowienie si\u0119 nad odpowiedzi\u0105. 4.\u00a0\u00a0\u00a0\u00a0 Popro\u015b uczestnik\u00f3w, aby jeden po drugim odpowiedzieli na pytanie, a nast\u0119pnie wyja\u015bnili powody swojego wyboru (na przyk\u0142ad: &#8220;Czuj\u0119, \u017ce zielony kolor bardzo mnie reprezentuje, poniewa\u017c od razu czuj\u0119 si\u0119 komfortowo, kiedy na niego patrz\u0119 lub jestem w jego pobli\u017cu&#8221;). Popro\u015b innych uczestnik\u00f3w, aby uszanowali swoj\u0105 kolej i nie wypowiadali si\u0119, gdy inni s\u0105. 5.\u00a0\u00a0\u00a0\u00a0 Powt\u00f3rz kroki 3 i 4 dla wszystkich pozosta\u0142ych pyta\u0144. Podsumowanie Zanotuj podobie\u0144stwa mi\u0119dzy powodami wyboru odpowiedzi przez uczestnik\u00f3w. Po udzieleniu odpowiedzi na wszystkie pytania zorganizuj sesj\u0119 podsumowuj\u0105c\u0105 z udzia\u0142em wszystkich uczestnik\u00f3w w kr\u0119gu. Wskaz\u00f3wki i podpowiedzi Podczas podsumowania popro\u015b uczestnik\u00f3w o wymy\u015blenie w\u0142asnych pyta\u0144 i zach\u0119\u0107 ich do zadawania ich innym. Wsp\u00f3lnie ustalcie, czy pytanie odnosi si\u0119 do ich samookre\u015blenia, czy do ich obecnego stanu emocjonalnego. \u015arodki bezpiecze\u0144stwa Je\u015bli uczestnicy korzystaj\u0105 z telefon\u00f3w kom\u00f3rkowych lub innych urz\u0105dze\u0144\/przedmiot\u00f3w, nale\u017cy upewni\u0107 si\u0119, \u017ce uczestnicy dbaj\u0105 o nie i nie pozostawiaj\u0105 ich w pobli\u017cu. Warto\u015b\u0107 dodana Lista pyta\u0144 diagnostycznych zwi\u0119ksza nasz\u0105 zdolno\u015b\u0107 do samoidentyfikacji. Pozwala nam r\u00f3wnie\u017c na zabaw\u0119 skojarzeniami, preferencjami dotycz\u0105cymi d\u017awi\u0119k\u00f3w, widok\u00f3w czy naturalnych do\u015bwiadcze\u0144 (rodzaj deszczu, rodzaj wiatru). Mo\u017ce to by\u0107 dobry spos\u00f3b na alternatywne formy autoprezentacji.","og_url":"https:\/\/www.care-platform.eu\/index.php\/lesson\/22-kim-czym-jestem\/","og_site_name":"C.A.R.E.","article_modified_time":"2025-05-24T23:14:15+00:00","twitter_card":"summary_large_image","twitter_misc":{"Est. reading time":"2 minutes"},"schema":{"@context":"https:\/\/schema.org","@graph":[{"@type":"WebPage","@id":"https:\/\/www.care-platform.eu\/index.php\/lesson\/22-kim-czym-jestem\/","url":"https:\/\/www.care-platform.eu\/index.php\/lesson\/22-kim-czym-jestem\/","name":"22. Kim\/czym jestem? - C.A.R.E.","isPartOf":{"@id":"https:\/\/www.care-platform.eu\/#website"},"datePublished":"2025-05-24T23:13:45+00:00","dateModified":"2025-05-24T23:14:15+00:00","breadcrumb":{"@id":"https:\/\/www.care-platform.eu\/index.php\/lesson\/22-kim-czym-jestem\/#breadcrumb"},"inLanguage":"en-US","potentialAction":[{"@type":"ReadAction","target":["https:\/\/www.care-platform.eu\/index.php\/lesson\/22-kim-czym-jestem\/"]}]},{"@type":"BreadcrumbList","@id":"https:\/\/www.care-platform.eu\/index.php\/lesson\/22-kim-czym-jestem\/#breadcrumb","itemListElement":[{"@type":"ListItem","position":1,"name":"Home","item":"https:\/\/www.care-platform.eu\/"},{"@type":"ListItem","position":2,"name":"22. Kim\/czym jestem?"}]},{"@type":"WebSite","@id":"https:\/\/www.care-platform.eu\/#website","url":"https:\/\/www.care-platform.eu\/","name":"C.A.R.E.","description":"","publisher":{"@id":"https:\/\/www.care-platform.eu\/#organization"},"potentialAction":[{"@type":"SearchAction","target":{"@type":"EntryPoint","urlTemplate":"https:\/\/www.care-platform.eu\/?s={search_term_string}"},"query-input":{"@type":"PropertyValueSpecification","valueRequired":true,"valueName":"search_term_string"}}],"inLanguage":"en-US"},{"@type":"Organization","@id":"https:\/\/www.care-platform.eu\/#organization","name":"C.A.R.E.","url":"https:\/\/www.care-platform.eu\/","logo":{"@type":"ImageObject","inLanguage":"en-US","@id":"https:\/\/www.care-platform.eu\/#\/schema\/logo\/image\/","url":"https:\/\/www.care-platform.eu\/wp-content\/uploads\/2023\/04\/cropped-cropped-logo-1-1.png","contentUrl":"https:\/\/www.care-platform.eu\/wp-content\/uploads\/2023\/04\/cropped-cropped-logo-1-1.png","width":127,"height":153,"caption":"C.A.R.E."},"image":{"@id":"https:\/\/www.care-platform.eu\/#\/schema\/logo\/image\/"}}]}},"_links":{"self":[{"href":"https:\/\/www.care-platform.eu\/index.php\/wp-json\/wp\/v2\/mathima\/3155","targetHints":{"allow":["GET"]}}],"collection":[{"href":"https:\/\/www.care-platform.eu\/index.php\/wp-json\/wp\/v2\/mathima"}],"about":[{"href":"https:\/\/www.care-platform.eu\/index.php\/wp-json\/wp\/v2\/types\/mathima"}],"wp:attachment":[{"href":"https:\/\/www.care-platform.eu\/index.php\/wp-json\/wp\/v2\/media?parent=3155"}],"curies":[{"name":"wp","href":"https:\/\/api.w.org\/{rel}","templated":true}]}}