{"id":3156,"date":"2025-05-24T23:15:49","date_gmt":"2025-05-24T23:15:49","guid":{"rendered":"https:\/\/www.care-platform.eu\/?post_type=mathima&#038;p=3156"},"modified":"2025-05-24T23:15:49","modified_gmt":"2025-05-24T23:15:49","slug":"23-zakoncz-historie","status":"publish","type":"mathima","link":"https:\/\/www.care-platform.eu\/index.php\/lesson\/23-zakoncz-historie\/","title":{"rendered":"23. Zako\u0144cz histori\u0119"},"content":{"rendered":"<table width=\"100%\">\n<tbody>\n<tr>\n<td width=\"16%\"><span style=\"font-family: tahoma, arial, helvetica, sans-serif; font-size: 18pt;\">Cel<\/span><\/td>\n<td width=\"83%\"><span style=\"font-family: tahoma, arial, helvetica, sans-serif; font-size: 18pt;\">Celem \u0107wiczenia jest rozwijanie kreatywno\u015bci i umiej\u0119tno\u015bci wsp\u00f3\u0142pracy w grupie uczestnik\u00f3w. Interesuj\u0105cym celem jest r\u00f3wnie\u017c rozwijanie umiej\u0119tno\u015bci pozytywnego radzenia sobie z konsekwencjami zachowa\u0144\/decyzji innych uczestnik\u00f3w.<\/span><\/td>\n<\/tr>\n<tr>\n<td width=\"16%\"><span style=\"font-family: tahoma, arial, helvetica, sans-serif; font-size: 18pt;\">Profil uczestnika<\/span><\/td>\n<td width=\"83%\"><span style=\"font-family: tahoma, arial, helvetica, sans-serif; font-size: 18pt;\">Ka\u017cdy. Osoby ze specjalnymi potrzebami mog\u0105 uczestniczy\u0107, o ile s\u0105 w stanie wyrazi\u0107 siebie.<\/span><\/td>\n<\/tr>\n<tr>\n<td width=\"16%\"><span style=\"font-family: tahoma, arial, helvetica, sans-serif; font-size: 18pt;\">Cele nauczania<\/span><\/td>\n<td width=\"83%\"><span style=\"font-family: tahoma, arial, helvetica, sans-serif; font-size: 18pt;\">Rozwijanie kreatywno\u015bci i wyobra\u017ani.<\/span><\/p>\n<p><span style=\"font-family: tahoma, arial, helvetica, sans-serif; font-size: 18pt;\">Rozwijanie wsp\u00f3\u0142pracy w grupie.<\/span><\/p>\n<p><span style=\"font-family: tahoma, arial, helvetica, sans-serif; font-size: 18pt;\">Wzmocnienie umiej\u0119tno\u015bci komunikacyjnych uczestnik\u00f3w.<\/span><\/td>\n<\/tr>\n<tr>\n<td width=\"16%\"><span style=\"font-family: tahoma, arial, helvetica, sans-serif; font-size: 18pt;\">liczba uczestnik\u00f3w<\/span><\/td>\n<td width=\"83%\"><span style=\"font-family: tahoma, arial, helvetica, sans-serif; font-size: 18pt;\">Od 10 do 20 os\u00f3b<\/span><\/td>\n<\/tr>\n<tr>\n<td width=\"16%\"><span style=\"font-family: tahoma, arial, helvetica, sans-serif; font-size: 18pt;\">Czas trwania<\/span><\/td>\n<td width=\"83%\"><span style=\"font-family: tahoma, arial, helvetica, sans-serif; font-size: 18pt;\">45 minut<\/span><\/td>\n<\/tr>\n<tr>\n<td width=\"16%\"><span style=\"font-family: tahoma, arial, helvetica, sans-serif; font-size: 18pt;\">Przygotowanie<\/span><\/td>\n<td width=\"83%\"><span style=\"font-family: tahoma, arial, helvetica, sans-serif; font-size: 18pt;\">Zidentyfikuj i wydrukuj wst\u0119py do niekt\u00f3rych opowiada\u0144 lub bajek dla dzieci. Przedstawiamy<\/span><\/p>\n<p><span style=\"font-family: tahoma, arial, helvetica, sans-serif; font-size: 18pt;\">trzy przyk\u0142ady:<\/span><\/p>\n<p><span style=\"font-family: tahoma, arial, helvetica, sans-serif; font-size: 18pt;\">Za siedmioma g\u00f3rami w domku na skraju lasu mieszka\u0142a zaradna Mary, kt\u00f3ra przyja\u017ani\u0142a si\u0119 z&#8230;<\/span><\/p>\n<p><span style=\"font-family: tahoma, arial, helvetica, sans-serif; font-size: 18pt;\">Pewnego razu dzielny ksi\u0105\u017c\u0119 Piotr obudzi\u0142 si\u0119 w swoim zamku i postanowi\u0142&#8230;<\/span><\/p>\n<p><span style=\"font-family: tahoma, arial, helvetica, sans-serif; font-size: 18pt;\">W wielkim zamku mieszka\u0142 z\u0142y kr\u00f3l i dobra kr\u00f3lowa. Ka\u017cdego ranka kr\u00f3l przechadza\u0142 si\u0119 po&#8230;<\/span><\/td>\n<\/tr>\n<tr>\n<td width=\"16%\"><span style=\"font-family: tahoma, arial, helvetica, sans-serif; font-size: 18pt;\">Przebieg<\/span><\/td>\n<td width=\"83%\"><span style=\"font-family: tahoma, arial, helvetica, sans-serif; font-size: 18pt;\">1.\u00a0\u00a0\u00a0\u00a0 Niech wszyscy uczestnicy utworz\u0105 kr\u0105g, stoj\u0105c lub siedz\u0105c na krze\u015ble. Ty jeste\u015b cz\u0119\u015bci\u0105 kr\u0119gu.<\/span><\/p>\n<p><span style=\"font-family: tahoma, arial, helvetica, sans-serif; font-size: 18pt;\">2.\u00a0\u00a0\u00a0\u00a0 Powiedz uczestnikom, \u017ce razem b\u0119dziecie wsp\u00f3\u0142tworzy\u0107 histori\u0119. Ty zaczniesz czyta\u0107 wprowadzenie, a oni, jeden po drugim, b\u0119d\u0105 musieli kontynuowa\u0107 t\u0119 histori\u0119, dodaj\u0105c co najmniej jedno zdanie.<\/span><\/p>\n<p><span style=\"font-family: tahoma, arial, helvetica, sans-serif; font-size: 18pt;\">3.\u00a0\u00a0\u00a0\u00a0 Rozpocznij histori\u0119, czytaj\u0105c wprowadzenie i przeka\u017c s\u0142owo osobie po swojej lewej stronie. Jeste\u015b zatem ostatni\u0105 osob\u0105, kt\u00f3ra zabiera g\u0142os.<\/span><\/p>\n<p><span style=\"font-family: tahoma, arial, helvetica, sans-serif; font-size: 18pt;\">4.\u00a0\u00a0\u00a0\u00a0 Gdy historia zostanie ci przekazana, zako\u0144cz j\u0105. Je\u015bli chcesz, mo\u017cesz powt\u00f3rzy\u0107 ca\u0142\u0105 histori\u0119.<\/span><\/p>\n<p><span style=\"font-family: tahoma, arial, helvetica, sans-serif; font-size: 18pt;\">5.\u00a0\u00a0\u00a0\u00a0 Wielkie brawa za to wsp\u00f3\u0142tworzenie.<\/span><\/td>\n<\/tr>\n<tr>\n<td width=\"16%\"><span style=\"font-family: tahoma, arial, helvetica, sans-serif; font-size: 18pt;\">Wskaz\u00f3wki i podpowiedzi<\/span><\/td>\n<td width=\"83%\"><span style=\"font-family: tahoma, arial, helvetica, sans-serif; font-size: 18pt;\">Mo\u017cesz utworzy\u0107 mniejsze grupy sk\u0142adaj\u0105ce si\u0119 z co najmniej 5 os\u00f3b i podzieli\u0107 histori\u0119 na 2 lub 3 rundy. Przy mniejszej liczbie wsp\u00f3\u0142tw\u00f3rc\u00f3w historia powinna rozwija\u0107 si\u0119 szybciej.<\/span><\/td>\n<\/tr>\n<tr>\n<td width=\"16%\"><span style=\"font-family: tahoma, arial, helvetica, sans-serif; font-size: 18pt;\">Warto\u015b\u0107 dodana<\/span><\/td>\n<td width=\"83%\"><span style=\"font-family: tahoma, arial, helvetica, sans-serif; font-size: 18pt;\">\u0106wiczenie wzmacnia komunikacj\u0119 w zespole, tworzy atmosfer\u0119 zabawy oraz rozwija kreatywno\u015b\u0107 i wyobra\u017ani\u0119.<\/span><\/td>\n<\/tr>\n<\/tbody>\n<\/table>\n","protected":false},"template":"","meta":{"_exactmetrics_skip_tracking":false,"_exactmetrics_sitenote_active":false,"_exactmetrics_sitenote_note":"","_exactmetrics_sitenote_category":0,"_monsterinsights_skip_tracking":false,"_monsterinsights_sitenote_active":false,"_monsterinsights_sitenote_note":"","_monsterinsights_sitenote_category":0,"site-sidebar-layout":"default","site-content-layout":"","ast-site-content-layout":"default","site-content-style":"default","site-sidebar-style":"default","ast-global-header-display":"","ast-banner-title-visibility":"","ast-main-header-display":"","ast-hfb-above-header-display":"","ast-hfb-below-header-display":"","ast-hfb-mobile-header-display":"","site-post-title":"","ast-breadcrumbs-content":"","ast-featured-img":"","footer-sml-layout":"","theme-transparent-header-meta":"default","adv-header-id-meta":"","stick-header-meta":"","header-above-stick-meta":"","header-main-stick-meta":"","header-below-stick-meta":"","astra-migrate-meta-layouts":"set","ast-page-background-enabled":"default","ast-page-background-meta":{"desktop":{"background-color":"var(--ast-global-color-4)","background-image":"","background-repeat":"repeat","background-position":"center center","background-size":"auto","background-attachment":"scroll","background-type":"","background-media":"","overlay-type":"","overlay-color":"","overlay-opacity":"","overlay-gradient":""},"tablet":{"background-color":"","background-image":"","background-repeat":"repeat","background-position":"center center","background-size":"auto","background-attachment":"scroll","background-type":"","background-media":"","overlay-type":"","overlay-color":"","overlay-opacity":"","overlay-gradient":""},"mobile":{"background-color":"","background-image":"","background-repeat":"repeat","background-position":"center center","background-size":"auto","background-attachment":"scroll","background-type":"","background-media":"","overlay-type":"","overlay-color":"","overlay-opacity":"","overlay-gradient":""}},"ast-content-background-meta":{"desktop":{"background-color":"var(--ast-global-color-5)","background-image":"","background-repeat":"repeat","background-position":"center center","background-size":"auto","background-attachment":"scroll","background-type":"","background-media":"","overlay-type":"","overlay-color":"","overlay-opacity":"","overlay-gradient":""},"tablet":{"background-color":"var(--ast-global-color-5)","background-image":"","background-repeat":"repeat","background-position":"center center","background-size":"auto","background-attachment":"scroll","background-type":"","background-media":"","overlay-type":"","overlay-color":"","overlay-opacity":"","overlay-gradient":""},"mobile":{"background-color":"var(--ast-global-color-5)","background-image":"","background-repeat":"repeat","background-position":"center center","background-size":"auto","background-attachment":"scroll","background-type":"","background-media":"","overlay-type":"","overlay-color":"","overlay-opacity":"","overlay-gradient":""}}},"class_list":["post-3156","mathima","type-mathima","status-publish","hentry","course-wp2-3_pl"],"yoast_head":"<!-- This site is optimized with the Yoast SEO plugin v25.5 - https:\/\/yoast.com\/wordpress\/plugins\/seo\/ -->\n<title>23. Zako\u0144cz histori\u0119 - C.A.R.E.<\/title>\n<meta name=\"robots\" content=\"index, follow, max-snippet:-1, max-image-preview:large, max-video-preview:-1\" \/>\n<link rel=\"canonical\" href=\"https:\/\/www.care-platform.eu\/index.php\/lesson\/23-zakoncz-historie\/\" \/>\n<meta property=\"og:locale\" content=\"en_US\" \/>\n<meta property=\"og:type\" content=\"article\" \/>\n<meta property=\"og:title\" content=\"23. Zako\u0144cz histori\u0119 - C.A.R.E.\" \/>\n<meta property=\"og:description\" content=\"Cel Celem \u0107wiczenia jest rozwijanie kreatywno\u015bci i umiej\u0119tno\u015bci wsp\u00f3\u0142pracy w grupie uczestnik\u00f3w. Interesuj\u0105cym celem jest r\u00f3wnie\u017c rozwijanie umiej\u0119tno\u015bci pozytywnego radzenia sobie z konsekwencjami zachowa\u0144\/decyzji innych uczestnik\u00f3w. Profil uczestnika Ka\u017cdy. Osoby ze specjalnymi potrzebami mog\u0105 uczestniczy\u0107, o ile s\u0105 w stanie wyrazi\u0107 siebie. Cele nauczania Rozwijanie kreatywno\u015bci i wyobra\u017ani. Rozwijanie wsp\u00f3\u0142pracy w grupie. Wzmocnienie umiej\u0119tno\u015bci komunikacyjnych uczestnik\u00f3w. liczba uczestnik\u00f3w Od 10 do 20 os\u00f3b Czas trwania 45 minut Przygotowanie Zidentyfikuj i wydrukuj wst\u0119py do niekt\u00f3rych opowiada\u0144 lub bajek dla dzieci. Przedstawiamy trzy przyk\u0142ady: Za siedmioma g\u00f3rami w domku na skraju lasu mieszka\u0142a zaradna Mary, kt\u00f3ra przyja\u017ani\u0142a si\u0119 z&#8230; Pewnego razu dzielny ksi\u0105\u017c\u0119 Piotr obudzi\u0142 si\u0119 w swoim zamku i postanowi\u0142&#8230; W wielkim zamku mieszka\u0142 z\u0142y kr\u00f3l i dobra kr\u00f3lowa. Ka\u017cdego ranka kr\u00f3l przechadza\u0142 si\u0119 po&#8230; Przebieg 1.\u00a0\u00a0\u00a0\u00a0 Niech wszyscy uczestnicy utworz\u0105 kr\u0105g, stoj\u0105c lub siedz\u0105c na krze\u015ble. Ty jeste\u015b cz\u0119\u015bci\u0105 kr\u0119gu. 2.\u00a0\u00a0\u00a0\u00a0 Powiedz uczestnikom, \u017ce razem b\u0119dziecie wsp\u00f3\u0142tworzy\u0107 histori\u0119. Ty zaczniesz czyta\u0107 wprowadzenie, a oni, jeden po drugim, b\u0119d\u0105 musieli kontynuowa\u0107 t\u0119 histori\u0119, dodaj\u0105c co najmniej jedno zdanie. 3.\u00a0\u00a0\u00a0\u00a0 Rozpocznij histori\u0119, czytaj\u0105c wprowadzenie i przeka\u017c s\u0142owo osobie po swojej lewej stronie. Jeste\u015b zatem ostatni\u0105 osob\u0105, kt\u00f3ra zabiera g\u0142os. 4.\u00a0\u00a0\u00a0\u00a0 Gdy historia zostanie ci przekazana, zako\u0144cz j\u0105. Je\u015bli chcesz, mo\u017cesz powt\u00f3rzy\u0107 ca\u0142\u0105 histori\u0119. 5.\u00a0\u00a0\u00a0\u00a0 Wielkie brawa za to wsp\u00f3\u0142tworzenie. Wskaz\u00f3wki i podpowiedzi Mo\u017cesz utworzy\u0107 mniejsze grupy sk\u0142adaj\u0105ce si\u0119 z co najmniej 5 os\u00f3b i podzieli\u0107 histori\u0119 na 2 lub 3 rundy. Przy mniejszej liczbie wsp\u00f3\u0142tw\u00f3rc\u00f3w historia powinna rozwija\u0107 si\u0119 szybciej. Warto\u015b\u0107 dodana \u0106wiczenie wzmacnia komunikacj\u0119 w zespole, tworzy atmosfer\u0119 zabawy oraz rozwija kreatywno\u015b\u0107 i wyobra\u017ani\u0119.\" \/>\n<meta property=\"og:url\" content=\"https:\/\/www.care-platform.eu\/index.php\/lesson\/23-zakoncz-historie\/\" \/>\n<meta property=\"og:site_name\" content=\"C.A.R.E.\" \/>\n<meta name=\"twitter:card\" content=\"summary_large_image\" \/>\n<meta name=\"twitter:label1\" content=\"Est. reading time\" \/>\n\t<meta name=\"twitter:data1\" content=\"2 minutes\" \/>\n<script type=\"application\/ld+json\" class=\"yoast-schema-graph\">{\"@context\":\"https:\/\/schema.org\",\"@graph\":[{\"@type\":\"WebPage\",\"@id\":\"https:\/\/www.care-platform.eu\/index.php\/lesson\/23-zakoncz-historie\/\",\"url\":\"https:\/\/www.care-platform.eu\/index.php\/lesson\/23-zakoncz-historie\/\",\"name\":\"23. Zako\u0144cz histori\u0119 - C.A.R.E.\",\"isPartOf\":{\"@id\":\"https:\/\/www.care-platform.eu\/#website\"},\"datePublished\":\"2025-05-24T23:15:49+00:00\",\"breadcrumb\":{\"@id\":\"https:\/\/www.care-platform.eu\/index.php\/lesson\/23-zakoncz-historie\/#breadcrumb\"},\"inLanguage\":\"en-US\",\"potentialAction\":[{\"@type\":\"ReadAction\",\"target\":[\"https:\/\/www.care-platform.eu\/index.php\/lesson\/23-zakoncz-historie\/\"]}]},{\"@type\":\"BreadcrumbList\",\"@id\":\"https:\/\/www.care-platform.eu\/index.php\/lesson\/23-zakoncz-historie\/#breadcrumb\",\"itemListElement\":[{\"@type\":\"ListItem\",\"position\":1,\"name\":\"Home\",\"item\":\"https:\/\/www.care-platform.eu\/\"},{\"@type\":\"ListItem\",\"position\":2,\"name\":\"23. Zako\u0144cz histori\u0119\"}]},{\"@type\":\"WebSite\",\"@id\":\"https:\/\/www.care-platform.eu\/#website\",\"url\":\"https:\/\/www.care-platform.eu\/\",\"name\":\"C.A.R.E.\",\"description\":\"\",\"publisher\":{\"@id\":\"https:\/\/www.care-platform.eu\/#organization\"},\"potentialAction\":[{\"@type\":\"SearchAction\",\"target\":{\"@type\":\"EntryPoint\",\"urlTemplate\":\"https:\/\/www.care-platform.eu\/?s={search_term_string}\"},\"query-input\":{\"@type\":\"PropertyValueSpecification\",\"valueRequired\":true,\"valueName\":\"search_term_string\"}}],\"inLanguage\":\"en-US\"},{\"@type\":\"Organization\",\"@id\":\"https:\/\/www.care-platform.eu\/#organization\",\"name\":\"C.A.R.E.\",\"url\":\"https:\/\/www.care-platform.eu\/\",\"logo\":{\"@type\":\"ImageObject\",\"inLanguage\":\"en-US\",\"@id\":\"https:\/\/www.care-platform.eu\/#\/schema\/logo\/image\/\",\"url\":\"https:\/\/www.care-platform.eu\/wp-content\/uploads\/2023\/04\/cropped-cropped-logo-1-1.png\",\"contentUrl\":\"https:\/\/www.care-platform.eu\/wp-content\/uploads\/2023\/04\/cropped-cropped-logo-1-1.png\",\"width\":127,\"height\":153,\"caption\":\"C.A.R.E.\"},\"image\":{\"@id\":\"https:\/\/www.care-platform.eu\/#\/schema\/logo\/image\/\"}}]}<\/script>\n<!-- \/ Yoast SEO plugin. -->","yoast_head_json":{"title":"23. Zako\u0144cz histori\u0119 - C.A.R.E.","robots":{"index":"index","follow":"follow","max-snippet":"max-snippet:-1","max-image-preview":"max-image-preview:large","max-video-preview":"max-video-preview:-1"},"canonical":"https:\/\/www.care-platform.eu\/index.php\/lesson\/23-zakoncz-historie\/","og_locale":"en_US","og_type":"article","og_title":"23. Zako\u0144cz histori\u0119 - C.A.R.E.","og_description":"Cel Celem \u0107wiczenia jest rozwijanie kreatywno\u015bci i umiej\u0119tno\u015bci wsp\u00f3\u0142pracy w grupie uczestnik\u00f3w. Interesuj\u0105cym celem jest r\u00f3wnie\u017c rozwijanie umiej\u0119tno\u015bci pozytywnego radzenia sobie z konsekwencjami zachowa\u0144\/decyzji innych uczestnik\u00f3w. Profil uczestnika Ka\u017cdy. Osoby ze specjalnymi potrzebami mog\u0105 uczestniczy\u0107, o ile s\u0105 w stanie wyrazi\u0107 siebie. Cele nauczania Rozwijanie kreatywno\u015bci i wyobra\u017ani. Rozwijanie wsp\u00f3\u0142pracy w grupie. Wzmocnienie umiej\u0119tno\u015bci komunikacyjnych uczestnik\u00f3w. liczba uczestnik\u00f3w Od 10 do 20 os\u00f3b Czas trwania 45 minut Przygotowanie Zidentyfikuj i wydrukuj wst\u0119py do niekt\u00f3rych opowiada\u0144 lub bajek dla dzieci. Przedstawiamy trzy przyk\u0142ady: Za siedmioma g\u00f3rami w domku na skraju lasu mieszka\u0142a zaradna Mary, kt\u00f3ra przyja\u017ani\u0142a si\u0119 z&#8230; Pewnego razu dzielny ksi\u0105\u017c\u0119 Piotr obudzi\u0142 si\u0119 w swoim zamku i postanowi\u0142&#8230; W wielkim zamku mieszka\u0142 z\u0142y kr\u00f3l i dobra kr\u00f3lowa. Ka\u017cdego ranka kr\u00f3l przechadza\u0142 si\u0119 po&#8230; Przebieg 1.\u00a0\u00a0\u00a0\u00a0 Niech wszyscy uczestnicy utworz\u0105 kr\u0105g, stoj\u0105c lub siedz\u0105c na krze\u015ble. Ty jeste\u015b cz\u0119\u015bci\u0105 kr\u0119gu. 2.\u00a0\u00a0\u00a0\u00a0 Powiedz uczestnikom, \u017ce razem b\u0119dziecie wsp\u00f3\u0142tworzy\u0107 histori\u0119. Ty zaczniesz czyta\u0107 wprowadzenie, a oni, jeden po drugim, b\u0119d\u0105 musieli kontynuowa\u0107 t\u0119 histori\u0119, dodaj\u0105c co najmniej jedno zdanie. 3.\u00a0\u00a0\u00a0\u00a0 Rozpocznij histori\u0119, czytaj\u0105c wprowadzenie i przeka\u017c s\u0142owo osobie po swojej lewej stronie. Jeste\u015b zatem ostatni\u0105 osob\u0105, kt\u00f3ra zabiera g\u0142os. 4.\u00a0\u00a0\u00a0\u00a0 Gdy historia zostanie ci przekazana, zako\u0144cz j\u0105. Je\u015bli chcesz, mo\u017cesz powt\u00f3rzy\u0107 ca\u0142\u0105 histori\u0119. 5.\u00a0\u00a0\u00a0\u00a0 Wielkie brawa za to wsp\u00f3\u0142tworzenie. Wskaz\u00f3wki i podpowiedzi Mo\u017cesz utworzy\u0107 mniejsze grupy sk\u0142adaj\u0105ce si\u0119 z co najmniej 5 os\u00f3b i podzieli\u0107 histori\u0119 na 2 lub 3 rundy. Przy mniejszej liczbie wsp\u00f3\u0142tw\u00f3rc\u00f3w historia powinna rozwija\u0107 si\u0119 szybciej. Warto\u015b\u0107 dodana \u0106wiczenie wzmacnia komunikacj\u0119 w zespole, tworzy atmosfer\u0119 zabawy oraz rozwija kreatywno\u015b\u0107 i wyobra\u017ani\u0119.","og_url":"https:\/\/www.care-platform.eu\/index.php\/lesson\/23-zakoncz-historie\/","og_site_name":"C.A.R.E.","twitter_card":"summary_large_image","twitter_misc":{"Est. reading time":"2 minutes"},"schema":{"@context":"https:\/\/schema.org","@graph":[{"@type":"WebPage","@id":"https:\/\/www.care-platform.eu\/index.php\/lesson\/23-zakoncz-historie\/","url":"https:\/\/www.care-platform.eu\/index.php\/lesson\/23-zakoncz-historie\/","name":"23. Zako\u0144cz histori\u0119 - C.A.R.E.","isPartOf":{"@id":"https:\/\/www.care-platform.eu\/#website"},"datePublished":"2025-05-24T23:15:49+00:00","breadcrumb":{"@id":"https:\/\/www.care-platform.eu\/index.php\/lesson\/23-zakoncz-historie\/#breadcrumb"},"inLanguage":"en-US","potentialAction":[{"@type":"ReadAction","target":["https:\/\/www.care-platform.eu\/index.php\/lesson\/23-zakoncz-historie\/"]}]},{"@type":"BreadcrumbList","@id":"https:\/\/www.care-platform.eu\/index.php\/lesson\/23-zakoncz-historie\/#breadcrumb","itemListElement":[{"@type":"ListItem","position":1,"name":"Home","item":"https:\/\/www.care-platform.eu\/"},{"@type":"ListItem","position":2,"name":"23. Zako\u0144cz histori\u0119"}]},{"@type":"WebSite","@id":"https:\/\/www.care-platform.eu\/#website","url":"https:\/\/www.care-platform.eu\/","name":"C.A.R.E.","description":"","publisher":{"@id":"https:\/\/www.care-platform.eu\/#organization"},"potentialAction":[{"@type":"SearchAction","target":{"@type":"EntryPoint","urlTemplate":"https:\/\/www.care-platform.eu\/?s={search_term_string}"},"query-input":{"@type":"PropertyValueSpecification","valueRequired":true,"valueName":"search_term_string"}}],"inLanguage":"en-US"},{"@type":"Organization","@id":"https:\/\/www.care-platform.eu\/#organization","name":"C.A.R.E.","url":"https:\/\/www.care-platform.eu\/","logo":{"@type":"ImageObject","inLanguage":"en-US","@id":"https:\/\/www.care-platform.eu\/#\/schema\/logo\/image\/","url":"https:\/\/www.care-platform.eu\/wp-content\/uploads\/2023\/04\/cropped-cropped-logo-1-1.png","contentUrl":"https:\/\/www.care-platform.eu\/wp-content\/uploads\/2023\/04\/cropped-cropped-logo-1-1.png","width":127,"height":153,"caption":"C.A.R.E."},"image":{"@id":"https:\/\/www.care-platform.eu\/#\/schema\/logo\/image\/"}}]}},"_links":{"self":[{"href":"https:\/\/www.care-platform.eu\/index.php\/wp-json\/wp\/v2\/mathima\/3156","targetHints":{"allow":["GET"]}}],"collection":[{"href":"https:\/\/www.care-platform.eu\/index.php\/wp-json\/wp\/v2\/mathima"}],"about":[{"href":"https:\/\/www.care-platform.eu\/index.php\/wp-json\/wp\/v2\/types\/mathima"}],"wp:attachment":[{"href":"https:\/\/www.care-platform.eu\/index.php\/wp-json\/wp\/v2\/media?parent=3156"}],"curies":[{"name":"wp","href":"https:\/\/api.w.org\/{rel}","templated":true}]}}