{"id":3164,"date":"2025-05-25T17:58:14","date_gmt":"2025-05-25T17:58:14","guid":{"rendered":"https:\/\/www.care-platform.eu\/?post_type=mathima&#038;p=3164"},"modified":"2025-05-25T17:58:14","modified_gmt":"2025-05-25T17:58:14","slug":"wprowadzenie-i-cel-podrecznika","status":"publish","type":"mathima","link":"https:\/\/www.care-platform.eu\/index.php\/lesson\/wprowadzenie-i-cel-podrecznika\/","title":{"rendered":"Wprowadzenie i cel podr\u0119cznika"},"content":{"rendered":"<p><span style=\"font-family: tahoma, arial, helvetica, sans-serif; font-size: 18pt;\">Europejski projekt &#8220;CARE: Ceramic Artworks to Raise Esteem and Employability&#8221; ma na celu zwi\u0119kszenie szans na integracj\u0119 spo\u0142eczn\u0105 i zawodow\u0105 m\u0142odych os\u00f3b z dysfunkcj\u0105 wzroku (V.I) poprzez ich udzia\u0142 w warsztatach ceramicznych w trakcie trwania projektu i po jego zako\u0144czeniu. Obr\u00f3bka ceramiki ma w rzeczywisto\u015bci niezliczony potencja\u0142 i korzy\u015bci, kt\u00f3re mog\u0105 przyczyni\u0107 si\u0119 do wzmocnienia zar\u00f3wno intrapersonalnych, jak i interpersonalnych umiej\u0119tno\u015bci s\u0142abowidz\u0105cych m\u0142odych ludzi, przyczyniaj\u0105c si\u0119 w ten spos\u00f3b do ich og\u00f3lnego dobrostanu jako jednostek i cz\u0142onk\u00f3w grupy.<\/span><\/p>\n<p><span style=\"font-family: tahoma, arial, helvetica, sans-serif; font-size: 18pt;\">W szczeg\u00f3lno\u015bci poni\u017cszy <strong>&#8220;Podr\u0119cznik ze szczeg\u00f3\u0142owymi wskaz\u00f3wkami, jak zaanga\u017cowa\u0107 i w pe\u0142ni nawi\u0105za\u0107 kontakt z uczniami z niepe\u0142nosprawno\u015bci\u0105 wzroku&#8221; <\/strong>jest przydatnym i praktycznym przewodnikiem dla nauczycieli, edukator\u00f3w i trener\u00f3w, kt\u00f3rzy chc\u0105 zaanga\u017cowa\u0107 s\u0142abowidz\u0105cych m\u0142odych ludzi, zapewniaj\u0105c og\u00f3lne porady dotycz\u0105ce tego, jak nawi\u0105za\u0107 kontakt i jak zapewni\u0107 bardzo spersonalizowane nauczanie w oparciu o konkretne potrzeby wyra\u017cone przez m\u0142odych uczni\u00f3w z niepe\u0142nosprawno\u015bci\u0105 wzroku (podej\u015bcie skoncentrowane na uczniu).<\/span><\/p>\n<p><span style=\"font-family: tahoma, arial, helvetica, sans-serif; font-size: 18pt;\">W podr\u0119czniku szczeg\u00f3lny nacisk po\u0142o\u017cono na to, jak prowadzi\u0107 warsztaty ceramiczne dla m\u0142odzie\u017cy z dysfunkcj\u0105 wzroku, bior\u0105c pod uwag\u0119 ich specyficzne potrzeby oraz pr\u00f3buj\u0105c sprosta\u0107 potencjalnym zagro\u017ceniom i sytuacjom krytycznym. W szczeg\u00f3lno\u015bci podr\u0119cznik podkre\u015bla szereg kwestii zwi\u0105zanych z zarz\u0105dzaniem emocjami, zarz\u0105dzaniem materia\u0142ami, zarz\u0105dzaniem ryzykiem, aby da\u0107 praktyczne wskaz\u00f3wki i przydatne zalecenia dla nauczycieli, kt\u00f3rzy wdra\u017caj\u0105 warsztaty ceramiczne z m\u0142odymi uczniami z niepe\u0142nosprawno\u015bci\u0105 wzroku.<\/span><\/p>\n","protected":false},"template":"","meta":{"_exactmetrics_skip_tracking":false,"_exactmetrics_sitenote_active":false,"_exactmetrics_sitenote_note":"","_exactmetrics_sitenote_category":0,"_monsterinsights_skip_tracking":false,"_monsterinsights_sitenote_active":false,"_monsterinsights_sitenote_note":"","_monsterinsights_sitenote_category":0,"site-sidebar-layout":"default","site-content-layout":"","ast-site-content-layout":"default","site-content-style":"default","site-sidebar-style":"default","ast-global-header-display":"","ast-banner-title-visibility":"","ast-main-header-display":"","ast-hfb-above-header-display":"","ast-hfb-below-header-display":"","ast-hfb-mobile-header-display":"","site-post-title":"","ast-breadcrumbs-content":"","ast-featured-img":"","footer-sml-layout":"","theme-transparent-header-meta":"default","adv-header-id-meta":"","stick-header-meta":"","header-above-stick-meta":"","header-main-stick-meta":"","header-below-stick-meta":"","astra-migrate-meta-layouts":"set","ast-page-background-enabled":"default","ast-page-background-meta":{"desktop":{"background-color":"var(--ast-global-color-4)","background-image":"","background-repeat":"repeat","background-position":"center center","background-size":"auto","background-attachment":"scroll","background-type":"","background-media":"","overlay-type":"","overlay-color":"","overlay-opacity":"","overlay-gradient":""},"tablet":{"background-color":"","background-image":"","background-repeat":"repeat","background-position":"center center","background-size":"auto","background-attachment":"scroll","background-type":"","background-media":"","overlay-type":"","overlay-color":"","overlay-opacity":"","overlay-gradient":""},"mobile":{"background-color":"","background-image":"","background-repeat":"repeat","background-position":"center center","background-size":"auto","background-attachment":"scroll","background-type":"","background-media":"","overlay-type":"","overlay-color":"","overlay-opacity":"","overlay-gradient":""}},"ast-content-background-meta":{"desktop":{"background-color":"var(--ast-global-color-5)","background-image":"","background-repeat":"repeat","background-position":"center center","background-size":"auto","background-attachment":"scroll","background-type":"","background-media":"","overlay-type":"","overlay-color":"","overlay-opacity":"","overlay-gradient":""},"tablet":{"background-color":"var(--ast-global-color-5)","background-image":"","background-repeat":"repeat","background-position":"center center","background-size":"auto","background-attachment":"scroll","background-type":"","background-media":"","overlay-type":"","overlay-color":"","overlay-opacity":"","overlay-gradient":""},"mobile":{"background-color":"var(--ast-global-color-5)","background-image":"","background-repeat":"repeat","background-position":"center center","background-size":"auto","background-attachment":"scroll","background-type":"","background-media":"","overlay-type":"","overlay-color":"","overlay-opacity":"","overlay-gradient":""}}},"class_list":["post-3164","mathima","type-mathima","status-publish","hentry","course-r2_pl"],"yoast_head":"<!-- This site is optimized with the Yoast SEO plugin v25.5 - https:\/\/yoast.com\/wordpress\/plugins\/seo\/ -->\n<title>Wprowadzenie i cel podr\u0119cznika - C.A.R.E.<\/title>\n<meta name=\"robots\" content=\"index, follow, max-snippet:-1, max-image-preview:large, max-video-preview:-1\" \/>\n<link rel=\"canonical\" href=\"https:\/\/www.care-platform.eu\/index.php\/lesson\/wprowadzenie-i-cel-podrecznika\/\" \/>\n<meta property=\"og:locale\" content=\"en_US\" \/>\n<meta property=\"og:type\" content=\"article\" \/>\n<meta property=\"og:title\" content=\"Wprowadzenie i cel podr\u0119cznika - C.A.R.E.\" \/>\n<meta property=\"og:description\" content=\"Europejski projekt &#8220;CARE: Ceramic Artworks to Raise Esteem and Employability&#8221; ma na celu zwi\u0119kszenie szans na integracj\u0119 spo\u0142eczn\u0105 i zawodow\u0105 m\u0142odych os\u00f3b z dysfunkcj\u0105 wzroku (V.I) poprzez ich udzia\u0142 w warsztatach ceramicznych w trakcie trwania projektu i po jego zako\u0144czeniu. Obr\u00f3bka ceramiki ma w rzeczywisto\u015bci niezliczony potencja\u0142 i korzy\u015bci, kt\u00f3re mog\u0105 przyczyni\u0107 si\u0119 do wzmocnienia zar\u00f3wno intrapersonalnych, jak i interpersonalnych umiej\u0119tno\u015bci s\u0142abowidz\u0105cych m\u0142odych ludzi, przyczyniaj\u0105c si\u0119 w ten spos\u00f3b do ich og\u00f3lnego dobrostanu jako jednostek i cz\u0142onk\u00f3w grupy. W szczeg\u00f3lno\u015bci poni\u017cszy &#8220;Podr\u0119cznik ze szczeg\u00f3\u0142owymi wskaz\u00f3wkami, jak zaanga\u017cowa\u0107 i w pe\u0142ni nawi\u0105za\u0107 kontakt z uczniami z niepe\u0142nosprawno\u015bci\u0105 wzroku&#8221; jest przydatnym i praktycznym przewodnikiem dla nauczycieli, edukator\u00f3w i trener\u00f3w, kt\u00f3rzy chc\u0105 zaanga\u017cowa\u0107 s\u0142abowidz\u0105cych m\u0142odych ludzi, zapewniaj\u0105c og\u00f3lne porady dotycz\u0105ce tego, jak nawi\u0105za\u0107 kontakt i jak zapewni\u0107 bardzo spersonalizowane nauczanie w oparciu o konkretne potrzeby wyra\u017cone przez m\u0142odych uczni\u00f3w z niepe\u0142nosprawno\u015bci\u0105 wzroku (podej\u015bcie skoncentrowane na uczniu). W podr\u0119czniku szczeg\u00f3lny nacisk po\u0142o\u017cono na to, jak prowadzi\u0107 warsztaty ceramiczne dla m\u0142odzie\u017cy z dysfunkcj\u0105 wzroku, bior\u0105c pod uwag\u0119 ich specyficzne potrzeby oraz pr\u00f3buj\u0105c sprosta\u0107 potencjalnym zagro\u017ceniom i sytuacjom krytycznym. W szczeg\u00f3lno\u015bci podr\u0119cznik podkre\u015bla szereg kwestii zwi\u0105zanych z zarz\u0105dzaniem emocjami, zarz\u0105dzaniem materia\u0142ami, zarz\u0105dzaniem ryzykiem, aby da\u0107 praktyczne wskaz\u00f3wki i przydatne zalecenia dla nauczycieli, kt\u00f3rzy wdra\u017caj\u0105 warsztaty ceramiczne z m\u0142odymi uczniami z niepe\u0142nosprawno\u015bci\u0105 wzroku.\" \/>\n<meta property=\"og:url\" content=\"https:\/\/www.care-platform.eu\/index.php\/lesson\/wprowadzenie-i-cel-podrecznika\/\" \/>\n<meta property=\"og:site_name\" content=\"C.A.R.E.\" \/>\n<meta name=\"twitter:card\" content=\"summary_large_image\" \/>\n<meta name=\"twitter:label1\" content=\"Est. reading time\" \/>\n\t<meta name=\"twitter:data1\" content=\"1 minute\" \/>\n<script type=\"application\/ld+json\" class=\"yoast-schema-graph\">{\"@context\":\"https:\/\/schema.org\",\"@graph\":[{\"@type\":\"WebPage\",\"@id\":\"https:\/\/www.care-platform.eu\/index.php\/lesson\/wprowadzenie-i-cel-podrecznika\/\",\"url\":\"https:\/\/www.care-platform.eu\/index.php\/lesson\/wprowadzenie-i-cel-podrecznika\/\",\"name\":\"Wprowadzenie i cel podr\u0119cznika - C.A.R.E.\",\"isPartOf\":{\"@id\":\"https:\/\/www.care-platform.eu\/#website\"},\"datePublished\":\"2025-05-25T17:58:14+00:00\",\"breadcrumb\":{\"@id\":\"https:\/\/www.care-platform.eu\/index.php\/lesson\/wprowadzenie-i-cel-podrecznika\/#breadcrumb\"},\"inLanguage\":\"en-US\",\"potentialAction\":[{\"@type\":\"ReadAction\",\"target\":[\"https:\/\/www.care-platform.eu\/index.php\/lesson\/wprowadzenie-i-cel-podrecznika\/\"]}]},{\"@type\":\"BreadcrumbList\",\"@id\":\"https:\/\/www.care-platform.eu\/index.php\/lesson\/wprowadzenie-i-cel-podrecznika\/#breadcrumb\",\"itemListElement\":[{\"@type\":\"ListItem\",\"position\":1,\"name\":\"Home\",\"item\":\"https:\/\/www.care-platform.eu\/\"},{\"@type\":\"ListItem\",\"position\":2,\"name\":\"Wprowadzenie i cel podr\u0119cznika\"}]},{\"@type\":\"WebSite\",\"@id\":\"https:\/\/www.care-platform.eu\/#website\",\"url\":\"https:\/\/www.care-platform.eu\/\",\"name\":\"C.A.R.E.\",\"description\":\"\",\"publisher\":{\"@id\":\"https:\/\/www.care-platform.eu\/#organization\"},\"potentialAction\":[{\"@type\":\"SearchAction\",\"target\":{\"@type\":\"EntryPoint\",\"urlTemplate\":\"https:\/\/www.care-platform.eu\/?s={search_term_string}\"},\"query-input\":{\"@type\":\"PropertyValueSpecification\",\"valueRequired\":true,\"valueName\":\"search_term_string\"}}],\"inLanguage\":\"en-US\"},{\"@type\":\"Organization\",\"@id\":\"https:\/\/www.care-platform.eu\/#organization\",\"name\":\"C.A.R.E.\",\"url\":\"https:\/\/www.care-platform.eu\/\",\"logo\":{\"@type\":\"ImageObject\",\"inLanguage\":\"en-US\",\"@id\":\"https:\/\/www.care-platform.eu\/#\/schema\/logo\/image\/\",\"url\":\"https:\/\/www.care-platform.eu\/wp-content\/uploads\/2023\/04\/cropped-cropped-logo-1-1.png\",\"contentUrl\":\"https:\/\/www.care-platform.eu\/wp-content\/uploads\/2023\/04\/cropped-cropped-logo-1-1.png\",\"width\":127,\"height\":153,\"caption\":\"C.A.R.E.\"},\"image\":{\"@id\":\"https:\/\/www.care-platform.eu\/#\/schema\/logo\/image\/\"}}]}<\/script>\n<!-- \/ Yoast SEO plugin. -->","yoast_head_json":{"title":"Wprowadzenie i cel podr\u0119cznika - C.A.R.E.","robots":{"index":"index","follow":"follow","max-snippet":"max-snippet:-1","max-image-preview":"max-image-preview:large","max-video-preview":"max-video-preview:-1"},"canonical":"https:\/\/www.care-platform.eu\/index.php\/lesson\/wprowadzenie-i-cel-podrecznika\/","og_locale":"en_US","og_type":"article","og_title":"Wprowadzenie i cel podr\u0119cznika - C.A.R.E.","og_description":"Europejski projekt &#8220;CARE: Ceramic Artworks to Raise Esteem and Employability&#8221; ma na celu zwi\u0119kszenie szans na integracj\u0119 spo\u0142eczn\u0105 i zawodow\u0105 m\u0142odych os\u00f3b z dysfunkcj\u0105 wzroku (V.I) poprzez ich udzia\u0142 w warsztatach ceramicznych w trakcie trwania projektu i po jego zako\u0144czeniu. Obr\u00f3bka ceramiki ma w rzeczywisto\u015bci niezliczony potencja\u0142 i korzy\u015bci, kt\u00f3re mog\u0105 przyczyni\u0107 si\u0119 do wzmocnienia zar\u00f3wno intrapersonalnych, jak i interpersonalnych umiej\u0119tno\u015bci s\u0142abowidz\u0105cych m\u0142odych ludzi, przyczyniaj\u0105c si\u0119 w ten spos\u00f3b do ich og\u00f3lnego dobrostanu jako jednostek i cz\u0142onk\u00f3w grupy. W szczeg\u00f3lno\u015bci poni\u017cszy &#8220;Podr\u0119cznik ze szczeg\u00f3\u0142owymi wskaz\u00f3wkami, jak zaanga\u017cowa\u0107 i w pe\u0142ni nawi\u0105za\u0107 kontakt z uczniami z niepe\u0142nosprawno\u015bci\u0105 wzroku&#8221; jest przydatnym i praktycznym przewodnikiem dla nauczycieli, edukator\u00f3w i trener\u00f3w, kt\u00f3rzy chc\u0105 zaanga\u017cowa\u0107 s\u0142abowidz\u0105cych m\u0142odych ludzi, zapewniaj\u0105c og\u00f3lne porady dotycz\u0105ce tego, jak nawi\u0105za\u0107 kontakt i jak zapewni\u0107 bardzo spersonalizowane nauczanie w oparciu o konkretne potrzeby wyra\u017cone przez m\u0142odych uczni\u00f3w z niepe\u0142nosprawno\u015bci\u0105 wzroku (podej\u015bcie skoncentrowane na uczniu). W podr\u0119czniku szczeg\u00f3lny nacisk po\u0142o\u017cono na to, jak prowadzi\u0107 warsztaty ceramiczne dla m\u0142odzie\u017cy z dysfunkcj\u0105 wzroku, bior\u0105c pod uwag\u0119 ich specyficzne potrzeby oraz pr\u00f3buj\u0105c sprosta\u0107 potencjalnym zagro\u017ceniom i sytuacjom krytycznym. W szczeg\u00f3lno\u015bci podr\u0119cznik podkre\u015bla szereg kwestii zwi\u0105zanych z zarz\u0105dzaniem emocjami, zarz\u0105dzaniem materia\u0142ami, zarz\u0105dzaniem ryzykiem, aby da\u0107 praktyczne wskaz\u00f3wki i przydatne zalecenia dla nauczycieli, kt\u00f3rzy wdra\u017caj\u0105 warsztaty ceramiczne z m\u0142odymi uczniami z niepe\u0142nosprawno\u015bci\u0105 wzroku.","og_url":"https:\/\/www.care-platform.eu\/index.php\/lesson\/wprowadzenie-i-cel-podrecznika\/","og_site_name":"C.A.R.E.","twitter_card":"summary_large_image","twitter_misc":{"Est. reading time":"1 minute"},"schema":{"@context":"https:\/\/schema.org","@graph":[{"@type":"WebPage","@id":"https:\/\/www.care-platform.eu\/index.php\/lesson\/wprowadzenie-i-cel-podrecznika\/","url":"https:\/\/www.care-platform.eu\/index.php\/lesson\/wprowadzenie-i-cel-podrecznika\/","name":"Wprowadzenie i cel podr\u0119cznika - C.A.R.E.","isPartOf":{"@id":"https:\/\/www.care-platform.eu\/#website"},"datePublished":"2025-05-25T17:58:14+00:00","breadcrumb":{"@id":"https:\/\/www.care-platform.eu\/index.php\/lesson\/wprowadzenie-i-cel-podrecznika\/#breadcrumb"},"inLanguage":"en-US","potentialAction":[{"@type":"ReadAction","target":["https:\/\/www.care-platform.eu\/index.php\/lesson\/wprowadzenie-i-cel-podrecznika\/"]}]},{"@type":"BreadcrumbList","@id":"https:\/\/www.care-platform.eu\/index.php\/lesson\/wprowadzenie-i-cel-podrecznika\/#breadcrumb","itemListElement":[{"@type":"ListItem","position":1,"name":"Home","item":"https:\/\/www.care-platform.eu\/"},{"@type":"ListItem","position":2,"name":"Wprowadzenie i cel podr\u0119cznika"}]},{"@type":"WebSite","@id":"https:\/\/www.care-platform.eu\/#website","url":"https:\/\/www.care-platform.eu\/","name":"C.A.R.E.","description":"","publisher":{"@id":"https:\/\/www.care-platform.eu\/#organization"},"potentialAction":[{"@type":"SearchAction","target":{"@type":"EntryPoint","urlTemplate":"https:\/\/www.care-platform.eu\/?s={search_term_string}"},"query-input":{"@type":"PropertyValueSpecification","valueRequired":true,"valueName":"search_term_string"}}],"inLanguage":"en-US"},{"@type":"Organization","@id":"https:\/\/www.care-platform.eu\/#organization","name":"C.A.R.E.","url":"https:\/\/www.care-platform.eu\/","logo":{"@type":"ImageObject","inLanguage":"en-US","@id":"https:\/\/www.care-platform.eu\/#\/schema\/logo\/image\/","url":"https:\/\/www.care-platform.eu\/wp-content\/uploads\/2023\/04\/cropped-cropped-logo-1-1.png","contentUrl":"https:\/\/www.care-platform.eu\/wp-content\/uploads\/2023\/04\/cropped-cropped-logo-1-1.png","width":127,"height":153,"caption":"C.A.R.E."},"image":{"@id":"https:\/\/www.care-platform.eu\/#\/schema\/logo\/image\/"}}]}},"_links":{"self":[{"href":"https:\/\/www.care-platform.eu\/index.php\/wp-json\/wp\/v2\/mathima\/3164","targetHints":{"allow":["GET"]}}],"collection":[{"href":"https:\/\/www.care-platform.eu\/index.php\/wp-json\/wp\/v2\/mathima"}],"about":[{"href":"https:\/\/www.care-platform.eu\/index.php\/wp-json\/wp\/v2\/types\/mathima"}],"wp:attachment":[{"href":"https:\/\/www.care-platform.eu\/index.php\/wp-json\/wp\/v2\/media?parent=3164"}],"curies":[{"name":"wp","href":"https:\/\/api.w.org\/{rel}","templated":true}]}}