{"id":3291,"date":"2025-06-10T00:58:09","date_gmt":"2025-06-10T00:58:09","guid":{"rendered":"https:\/\/www.care-platform.eu\/?post_type=mathima&#038;p=3291"},"modified":"2025-06-10T00:58:09","modified_gmt":"2025-06-10T00:58:09","slug":"risorse-e-riferimenti","status":"publish","type":"mathima","link":"https:\/\/www.care-platform.eu\/index.php\/lesson\/risorse-e-riferimenti\/","title":{"rendered":"Risorse e riferimenti"},"content":{"rendered":"<p><span style=\"font-family: tahoma, arial, helvetica, sans-serif; font-size: 18pt;\"><strong>CAPITOLO 1: <\/strong>Definizione e importanza dell&#8217;imprenditorialit\u00e0<\/span><\/p>\n<p><span style=\"font-family: tahoma, arial, helvetica, sans-serif; font-size: 18pt;\">-Ortiz Garc\u00eda P e Olaz Capit\u00e1n \u00c1J (2021) Entrepreneurship for People With Disabilities: Dalle competenze al valore sociale. Fronte. Psychol. 12:699833. doi: 10.3389\/fpsyg.2021.699833<\/span><\/p>\n<p><span style=\"font-family: tahoma, arial, helvetica, sans-serif; font-size: 18pt;\">-OCSE (2014), Policy Brief on Entrepreneurship for People with Disabilities (Documento programmatico sull&#8217;imprenditorialit\u00e0 per le persone con disabilit\u00e0).<\/span><\/p>\n<p><span style=\"font-family: tahoma, arial, helvetica, sans-serif; font-size: 18pt;\">Aree di competenza e progressi nell&#8217;apprendimento: <a href=\"https:\/\/joint-research-centre.ec.europa.eu\/entrecomp-entrepreneurship-competence-framework\/competence-areas-and-learning-progress_en\">https:\/\/joint-research-centre.ec.europa.eu\/entrecomp-entrepreneurship-competence-framework\/competence-areas-and-learning-progress_en<\/a><\/span><\/p>\n<p><span style=\"font-family: tahoma, arial, helvetica, sans-serif; font-size: 18pt;\">-Quadro europeo delle competenze imprenditoriali: <a href=\"https:\/\/www.youtube.com\/watch?v=UwZPcJky0Ko\">https:\/\/www.youtube.com\/watch?v=UwZPcJky0Ko<\/a><\/span><\/p>\n<p><span style=\"font-family: tahoma, arial, helvetica, sans-serif; font-size: 18pt;\">-Harvard Business School Online, &#8220;10 caratteristiche degli imprenditori di successo<a href=\"https:\/\/online.hbs.edu\/blog\/post\/characteristics-of-successful-entrepreneurs\">&#8220;: https:<\/a>\/\/online.hbs.edu\/blog\/post\/characteristics-of-successful-entrepreneurs<\/span><\/p>\n<p><span style=\"font-family: tahoma, arial, helvetica, sans-serif; font-size: 18pt;\">-Strada verso l&#8217;autosufficienza: Una guida all&#8217;imprenditorialit\u00e0 per giovani con disabilit\u00e0<a href=\"https:\/\/dpi.wi.gov\/sites\/default\/files\/imce\/mmee\/pdf\/entrepreneurship_guide.pdf\">&#8220;: https:<\/a>\/\/dpi.wi.gov\/sites\/default\/files\/imce\/mmee\/pdf\/entrepreneurship_guide.pdf<\/span><\/p>\n<p>&nbsp;<\/p>\n<p><span style=\"font-family: tahoma, arial, helvetica, sans-serif; font-size: 18pt;\"><strong>CAPITOLO 2: <\/strong>Stato dell&#8217;arte dell&#8217;imprenditoria giovanile in ogni paese (compresi i giovani imprenditori disabili)<\/span><\/p>\n<p><span style=\"font-family: tahoma, arial, helvetica, sans-serif; font-size: 18pt;\"><strong>ITALIA<\/strong><\/span><\/p>\n<p><span style=\"font-family: tahoma, arial, helvetica, sans-serif; font-size: 18pt;\">-Il Laboratorio Imprenditoriale per la formazione degli insegnanti all&#8217;imprenditorialit\u00e0: <a href=\"https:\/\/www.ufficiostampa.provincia.tn.it\/content\/download\/35253\/607732\/file\/Ricercazione_2015_vol7_n_2.pdf#page=111\">https:\/\/www.ufficiostampa.provincia.tn.it\/content\/download\/35253\/607732\/file\/Ricercazione_2015_vol7_n_2.pdf#page=111<\/a><\/span><\/p>\n<p><span style=\"font-family: tahoma, arial, helvetica, sans-serif; font-size: 18pt;\">Formazione all&#8217;imprenditorialit\u00e0: <a href=\"https:\/\/consorzioquinn.it\/wp-content\/uploads\/2025\/01\/Levoluzione-dellalta-formazione_full_31012025.pdf#page=91\">https:\/\/consorzioquinn.it\/wp-content\/uploads\/2025\/01\/Levoluzione-dellalta-formazione_full_31012025.pdf#page=91<\/a><\/span><\/p>\n<p><span style=\"font-family: tahoma, arial, helvetica, sans-serif; font-size: 18pt;\">Giovani imprenditori in Italia e nell&#8217;UE Contesto: <a href=\"https:\/\/www.cna.it\/wp-content\/uploads\/2022\/09\/10_APPROFONDIMENTO_GIOVANI-IMPRENDITORI.pdf\">https:<\/a>\/\/www.cna.it\/wp-content\/uploads\/2022\/09\/10_APPROFONDIMENTO_GIOVANI-IMPRENDITORI.pdf<\/span><\/p>\n<p><span style=\"font-family: tahoma, arial, helvetica, sans-serif; font-size: 18pt;\">Il Syllabus per l&#8217;educazione all&#8217;imprenditorialit\u00e0 nelle scuole secondarie: <a href=\"https:\/\/www.mim.gov.it\/-\/pubblicato-il-sillabo-per-l-educazione-all-imprenditorialita-nella-scuola-secondaria-\">https:\/\/www.mim.gov.it\/-\/pubblicato-il-sillabo-per-l-educazione-all-imprenditorialita-nella-scuola-secondaria-.<\/a><\/span><\/p>\n<p><span style=\"font-family: tahoma, arial, helvetica, sans-serif; font-size: 18pt;\">-I migliori incentivi per i giovani imprenditori in Italia: Prestiti e contributi 2024: <a href=\"https:\/\/www.contributieuropa.com\/le-migliori-agevolazioni-per-giovani-imprenditori-italia-2024\/\">https:\/\/www.contributieuropa.com\/le-migliori-agevolazioni-per-giovani-imprenditori-italia-2024\/<\/a><\/span><\/p>\n<p><span style=\"font-family: tahoma, arial, helvetica, sans-serif; font-size: 18pt;\">Avviare un&#8217;attivit\u00e0 in proprio: il progetto imprenditoriale: <a href=\"https:\/\/www.to.camcom.it\/guida-mettersi-proprio-il-progetto-imprenditoriale\">https:\/\/www.to.camcom.it\/guida-mettersi-proprio-il-progetto-imprenditoriale<\/a><\/span><\/p>\n<p><span style=\"font-family: tahoma, arial, helvetica, sans-serif; font-size: 18pt;\">I tre tipi di imprenditore secondo il Codice Civile: <a href=\"https:\/\/www.to.camcom.it\/13-i-tre-tipi-di-imprenditore-il-codice-civile\">https:<\/a><a href=\"https:\/\/www.to.camcom.it\/13-i-tre-tipi-di-imprenditore-il-codice-civile\">\/\/www.to.camcom.it\/13-i-tre-tipi-di-imprenditore-il-codice-civile<\/a><\/span><\/p>\n<p><span style=\"font-family: tahoma, arial, helvetica, sans-serif; font-size: 18pt;\">-Fondi e incentivi <a href=\"https:\/\/disabilita.governo.it\/it\/attivita-svolte-e-in-programma\/fondi-e-incentivi\/\">:https:\/\/disabilita.governo.it\/it\/attivita-svolte-e-in-programma\/fondi-e-incentivi\/<\/a><\/span><\/p>\n<p><span style=\"font-family: tahoma, arial, helvetica, sans-serif; font-size: 18pt;\">Finanziamenti per le persone con disabilit\u00e0: <a href=\"https:\/\/www.sunrisemedical.it\/blog\/finanziamenti-per-disabili\">https:\/\/www.sunrisemedical.it\/blog\/finanziamenti-per-disabili<\/a><\/span><\/p>\n<p><span style=\"font-family: tahoma, arial, helvetica, sans-serif; font-size: 18pt;\">-Fondo per il credito ai giovani<a href=\"https:\/\/www.politichegiovanili.gov.it\/politiche-giovanili\/accordi-e-compartecipazioni\/fondo-per-il-credito-ai-giovani\/\"> : https:\/\/www.politichegiovanili.gov.it\/politiche-giovanili\/accordi-e-compartecipazioni\/fondo-per-il-credito-ai-giovani\/<\/a><\/span><\/p>\n<p><span style=\"font-family: tahoma, arial, helvetica, sans-serif; font-size: 18pt;\">Diventare imprenditore in Italia: i numeri, le sfide e i programmi che ispirano i giovani<a href=\"https:\/\/www.economyup.it\/innovazione\/diventare-imprenditori-in-italia-i-numeri-le-difficolta-e-8-programmi-che-ispirano-i-giovani\/\">:https:\/\/www.economyup.it\/innovazione\/diventare-imprenditori-in-italia-i-numeri-le-difficolta-e-8-programmi-che-ispirano-i-giovani\/<\/a><\/span><\/p>\n<p><span style=\"font-family: tahoma, arial, helvetica, sans-serif; font-size: 18pt;\">-Erasmus per giovani imprenditori: <a href=\"https:\/\/www.erasmus-entrepreneurs.eu\/\">https:\/\/www.erasmus-entrepreneurs.eu\/<\/a><\/span><\/p>\n<p><span style=\"font-family: tahoma, arial, helvetica, sans-serif; font-size: 18pt;\"><strong>IRLANDA<\/strong><\/span><\/p>\n<p><span style=\"font-family: tahoma, arial, helvetica, sans-serif; font-size: 18pt;\">-Percorso di accesso all&#8217;istruzione per disabili: <a href=\"https:\/\/www.accesscollege.ie\">https:\/\/www.accesscollege.ie<\/a><\/span><\/p>\n<p><span style=\"font-family: tahoma, arial, helvetica, sans-serif; font-size: 18pt;\">Il Programma Imprenditorialit\u00e0 per persone con disabilit\u00e0: <a href=\"https:\/\/www.tudublin.ie\/explore\/news\/aib-and-tu-dublin-entrepreneurship-for-people-with-disabilities-programme-2024-.html\">https:\/\/www.tudublin.ie\/explore\/news\/aib-and-tu-dublin-entrepreneurship-for-people-with-disabilities-programme-2024-.html<\/a><\/span><\/p>\n<p><span style=\"font-family: tahoma, arial, helvetica, sans-serif; font-size: 18pt;\">Ufficiale di collegamento con la clinica oculistica (ECLO): <a href=\"https:\/\/vi.ie\/eye-clinic-liaison-officer-eclo\/\">https:\/\/vi.ie\/eye-clinic-liaison-officer-eclo\/<\/a><\/span><\/p>\n<p><span style=\"font-family: tahoma, arial, helvetica, sans-serif; font-size: 18pt;\">-Visione Irlanda: <a href=\"https:\/\/vi.ie\/\">https:\/\/vi.ie\/<\/a><\/span><\/p>\n<p><span style=\"font-family: tahoma, arial, helvetica, sans-serif; font-size: 18pt;\">-Universit\u00e0 Tecnologica di Dublino: <a href=\"https:\/\/www.tudublin.ie\/\">https:\/\/www.tudublin.ie\/<\/a><\/span><\/p>\n<p><span style=\"font-family: tahoma, arial, helvetica, sans-serif; font-size: 18pt;\">-Programma per giovani imprenditori: <a href=\"https:\/\/www.juniorentrepreneur.ie\">https:\/\/www.juniorentrepreneur.ie<\/a><\/span><\/p>\n<p><span style=\"font-family: tahoma, arial, helvetica, sans-serif; font-size: 18pt;\">-L&#8217;impresa studentesca: <a href=\"https:\/\/www.studententerprise.ie\">https:\/\/www.studententerprise.ie<\/a><\/span><\/p>\n<p><span style=\"font-family: tahoma, arial, helvetica, sans-serif; font-size: 18pt;\">-Iniziativa Porte Aperte: <a href=\"https:\/\/www.opendoorsinitiative.ie\/\">https:\/\/www.opendoorsinitiative.ie\/<\/a><\/span><\/p>\n<p><span style=\"font-family: tahoma, arial, helvetica, sans-serif; font-size: 18pt;\">-Informazioni per i cittadini irlandesi: <a href=\"https:\/\/www.citizensinformation.ie\">https:\/\/www.citizensinformation.ie<\/a><\/span><\/p>\n<p><span style=\"font-family: tahoma, arial, helvetica, sans-serif; font-size: 18pt;\">-Lavoro e accesso: <a href=\"https:\/\/www.gov.ie\/en\/department-of-social-protection\/services\/work-and-access\/\">https:\/\/www.gov.ie\/en\/department-of-social-protection\/services\/work-and-access\/<\/a><\/span><\/p>\n<p><span style=\"font-family: tahoma, arial, helvetica, sans-serif; font-size: 18pt;\">-Visione Irlanda: <a href=\"https:\/\/www.vi.ie\">https:\/\/www.vi.ie<\/a><\/span><\/p>\n<p><span style=\"font-family: tahoma, arial, helvetica, sans-serif; font-size: 18pt;\">-Gli Uffici Locali delle Imprese (LEO): <a href=\"https:\/\/www.localenterprise.ie\/\">https:\/\/www.localenterprise.ie\/<\/a><\/span><\/p>\n<p><span style=\"font-family: tahoma, arial, helvetica, sans-serif; font-size: 18pt;\">-IDA Irlanda: <a href=\"https:\/\/www.idaireland.com\/\">https:\/\/www.idaireland.com\/<\/a><\/span><\/p>\n<p><span style=\"font-family: tahoma, arial, helvetica, sans-serif; font-size: 18pt;\">-Irlanda: <a href=\"https:\/\/www.enterprise-ireland.com\/en\/\">https:\/\/www.enterprise-ireland.com\/en\/<\/a><\/span><\/p>\n<p><span style=\"font-family: tahoma, arial, helvetica, sans-serif; font-size: 18pt;\">-Il Centro Imprese Guinness: <a href=\"https:\/\/www.gec.ie\/\">https:\/\/www.gec.ie\/<\/a><\/span><\/p>\n<p><span style=\"font-family: tahoma, arial, helvetica, sans-serif; font-size: 18pt;\">-Laboratori Dogpatch: <a href=\"https:\/\/dogpatchlabs.com\/\">https:\/\/dogpatchlabs.com\/<\/a><\/span><\/p>\n<p><span style=\"font-family: tahoma, arial, helvetica, sans-serif; font-size: 18pt;\">-Le Camere di Commercio: <a href=\"https:\/\/chambers.ie\/\">https:\/\/chambers.ie\/<\/a><\/span><\/p>\n<p><span style=\"font-family: tahoma, arial, helvetica, sans-serif; font-size: 18pt;\">-StartUp Ireland: <a href=\"https:\/\/startups.ie\/\">https:\/\/startups.ie\/<\/a><\/span><\/p>\n<p><span style=\"font-family: tahoma, arial, helvetica, sans-serif; font-size: 18pt;\">-Imprenditori sociali Irlanda: <a href=\"https:\/\/www.socialentrepreneurs.ie\/\">https:\/\/www.socialentrepreneurs.ie\/<\/a><\/span><\/p>\n<p><span style=\"font-family: tahoma, arial, helvetica, sans-serif; font-size: 18pt;\">-Business in the Community Ireland (BITCI): <a href=\"https:\/\/bitc.ie\/\">https:\/\/bitc.ie\/<\/a><\/span><\/p>\n<p><span style=\"font-family: tahoma, arial, helvetica, sans-serif; font-size: 18pt;\">-Progetto di attivazione per la disabilit\u00e0 (DAP): <a href=\"https:\/\/www.socialentrepreneurs.ie\/\">Social Entrepreneurs Ireland (SEI): <\/a><a href=\"https:\/\/www.oireachtas.ie\/en\/debates\/question\/2017-03-02\/129\/#:~:text=The%20objective%20of%20this%20programme,to%20obtain%20and%20sustain%20employment\">https:<\/a>\/\/www.oireachtas.ie\/en\/debates\/question\/2017-03-02\/129\/#:~:text=The%20objective%20of%20this%20programme,to%20obtain%20and%20sustain%20employment.<\/span><\/p>\n<p><span style=\"font-family: tahoma, arial, helvetica, sans-serif; font-size: 18pt;\">-L&#8217;Ufficio delle imprese locali: <a href=\"https:\/\/www.localenterprise.ie\/\">https:\/\/www.localenterprise.ie\/<\/a><\/span><\/p>\n<p><span style=\"font-family: tahoma, arial, helvetica, sans-serif; font-size: 18pt;\">Programma di inclusione sociale e attivazione comunitaria (SICAP): <a href=\"https:\/\/www.gov.ie\/en\/department-of-rural-and-community-development\/policy-information\/social-inclusion-and-community-activation-programme-sicap\/\">https:\/\/www.gov.ie\/en\/department-of-rural-and-community-development\/policy-information\/social-inclusion-and-community-activation-programme-sicap\/<\/a><\/span><\/p>\n<p><span style=\"font-family: tahoma, arial, helvetica, sans-serif; font-size: 18pt;\">-Microfinanza Irlanda (MFI): <a href=\"https:\/\/microfinanceireland.ie\/\">https:\/\/microfinanceireland.ie\/<\/a><\/span><\/p>\n<p><span style=\"font-family: tahoma, arial, helvetica, sans-serif; font-size: 18pt;\">-Imprenditori sociali Irlanda: <a href=\"https:\/\/www.socialentrepreneurs.ie\/\">https:\/\/www.socialentrepreneurs.ie\/<\/a><\/span><\/p>\n<p>&nbsp;<\/p>\n<p><span style=\"font-family: tahoma, arial, helvetica, sans-serif; font-size: 18pt;\"><strong>CIPRO<\/strong><\/span><\/p>\n<p><span style=\"font-family: tahoma, arial, helvetica, sans-serif; font-size: 18pt;\"><strong><em>Educazione all&#8217;imprenditorialit\u00e0 a livello scolastico e post-scolastico: <\/em><\/strong><\/span><\/p>\n<p><span style=\"font-family: tahoma, arial, helvetica, sans-serif; font-size: 18pt;\">-Ministero dell&#8217;Istruzione, dello Sport e della Giovent\u00f9 di Cipro: <a href=\"https:\/\/www.moec.gov.cy\/en\/\">https:\/\/www.moec.gov.cy\/en\/<\/a><\/span><\/p>\n<p><span style=\"font-family: tahoma, arial, helvetica, sans-serif; font-size: 18pt;\">Piano d&#8217;azione per l&#8217;educazione digitale (2021-2027): <a href=\"https:\/\/education.ec.europa.eu\/focus-topics\/digital-education\/action-plan\">https:\/\/education.ec.europa.eu\/focus-topics\/digital-education\/action-plan<\/a><\/span><\/p>\n<p><span style=\"font-family: tahoma, arial, helvetica, sans-serif; font-size: 18pt;\">Piano d&#8217;azione per l&#8217;educazione digitale (2021-2027): <a href=\"https:\/\/education.ec.europa.eu\/focus-topics\/digital-education\/action-plan\">https:\/\/education.ec.europa.eu\/focus-topics\/digital-education\/action-plan<\/a><\/span><\/p>\n<p><span style=\"font-family: tahoma, arial, helvetica, sans-serif; font-size: 18pt;\">-UNESCO, Integrazione della tecnologia nel sistema educativo cipriota: <a href=\"https:\/\/education-profiles.org\/europe-and-northern-america\/cyprus\/~technology\">https:\/\/education-profiles.org\/europe-and-northern-america\/cyprus\/~technology.<\/a><\/span><\/p>\n<p><span style=\"font-family: tahoma, arial, helvetica, sans-serif; font-size: 18pt;\">Rapporto Global Entrepreneurship Monitor (GEM) -2021\/2022: <a href=\"https:\/\/www.gemconsortium.org\/file\/open?fileId=50691\">-https:\/\/www.gemconsortium.org\/file\/open?fileId=50691<\/a><\/span><\/p>\n<p><span style=\"font-family: tahoma, arial, helvetica, sans-serif; font-size: 18pt;\">-Articolo su <em>&#8220;L&#8217;educazione e la cultura imprenditoriale di Cipro hanno bisogno di essere <\/em>sviluppate<a href=\"https:\/\/cyprus-mail.com\/2023\/04\/07\/cyprus-entrepreneurial-education-and-culture-in-need-of-development\/\">&#8220;: https:\/\/cyprus-mail.com\/2023\/04\/07\/cyprus-entrepreneurial-education-and-culture-in-need-of-development\/<\/a><\/span><\/p>\n<p><span style=\"font-family: tahoma, arial, helvetica, sans-serif; font-size: 18pt;\">-2024\/2025 Rapporto Global Entrepreneurship Monitor (GEM): <a href=\"https:\/\/www.gemconsortium.org\/file\/open?fileId=51621\">https:\/\/www.gemconsortium.org\/file\/open?fileId=51621<\/a><\/span><\/p>\n<p><span style=\"font-family: tahoma, arial, helvetica, sans-serif; font-size: 18pt;\">-Junior Achievement (JA) Cipro: <a href=\"https:\/\/jacyprus.org\/en\/\">https:\/\/jacyprus.org\/en\/<\/a><\/span><\/p>\n<p><span style=\"font-family: tahoma, arial, helvetica, sans-serif; font-size: 18pt;\">-JA, programma &#8220;La nostra comunit\u00e0&#8221;: <a href=\"https:\/\/jacyprus.org\/en\/our-community\/\">https:\/\/jacyprus.org\/en\/our-community\/<\/a><\/span><\/p>\n<p><span style=\"font-family: tahoma, arial, helvetica, sans-serif; font-size: 18pt;\">-JA, programma &#8220;Azienda&#8221;: <a href=\"https:\/\/jacyprus.org\/en\/company-programme\/\">https:\/\/jacyprus.org\/en\/company-programme\/<\/a><\/span><\/p>\n<p><span style=\"font-family: tahoma, arial, helvetica, sans-serif; font-size: 18pt;\">-Strategia di apprendimento permanente di Cipro 2021-2027: <a href=\"https:\/\/www.moec.gov.cy\/eiao\/en\/life_long_learning_strategy.html\">https:\/\/www.moec.gov.cy\/eiao\/en\/life_long_learning_strategy.html<\/a><\/span><\/p>\n<p><span style=\"font-family: tahoma, arial, helvetica, sans-serif; font-size: 18pt;\"><strong>Fonti di informazione nazionali per l&#8217;avvio di un&#8217;impresa:<\/strong><\/span><\/p>\n<p><span style=\"font-family: tahoma, arial, helvetica, sans-serif; font-size: 18pt;\">-Portale Business in Cyprus: <a href=\"https:\/\/www.businessincyprus.gov.cy\/\">https:\/\/www.businessincyprus.gov.cy\/<\/a><\/span><\/p>\n<p><span style=\"font-family: tahoma, arial, helvetica, sans-serif; font-size: 18pt;\">-Dipartimento del Registro delle Imprese e del Ricevitore Ufficiale: <a href=\"https:\/\/www.companies.gov.cy\/en\/\">https:\/\/www.companies.gov.cy\/en\/<\/a><\/span><\/p>\n<p><span style=\"font-family: tahoma, arial, helvetica, sans-serif; font-size: 18pt;\">-Portale governativo: <a href=\"https:\/\/www.gov.cy\/en\/\">https:\/\/www.gov.cy\/en\/<\/a><\/span><\/p>\n<p><span style=\"font-family: tahoma, arial, helvetica, sans-serif; font-size: 18pt;\"><strong>Le politiche per l&#8217;imprenditoria sociale a Cipro:<\/strong><\/span><\/p>\n<p><span style=\"font-family: tahoma, arial, helvetica, sans-serif; font-size: 18pt;\">Articolo su <em>&#8220;Imprese sociali &#8211; La legge, la sua applicazione e la registrazione come impresa sociale secondo la <\/em>legge<em> cipriota<\/em><a href=\"https:\/\/mouktaroudes.com\/social-enterprises-the-law-its-application-and-registering-as-a-social-enterprise-under-cyprus-law\/\">&#8220;: https:\/\/mouktaroudes.com\/social-enterprises-the-law-its-application-and-registering-as-a-social-enterprise-under-cyprus-law\/<\/a><\/span><\/p>\n<p><span style=\"font-family: tahoma, arial, helvetica, sans-serif; font-size: 18pt;\">Progetto Socially Agile, Rapporto nazionale su <em>&#8220;Giovani e imprenditorialit\u00e0 sociale a <\/em>Cipro<a href=\"https:\/\/sociallyagile.eu\/wp-content\/uploads\/2023\/12\/Cyprus-Report-.pdf\">&#8220;: https:<\/a>\/\/sociallyagile.eu\/wp-content\/uploads\/2023\/12\/Cyprus-Report-.pdf?<\/span><\/p>\n<p><span style=\"font-family: tahoma, arial, helvetica, sans-serif; font-size: 18pt;\">-Servizio Societ\u00e0 Cooperative (SCS): <a href=\"http:\/\/www.cssda.gov.cy\/\">http:\/\/www.cssda.gov.cy\/<\/a><\/span><\/p>\n<p><span style=\"font-family: tahoma, arial, helvetica, sans-serif; font-size: 18pt;\"><strong>Agenzie governative<\/strong>:<\/span><\/p>\n<p><span style=\"font-family: tahoma, arial, helvetica, sans-serif; font-size: 18pt;\">-Ministero dell&#8217;Energia, del Commercio e dell&#8217;Industria: <a href=\"https:\/\/www.gov.cy\/meci\/en\/\">https:\/\/www.gov.cy\/meci\/en\/<\/a><\/span><\/p>\n<p><span style=\"font-family: tahoma, arial, helvetica, sans-serif; font-size: 18pt;\">-Camera di Commercio e Industria di Cipro (CCCI): <a href=\"https:\/\/ccci.org.cy\/\">https:\/\/ccci.org.cy\/<\/a><\/span><\/p>\n<p><span style=\"font-family: tahoma, arial, helvetica, sans-serif; font-size: 18pt;\">-Autorit\u00e0 per lo sviluppo delle risorse umane di Cipro (HRDA): <a href=\"https:\/\/www.anad.org.cy\/wps\/portal\/hrda\/hrdaExternal\/!ut\/p\/z1\/04_Sj9CPykssy0xPLMnMz0vMAfIjo8ziPTw8HD0s_Q383F3DjAwCLVydTV2CLY39XUz0w_Wj9KOASgxwAEcD_YLsbEUAbztbrg!!\/dz\/d5\/L2dBISEvZ0FBIS9nQSEh\/\">https:\/\/www.anad.org.cy\/wps\/portal\/hrda\/hrdaExternal\/!ut\/p\/z1\/04_Sj9CPykssy0xPLMnMz0vMAfIjo8ziPTw8HD0s_Q383F3DjAwCLVydTV2CLY39XUz0w_Wj9KOASgxwAEcD_YLsbEUAbztbrg!!\/dz\/d5\/L2dBISEvZ0FBIS9nQSEh\/<\/a><\/span><\/p>\n<p><span style=\"font-family: tahoma, arial, helvetica, sans-serif; font-size: 18pt;\"><strong>Enti di incubazione e supporto<\/strong>:<\/span><\/p>\n<p><span style=\"font-family: tahoma, arial, helvetica, sans-serif; font-size: 18pt;\">Centro di innovazione IDEA: <a href=\"https:\/\/ideacy.net\/en-gb\/Idea\/\">https:\/\/ideacy.net\/en-gb\/Idea\/<\/a><\/span><\/p>\n<p><span style=\"font-family: tahoma, arial, helvetica, sans-serif; font-size: 18pt;\">-Concorso per l&#8217;imprenditorialit\u00e0 di Cipro (CyEC): <a href=\"https:\/\/cyec.org.cy\/\">https:\/\/cyec.org.cy\/<\/a><\/span><\/p>\n<p><span style=\"font-family: tahoma, arial, helvetica, sans-serif; font-size: 18pt;\"><strong>ONG e imprese sociali<\/strong>:<\/span><\/p>\n<p><span style=\"font-family: tahoma, arial, helvetica, sans-serif; font-size: 18pt;\">-Sportello Europa Creativa Cipro: <a href=\"https:\/\/www.fundingprogrammesportal.gov.cy\/en\/programs\/creative-europe-crea\/\">https:\/\/www.fundingprogrammesportal.gov.cy\/en\/programs\/creative-europe-crea\/<\/a><\/span><\/p>\n<p><span style=\"font-family: tahoma, arial, helvetica, sans-serif; font-size: 18pt;\">-Consiglio dei Giovani di Cipro: <a href=\"https:\/\/onek.org.cy\/en\/\">https:\/\/onek.org.cy\/en\/<\/a><\/span><\/p>\n<p><span style=\"font-family: tahoma, arial, helvetica, sans-serif; font-size: 18pt;\"><strong>Schemi di finanziamento dell&#8217;imprenditorialit\u00e0<\/strong><\/span><\/p>\n<p><span style=\"font-family: tahoma, arial, helvetica, sans-serif; font-size: 18pt;\">Programma Thalia (2021-2027): <a href=\"https:\/\/thalia.com.cy\/en\/home-en\/\">https:\/\/thalia.com.cy\/en\/home-en\/<\/a><\/span><\/p>\n<p><span style=\"font-family: tahoma, arial, helvetica, sans-serif; font-size: 18pt;\">Fondo azionario Cipro: <a href=\"https:\/\/www.eif.org\/what_we_do\/resources\/cyprus-equity-fund\/index.htm\">https:\/\/www.eif.org\/what_we_do\/resources\/cyprus-equity-fund\/index.htm<\/a><\/span><\/p>\n<p><span style=\"font-family: tahoma, arial, helvetica, sans-serif; font-size: 18pt;\">Programma Europa Creativa: <a href=\"https:\/\/culture.ec.europa.eu\/creative-europe\/about-the-creative-europe-programme\">https:\/\/culture.ec.europa.eu\/creative-europe\/about-the-creative-europe-programme<\/a><\/span><\/p>\n<p><span style=\"font-family: tahoma, arial, helvetica, sans-serif; font-size: 18pt;\">-Fondo per l&#8217;imprenditorialit\u00e0 di Cipro (CIF): <a href=\"https:\/\/www.eif.org\/what_we_do\/resources\/cypef\/index.htm\">https:\/\/www.eif.org\/what_we_do\/resources\/cypef\/index.htm<\/a><\/span><\/p>\n<p><span style=\"font-family: tahoma, arial, helvetica, sans-serif; font-size: 18pt;\">Orizzonte Europa: <a href=\"https:\/\/research-and-innovation.ec.europa.eu\/funding\/funding-opportunities\/funding-programmes-and-open-calls\/horizon-europe_en\">https:\/\/research-and-innovation.ec.europa.eu\/funding\/funding-opportunities\/funding-programmes-and-open-calls\/horizon-europe_en<\/a><\/span><\/p>\n<p><span style=\"font-family: tahoma, arial, helvetica, sans-serif; font-size: 18pt;\">-Erasmus per giovani imprenditori: <a href=\"https:\/\/www.erasmus-entrepreneurs.eu\/\">https:\/\/www.erasmus-entrepreneurs.eu\/<\/a><\/span><\/p>\n<p><span style=\"font-family: tahoma, arial, helvetica, sans-serif; font-size: 18pt;\">Fondo sociale europeo (FSE): <a href=\"https:\/\/european-social-fund-plus.ec.europa.eu\/en\">https:\/\/european-social-fund-plus.ec.europa.eu\/en<\/a><\/span><\/p>\n<p><span style=\"font-family: tahoma, arial, helvetica, sans-serif; font-size: 18pt;\">-Programma StartUpJA: <a href=\"https:\/\/jacyprus.org\/en\/startup\/\">https:\/\/jacyprus.org\/en\/startup\/<\/a><\/span><\/p>\n<p><span style=\"font-family: tahoma, arial, helvetica, sans-serif; font-size: 18pt;\">Premi Stelios per giovani imprenditori: <a href=\"https:\/\/steliosfoundation.com.cy\/stelios-awards-for-young-entrepreneurs-in-cyprus\/\">https:<\/a>\/\/steliosfoundation.com.cy\/stelios-awards-for-young-entrepreneurs-in-cyprus\/<\/span><\/p>\n<p><span style=\"font-family: tahoma, arial, helvetica, sans-serif; font-size: 18pt;\"><strong>Programmi di mentorship e formazione<\/strong><\/span><\/p>\n<p><span style=\"font-family: tahoma, arial, helvetica, sans-serif; font-size: 18pt;\">-Camera di Commercio e Industria di Cipro (CCCI): <a href=\"http:\/\/www.ccci.org.cy\/\">http:\/\/www.ccci.org.cy\/<\/a><\/span><\/p>\n<p><span style=\"font-family: tahoma, arial, helvetica, sans-serif; font-size: 18pt;\">-Consiglio dei giovani di Cipro (ONEK): <a href=\"http:\/\/www.onek.org.cy\/\">http:\/\/www.onek.org.cy\/<\/a><\/span><\/p>\n<p><span style=\"font-family: tahoma, arial, helvetica, sans-serif; font-size: 18pt;\">-Centro di innovazione IDEA: <a href=\"http:\/\/www.ideacy.net\/\">http:\/\/www.ideacy.net\/<\/a><\/span><\/p>\n<p><span style=\"font-family: tahoma, arial, helvetica, sans-serif; font-size: 18pt;\">-Junior Achievement Cyprus (JA Cyprus): <a href=\"http:\/\/www.jacyprus.org\/\">http:\/\/www.jacyprus.org\/<\/a><\/span><\/p>\n<p><span style=\"font-family: tahoma, arial, helvetica, sans-serif; font-size: 18pt;\">-Universit\u00e0 di Tecnologia di Cipro (CUT): <a href=\"http:\/\/www.cut.ac.cy\/\">http:\/\/www.cut.ac.cy\/<\/a><\/span><\/p>\n<p><span style=\"font-family: tahoma, arial, helvetica, sans-serif; font-size: 18pt;\">-Istituto Europeo di Innovazione e Tecnologia (EIT): <a href=\"http:\/\/www.eit.europa.eu\/\">http:\/\/www.eit.europa.eu\/<\/a><\/span><\/p>\n<p><span style=\"font-family: tahoma, arial, helvetica, sans-serif; font-size: 18pt;\">-Centro di produttivit\u00e0 di Cipro (KEPA): <a href=\"http:\/\/www.kepa.gov.cy\/\">http:\/\/www.kepa.gov.cy\/<\/a><\/span><\/p>\n<p><span style=\"font-family: tahoma, arial, helvetica, sans-serif; font-size: 18pt;\">-Piattaforma EYE: <a href=\"https:\/\/www.erasmus-entrepreneurs.eu\/\">https:\/\/www.erasmus-entrepreneurs.eu\/<\/a><\/span><\/p>\n<p><span style=\"font-family: tahoma, arial, helvetica, sans-serif; font-size: 18pt;\">-Centro per l&#8217;innovazione sociale (CSI): <a href=\"https:\/\/csicy.com\/\">https:\/\/csicy.com\/<\/a><\/span><\/p>\n<p><span style=\"font-family: tahoma, arial, helvetica, sans-serif; font-size: 18pt;\"><strong>GRECIA<\/strong><\/span><\/p>\n<p><span style=\"font-family: tahoma, arial, helvetica, sans-serif; font-size: 18pt;\">-Educare i giovani alla disoccupazione futura in Grecia: <a href=\"https:\/\/bristoluniversitypressdigital.com\/monochap\/book\/9781529200119\/ch005.xml\">https:\/\/bristoluniversitypressdigital.com\/monochap\/book\/9781529200119\/ch005.xml<\/a><\/span><\/p>\n<p><span style=\"font-family: tahoma, arial, helvetica, sans-serif; font-size: 18pt;\">-Giornale internazionale di studi sull&#8217;amministrazione e le politiche educative: <a href=\"https:\/\/files.eric.ed.gov\/fulltext\/EJ1384447.pdf\">https:\/\/files.eric.ed.gov\/fulltext\/EJ1384447.pdf<\/a><\/span><\/p>\n<p><span style=\"font-family: tahoma, arial, helvetica, sans-serif; font-size: 18pt;\">-DYPA &#8211; <u>Servizio<\/u> pubblico per l&#8217;impiego greco: <a href=\"https:\/\/www.dypa.gov.gr\/active-employment-policies\">https:\/\/www.dypa.gov.gr\/active-employment-policies<\/a><\/span><\/p>\n<p><span style=\"font-family: tahoma, arial, helvetica, sans-serif; font-size: 18pt;\">Camera di commercio e industria di Atene: <a href=\"https:\/\/acci.gr\/en\/mission-and-goals\/\">https:\/\/acci.gr\/en\/mission-and-goals\/<\/a><\/span><\/p>\n<p><span style=\"font-family: tahoma, arial, helvetica, sans-serif; font-size: 18pt;\">Confederazione Ellenica dei Professionisti, Artigiani e Commercianti (GSEVEE)<a href=\"https:\/\/www.gsevee.gr\/en-us\/about\">:https:\/\/www.gsevee.gr\/en-us\/about<\/a><\/span><\/p>\n<p><span style=\"font-family: tahoma, arial, helvetica, sans-serif; font-size: 18pt;\">-L&#8217;uovo &#8211; Entrare-Crescere-Viaggiare: <a href=\"https:\/\/www.theegg.gr\/en\/\">https:\/\/www.theegg.gr\/en\/<\/a><\/span><\/p>\n<p><span style=\"font-family: tahoma, arial, helvetica, sans-serif; font-size: 18pt;\">-DIAPLOUS Cooperative sociali: <a href=\"https:\/\/diaplous.eu\/en\/social-cooperatives-koispe\/\">https:\/\/diaplous.eu\/en\/social-cooperatives-koispe\/<\/a><\/span><\/p>\n<p><span style=\"font-family: tahoma, arial, helvetica, sans-serif; font-size: 18pt;\">-La Fiducia del Popolo: <a href=\"https:\/\/www.thepeoplestrust.org\/\">https:\/\/www.thepeoplestrust.org\/<\/a><\/span><\/p>\n<p><span style=\"font-family: tahoma, arial, helvetica, sans-serif; font-size: 18pt;\"><strong>POLONIA<\/strong><\/span><\/p>\n<p><span style=\"font-family: tahoma, arial, helvetica, sans-serif; font-size: 18pt;\">-Ministero dell&#8217;Istruzione e della Scienza &#8211; Core curriculum per le scuole: <a href=\"https:\/\/www.gov.pl\/web\/edukacja\/podstawy-programowe\">https:\/\/www.gov.pl\/web\/edukacja\/podstawy-programowe<\/a><\/span><\/p>\n<p><span style=\"font-family: tahoma, arial, helvetica, sans-serif; font-size: 18pt;\">-Agenzia polacca per lo sviluppo delle imprese (PARP): <a href=\"https:\/\/www.parp.gov.pl\/\">https:\/\/www.parp.gov.pl\/<\/a><\/span><\/p>\n<p><span style=\"font-family: tahoma, arial, helvetica, sans-serif; font-size: 18pt;\">-Piattaforma educativa NAVOICA &#8211; Corso sull&#8217;innovazione e l&#8217;imprenditorialit\u00e0: <a href=\"https:\/\/navoica.pl\/\">https:\/\/navoica.pl\/<\/a><\/span><\/p>\n<p><span style=\"font-family: tahoma, arial, helvetica, sans-serif; font-size: 18pt;\">-Erasmus per giovani imprenditori: <a href=\"https:\/\/www.erasmus-entrepreneurs.eu\/\">https:\/\/www.erasmus-entrepreneurs.eu\/<\/a><\/span><\/p>\n<p><span style=\"font-family: tahoma, arial, helvetica, sans-serif; font-size: 18pt;\">-Biznes.gov.pl &#8211; portale governativo sull&#8217;avvio e la gestione di un&#8217;impresa<a href=\"https:\/\/www.biznes.gov.pl\/\">: https:\/\/www.biznes.gov.pl\/<\/a><\/span><\/p>\n<p><span style=\"font-family: tahoma, arial, helvetica, sans-serif; font-size: 18pt;\">Nota nazionale dell&#8217;OCSE sull&#8217;educazione all&#8217;imprenditorialit\u00e0 in Polonia: <a href=\"https:\/\/www.oecd.org\/education\/entrepreneurship-education-in-poland.htm\">https:\/\/www.oecd.org\/education\/entrepreneurship-education-in-poland.htm<\/a><\/span><\/p>\n<p><span style=\"font-family: tahoma, arial, helvetica, sans-serif; font-size: 18pt;\">-Giovani d&#8217;affari Polonia: <a href=\"https:\/\/youthbusiness.org\/members\/youth-business-poland\/\">https:\/\/youthbusiness.org\/members\/youth-business-poland\/<\/a><\/span><\/p>\n<p><span style=\"font-family: tahoma, arial, helvetica, sans-serif; font-size: 18pt;\">-Camera di Commercio Nazionale (KIG): <a href=\"https:\/\/kig.pl\/\">https:\/\/kig.pl\/<\/a><\/span><\/p>\n<p><span style=\"font-family: tahoma, arial, helvetica, sans-serif; font-size: 18pt;\">-Parco Scientifico e Tecnologico di Pozna\u0144 (PPNT): <a href=\"https:\/\/ppnt.poznan.pl\/\">https:\/\/ppnt.poznan.pl\/<\/a><\/span><\/p>\n<p><span style=\"font-family: tahoma, arial, helvetica, sans-serif; font-size: 18pt;\">-Fondazione We See Differently &#8211; Accademia ATnis: <a href=\"https:\/\/www.facebook.com\/WidzimyInaczej\/\">https:\/\/www.facebook.com\/WidzimyInaczej\/<\/a><\/span><\/p>\n<p><span style=\"font-family: tahoma, arial, helvetica, sans-serif; font-size: 18pt;\">-PFR Ventures \/ Fondo di sviluppo polacco: <a href=\"https:\/\/pfrventures.pl\/\">https:\/\/pfrventures.pl\/<\/a><\/span><\/p>\n<p><span style=\"font-family: tahoma, arial, helvetica, sans-serif; font-size: 18pt;\">Programmi di attivazione giovanile: <a href=\"https:\/\/www.gov.pl\/web\/rodzina\/aktywizacja-osob-niepelnosprawnych\">https:\/\/www.gov.pl\/web\/rodzina\/aktywizacja-osob-niepelnosprawnych<\/a><\/span><\/p>\n<p><span style=\"font-family: tahoma, arial, helvetica, sans-serif; font-size: 18pt;\">-Centri di sostegno all&#8217;economia sociale (OWES): <a href=\"https:\/\/ekonomiaspoleczna.gov.pl\/\">https:\/\/ekonomiaspoleczna.gov.pl\/<\/a><\/span><\/p>\n<p>&nbsp;<\/p>\n<p><span style=\"font-family: tahoma, arial, helvetica, sans-serif; font-size: 18pt;\"><strong>\u00a0<\/strong><\/span><\/p>\n<p><span style=\"font-family: tahoma, arial, helvetica, sans-serif; font-size: 18pt;\"><strong>CAPITOLO 3: <\/strong>Strumenti e consigli per diventare imprenditore\u00a0\u00a0\u00a0\u00a0\u00a0\u00a0\u00a0<\/span><\/p>\n<p><span style=\"font-family: tahoma, arial, helvetica, sans-serif; font-size: 18pt;\"><strong>Guida all&#8217;uso etico dell&#8217;IA generativa nella pratica professionale e aziendale <\/strong><\/span><\/p>\n<p><span style=\"font-family: tahoma, arial, helvetica, sans-serif; font-size: 18pt;\">-Zwi\u0105zek Firm Public Relations (ZFPR) &#8211; <em>Principi di Varsavia: Zasady etycznego wykorzystania AI w PR <\/em>\u0179r\u00f3d\u0142o: Dokument &#8220;dane na temat etyki w korzystaniu z AI.docx&#8221; (na podstawie publikacji ZFPR i ICCO, 2024).<\/span><br \/>\n<span style=\"font-family: tahoma, arial, helvetica, sans-serif; font-size: 18pt;\">-ICCO (International Communications Consultancy Organisation) &#8211; <em>I principi di Varsavia per l&#8217;uso etico dell&#8217;IA nelle relazioni pubbliche<\/em>, 2023.<\/span><br \/>\n<span style=\"font-family: tahoma, arial, helvetica, sans-serif; font-size: 18pt;\">Commissione europea (Komisja Europejska) &#8211; <em>Linee guida etiche per un&#8217;intelligenza artificiale affidabile<\/em>, 2019, <a href=\"https:\/\/digital-strategy.ec.europa.eu\">https:\/\/digital-strategy.ec.europa.eu.<br \/>\n<\/a>-Future of Life Institute &#8211; <em>Asilomar AI Principles, <\/em><a href=\"https:\/\/futureoflife.org\/ai-principles\">https:\/\/futureoflife.org\/ai-principles <\/a>Coursera \/ Uczelnia \u0141azarskiego &#8211; Kursy nt. etyki AI i wykorzystania AI w biznesie<\/span><\/p>\n<p><span style=\"font-family: tahoma, arial, helvetica, sans-serif; font-size: 18pt;\">-Reuters (2018) &#8211; <em>Amazon elimina lo strumento segreto di reclutamento AI che mostrava pregiudizi nei confronti delle donne<br \/>\n<\/em>\u00a0Dost\u0119p: https:\/\/www.reuters.com<\/span><\/p>\n<p><span style=\"font-family: tahoma, arial, helvetica, sans-serif; font-size: 18pt;\">-ALK &#8211; Akademia Leona Ko\u017ami\u0144skiego (2023) &#8211; <em>Le donne invisibili: scoprire i pregiudizi di genere nelle immagini di professionisti generate dall&#8217;IA<\/em>.<\/span><br \/>\n<span style=\"font-family: tahoma, arial, helvetica, sans-serif; font-size: 18pt;\">-Come usare l&#8217;IA in modo etico nel marketing <a href=\"http:\/\/www.widoczni.com\"><em>www.widoczni.com<\/em><\/a><em>\u00a0 <\/em><\/span><\/p>\n<p><span style=\"font-family: tahoma, arial, helvetica, sans-serif; font-size: 18pt;\">IA <em>etica <\/em>nella comunicazione e nel servizio clienti: <a href=\"http:\/\/www.engage-ai.co\"><em>www.engage-ai.co<\/em><\/a><\/span><\/p>\n<p><span style=\"font-family: tahoma, arial, helvetica, sans-serif; font-size: 18pt;\"><strong>Modelli di analisi SWOT (punti di forza, debolezza, opportunit\u00e0 e minacce) <\/strong><\/span><\/p>\n<p><span style=\"font-family: tahoma, arial, helvetica, sans-serif; font-size: 18pt;\">-Asana: Analisi SWOT: <a href=\"https:\/\/asana.com\/resources\/swot-analysis\">https:\/\/asana.com\/resources\/swot-analysis<\/a><\/span><\/p>\n<p><span style=\"font-family: tahoma, arial, helvetica, sans-serif; font-size: 18pt;\">-Giornale Egeo di Scienze Ambientali (Hovardas, 2015): <a href=\"https:\/\/www.env.aegean.gr\/wp-content\/uploads\/2015\/06\/Hovardas_AEJES_2015.pdf\">https:\/\/www.env.aegean.gr\/wp-content\/uploads\/2015\/06\/Hovardas_AEJES_2015.pdf<\/a><\/span><\/p>\n<p><span style=\"font-family: tahoma, arial, helvetica, sans-serif; font-size: 18pt;\">-Wiki della Commissione europea: Analisi SWOT: <a href=\"https:\/\/wikis.ec.europa.eu\/spaces\/ExactExternalWiki\/pages\/50109063\/SWOT+Analysis\">https:\/\/wikis.ec.europa.eu\/spaces\/ExactExternalWiki\/pages\/50109063\/SWOT+Analisi<\/a><\/span><\/p>\n<p><span style=\"font-family: tahoma, arial, helvetica, sans-serif; font-size: 18pt;\">-Investopedia: Analisi SWOT: <a href=\"https:\/\/www.investopedia.com\/terms\/s\/swot.asp\">https:\/\/www.investopedia.com\/terms\/s\/swot.asp<\/a><\/span><\/p>\n","protected":false},"template":"","meta":{"_exactmetrics_skip_tracking":false,"_exactmetrics_sitenote_active":false,"_exactmetrics_sitenote_note":"","_exactmetrics_sitenote_category":0,"_monsterinsights_skip_tracking":false,"_monsterinsights_sitenote_active":false,"_monsterinsights_sitenote_note":"","_monsterinsights_sitenote_category":0,"site-sidebar-layout":"default","site-content-layout":"","ast-site-content-layout":"default","site-content-style":"default","site-sidebar-style":"default","ast-global-header-display":"","ast-banner-title-visibility":"","ast-main-header-display":"","ast-hfb-above-header-display":"","ast-hfb-below-header-display":"","ast-hfb-mobile-header-display":"","site-post-title":"","ast-breadcrumbs-content":"","ast-featured-img":"","footer-sml-layout":"","theme-transparent-header-meta":"default","adv-header-id-meta":"","stick-header-meta":"","header-above-stick-meta":"","header-main-stick-meta":"","header-below-stick-meta":"","astra-migrate-meta-layouts":"set","ast-page-background-enabled":"default","ast-page-background-meta":{"desktop":{"background-color":"var(--ast-global-color-4)","background-image":"","background-repeat":"repeat","background-position":"center center","background-size":"auto","background-attachment":"scroll","background-type":"","background-media":"","overlay-type":"","overlay-color":"","overlay-opacity":"","overlay-gradient":""},"tablet":{"background-color":"","background-image":"","background-repeat":"repeat","background-position":"center center","background-size":"auto","background-attachment":"scroll","background-type":"","background-media":"","overlay-type":"","overlay-color":"","overlay-opacity":"","overlay-gradient":""},"mobile":{"background-color":"","background-image":"","background-repeat":"repeat","background-position":"center center","background-size":"auto","background-attachment":"scroll","background-type":"","background-media":"","overlay-type":"","overlay-color":"","overlay-opacity":"","overlay-gradient":""}},"ast-content-background-meta":{"desktop":{"background-color":"var(--ast-global-color-5)","background-image":"","background-repeat":"repeat","background-position":"center center","background-size":"auto","background-attachment":"scroll","background-type":"","background-media":"","overlay-type":"","overlay-color":"","overlay-opacity":"","overlay-gradient":""},"tablet":{"background-color":"var(--ast-global-color-5)","background-image":"","background-repeat":"repeat","background-position":"center center","background-size":"auto","background-attachment":"scroll","background-type":"","background-media":"","overlay-type":"","overlay-color":"","overlay-opacity":"","overlay-gradient":""},"mobile":{"background-color":"var(--ast-global-color-5)","background-image":"","background-repeat":"repeat","background-position":"center center","background-size":"auto","background-attachment":"scroll","background-type":"","background-media":"","overlay-type":"","overlay-color":"","overlay-opacity":"","overlay-gradient":""}}},"class_list":["post-3291","mathima","type-mathima","status-publish","hentry","course-wp4-4_it"],"yoast_head":"<!-- This site is optimized with the Yoast SEO plugin v25.5 - https:\/\/yoast.com\/wordpress\/plugins\/seo\/ -->\n<title>Risorse e riferimenti - C.A.R.E.<\/title>\n<meta name=\"robots\" content=\"index, follow, max-snippet:-1, max-image-preview:large, max-video-preview:-1\" \/>\n<link rel=\"canonical\" href=\"https:\/\/www.care-platform.eu\/index.php\/lesson\/risorse-e-riferimenti\/\" \/>\n<meta property=\"og:locale\" content=\"en_US\" \/>\n<meta property=\"og:type\" content=\"article\" \/>\n<meta property=\"og:title\" content=\"Risorse e riferimenti - C.A.R.E.\" \/>\n<meta property=\"og:description\" content=\"CAPITOLO 1: Definizione e importanza dell&#8217;imprenditorialit\u00e0 -Ortiz Garc\u00eda P e Olaz Capit\u00e1n \u00c1J (2021) Entrepreneurship for People With Disabilities: Dalle competenze al valore sociale. Fronte. Psychol. 12:699833. doi: 10.3389\/fpsyg.2021.699833 -OCSE (2014), Policy Brief on Entrepreneurship for People with Disabilities (Documento programmatico sull&#8217;imprenditorialit\u00e0 per le persone con disabilit\u00e0). Aree di competenza e progressi nell&#8217;apprendimento: https:\/\/joint-research-centre.ec.europa.eu\/entrecomp-entrepreneurship-competence-framework\/competence-areas-and-learning-progress_en -Quadro europeo delle competenze imprenditoriali: https:\/\/www.youtube.com\/watch?v=UwZPcJky0Ko -Harvard Business School Online, &#8220;10 caratteristiche degli imprenditori di successo&#8220;: https:\/\/online.hbs.edu\/blog\/post\/characteristics-of-successful-entrepreneurs -Strada verso l&#8217;autosufficienza: Una guida all&#8217;imprenditorialit\u00e0 per giovani con disabilit\u00e0&#8220;: https:\/\/dpi.wi.gov\/sites\/default\/files\/imce\/mmee\/pdf\/entrepreneurship_guide.pdf &nbsp; CAPITOLO 2: Stato dell&#8217;arte dell&#8217;imprenditoria giovanile in ogni paese (compresi i giovani imprenditori disabili) ITALIA -Il Laboratorio Imprenditoriale per la formazione degli insegnanti all&#8217;imprenditorialit\u00e0: https:\/\/www.ufficiostampa.provincia.tn.it\/content\/download\/35253\/607732\/file\/Ricercazione_2015_vol7_n_2.pdf#page=111 Formazione all&#8217;imprenditorialit\u00e0: https:\/\/consorzioquinn.it\/wp-content\/uploads\/2025\/01\/Levoluzione-dellalta-formazione_full_31012025.pdf#page=91 Giovani imprenditori in Italia e nell&#8217;UE Contesto: https:\/\/www.cna.it\/wp-content\/uploads\/2022\/09\/10_APPROFONDIMENTO_GIOVANI-IMPRENDITORI.pdf Il Syllabus per l&#8217;educazione all&#8217;imprenditorialit\u00e0 nelle scuole secondarie: https:\/\/www.mim.gov.it\/-\/pubblicato-il-sillabo-per-l-educazione-all-imprenditorialita-nella-scuola-secondaria-. -I migliori incentivi per i giovani imprenditori in Italia: Prestiti e contributi 2024: https:\/\/www.contributieuropa.com\/le-migliori-agevolazioni-per-giovani-imprenditori-italia-2024\/ Avviare un&#8217;attivit\u00e0 in proprio: il progetto imprenditoriale: https:\/\/www.to.camcom.it\/guida-mettersi-proprio-il-progetto-imprenditoriale I tre tipi di imprenditore secondo il Codice Civile: https:\/\/www.to.camcom.it\/13-i-tre-tipi-di-imprenditore-il-codice-civile -Fondi e incentivi :https:\/\/disabilita.governo.it\/it\/attivita-svolte-e-in-programma\/fondi-e-incentivi\/ Finanziamenti per le persone con disabilit\u00e0: https:\/\/www.sunrisemedical.it\/blog\/finanziamenti-per-disabili -Fondo per il credito ai giovani : https:\/\/www.politichegiovanili.gov.it\/politiche-giovanili\/accordi-e-compartecipazioni\/fondo-per-il-credito-ai-giovani\/ Diventare imprenditore in Italia: i numeri, le sfide e i programmi che ispirano i giovani:https:\/\/www.economyup.it\/innovazione\/diventare-imprenditori-in-italia-i-numeri-le-difficolta-e-8-programmi-che-ispirano-i-giovani\/ -Erasmus per giovani imprenditori: https:\/\/www.erasmus-entrepreneurs.eu\/ IRLANDA -Percorso di accesso all&#8217;istruzione per disabili: https:\/\/www.accesscollege.ie Il Programma Imprenditorialit\u00e0 per persone con disabilit\u00e0: https:\/\/www.tudublin.ie\/explore\/news\/aib-and-tu-dublin-entrepreneurship-for-people-with-disabilities-programme-2024-.html Ufficiale di collegamento con la clinica oculistica (ECLO): https:\/\/vi.ie\/eye-clinic-liaison-officer-eclo\/ -Visione Irlanda: https:\/\/vi.ie\/ -Universit\u00e0 Tecnologica di Dublino: https:\/\/www.tudublin.ie\/ -Programma per giovani imprenditori: https:\/\/www.juniorentrepreneur.ie -L&#8217;impresa studentesca: https:\/\/www.studententerprise.ie -Iniziativa Porte Aperte: https:\/\/www.opendoorsinitiative.ie\/ -Informazioni per i cittadini irlandesi: https:\/\/www.citizensinformation.ie -Lavoro e accesso: https:\/\/www.gov.ie\/en\/department-of-social-protection\/services\/work-and-access\/ -Visione Irlanda: https:\/\/www.vi.ie -Gli Uffici Locali delle Imprese (LEO): https:\/\/www.localenterprise.ie\/ -IDA Irlanda: https:\/\/www.idaireland.com\/ -Irlanda: https:\/\/www.enterprise-ireland.com\/en\/ -Il Centro Imprese Guinness: https:\/\/www.gec.ie\/ -Laboratori Dogpatch: https:\/\/dogpatchlabs.com\/ -Le Camere di Commercio: https:\/\/chambers.ie\/ -StartUp Ireland: https:\/\/startups.ie\/ -Imprenditori sociali Irlanda: https:\/\/www.socialentrepreneurs.ie\/ -Business in the Community Ireland (BITCI): https:\/\/bitc.ie\/ -Progetto di attivazione per la disabilit\u00e0 (DAP): Social Entrepreneurs Ireland (SEI): https:\/\/www.oireachtas.ie\/en\/debates\/question\/2017-03-02\/129\/#:~:text=The%20objective%20of%20this%20programme,to%20obtain%20and%20sustain%20employment. -L&#8217;Ufficio delle imprese locali: https:\/\/www.localenterprise.ie\/ Programma di inclusione sociale e attivazione comunitaria (SICAP): https:\/\/www.gov.ie\/en\/department-of-rural-and-community-development\/policy-information\/social-inclusion-and-community-activation-programme-sicap\/ -Microfinanza Irlanda (MFI): https:\/\/microfinanceireland.ie\/ -Imprenditori sociali Irlanda: https:\/\/www.socialentrepreneurs.ie\/ &nbsp; CIPRO Educazione all&#8217;imprenditorialit\u00e0 a livello scolastico e post-scolastico: -Ministero dell&#8217;Istruzione, dello Sport e della Giovent\u00f9 di Cipro: https:\/\/www.moec.gov.cy\/en\/ Piano d&#8217;azione per l&#8217;educazione digitale (2021-2027): https:\/\/education.ec.europa.eu\/focus-topics\/digital-education\/action-plan Piano d&#8217;azione per l&#8217;educazione digitale (2021-2027): https:\/\/education.ec.europa.eu\/focus-topics\/digital-education\/action-plan -UNESCO, Integrazione della tecnologia nel sistema educativo cipriota: https:\/\/education-profiles.org\/europe-and-northern-america\/cyprus\/~technology. Rapporto Global Entrepreneurship Monitor (GEM) -2021\/2022: -https:\/\/www.gemconsortium.org\/file\/open?fileId=50691 -Articolo su &#8220;L&#8217;educazione e la cultura imprenditoriale di Cipro hanno bisogno di essere sviluppate&#8220;: https:\/\/cyprus-mail.com\/2023\/04\/07\/cyprus-entrepreneurial-education-and-culture-in-need-of-development\/ -2024\/2025 Rapporto Global Entrepreneurship Monitor (GEM): https:\/\/www.gemconsortium.org\/file\/open?fileId=51621 -Junior Achievement (JA) Cipro: https:\/\/jacyprus.org\/en\/ -JA, programma &#8220;La nostra comunit\u00e0&#8221;: https:\/\/jacyprus.org\/en\/our-community\/ -JA, programma &#8220;Azienda&#8221;: https:\/\/jacyprus.org\/en\/company-programme\/ -Strategia di apprendimento permanente di Cipro 2021-2027: https:\/\/www.moec.gov.cy\/eiao\/en\/life_long_learning_strategy.html Fonti di informazione nazionali per l&#8217;avvio di un&#8217;impresa: -Portale Business in Cyprus: https:\/\/www.businessincyprus.gov.cy\/ -Dipartimento del Registro delle Imprese e del Ricevitore Ufficiale: https:\/\/www.companies.gov.cy\/en\/ -Portale governativo: https:\/\/www.gov.cy\/en\/ Le politiche per l&#8217;imprenditoria sociale a Cipro: Articolo su &#8220;Imprese sociali &#8211; La legge, la sua applicazione e la registrazione come impresa sociale secondo la legge cipriota&#8220;: https:\/\/mouktaroudes.com\/social-enterprises-the-law-its-application-and-registering-as-a-social-enterprise-under-cyprus-law\/ Progetto Socially Agile, Rapporto nazionale su &#8220;Giovani e imprenditorialit\u00e0 sociale a Cipro&#8220;: https:\/\/sociallyagile.eu\/wp-content\/uploads\/2023\/12\/Cyprus-Report-.pdf? -Servizio Societ\u00e0 Cooperative (SCS): http:\/\/www.cssda.gov.cy\/ Agenzie governative: -Ministero dell&#8217;Energia, del Commercio e dell&#8217;Industria: https:\/\/www.gov.cy\/meci\/en\/ -Camera di Commercio e Industria di Cipro (CCCI): https:\/\/ccci.org.cy\/ -Autorit\u00e0 per lo sviluppo delle risorse umane di Cipro (HRDA): https:\/\/www.anad.org.cy\/wps\/portal\/hrda\/hrdaExternal\/!ut\/p\/z1\/04_Sj9CPykssy0xPLMnMz0vMAfIjo8ziPTw8HD0s_Q383F3DjAwCLVydTV2CLY39XUz0w_Wj9KOASgxwAEcD_YLsbEUAbztbrg!!\/dz\/d5\/L2dBISEvZ0FBIS9nQSEh\/ Enti di incubazione e supporto: Centro di innovazione IDEA: https:\/\/ideacy.net\/en-gb\/Idea\/ -Concorso per l&#8217;imprenditorialit\u00e0 di Cipro (CyEC): https:\/\/cyec.org.cy\/ ONG e imprese sociali: -Sportello Europa Creativa Cipro: https:\/\/www.fundingprogrammesportal.gov.cy\/en\/programs\/creative-europe-crea\/ -Consiglio dei Giovani di Cipro: https:\/\/onek.org.cy\/en\/ Schemi di finanziamento dell&#8217;imprenditorialit\u00e0 Programma Thalia (2021-2027): https:\/\/thalia.com.cy\/en\/home-en\/ Fondo azionario Cipro: https:\/\/www.eif.org\/what_we_do\/resources\/cyprus-equity-fund\/index.htm Programma Europa Creativa: https:\/\/culture.ec.europa.eu\/creative-europe\/about-the-creative-europe-programme -Fondo per l&#8217;imprenditorialit\u00e0 di Cipro (CIF): https:\/\/www.eif.org\/what_we_do\/resources\/cypef\/index.htm Orizzonte Europa: https:\/\/research-and-innovation.ec.europa.eu\/funding\/funding-opportunities\/funding-programmes-and-open-calls\/horizon-europe_en -Erasmus per giovani imprenditori: https:\/\/www.erasmus-entrepreneurs.eu\/ Fondo sociale europeo (FSE): https:\/\/european-social-fund-plus.ec.europa.eu\/en -Programma StartUpJA: https:\/\/jacyprus.org\/en\/startup\/ Premi Stelios per giovani imprenditori: https:\/\/steliosfoundation.com.cy\/stelios-awards-for-young-entrepreneurs-in-cyprus\/ Programmi di mentorship e formazione -Camera di Commercio e Industria di Cipro (CCCI): http:\/\/www.ccci.org.cy\/ -Consiglio dei giovani di Cipro (ONEK): http:\/\/www.onek.org.cy\/ -Centro di innovazione IDEA: http:\/\/www.ideacy.net\/ -Junior Achievement Cyprus (JA Cyprus): http:\/\/www.jacyprus.org\/ -Universit\u00e0 di Tecnologia di Cipro (CUT): http:\/\/www.cut.ac.cy\/ -Istituto Europeo di Innovazione e Tecnologia (EIT): http:\/\/www.eit.europa.eu\/ -Centro di produttivit\u00e0 di Cipro (KEPA): http:\/\/www.kepa.gov.cy\/ -Piattaforma EYE: https:\/\/www.erasmus-entrepreneurs.eu\/ -Centro per l&#8217;innovazione sociale (CSI): https:\/\/csicy.com\/ GRECIA -Educare i giovani alla disoccupazione futura in Grecia: https:\/\/bristoluniversitypressdigital.com\/monochap\/book\/9781529200119\/ch005.xml -Giornale internazionale di studi sull&#8217;amministrazione e le politiche educative: https:\/\/files.eric.ed.gov\/fulltext\/EJ1384447.pdf -DYPA &#8211; Servizio pubblico per l&#8217;impiego greco: https:\/\/www.dypa.gov.gr\/active-employment-policies Camera di commercio e industria di Atene: https:\/\/acci.gr\/en\/mission-and-goals\/ Confederazione Ellenica dei Professionisti, Artigiani e Commercianti (GSEVEE):https:\/\/www.gsevee.gr\/en-us\/about -L&#8217;uovo &#8211; Entrare-Crescere-Viaggiare: https:\/\/www.theegg.gr\/en\/ -DIAPLOUS Cooperative sociali: https:\/\/diaplous.eu\/en\/social-cooperatives-koispe\/ -La Fiducia del Popolo: https:\/\/www.thepeoplestrust.org\/ POLONIA -Ministero dell&#8217;Istruzione e della Scienza &#8211; Core curriculum per le scuole: https:\/\/www.gov.pl\/web\/edukacja\/podstawy-programowe -Agenzia polacca per lo sviluppo delle imprese (PARP): https:\/\/www.parp.gov.pl\/ -Piattaforma educativa NAVOICA &#8211; Corso sull&#8217;innovazione e l&#8217;imprenditorialit\u00e0: https:\/\/navoica.pl\/ -Erasmus per giovani imprenditori: https:\/\/www.erasmus-entrepreneurs.eu\/ -Biznes.gov.pl &#8211; portale governativo sull&#8217;avvio e la gestione di un&#8217;impresa: https:\/\/www.biznes.gov.pl\/ Nota nazionale dell&#8217;OCSE sull&#8217;educazione all&#8217;imprenditorialit\u00e0 in Polonia: https:\/\/www.oecd.org\/education\/entrepreneurship-education-in-poland.htm -Giovani d&#8217;affari Polonia: https:\/\/youthbusiness.org\/members\/youth-business-poland\/ -Camera di Commercio Nazionale (KIG): https:\/\/kig.pl\/ -Parco Scientifico e Tecnologico di Pozna\u0144 (PPNT): https:\/\/ppnt.poznan.pl\/ -Fondazione We See Differently &#8211; Accademia ATnis: https:\/\/www.facebook.com\/WidzimyInaczej\/ -PFR Ventures \/ Fondo di sviluppo polacco: https:\/\/pfrventures.pl\/ Programmi di attivazione giovanile: https:\/\/www.gov.pl\/web\/rodzina\/aktywizacja-osob-niepelnosprawnych -Centri di sostegno all&#8217;economia sociale (OWES): https:\/\/ekonomiaspoleczna.gov.pl\/ &nbsp; \u00a0 CAPITOLO 3: Strumenti e consigli per diventare imprenditore\u00a0\u00a0\u00a0\u00a0\u00a0\u00a0\u00a0 Guida all&#8217;uso etico dell&#8217;IA generativa nella pratica professionale e aziendale -Zwi\u0105zek Firm Public Relations (ZFPR) &#8211; Principi di Varsavia: Zasady etycznego wykorzystania AI w PR \u0179r\u00f3d\u0142o: Dokument &#8220;dane na temat etyki w korzystaniu z AI.docx&#8221; (na podstawie publikacji ZFPR i ICCO, 2024). -ICCO (International Communications Consultancy Organisation) &#8211; I principi di Varsavia per l&#8217;uso etico dell&#8217;IA nelle relazioni pubbliche, 2023. Commissione europea (Komisja Europejska) &#8211; Linee guida etiche per un&#8217;intelligenza artificiale affidabile, 2019, https:\/\/digital-strategy.ec.europa.eu. -Future of Life Institute &#8211; Asilomar AI Principles, https:\/\/futureoflife.org\/ai-principles Coursera \/ Uczelnia \u0141azarskiego &#8211; Kursy nt. etyki AI i wykorzystania AI w biznesie -Reuters (2018) &#8211; Amazon elimina lo strumento segreto di reclutamento AI che mostrava pregiudizi nei confronti delle donne \u00a0Dost\u0119p: https:\/\/www.reuters.com -ALK &#8211; Akademia Leona Ko\u017ami\u0144skiego (2023) &#8211; Le donne invisibili: scoprire i pregiudizi di genere nelle immagini di professionisti generate dall&#8217;IA. -Come usare l&#8217;IA in modo etico nel marketing www.widoczni.com\u00a0 IA etica nella comunicazione e nel servizio clienti: www.engage-ai.co Modelli di analisi SWOT (punti di forza, debolezza, opportunit\u00e0 e\" \/>\n<meta property=\"og:url\" content=\"https:\/\/www.care-platform.eu\/index.php\/lesson\/risorse-e-riferimenti\/\" \/>\n<meta property=\"og:site_name\" content=\"C.A.R.E.\" \/>\n<meta name=\"twitter:card\" content=\"summary_large_image\" \/>\n<meta name=\"twitter:label1\" content=\"Est. reading time\" \/>\n\t<meta name=\"twitter:data1\" content=\"5 minutes\" \/>\n<script type=\"application\/ld+json\" class=\"yoast-schema-graph\">{\"@context\":\"https:\/\/schema.org\",\"@graph\":[{\"@type\":\"WebPage\",\"@id\":\"https:\/\/www.care-platform.eu\/index.php\/lesson\/risorse-e-riferimenti\/\",\"url\":\"https:\/\/www.care-platform.eu\/index.php\/lesson\/risorse-e-riferimenti\/\",\"name\":\"Risorse e riferimenti - C.A.R.E.\",\"isPartOf\":{\"@id\":\"https:\/\/www.care-platform.eu\/#website\"},\"datePublished\":\"2025-06-10T00:58:09+00:00\",\"breadcrumb\":{\"@id\":\"https:\/\/www.care-platform.eu\/index.php\/lesson\/risorse-e-riferimenti\/#breadcrumb\"},\"inLanguage\":\"en-US\",\"potentialAction\":[{\"@type\":\"ReadAction\",\"target\":[\"https:\/\/www.care-platform.eu\/index.php\/lesson\/risorse-e-riferimenti\/\"]}]},{\"@type\":\"BreadcrumbList\",\"@id\":\"https:\/\/www.care-platform.eu\/index.php\/lesson\/risorse-e-riferimenti\/#breadcrumb\",\"itemListElement\":[{\"@type\":\"ListItem\",\"position\":1,\"name\":\"Home\",\"item\":\"https:\/\/www.care-platform.eu\/\"},{\"@type\":\"ListItem\",\"position\":2,\"name\":\"Risorse e riferimenti\"}]},{\"@type\":\"WebSite\",\"@id\":\"https:\/\/www.care-platform.eu\/#website\",\"url\":\"https:\/\/www.care-platform.eu\/\",\"name\":\"C.A.R.E.\",\"description\":\"\",\"publisher\":{\"@id\":\"https:\/\/www.care-platform.eu\/#organization\"},\"potentialAction\":[{\"@type\":\"SearchAction\",\"target\":{\"@type\":\"EntryPoint\",\"urlTemplate\":\"https:\/\/www.care-platform.eu\/?s={search_term_string}\"},\"query-input\":{\"@type\":\"PropertyValueSpecification\",\"valueRequired\":true,\"valueName\":\"search_term_string\"}}],\"inLanguage\":\"en-US\"},{\"@type\":\"Organization\",\"@id\":\"https:\/\/www.care-platform.eu\/#organization\",\"name\":\"C.A.R.E.\",\"url\":\"https:\/\/www.care-platform.eu\/\",\"logo\":{\"@type\":\"ImageObject\",\"inLanguage\":\"en-US\",\"@id\":\"https:\/\/www.care-platform.eu\/#\/schema\/logo\/image\/\",\"url\":\"https:\/\/www.care-platform.eu\/wp-content\/uploads\/2023\/04\/cropped-cropped-logo-1-1.png\",\"contentUrl\":\"https:\/\/www.care-platform.eu\/wp-content\/uploads\/2023\/04\/cropped-cropped-logo-1-1.png\",\"width\":127,\"height\":153,\"caption\":\"C.A.R.E.\"},\"image\":{\"@id\":\"https:\/\/www.care-platform.eu\/#\/schema\/logo\/image\/\"}}]}<\/script>\n<!-- \/ Yoast SEO plugin. -->","yoast_head_json":{"title":"Risorse e riferimenti - C.A.R.E.","robots":{"index":"index","follow":"follow","max-snippet":"max-snippet:-1","max-image-preview":"max-image-preview:large","max-video-preview":"max-video-preview:-1"},"canonical":"https:\/\/www.care-platform.eu\/index.php\/lesson\/risorse-e-riferimenti\/","og_locale":"en_US","og_type":"article","og_title":"Risorse e riferimenti - C.A.R.E.","og_description":"CAPITOLO 1: Definizione e importanza dell&#8217;imprenditorialit\u00e0 -Ortiz Garc\u00eda P e Olaz Capit\u00e1n \u00c1J (2021) Entrepreneurship for People With Disabilities: Dalle competenze al valore sociale. Fronte. Psychol. 12:699833. doi: 10.3389\/fpsyg.2021.699833 -OCSE (2014), Policy Brief on Entrepreneurship for People with Disabilities (Documento programmatico sull&#8217;imprenditorialit\u00e0 per le persone con disabilit\u00e0). Aree di competenza e progressi nell&#8217;apprendimento: https:\/\/joint-research-centre.ec.europa.eu\/entrecomp-entrepreneurship-competence-framework\/competence-areas-and-learning-progress_en -Quadro europeo delle competenze imprenditoriali: https:\/\/www.youtube.com\/watch?v=UwZPcJky0Ko -Harvard Business School Online, &#8220;10 caratteristiche degli imprenditori di successo&#8220;: https:\/\/online.hbs.edu\/blog\/post\/characteristics-of-successful-entrepreneurs -Strada verso l&#8217;autosufficienza: Una guida all&#8217;imprenditorialit\u00e0 per giovani con disabilit\u00e0&#8220;: https:\/\/dpi.wi.gov\/sites\/default\/files\/imce\/mmee\/pdf\/entrepreneurship_guide.pdf &nbsp; CAPITOLO 2: Stato dell&#8217;arte dell&#8217;imprenditoria giovanile in ogni paese (compresi i giovani imprenditori disabili) ITALIA -Il Laboratorio Imprenditoriale per la formazione degli insegnanti all&#8217;imprenditorialit\u00e0: https:\/\/www.ufficiostampa.provincia.tn.it\/content\/download\/35253\/607732\/file\/Ricercazione_2015_vol7_n_2.pdf#page=111 Formazione all&#8217;imprenditorialit\u00e0: https:\/\/consorzioquinn.it\/wp-content\/uploads\/2025\/01\/Levoluzione-dellalta-formazione_full_31012025.pdf#page=91 Giovani imprenditori in Italia e nell&#8217;UE Contesto: https:\/\/www.cna.it\/wp-content\/uploads\/2022\/09\/10_APPROFONDIMENTO_GIOVANI-IMPRENDITORI.pdf Il Syllabus per l&#8217;educazione all&#8217;imprenditorialit\u00e0 nelle scuole secondarie: https:\/\/www.mim.gov.it\/-\/pubblicato-il-sillabo-per-l-educazione-all-imprenditorialita-nella-scuola-secondaria-. -I migliori incentivi per i giovani imprenditori in Italia: Prestiti e contributi 2024: https:\/\/www.contributieuropa.com\/le-migliori-agevolazioni-per-giovani-imprenditori-italia-2024\/ Avviare un&#8217;attivit\u00e0 in proprio: il progetto imprenditoriale: https:\/\/www.to.camcom.it\/guida-mettersi-proprio-il-progetto-imprenditoriale I tre tipi di imprenditore secondo il Codice Civile: https:\/\/www.to.camcom.it\/13-i-tre-tipi-di-imprenditore-il-codice-civile -Fondi e incentivi :https:\/\/disabilita.governo.it\/it\/attivita-svolte-e-in-programma\/fondi-e-incentivi\/ Finanziamenti per le persone con disabilit\u00e0: https:\/\/www.sunrisemedical.it\/blog\/finanziamenti-per-disabili -Fondo per il credito ai giovani : https:\/\/www.politichegiovanili.gov.it\/politiche-giovanili\/accordi-e-compartecipazioni\/fondo-per-il-credito-ai-giovani\/ Diventare imprenditore in Italia: i numeri, le sfide e i programmi che ispirano i giovani:https:\/\/www.economyup.it\/innovazione\/diventare-imprenditori-in-italia-i-numeri-le-difficolta-e-8-programmi-che-ispirano-i-giovani\/ -Erasmus per giovani imprenditori: https:\/\/www.erasmus-entrepreneurs.eu\/ IRLANDA -Percorso di accesso all&#8217;istruzione per disabili: https:\/\/www.accesscollege.ie Il Programma Imprenditorialit\u00e0 per persone con disabilit\u00e0: https:\/\/www.tudublin.ie\/explore\/news\/aib-and-tu-dublin-entrepreneurship-for-people-with-disabilities-programme-2024-.html Ufficiale di collegamento con la clinica oculistica (ECLO): https:\/\/vi.ie\/eye-clinic-liaison-officer-eclo\/ -Visione Irlanda: https:\/\/vi.ie\/ -Universit\u00e0 Tecnologica di Dublino: https:\/\/www.tudublin.ie\/ -Programma per giovani imprenditori: https:\/\/www.juniorentrepreneur.ie -L&#8217;impresa studentesca: https:\/\/www.studententerprise.ie -Iniziativa Porte Aperte: https:\/\/www.opendoorsinitiative.ie\/ -Informazioni per i cittadini irlandesi: https:\/\/www.citizensinformation.ie -Lavoro e accesso: https:\/\/www.gov.ie\/en\/department-of-social-protection\/services\/work-and-access\/ -Visione Irlanda: https:\/\/www.vi.ie -Gli Uffici Locali delle Imprese (LEO): https:\/\/www.localenterprise.ie\/ -IDA Irlanda: https:\/\/www.idaireland.com\/ -Irlanda: https:\/\/www.enterprise-ireland.com\/en\/ -Il Centro Imprese Guinness: https:\/\/www.gec.ie\/ -Laboratori Dogpatch: https:\/\/dogpatchlabs.com\/ -Le Camere di Commercio: https:\/\/chambers.ie\/ -StartUp Ireland: https:\/\/startups.ie\/ -Imprenditori sociali Irlanda: https:\/\/www.socialentrepreneurs.ie\/ -Business in the Community Ireland (BITCI): https:\/\/bitc.ie\/ -Progetto di attivazione per la disabilit\u00e0 (DAP): Social Entrepreneurs Ireland (SEI): https:\/\/www.oireachtas.ie\/en\/debates\/question\/2017-03-02\/129\/#:~:text=The%20objective%20of%20this%20programme,to%20obtain%20and%20sustain%20employment. -L&#8217;Ufficio delle imprese locali: https:\/\/www.localenterprise.ie\/ Programma di inclusione sociale e attivazione comunitaria (SICAP): https:\/\/www.gov.ie\/en\/department-of-rural-and-community-development\/policy-information\/social-inclusion-and-community-activation-programme-sicap\/ -Microfinanza Irlanda (MFI): https:\/\/microfinanceireland.ie\/ -Imprenditori sociali Irlanda: https:\/\/www.socialentrepreneurs.ie\/ &nbsp; CIPRO Educazione all&#8217;imprenditorialit\u00e0 a livello scolastico e post-scolastico: -Ministero dell&#8217;Istruzione, dello Sport e della Giovent\u00f9 di Cipro: https:\/\/www.moec.gov.cy\/en\/ Piano d&#8217;azione per l&#8217;educazione digitale (2021-2027): https:\/\/education.ec.europa.eu\/focus-topics\/digital-education\/action-plan Piano d&#8217;azione per l&#8217;educazione digitale (2021-2027): https:\/\/education.ec.europa.eu\/focus-topics\/digital-education\/action-plan -UNESCO, Integrazione della tecnologia nel sistema educativo cipriota: https:\/\/education-profiles.org\/europe-and-northern-america\/cyprus\/~technology. Rapporto Global Entrepreneurship Monitor (GEM) -2021\/2022: -https:\/\/www.gemconsortium.org\/file\/open?fileId=50691 -Articolo su &#8220;L&#8217;educazione e la cultura imprenditoriale di Cipro hanno bisogno di essere sviluppate&#8220;: https:\/\/cyprus-mail.com\/2023\/04\/07\/cyprus-entrepreneurial-education-and-culture-in-need-of-development\/ -2024\/2025 Rapporto Global Entrepreneurship Monitor (GEM): https:\/\/www.gemconsortium.org\/file\/open?fileId=51621 -Junior Achievement (JA) Cipro: https:\/\/jacyprus.org\/en\/ -JA, programma &#8220;La nostra comunit\u00e0&#8221;: https:\/\/jacyprus.org\/en\/our-community\/ -JA, programma &#8220;Azienda&#8221;: https:\/\/jacyprus.org\/en\/company-programme\/ -Strategia di apprendimento permanente di Cipro 2021-2027: https:\/\/www.moec.gov.cy\/eiao\/en\/life_long_learning_strategy.html Fonti di informazione nazionali per l&#8217;avvio di un&#8217;impresa: -Portale Business in Cyprus: https:\/\/www.businessincyprus.gov.cy\/ -Dipartimento del Registro delle Imprese e del Ricevitore Ufficiale: https:\/\/www.companies.gov.cy\/en\/ -Portale governativo: https:\/\/www.gov.cy\/en\/ Le politiche per l&#8217;imprenditoria sociale a Cipro: Articolo su &#8220;Imprese sociali &#8211; La legge, la sua applicazione e la registrazione come impresa sociale secondo la legge cipriota&#8220;: https:\/\/mouktaroudes.com\/social-enterprises-the-law-its-application-and-registering-as-a-social-enterprise-under-cyprus-law\/ Progetto Socially Agile, Rapporto nazionale su &#8220;Giovani e imprenditorialit\u00e0 sociale a Cipro&#8220;: https:\/\/sociallyagile.eu\/wp-content\/uploads\/2023\/12\/Cyprus-Report-.pdf? -Servizio Societ\u00e0 Cooperative (SCS): http:\/\/www.cssda.gov.cy\/ Agenzie governative: -Ministero dell&#8217;Energia, del Commercio e dell&#8217;Industria: https:\/\/www.gov.cy\/meci\/en\/ -Camera di Commercio e Industria di Cipro (CCCI): https:\/\/ccci.org.cy\/ -Autorit\u00e0 per lo sviluppo delle risorse umane di Cipro (HRDA): https:\/\/www.anad.org.cy\/wps\/portal\/hrda\/hrdaExternal\/!ut\/p\/z1\/04_Sj9CPykssy0xPLMnMz0vMAfIjo8ziPTw8HD0s_Q383F3DjAwCLVydTV2CLY39XUz0w_Wj9KOASgxwAEcD_YLsbEUAbztbrg!!\/dz\/d5\/L2dBISEvZ0FBIS9nQSEh\/ Enti di incubazione e supporto: Centro di innovazione IDEA: https:\/\/ideacy.net\/en-gb\/Idea\/ -Concorso per l&#8217;imprenditorialit\u00e0 di Cipro (CyEC): https:\/\/cyec.org.cy\/ ONG e imprese sociali: -Sportello Europa Creativa Cipro: https:\/\/www.fundingprogrammesportal.gov.cy\/en\/programs\/creative-europe-crea\/ -Consiglio dei Giovani di Cipro: https:\/\/onek.org.cy\/en\/ Schemi di finanziamento dell&#8217;imprenditorialit\u00e0 Programma Thalia (2021-2027): https:\/\/thalia.com.cy\/en\/home-en\/ Fondo azionario Cipro: https:\/\/www.eif.org\/what_we_do\/resources\/cyprus-equity-fund\/index.htm Programma Europa Creativa: https:\/\/culture.ec.europa.eu\/creative-europe\/about-the-creative-europe-programme -Fondo per l&#8217;imprenditorialit\u00e0 di Cipro (CIF): https:\/\/www.eif.org\/what_we_do\/resources\/cypef\/index.htm Orizzonte Europa: https:\/\/research-and-innovation.ec.europa.eu\/funding\/funding-opportunities\/funding-programmes-and-open-calls\/horizon-europe_en -Erasmus per giovani imprenditori: https:\/\/www.erasmus-entrepreneurs.eu\/ Fondo sociale europeo (FSE): https:\/\/european-social-fund-plus.ec.europa.eu\/en -Programma StartUpJA: https:\/\/jacyprus.org\/en\/startup\/ Premi Stelios per giovani imprenditori: https:\/\/steliosfoundation.com.cy\/stelios-awards-for-young-entrepreneurs-in-cyprus\/ Programmi di mentorship e formazione -Camera di Commercio e Industria di Cipro (CCCI): http:\/\/www.ccci.org.cy\/ -Consiglio dei giovani di Cipro (ONEK): http:\/\/www.onek.org.cy\/ -Centro di innovazione IDEA: http:\/\/www.ideacy.net\/ -Junior Achievement Cyprus (JA Cyprus): http:\/\/www.jacyprus.org\/ -Universit\u00e0 di Tecnologia di Cipro (CUT): http:\/\/www.cut.ac.cy\/ -Istituto Europeo di Innovazione e Tecnologia (EIT): http:\/\/www.eit.europa.eu\/ -Centro di produttivit\u00e0 di Cipro (KEPA): http:\/\/www.kepa.gov.cy\/ -Piattaforma EYE: https:\/\/www.erasmus-entrepreneurs.eu\/ -Centro per l&#8217;innovazione sociale (CSI): https:\/\/csicy.com\/ GRECIA -Educare i giovani alla disoccupazione futura in Grecia: https:\/\/bristoluniversitypressdigital.com\/monochap\/book\/9781529200119\/ch005.xml -Giornale internazionale di studi sull&#8217;amministrazione e le politiche educative: https:\/\/files.eric.ed.gov\/fulltext\/EJ1384447.pdf -DYPA &#8211; Servizio pubblico per l&#8217;impiego greco: https:\/\/www.dypa.gov.gr\/active-employment-policies Camera di commercio e industria di Atene: https:\/\/acci.gr\/en\/mission-and-goals\/ Confederazione Ellenica dei Professionisti, Artigiani e Commercianti (GSEVEE):https:\/\/www.gsevee.gr\/en-us\/about -L&#8217;uovo &#8211; Entrare-Crescere-Viaggiare: https:\/\/www.theegg.gr\/en\/ -DIAPLOUS Cooperative sociali: https:\/\/diaplous.eu\/en\/social-cooperatives-koispe\/ -La Fiducia del Popolo: https:\/\/www.thepeoplestrust.org\/ POLONIA -Ministero dell&#8217;Istruzione e della Scienza &#8211; Core curriculum per le scuole: https:\/\/www.gov.pl\/web\/edukacja\/podstawy-programowe -Agenzia polacca per lo sviluppo delle imprese (PARP): https:\/\/www.parp.gov.pl\/ -Piattaforma educativa NAVOICA &#8211; Corso sull&#8217;innovazione e l&#8217;imprenditorialit\u00e0: https:\/\/navoica.pl\/ -Erasmus per giovani imprenditori: https:\/\/www.erasmus-entrepreneurs.eu\/ -Biznes.gov.pl &#8211; portale governativo sull&#8217;avvio e la gestione di un&#8217;impresa: https:\/\/www.biznes.gov.pl\/ Nota nazionale dell&#8217;OCSE sull&#8217;educazione all&#8217;imprenditorialit\u00e0 in Polonia: https:\/\/www.oecd.org\/education\/entrepreneurship-education-in-poland.htm -Giovani d&#8217;affari Polonia: https:\/\/youthbusiness.org\/members\/youth-business-poland\/ -Camera di Commercio Nazionale (KIG): https:\/\/kig.pl\/ -Parco Scientifico e Tecnologico di Pozna\u0144 (PPNT): https:\/\/ppnt.poznan.pl\/ -Fondazione We See Differently &#8211; Accademia ATnis: https:\/\/www.facebook.com\/WidzimyInaczej\/ -PFR Ventures \/ Fondo di sviluppo polacco: https:\/\/pfrventures.pl\/ Programmi di attivazione giovanile: https:\/\/www.gov.pl\/web\/rodzina\/aktywizacja-osob-niepelnosprawnych -Centri di sostegno all&#8217;economia sociale (OWES): https:\/\/ekonomiaspoleczna.gov.pl\/ &nbsp; \u00a0 CAPITOLO 3: Strumenti e consigli per diventare imprenditore\u00a0\u00a0\u00a0\u00a0\u00a0\u00a0\u00a0 Guida all&#8217;uso etico dell&#8217;IA generativa nella pratica professionale e aziendale -Zwi\u0105zek Firm Public Relations (ZFPR) &#8211; Principi di Varsavia: Zasady etycznego wykorzystania AI w PR \u0179r\u00f3d\u0142o: Dokument &#8220;dane na temat etyki w korzystaniu z AI.docx&#8221; (na podstawie publikacji ZFPR i ICCO, 2024). -ICCO (International Communications Consultancy Organisation) &#8211; I principi di Varsavia per l&#8217;uso etico dell&#8217;IA nelle relazioni pubbliche, 2023. Commissione europea (Komisja Europejska) &#8211; Linee guida etiche per un&#8217;intelligenza artificiale affidabile, 2019, https:\/\/digital-strategy.ec.europa.eu. -Future of Life Institute &#8211; Asilomar AI Principles, https:\/\/futureoflife.org\/ai-principles Coursera \/ Uczelnia \u0141azarskiego &#8211; Kursy nt. etyki AI i wykorzystania AI w biznesie -Reuters (2018) &#8211; Amazon elimina lo strumento segreto di reclutamento AI che mostrava pregiudizi nei confronti delle donne \u00a0Dost\u0119p: https:\/\/www.reuters.com -ALK &#8211; Akademia Leona Ko\u017ami\u0144skiego (2023) &#8211; Le donne invisibili: scoprire i pregiudizi di genere nelle immagini di professionisti generate dall&#8217;IA. -Come usare l&#8217;IA in modo etico nel marketing www.widoczni.com\u00a0 IA etica nella comunicazione e nel servizio clienti: www.engage-ai.co Modelli di analisi SWOT (punti di forza, debolezza, opportunit\u00e0 e","og_url":"https:\/\/www.care-platform.eu\/index.php\/lesson\/risorse-e-riferimenti\/","og_site_name":"C.A.R.E.","twitter_card":"summary_large_image","twitter_misc":{"Est. reading time":"5 minutes"},"schema":{"@context":"https:\/\/schema.org","@graph":[{"@type":"WebPage","@id":"https:\/\/www.care-platform.eu\/index.php\/lesson\/risorse-e-riferimenti\/","url":"https:\/\/www.care-platform.eu\/index.php\/lesson\/risorse-e-riferimenti\/","name":"Risorse e riferimenti - C.A.R.E.","isPartOf":{"@id":"https:\/\/www.care-platform.eu\/#website"},"datePublished":"2025-06-10T00:58:09+00:00","breadcrumb":{"@id":"https:\/\/www.care-platform.eu\/index.php\/lesson\/risorse-e-riferimenti\/#breadcrumb"},"inLanguage":"en-US","potentialAction":[{"@type":"ReadAction","target":["https:\/\/www.care-platform.eu\/index.php\/lesson\/risorse-e-riferimenti\/"]}]},{"@type":"BreadcrumbList","@id":"https:\/\/www.care-platform.eu\/index.php\/lesson\/risorse-e-riferimenti\/#breadcrumb","itemListElement":[{"@type":"ListItem","position":1,"name":"Home","item":"https:\/\/www.care-platform.eu\/"},{"@type":"ListItem","position":2,"name":"Risorse e riferimenti"}]},{"@type":"WebSite","@id":"https:\/\/www.care-platform.eu\/#website","url":"https:\/\/www.care-platform.eu\/","name":"C.A.R.E.","description":"","publisher":{"@id":"https:\/\/www.care-platform.eu\/#organization"},"potentialAction":[{"@type":"SearchAction","target":{"@type":"EntryPoint","urlTemplate":"https:\/\/www.care-platform.eu\/?s={search_term_string}"},"query-input":{"@type":"PropertyValueSpecification","valueRequired":true,"valueName":"search_term_string"}}],"inLanguage":"en-US"},{"@type":"Organization","@id":"https:\/\/www.care-platform.eu\/#organization","name":"C.A.R.E.","url":"https:\/\/www.care-platform.eu\/","logo":{"@type":"ImageObject","inLanguage":"en-US","@id":"https:\/\/www.care-platform.eu\/#\/schema\/logo\/image\/","url":"https:\/\/www.care-platform.eu\/wp-content\/uploads\/2023\/04\/cropped-cropped-logo-1-1.png","contentUrl":"https:\/\/www.care-platform.eu\/wp-content\/uploads\/2023\/04\/cropped-cropped-logo-1-1.png","width":127,"height":153,"caption":"C.A.R.E."},"image":{"@id":"https:\/\/www.care-platform.eu\/#\/schema\/logo\/image\/"}}]}},"_links":{"self":[{"href":"https:\/\/www.care-platform.eu\/index.php\/wp-json\/wp\/v2\/mathima\/3291","targetHints":{"allow":["GET"]}}],"collection":[{"href":"https:\/\/www.care-platform.eu\/index.php\/wp-json\/wp\/v2\/mathima"}],"about":[{"href":"https:\/\/www.care-platform.eu\/index.php\/wp-json\/wp\/v2\/types\/mathima"}],"wp:attachment":[{"href":"https:\/\/www.care-platform.eu\/index.php\/wp-json\/wp\/v2\/media?parent=3291"}],"curies":[{"name":"wp","href":"https:\/\/api.w.org\/{rel}","templated":true}]}}