{"id":1482,"date":"2023-11-20T14:24:06","date_gmt":"2023-11-20T14:24:06","guid":{"rendered":"http:\/\/32663164110177565.blog.com.gr\/?page_id=1482"},"modified":"2024-06-13T22:45:55","modified_gmt":"2024-06-13T22:45:55","slug":"news-and-events","status":"publish","type":"page","link":"https:\/\/www.care-platform.eu\/index.php\/news-and-events\/","title":{"rendered":"News and Events"},"content":{"rendered":"\t\t<div data-elementor-type=\"wp-page\" data-elementor-id=\"1482\" class=\"elementor elementor-1482\">\n\t\t\t\t\t\t<section class=\"elementor-section elementor-top-section elementor-element elementor-element-f5852d3 elementor-section-boxed elementor-section-height-default elementor-section-height-default wpr-particle-no wpr-jarallax-no wpr-parallax-no wpr-sticky-section-no\" data-id=\"f5852d3\" data-element_type=\"section\" data-settings=\"{&quot;background_background&quot;:&quot;classic&quot;}\">\n\t\t\t\t\t\t\t<div class=\"elementor-background-overlay\"><\/div>\n\t\t\t\t\t\t\t<div class=\"elementor-container elementor-column-gap-default\">\n\t\t\t\t\t<div class=\"elementor-column elementor-col-100 elementor-top-column elementor-element elementor-element-e821d66\" data-id=\"e821d66\" data-element_type=\"column\">\n\t\t\t<div class=\"elementor-widget-wrap elementor-element-populated\">\n\t\t\t\t\t\t<div class=\"elementor-element elementor-element-3f79744 elementor-widget elementor-widget-heading\" data-id=\"3f79744\" data-element_type=\"widget\" data-widget_type=\"heading.default\">\n\t\t\t\t<div class=\"elementor-widget-container\">\n\t\t\t\t\t<h2 class=\"elementor-heading-title elementor-size-default\">NEWS AND EVENTS<\/h2>\t\t\t\t<\/div>\n\t\t\t\t<\/div>\n\t\t\t\t\t<\/div>\n\t\t<\/div>\n\t\t\t\t\t<\/div>\n\t\t<\/section>\n\t\t\t\t<section class=\"elementor-section elementor-top-section elementor-element elementor-element-cc59323 elementor-section-boxed elementor-section-height-default elementor-section-height-default wpr-particle-no wpr-jarallax-no wpr-parallax-no wpr-sticky-section-no\" data-id=\"cc59323\" data-element_type=\"section\" data-settings=\"{&quot;background_background&quot;:&quot;classic&quot;}\">\n\t\t\t\t\t\t<div class=\"elementor-container elementor-column-gap-default\">\n\t\t\t\t\t<div class=\"elementor-column elementor-col-100 elementor-top-column elementor-element elementor-element-2f3d96f\" data-id=\"2f3d96f\" data-element_type=\"column\">\n\t\t\t<div class=\"elementor-widget-wrap elementor-element-populated\">\n\t\t\t\t\t\t<div class=\"elementor-element elementor-element-3185da7 wpr-grid-columns-3 wpr-grid-columns--tablet2 wpr-grid-columns--mobile1 wpr-grid-pagination-center wpr-item-styles-inner elementor-widget elementor-widget-wpr-grid\" data-id=\"3185da7\" data-element_type=\"widget\" data-widget_type=\"wpr-grid.default\">\n\t\t\t\t<div class=\"elementor-widget-container\">\n\t\t\t\t\t<ul class=\"wpr-grid-filters elementor-clearfix wpr-grid-filters-sep-right\"><li class=\" wpr-pointer-none wpr-pointer-line-fx wpr-pointer-fx-none\"><span  data-filter=\"*\" class=\"wpr-grid-filters-item wpr-active-filter \">All Posts<\/span><em class=\"wpr-grid-filters-sep\"><\/em><\/li><li class=\" wpr-pointer-none wpr-pointer-line-fx wpr-pointer-fx-none\"><span   data-ajax-filter=[\"category\",\"uncategorized-el\"]  data-filter=\".category-uncategorized-el\">Uncategorized<\/span><em class=\"wpr-grid-filters-sep\"><\/em><\/li><li class=\" wpr-pointer-none wpr-pointer-line-fx wpr-pointer-fx-none\"><span   data-ajax-filter=[\"category\",\"uncategorized-it\"]  data-filter=\".category-uncategorized-it\">Uncategorized<\/span><em class=\"wpr-grid-filters-sep\"><\/em><\/li><li class=\" wpr-pointer-none wpr-pointer-line-fx wpr-pointer-fx-none\"><span   data-ajax-filter=[\"category\",\"uncategorized-pl\"]  data-filter=\".category-uncategorized-pl\">Uncategorized<\/span><em class=\"wpr-grid-filters-sep\"><\/em><\/li><\/ul><section class=\"wpr-grid elementor-clearfix\" data-settings=\"{&quot;layout&quot;:&quot;fitRows&quot;,&quot;stick_last_element_to_bottom&quot;:&quot;&quot;,&quot;columns_desktop&quot;:3,&quot;gutter_hr&quot;:15,&quot;gutter_hr_mobile&quot;:15,&quot;gutter_hr_mobile_extra&quot;:15,&quot;gutter_hr_tablet&quot;:15,&quot;gutter_hr_tablet_extra&quot;:15,&quot;gutter_hr_laptop&quot;:15,&quot;gutter_hr_widescreen&quot;:15,&quot;gutter_vr&quot;:15,&quot;gutter_vr_mobile&quot;:15,&quot;gutter_vr_mobile_extra&quot;:15,&quot;gutter_vr_tablet&quot;:15,&quot;gutter_vr_tablet_extra&quot;:15,&quot;gutter_vr_laptop&quot;:15,&quot;gutter_vr_widescreen&quot;:15,&quot;animation&quot;:&quot;default&quot;,&quot;animation_duration&quot;:0.29999999999999999,&quot;animation_delay&quot;:0.10000000000000001,&quot;deeplinking&quot;:&quot;&quot;,&quot;filters_linkable&quot;:&quot;no&quot;,&quot;filters_default_filter&quot;:&quot;&quot;,&quot;filters_count&quot;:&quot;&quot;,&quot;filters_hide_empty&quot;:&quot;no&quot;,&quot;filters_animation&quot;:&quot;default&quot;,&quot;filters_animation_duration&quot;:0.29999999999999999,&quot;filters_animation_delay&quot;:0.10000000000000001,&quot;pagination_type&quot;:&quot;load-more&quot;,&quot;pagination_max_pages&quot;:4,&quot;lightbox&quot;:{&quot;selector&quot;:&quot;.wpr-grid-image-wrap&quot;,&quot;iframeMaxWidth&quot;:&quot;60%&quot;,&quot;hash&quot;:false,&quot;autoplay&quot;:&quot;true&quot;,&quot;pause&quot;:5000,&quot;progressBar&quot;:&quot;true&quot;,&quot;counter&quot;:&quot;true&quot;,&quot;controls&quot;:&quot;true&quot;,&quot;getCaptionFromTitleOrAlt&quot;:&quot;true&quot;,&quot;thumbnail&quot;:&quot;&quot;,&quot;showThumbByDefault&quot;:&quot;&quot;,&quot;share&quot;:&quot;&quot;,&quot;zoom&quot;:&quot;true&quot;,&quot;fullScreen&quot;:&quot;true&quot;,&quot;download&quot;:&quot;true&quot;}}\"><article class=\"wpr-grid-item elementor-clearfix post-3659 post type-post status-publish format-standard hentry category-uncategorized-el\"><div class=\"wpr-grid-item-inner\"><div class=\"wpr-grid-item-below-content elementor-clearfix\"><h2 class=\"wpr-grid-item-title elementor-repeater-item-10c2ad9 wpr-grid-item-display-block wpr-grid-item-align-left wpr-pointer-none wpr-pointer-line-fx wpr-pointer-fx-fade\"><div class=\"inner-block\"><a target=\"_self\"  href=\"https:\/\/www.care-platform.eu\/index.php\/el\/2025\/08\/01\/%ce%b5%ce%ba%ce%b4%ce%ae%ce%bb%cf%89%cf%83%ce%b7-%ce%b4%ce%b9%ce%ac%cf%87%cf%85%cf%83%ce%b7%cf%82-%cf%84%ce%bf%cf%85-care-%cf%83%cf%84%ce%b7%ce%bd-%ce%b1%ce%b8%ce%ae%ce%bd%ce%b1-%ce%ad%ce%bd%ce%b1-2\/\">\u0395\u03ba\u03b4\u03ae\u03bb\u03c9\u03c3\u03b7 \u0394\u03b9\u03ac\u03c7\u03c5\u03c3\u03b7\u03c2 \u03c4\u03bf\u03c5 CARE \u03c3\u03c4\u03b7\u03bd \u0391\u03b8\u03ae\u03bd\u03b1: \u0388\u03bd\u03b1\u03c2 \u03ba\u03b5\u03c1\u03b1\u03bc\u03b9\u03ba\u03cc\u03c2 \u03c6\u03ac\u03c1\u03bf\u03c2<\/a><\/div><\/h2><div class=\"wpr-grid-item-date elementor-repeater-item-4230d2c wpr-grid-item-display-inline wpr-grid-item-align-left\"><div class=\"inner-block\"><span>August 1, 2025<span class=\"wpr-grid-extra-text-right\">\/<\/span><\/span><\/div><\/div><div class=\"wpr-grid-item-excerpt elementor-repeater-item-8367252 wpr-grid-item-display-block wpr-grid-item-align-left\"><div class=\"inner-block\"><p>\u03a4\u03bf\u03bd \u0391\u03c0\u03c1\u03af\u03bb\u03b9\u03bf \u03c4\u03bf\u03c5 2025, \u03c4\u03bf \u0394\u03b7\u03bc\u03bf\u03c4\u03b9\u03ba\u03cc \u0398\u03ad\u03b1\u03c4\u03c1\u03bf \u039a\u03b1\u03bb\u03bb\u03b9\u03b8\u03ad\u03b1\u03c2 \u03c6\u03b9\u03bb\u03bf\u03be\u03ad\u03bd\u03b7\u03c3\u03b5 \u03c4\u03b7\u03bd \u03b5\u03ba\u03b4\u03ae\u03bb\u03c9\u03c3\u03b7 \u03b4\u03b9\u03ac\u03c7\u03c5\u03c3\u03b7\u03c2 \u03c4\u03bf\u03c5 \u03ad\u03c1\u03b3\u03bf\u03c5 CARE \u03c3\u03c4\u03b7\u03bd \u0391\u03b8\u03ae\u03bd\u03b1, \u03b7 \u03bf\u03c0\u03bf\u03af\u03b1 \u03bf\u03c1\u03b3\u03b1\u03bd\u03ce\u03b8\u03b7\u03ba\u03b5...<\/p><\/div><\/div><div class=\"wpr-grid-item-read-more elementor-repeater-item-04fde5a wpr-grid-item-display-block wpr-grid-item-align-left\"><div class=\"inner-block\"><a target=\"_self\" href=\"https:\/\/www.care-platform.eu\/index.php\/el\/2025\/08\/01\/%ce%b5%ce%ba%ce%b4%ce%ae%ce%bb%cf%89%cf%83%ce%b7-%ce%b4%ce%b9%ce%ac%cf%87%cf%85%cf%83%ce%b7%cf%82-%cf%84%ce%bf%cf%85-care-%cf%83%cf%84%ce%b7%ce%bd-%ce%b1%ce%b8%ce%ae%ce%bd%ce%b1-%ce%ad%ce%bd%ce%b1-2\/\" class=\"wpr-button-effect wpr-button-none\"><span>Read More<\/span><\/a><\/div><\/div><\/div><\/div><\/article><article class=\"wpr-grid-item elementor-clearfix post-3620 post type-post status-publish format-standard hentry category-uncategorized-el\"><div class=\"wpr-grid-item-inner\"><div class=\"wpr-grid-item-below-content elementor-clearfix\"><h2 class=\"wpr-grid-item-title elementor-repeater-item-10c2ad9 wpr-grid-item-display-block wpr-grid-item-align-left wpr-pointer-none wpr-pointer-line-fx wpr-pointer-fx-fade\"><div class=\"inner-block\"><a target=\"_self\"  href=\"https:\/\/www.care-platform.eu\/index.php\/el\/2025\/07\/25\/%ce%b5%ce%ba%ce%b4%ce%ae%ce%bb%cf%89%cf%83%ce%b7-%ce%b4%ce%b9%ce%ac%cf%87%cf%85%cf%83%ce%b7%cf%82-%cf%84%ce%bf%cf%85-care-%cf%83%cf%84%ce%bf-%ce%bb%ce%bf%cf%84%ce%b6-%cf%80%ce%bf%ce%bb%cf%89%ce%bd\/\">\u0395\u03ba\u03b4\u03ae\u03bb\u03c9\u03c3\u03b7 \u0394\u03b9\u03ac\u03c7\u03c5\u03c3\u03b7\u03c2 \u03c4\u03bf\u03c5 CARE \u03c3\u03c4\u03bf \u039b\u03bf\u03c4\u03b6, \u03a0\u03bf\u03bb\u03c9\u03bd\u03af\u03b1<\/a><\/div><\/h2><div class=\"wpr-grid-item-date elementor-repeater-item-4230d2c wpr-grid-item-display-inline wpr-grid-item-align-left\"><div class=\"inner-block\"><span>July 25, 2025<span class=\"wpr-grid-extra-text-right\">\/<\/span><\/span><\/div><\/div><div class=\"wpr-grid-item-excerpt elementor-repeater-item-8367252 wpr-grid-item-display-block wpr-grid-item-align-left\"><div class=\"inner-block\"><p>\u039c\u03b5 \u03bc\u03b5\u03b3\u03ac\u03bb\u03b7 \u03c7\u03b1\u03c1\u03ac \u03bc\u03bf\u03b9\u03c1\u03b1\u03b6\u03cc\u03bc\u03b1\u03c3\u03c4\u03b5 \u03c3\u03c4\u03b9\u03b3\u03bc\u03b9\u03cc\u03c4\u03c5\u03c0\u03b1 \u03b1\u03c0\u03cc \u03bc\u03b9\u03b1 \u03c0\u03c1\u03b1\u03b3\u03bc\u03b1\u03c4\u03b9\u03ba\u03ac \u03b5\u03bc\u03c0\u03bd\u03b5\u03c5\u03c3\u03bc\u03ad\u03bd\u03b7 \u03b5\u03ba\u03b4\u03ae\u03bb\u03c9\u03c3\u03b7, \u03b7 \u03bf\u03c0\u03bf\u03af\u03b1 \u03c3\u03b7\u03bc\u03b1\u03c4\u03bf\u03b4\u03cc\u03c4\u03b7\u03c3\u03b5 \u03c4\u03b7\u03bd \u03b5\u03c0\u03af\u03c3\u03b7\u03bc\u03b7 \u03bf\u03bb\u03bf\u03ba\u03bb\u03ae\u03c1\u03c9\u03c3\u03b7 \u03c4\u03bf\u03c5 \u03ad\u03c1\u03b3\u03bf\u03c5 C.A.R.E. \u2013...<\/p><\/div><\/div><div class=\"wpr-grid-item-read-more elementor-repeater-item-04fde5a wpr-grid-item-display-block wpr-grid-item-align-left\"><div class=\"inner-block\"><a target=\"_self\" href=\"https:\/\/www.care-platform.eu\/index.php\/el\/2025\/07\/25\/%ce%b5%ce%ba%ce%b4%ce%ae%ce%bb%cf%89%cf%83%ce%b7-%ce%b4%ce%b9%ce%ac%cf%87%cf%85%cf%83%ce%b7%cf%82-%cf%84%ce%bf%cf%85-care-%cf%83%cf%84%ce%bf-%ce%bb%ce%bf%cf%84%ce%b6-%cf%80%ce%bf%ce%bb%cf%89%ce%bd\/\" class=\"wpr-button-effect wpr-button-none\"><span>Read More<\/span><\/a><\/div><\/div><\/div><\/div><\/article><article class=\"wpr-grid-item elementor-clearfix post-3652 post type-post status-publish format-standard hentry category-uncategorized-it\"><div class=\"wpr-grid-item-inner\"><div class=\"wpr-grid-item-below-content elementor-clearfix\"><h2 class=\"wpr-grid-item-title elementor-repeater-item-10c2ad9 wpr-grid-item-display-block wpr-grid-item-align-left wpr-pointer-none wpr-pointer-line-fx wpr-pointer-fx-fade\"><div class=\"inner-block\"><a target=\"_self\"  href=\"https:\/\/www.care-platform.eu\/index.php\/it\/2025\/07\/25\/care-conferenza-finale-a-cagliari\/\">CARE Conferenza finale a Cagliari<\/a><\/div><\/h2><div class=\"wpr-grid-item-date elementor-repeater-item-4230d2c wpr-grid-item-display-inline wpr-grid-item-align-left\"><div class=\"inner-block\"><span>July 25, 2025<span class=\"wpr-grid-extra-text-right\">\/<\/span><\/span><\/div><\/div><div class=\"wpr-grid-item-excerpt elementor-repeater-item-8367252 wpr-grid-item-display-block wpr-grid-item-align-left\"><div class=\"inner-block\"><p>Il 24 giugno 2025 si \u00e8 tenuta presso l\u2019Auditorium di IERFOP a Cagliari la conferenza finale del progetto europeo CARE....<\/p><\/div><\/div><div class=\"wpr-grid-item-read-more elementor-repeater-item-04fde5a wpr-grid-item-display-block wpr-grid-item-align-left\"><div class=\"inner-block\"><a target=\"_self\" href=\"https:\/\/www.care-platform.eu\/index.php\/it\/2025\/07\/25\/care-conferenza-finale-a-cagliari\/\" class=\"wpr-button-effect wpr-button-none\"><span>Read More<\/span><\/a><\/div><\/div><\/div><\/div><\/article><article class=\"wpr-grid-item elementor-clearfix post-3654 post type-post status-publish format-standard hentry category-uncategorized-it\"><div class=\"wpr-grid-item-inner\"><div class=\"wpr-grid-item-below-content elementor-clearfix\"><h2 class=\"wpr-grid-item-title elementor-repeater-item-10c2ad9 wpr-grid-item-display-block wpr-grid-item-align-left wpr-pointer-none wpr-pointer-line-fx wpr-pointer-fx-fade\"><div class=\"inner-block\"><a target=\"_self\"  href=\"https:\/\/www.care-platform.eu\/index.php\/it\/2025\/07\/25\/conferenza-finale-di-care-in-polonia\/\">Conferenza finale di CARE in Polonia<\/a><\/div><\/h2><div class=\"wpr-grid-item-date elementor-repeater-item-4230d2c wpr-grid-item-display-inline wpr-grid-item-align-left\"><div class=\"inner-block\"><span>July 25, 2025<span class=\"wpr-grid-extra-text-right\">\/<\/span><\/span><\/div><\/div><div class=\"wpr-grid-item-excerpt elementor-repeater-item-8367252 wpr-grid-item-display-block wpr-grid-item-align-left\"><div class=\"inner-block\"><p>Siamo entusiasti di condividere i momenti salienti di un evento davvero importante che ha segnato la conclusione ufficiale del progetto...<\/p><\/div><\/div><div class=\"wpr-grid-item-read-more elementor-repeater-item-04fde5a wpr-grid-item-display-block wpr-grid-item-align-left\"><div class=\"inner-block\"><a target=\"_self\" href=\"https:\/\/www.care-platform.eu\/index.php\/it\/2025\/07\/25\/conferenza-finale-di-care-in-polonia\/\" class=\"wpr-button-effect wpr-button-none\"><span>Read More<\/span><\/a><\/div><\/div><\/div><\/div><\/article><article class=\"wpr-grid-item elementor-clearfix post-3657 post type-post status-publish format-standard hentry category-uncategorized-it\"><div class=\"wpr-grid-item-inner\"><div class=\"wpr-grid-item-below-content elementor-clearfix\"><h2 class=\"wpr-grid-item-title elementor-repeater-item-10c2ad9 wpr-grid-item-display-block wpr-grid-item-align-left wpr-pointer-none wpr-pointer-line-fx wpr-pointer-fx-fade\"><div class=\"inner-block\"><a target=\"_self\"  href=\"https:\/\/www.care-platform.eu\/index.php\/it\/2025\/07\/25\/conferenza-finale-di-care-ad-atene-ed-esposizione-del-faro-in-ceramica\/\">Conferenza finale di CARE ad Atene ed esposizione del faro in ceramica<\/a><\/div><\/h2><div class=\"wpr-grid-item-date elementor-repeater-item-4230d2c wpr-grid-item-display-inline wpr-grid-item-align-left\"><div class=\"inner-block\"><span>July 25, 2025<span class=\"wpr-grid-extra-text-right\">\/<\/span><\/span><\/div><\/div><div class=\"wpr-grid-item-excerpt elementor-repeater-item-8367252 wpr-grid-item-display-block wpr-grid-item-align-left\"><div class=\"inner-block\"><p>Ad aprile 2025, il Teatro Comunale di Kallithea ha ospitato la conferenza finale di CARE ad Atene, organizzata da Sigma...<\/p><\/div><\/div><div class=\"wpr-grid-item-read-more elementor-repeater-item-04fde5a wpr-grid-item-display-block wpr-grid-item-align-left\"><div class=\"inner-block\"><a target=\"_self\" href=\"https:\/\/www.care-platform.eu\/index.php\/it\/2025\/07\/25\/conferenza-finale-di-care-ad-atene-ed-esposizione-del-faro-in-ceramica\/\" class=\"wpr-button-effect wpr-button-none\"><span>Read More<\/span><\/a><\/div><\/div><\/div><\/div><\/article><article class=\"wpr-grid-item elementor-clearfix post-3734 post type-post status-publish format-standard hentry category-uncategorized-it\"><div class=\"wpr-grid-item-inner\"><div class=\"wpr-grid-item-below-content elementor-clearfix\"><h2 class=\"wpr-grid-item-title elementor-repeater-item-10c2ad9 wpr-grid-item-display-block wpr-grid-item-align-left wpr-pointer-none wpr-pointer-line-fx wpr-pointer-fx-fade\"><div class=\"inner-block\"><a target=\"_self\"  href=\"https:\/\/www.care-platform.eu\/index.php\/it\/2025\/07\/25\/il-progetto-care-in-azione-e-le-novita-da-cipro\/\">Il progetto CARE in azione e le novit\u00e0 da Cipro<\/a><\/div><\/h2><div class=\"wpr-grid-item-date elementor-repeater-item-4230d2c wpr-grid-item-display-inline wpr-grid-item-align-left\"><div class=\"inner-block\"><span>July 25, 2025<span class=\"wpr-grid-extra-text-right\">\/<\/span><\/span><\/div><\/div><div class=\"wpr-grid-item-excerpt elementor-repeater-item-8367252 wpr-grid-item-display-block wpr-grid-item-align-left\"><div class=\"inner-block\"><p>Il progetto Erasmus+ C.A.R.E. \u2013 Ceramic Artworks to Raise Esteem and Employability \u00e8 un\u2019iniziativa innovativa dedicata all\u2019empowerment dei giovani con...<\/p><\/div><\/div><div class=\"wpr-grid-item-read-more elementor-repeater-item-04fde5a wpr-grid-item-display-block wpr-grid-item-align-left\"><div class=\"inner-block\"><a target=\"_self\" href=\"https:\/\/www.care-platform.eu\/index.php\/it\/2025\/07\/25\/il-progetto-care-in-azione-e-le-novita-da-cipro\/\" class=\"wpr-button-effect wpr-button-none\"><span>Read More<\/span><\/a><\/div><\/div><\/div><\/div><\/article><article class=\"wpr-grid-item elementor-clearfix post-3720 post type-post status-publish format-standard hentry category-uncategorized-pl\"><div class=\"wpr-grid-item-inner\"><div class=\"wpr-grid-item-below-content elementor-clearfix\"><h2 class=\"wpr-grid-item-title elementor-repeater-item-10c2ad9 wpr-grid-item-display-block wpr-grid-item-align-left wpr-pointer-none wpr-pointer-line-fx wpr-pointer-fx-fade\"><div class=\"inner-block\"><a target=\"_self\"  href=\"https:\/\/www.care-platform.eu\/index.php\/pl\/2025\/07\/25\/wydarzenie-upowszechniajace-care-w-atenach-ceramiczna-latarnia\/\">Wydarzenie upowszechniaj\u0105ce CARE w Atenach: Ceramiczna latarnia<\/a><\/div><\/h2><div class=\"wpr-grid-item-date elementor-repeater-item-4230d2c wpr-grid-item-display-inline wpr-grid-item-align-left\"><div class=\"inner-block\"><span>July 25, 2025<span class=\"wpr-grid-extra-text-right\">\/<\/span><\/span><\/div><\/div><div class=\"wpr-grid-item-excerpt elementor-repeater-item-8367252 wpr-grid-item-display-block wpr-grid-item-align-left\"><div class=\"inner-block\"><p>W kwietniu 2025 roku w Miejskim Teatrze w Kallithei odby\u0142o si\u0119 wydarzenie upowszechniaj\u0105ce projekt CARE, zorganizowane przez Sigma Business Network....<\/p><\/div><\/div><div class=\"wpr-grid-item-read-more elementor-repeater-item-04fde5a wpr-grid-item-display-block wpr-grid-item-align-left\"><div class=\"inner-block\"><a target=\"_self\" href=\"https:\/\/www.care-platform.eu\/index.php\/pl\/2025\/07\/25\/wydarzenie-upowszechniajace-care-w-atenach-ceramiczna-latarnia\/\" class=\"wpr-button-effect wpr-button-none\"><span>Read More<\/span><\/a><\/div><\/div><\/div><\/div><\/article><article class=\"wpr-grid-item elementor-clearfix post-3717 post type-post status-publish format-standard hentry category-uncategorized-pl\"><div class=\"wpr-grid-item-inner\"><div class=\"wpr-grid-item-below-content elementor-clearfix\"><h2 class=\"wpr-grid-item-title elementor-repeater-item-10c2ad9 wpr-grid-item-display-block wpr-grid-item-align-left wpr-pointer-none wpr-pointer-line-fx wpr-pointer-fx-fade\"><div class=\"inner-block\"><a target=\"_self\"  href=\"https:\/\/www.care-platform.eu\/index.php\/pl\/2025\/07\/25\/wzmacnianie-mlodziezy-z-niepelnosprawnoscia-wzrokowa-poprzez-sztuke-projekt-care-w-dzialaniu\/\">Wzmacnianie m\u0142odzie\u017cy z niepe\u0142nosprawno\u015bci\u0105 wzrokow\u0105 poprzez sztuk\u0119 \u2013 projekt CARE w dzia\u0142aniu<\/a><\/div><\/h2><div class=\"wpr-grid-item-date elementor-repeater-item-4230d2c wpr-grid-item-display-inline wpr-grid-item-align-left\"><div class=\"inner-block\"><span>July 25, 2025<span class=\"wpr-grid-extra-text-right\">\/<\/span><\/span><\/div><\/div><div class=\"wpr-grid-item-excerpt elementor-repeater-item-8367252 wpr-grid-item-display-block wpr-grid-item-align-left\"><div class=\"inner-block\"><p>Projekt Erasmus+ C.A.R.E. \u2013 Zwi\u0119kszanie poczucia w\u0142asnej warto\u015bci i\u00a0szans na\u00a0zatrudnienie os\u00f3b z\u00a0niepe\u0142nosprawno\u015bci\u0105 wzrokow\u0105 poprzez kszta\u0142towanie ich kompetencji psychomotorycznych w\u00a0pracy z\u00a0ceramik\u0105...<\/p><\/div><\/div><div class=\"wpr-grid-item-read-more elementor-repeater-item-04fde5a wpr-grid-item-display-block wpr-grid-item-align-left\"><div class=\"inner-block\"><a target=\"_self\" href=\"https:\/\/www.care-platform.eu\/index.php\/pl\/2025\/07\/25\/wzmacnianie-mlodziezy-z-niepelnosprawnoscia-wzrokowa-poprzez-sztuke-projekt-care-w-dzialaniu\/\" class=\"wpr-button-effect wpr-button-none\"><span>Read More<\/span><\/a><\/div><\/div><\/div><\/div><\/article><article class=\"wpr-grid-item elementor-clearfix post-3715 post type-post status-publish format-standard hentry category-uncategorized-pl\"><div class=\"wpr-grid-item-inner\"><div class=\"wpr-grid-item-below-content elementor-clearfix\"><h2 class=\"wpr-grid-item-title elementor-repeater-item-10c2ad9 wpr-grid-item-display-block wpr-grid-item-align-left wpr-pointer-none wpr-pointer-line-fx wpr-pointer-fx-fade\"><div class=\"inner-block\"><a target=\"_self\"  href=\"https:\/\/www.care-platform.eu\/index.php\/pl\/2025\/07\/25\/wydarzenie-upowszechniajace-care-w-lodzi-polska\/\">Wydarzenie upowszechniaj\u0105ce CARE w \u0141odzi, Polska<\/a><\/div><\/h2><div class=\"wpr-grid-item-date elementor-repeater-item-4230d2c wpr-grid-item-display-inline wpr-grid-item-align-left\"><div class=\"inner-block\"><span>July 25, 2025<span class=\"wpr-grid-extra-text-right\">\/<\/span><\/span><\/div><\/div><div class=\"wpr-grid-item-excerpt elementor-repeater-item-8367252 wpr-grid-item-display-block wpr-grid-item-align-left\"><div class=\"inner-block\"><p>Z rado\u015bci\u0105 dzielimy si\u0119 najwa\u017cniejszymi momentami z inspiruj\u0105cego wydarzenia ko\u0144cz\u0105cego projekt C.A.R.E. \u2013 Zwi\u0119kszanie poczucia w\u0142asnej warto\u015bci i\u00a0szans na\u00a0zatrudnienie os\u00f3b...<\/p><\/div><\/div><div class=\"wpr-grid-item-read-more elementor-repeater-item-04fde5a wpr-grid-item-display-block wpr-grid-item-align-left\"><div class=\"inner-block\"><a target=\"_self\" href=\"https:\/\/www.care-platform.eu\/index.php\/pl\/2025\/07\/25\/wydarzenie-upowszechniajace-care-w-lodzi-polska\/\" class=\"wpr-button-effect wpr-button-none\"><span>Read More<\/span><\/a><\/div><\/div><\/div><\/div><\/article><article class=\"wpr-grid-item elementor-clearfix post-3713 post type-post status-publish format-standard hentry category-uncategorized-pl\"><div class=\"wpr-grid-item-inner\"><div class=\"wpr-grid-item-below-content elementor-clearfix\"><h2 class=\"wpr-grid-item-title elementor-repeater-item-10c2ad9 wpr-grid-item-display-block wpr-grid-item-align-left wpr-pointer-none wpr-pointer-line-fx wpr-pointer-fx-fade\"><div class=\"inner-block\"><a target=\"_self\"  href=\"https:\/\/www.care-platform.eu\/index.php\/pl\/2025\/07\/25\/wydarzenie-upowszechniajace-care-w-cagliari-wlochy\/\">Wydarzenie upowszechniaj\u0105ce CARE w Cagliari, W\u0142ochy<\/a><\/div><\/h2><div class=\"wpr-grid-item-date elementor-repeater-item-4230d2c wpr-grid-item-display-inline wpr-grid-item-align-left\"><div class=\"inner-block\"><span>July 25, 2025<span class=\"wpr-grid-extra-text-right\">\/<\/span><\/span><\/div><\/div><div class=\"wpr-grid-item-excerpt elementor-repeater-item-8367252 wpr-grid-item-display-block wpr-grid-item-align-left\"><div class=\"inner-block\"><p>24 czerwca 2025 roku w Audytorium IERFOP w Cagliari odby\u0142a si\u0119 konferencja fina\u0142owa europejskiego projektu CARE. Konferencja zatytu\u0142owana \u201eEuropa jutra:...<\/p><\/div><\/div><div class=\"wpr-grid-item-read-more elementor-repeater-item-04fde5a wpr-grid-item-display-block wpr-grid-item-align-left\"><div class=\"inner-block\"><a target=\"_self\" href=\"https:\/\/www.care-platform.eu\/index.php\/pl\/2025\/07\/25\/wydarzenie-upowszechniajace-care-w-cagliari-wlochy\/\" class=\"wpr-button-effect wpr-button-none\"><span>Read More<\/span><\/a><\/div><\/div><\/div><\/div><\/article><article class=\"wpr-grid-item elementor-clearfix post-3622 post type-post status-publish format-standard hentry category-uncategorized-el\"><div class=\"wpr-grid-item-inner\"><div class=\"wpr-grid-item-below-content elementor-clearfix\"><h2 class=\"wpr-grid-item-title elementor-repeater-item-10c2ad9 wpr-grid-item-display-block wpr-grid-item-align-left wpr-pointer-none wpr-pointer-line-fx wpr-pointer-fx-fade\"><div class=\"inner-block\"><a target=\"_self\"  href=\"https:\/\/www.care-platform.eu\/index.php\/el\/2025\/07\/25\/%ce%b5%ce%bd%ce%b4%cf%85%ce%bd%ce%ac%ce%bc%cf%89%cf%83%ce%b7-%ce%bd%ce%ad%cf%89%ce%bd-%ce%bc%ce%b5-%ce%bf%cf%80%cf%84%ce%b9%ce%ba%ce%ae-%ce%b1%ce%bd%ce%b1%cf%80%ce%b7%cf%81%ce%af%ce%b1-%ce%bc%ce%ad\/\">\u0395\u03bd\u03b4\u03c5\u03bd\u03ac\u03bc\u03c9\u03c3\u03b7 \u03bd\u03ad\u03c9\u03bd \u03bc\u03b5 \u03bf\u03c0\u03c4\u03b9\u03ba\u03ae \u03b1\u03bd\u03b1\u03c0\u03b7\u03c1\u03af\u03b1 \u03bc\u03ad\u03c3\u03c9 \u03c4\u03b7\u03c2 \u03c4\u03ad\u03c7\u03bd\u03b7\u03c2:<\/a><\/div><\/h2><div class=\"wpr-grid-item-date elementor-repeater-item-4230d2c wpr-grid-item-display-inline wpr-grid-item-align-left\"><div class=\"inner-block\"><span>July 25, 2025<span class=\"wpr-grid-extra-text-right\">\/<\/span><\/span><\/div><\/div><div class=\"wpr-grid-item-excerpt elementor-repeater-item-8367252 wpr-grid-item-display-block wpr-grid-item-align-left\"><div class=\"inner-block\"><p>\u03a4\u03bf \u03c0\u03c1\u03cc\u03b3\u03c1\u03b1\u03bc\u03bc\u03b1 Erasmus+ C.A.R.E.-Ceramic Artworks to Raise Esteem and Employability \u03b5\u03af\u03bd\u03b1\u03b9 \u03bc\u03b9\u03b1 \u03c0\u03c1\u03c9\u03c4\u03bf\u03c0\u03bf\u03c1\u03b9\u03b1\u03ba\u03ae \u03c0\u03c1\u03c9\u03c4\u03bf\u03b2\u03bf\u03c5\u03bb\u03af\u03b1 \u03b1\u03c6\u03b9\u03b5\u03c1\u03c9\u03bc\u03ad\u03bd\u03b7 \u03c3\u03c4\u03b7\u03bd \u03b5\u03bd\u03b4\u03c5\u03bd\u03ac\u03bc\u03c9\u03c3\u03b7 \u03bd\u03ad\u03c9\u03bd \u03bc\u03b5 \u03bf\u03c0\u03c4\u03b9\u03ba\u03ae...<\/p><\/div><\/div><div class=\"wpr-grid-item-read-more elementor-repeater-item-04fde5a wpr-grid-item-display-block wpr-grid-item-align-left\"><div class=\"inner-block\"><a target=\"_self\" href=\"https:\/\/www.care-platform.eu\/index.php\/el\/2025\/07\/25\/%ce%b5%ce%bd%ce%b4%cf%85%ce%bd%ce%ac%ce%bc%cf%89%cf%83%ce%b7-%ce%bd%ce%ad%cf%89%ce%bd-%ce%bc%ce%b5-%ce%bf%cf%80%cf%84%ce%b9%ce%ba%ce%ae-%ce%b1%ce%bd%ce%b1%cf%80%ce%b7%cf%81%ce%af%ce%b1-%ce%bc%ce%ad\/\" class=\"wpr-button-effect wpr-button-none\"><span>Read More<\/span><\/a><\/div><\/div><\/div><\/div><\/article><article class=\"wpr-grid-item elementor-clearfix post-3545 post type-post status-publish format-standard hentry category-uncategorized\"><div class=\"wpr-grid-item-inner\"><div class=\"wpr-grid-item-below-content elementor-clearfix\"><h2 class=\"wpr-grid-item-title elementor-repeater-item-10c2ad9 wpr-grid-item-display-block wpr-grid-item-align-left wpr-pointer-none wpr-pointer-line-fx wpr-pointer-fx-fade\"><div class=\"inner-block\"><a target=\"_self\"  href=\"https:\/\/www.care-platform.eu\/index.php\/2025\/07\/10\/care-multiplier-event-in-cyprus-dine-network-and-share-with-care\/\">CARE Multiplier Event in Cyprus: \u201cDine, Network, and Share with CARE!\u201d<\/a><\/div><\/h2><div class=\"wpr-grid-item-date elementor-repeater-item-4230d2c wpr-grid-item-display-inline wpr-grid-item-align-left\"><div class=\"inner-block\"><span>July 10, 2025<span class=\"wpr-grid-extra-text-right\">\/<\/span><\/span><\/div><\/div><div class=\"wpr-grid-item-excerpt elementor-repeater-item-8367252 wpr-grid-item-display-block wpr-grid-item-align-left\"><div class=\"inner-block\"><p>On December 3rd, 2024, Center for Social Innovation (CSI) Cyprus successfully hosted the CARE Multiplier Event titled \u201cDine, Network, and...<\/p><\/div><\/div><div class=\"wpr-grid-item-read-more elementor-repeater-item-04fde5a wpr-grid-item-display-block wpr-grid-item-align-left\"><div class=\"inner-block\"><a target=\"_self\" href=\"https:\/\/www.care-platform.eu\/index.php\/2025\/07\/10\/care-multiplier-event-in-cyprus-dine-network-and-share-with-care\/\" class=\"wpr-button-effect wpr-button-none\"><span>Read More<\/span><\/a><\/div><\/div><\/div><\/div><\/article><article class=\"wpr-grid-item elementor-clearfix post-3559 post type-post status-publish format-standard hentry category-uncategorized\"><div class=\"wpr-grid-item-inner\"><div class=\"wpr-grid-item-below-content elementor-clearfix\"><h2 class=\"wpr-grid-item-title elementor-repeater-item-10c2ad9 wpr-grid-item-display-block wpr-grid-item-align-left wpr-pointer-none wpr-pointer-line-fx wpr-pointer-fx-fade\"><div class=\"inner-block\"><a target=\"_self\"  href=\"https:\/\/www.care-platform.eu\/index.php\/2025\/07\/09\/care-multiplier-event-in-athens-a-ceramic-lighthouse\/\">CARE Multiplier Event in Athens: A ceramic lighthouse<\/a><\/div><\/h2><div class=\"wpr-grid-item-date elementor-repeater-item-4230d2c wpr-grid-item-display-inline wpr-grid-item-align-left\"><div class=\"inner-block\"><span>July 9, 2025<span class=\"wpr-grid-extra-text-right\">\/<\/span><\/span><\/div><\/div><div class=\"wpr-grid-item-excerpt elementor-repeater-item-8367252 wpr-grid-item-display-block wpr-grid-item-align-left\"><div class=\"inner-block\"><p>In April 2025, the Municipal Theater of Kallithea hosted the CARE project\u2019s multiplier event in Athens, organized by Sigma Business...<\/p><\/div><\/div><div class=\"wpr-grid-item-read-more elementor-repeater-item-04fde5a wpr-grid-item-display-block wpr-grid-item-align-left\"><div class=\"inner-block\"><a target=\"_self\" href=\"https:\/\/www.care-platform.eu\/index.php\/2025\/07\/09\/care-multiplier-event-in-athens-a-ceramic-lighthouse\/\" class=\"wpr-button-effect wpr-button-none\"><span>Read More<\/span><\/a><\/div><\/div><\/div><\/div><\/article><article class=\"wpr-grid-item elementor-clearfix post-3557 post type-post status-publish format-standard hentry category-uncategorized\"><div class=\"wpr-grid-item-inner\"><div class=\"wpr-grid-item-below-content elementor-clearfix\"><h2 class=\"wpr-grid-item-title elementor-repeater-item-10c2ad9 wpr-grid-item-display-block wpr-grid-item-align-left wpr-pointer-none wpr-pointer-line-fx wpr-pointer-fx-fade\"><div class=\"inner-block\"><a target=\"_self\"  href=\"https:\/\/www.care-platform.eu\/index.php\/2025\/07\/09\/empowering-visually-impaired-youth-through-art-the-care-project-in-action\/\">Empowering Visually Impaired Youth Through Art: The CARE Project in action<\/a><\/div><\/h2><div class=\"wpr-grid-item-date elementor-repeater-item-4230d2c wpr-grid-item-display-inline wpr-grid-item-align-left\"><div class=\"inner-block\"><span>July 9, 2025<span class=\"wpr-grid-extra-text-right\">\/<\/span><\/span><\/div><\/div><div class=\"wpr-grid-item-excerpt elementor-repeater-item-8367252 wpr-grid-item-display-block wpr-grid-item-align-left\"><div class=\"inner-block\"><p>The Erasmus+ project C.A.R.E.-Ceramic Artworks to Raise Esteem and Employability is a groundbreaking initiative dedicated to empowering young people with...<\/p><\/div><\/div><div class=\"wpr-grid-item-read-more elementor-repeater-item-04fde5a wpr-grid-item-display-block wpr-grid-item-align-left\"><div class=\"inner-block\"><a target=\"_self\" href=\"https:\/\/www.care-platform.eu\/index.php\/2025\/07\/09\/empowering-visually-impaired-youth-through-art-the-care-project-in-action\/\" class=\"wpr-button-effect wpr-button-none\"><span>Read More<\/span><\/a><\/div><\/div><\/div><\/div><\/article><article class=\"wpr-grid-item elementor-clearfix post-3555 post type-post status-publish format-standard hentry category-uncategorized\"><div class=\"wpr-grid-item-inner\"><div class=\"wpr-grid-item-below-content elementor-clearfix\"><h2 class=\"wpr-grid-item-title elementor-repeater-item-10c2ad9 wpr-grid-item-display-block wpr-grid-item-align-left wpr-pointer-none wpr-pointer-line-fx wpr-pointer-fx-fade\"><div class=\"inner-block\"><a target=\"_self\"  href=\"https:\/\/www.care-platform.eu\/index.php\/2025\/07\/09\/care-multiplier-event-in-lodz-poland\/\">CARE Multiplier Event in \u0141\u00f3d\u017a, Poland<\/a><\/div><\/h2><div class=\"wpr-grid-item-date elementor-repeater-item-4230d2c wpr-grid-item-display-inline wpr-grid-item-align-left\"><div class=\"inner-block\"><span>July 9, 2025<span class=\"wpr-grid-extra-text-right\">\/<\/span><\/span><\/div><\/div><div class=\"wpr-grid-item-excerpt elementor-repeater-item-8367252 wpr-grid-item-display-block wpr-grid-item-align-left\"><div class=\"inner-block\"><p>We\u2019re thrilled to share highlights from a truly inspiring event that marked the official conclusion of the C.A.R.E. \u2013 Ceramic...<\/p><\/div><\/div><div class=\"wpr-grid-item-read-more elementor-repeater-item-04fde5a wpr-grid-item-display-block wpr-grid-item-align-left\"><div class=\"inner-block\"><a target=\"_self\" href=\"https:\/\/www.care-platform.eu\/index.php\/2025\/07\/09\/care-multiplier-event-in-lodz-poland\/\" class=\"wpr-button-effect wpr-button-none\"><span>Read More<\/span><\/a><\/div><\/div><\/div><\/div><\/article><article class=\"wpr-grid-item elementor-clearfix post-3549 post type-post status-publish format-standard hentry category-uncategorized\"><div class=\"wpr-grid-item-inner\"><div class=\"wpr-grid-item-below-content elementor-clearfix\"><h2 class=\"wpr-grid-item-title elementor-repeater-item-10c2ad9 wpr-grid-item-display-block wpr-grid-item-align-left wpr-pointer-none wpr-pointer-line-fx wpr-pointer-fx-fade\"><div class=\"inner-block\"><a target=\"_self\"  href=\"https:\/\/www.care-platform.eu\/index.php\/2025\/07\/09\/care-multiplier-event-in-cagliari-italy\/\">CARE Multiplier Event in Cagliari, Italy<\/a><\/div><\/h2><div class=\"wpr-grid-item-date elementor-repeater-item-4230d2c wpr-grid-item-display-inline wpr-grid-item-align-left\"><div class=\"inner-block\"><span>July 9, 2025<span class=\"wpr-grid-extra-text-right\">\/<\/span><\/span><\/div><\/div><div class=\"wpr-grid-item-excerpt elementor-repeater-item-8367252 wpr-grid-item-display-block wpr-grid-item-align-left\"><div class=\"inner-block\"><p>On June 24, 2025, the final conference of the European CARE project was held at the Auditourium of IERFOP, Cagliari....<\/p><\/div><\/div><div class=\"wpr-grid-item-read-more elementor-repeater-item-04fde5a wpr-grid-item-display-block wpr-grid-item-align-left\"><div class=\"inner-block\"><a target=\"_self\" href=\"https:\/\/www.care-platform.eu\/index.php\/2025\/07\/09\/care-multiplier-event-in-cagliari-italy\/\" class=\"wpr-button-effect wpr-button-none\"><span>Read More<\/span><\/a><\/div><\/div><\/div><\/div><\/article><article class=\"wpr-grid-item elementor-clearfix post-3541 post type-post status-publish format-standard hentry category-uncategorized\"><div class=\"wpr-grid-item-inner\"><div class=\"wpr-grid-item-below-content elementor-clearfix\"><h2 class=\"wpr-grid-item-title elementor-repeater-item-10c2ad9 wpr-grid-item-display-block wpr-grid-item-align-left wpr-pointer-none wpr-pointer-line-fx wpr-pointer-fx-fade\"><div class=\"inner-block\"><a target=\"_self\"  href=\"https:\/\/www.care-platform.eu\/index.php\/2025\/07\/09\/prism-multiplier-event-in-palermo-art-inclusion-and-innovation-for-visually-impaired-young-people\/\">PRISM Multiplier event in Palermo: art, inclusion, and innovation for visually impaired young people<\/a><\/div><\/h2><div class=\"wpr-grid-item-date elementor-repeater-item-4230d2c wpr-grid-item-display-inline wpr-grid-item-align-left\"><div class=\"inner-block\"><span>July 9, 2025<span class=\"wpr-grid-extra-text-right\">\/<\/span><\/span><\/div><\/div><div class=\"wpr-grid-item-excerpt elementor-repeater-item-8367252 wpr-grid-item-display-block wpr-grid-item-align-left\"><div class=\"inner-block\"><p>On December 12, 2024, PRISM in collaboration with the Regional Centre for Design and Restoration in Palermo hosted the final...<\/p><\/div><\/div><div class=\"wpr-grid-item-read-more elementor-repeater-item-04fde5a wpr-grid-item-display-block wpr-grid-item-align-left\"><div class=\"inner-block\"><a target=\"_self\" href=\"https:\/\/www.care-platform.eu\/index.php\/2025\/07\/09\/prism-multiplier-event-in-palermo-art-inclusion-and-innovation-for-visually-impaired-young-people\/\" class=\"wpr-button-effect wpr-button-none\"><span>Read More<\/span><\/a><\/div><\/div><\/div><\/div><\/article><article class=\"wpr-grid-item elementor-clearfix post-3709 post type-post status-publish format-standard hentry category-uncategorized-pl\"><div class=\"wpr-grid-item-inner\"><div class=\"wpr-grid-item-below-content elementor-clearfix\"><h2 class=\"wpr-grid-item-title elementor-repeater-item-10c2ad9 wpr-grid-item-display-block wpr-grid-item-align-left wpr-pointer-none wpr-pointer-line-fx wpr-pointer-fx-fade\"><div class=\"inner-block\"><a target=\"_self\"  href=\"https:\/\/www.care-platform.eu\/index.php\/pl\/2025\/07\/09\/wydarzenie-upowszechniajace-w-palermo-sztuka-integracja-i-innowacja-na-rzecz-mlodziezy-z-niepelnosprawnoscia-wzrokowa\/\">Wydarzenie upowszechniaj\u0105ce w Palermo \u2013 sztuka, integracja i innowacja na rzecz m\u0142odzie\u017cy z niepe\u0142nosprawno\u015bci\u0105 wzrokow\u0105<\/a><\/div><\/h2><div class=\"wpr-grid-item-date elementor-repeater-item-4230d2c wpr-grid-item-display-inline wpr-grid-item-align-left\"><div class=\"inner-block\"><span>July 9, 2025<span class=\"wpr-grid-extra-text-right\">\/<\/span><\/span><\/div><\/div><div class=\"wpr-grid-item-excerpt elementor-repeater-item-8367252 wpr-grid-item-display-block wpr-grid-item-align-left\"><div class=\"inner-block\"><p>12 grudnia 2024 roku, w Palermo odby\u0142a si\u0119 konferencja ko\u0144cowa europejskiego projektu CARE, zorganizowana przez PRISM Impresa Sociale srl we...<\/p><\/div><\/div><div class=\"wpr-grid-item-read-more elementor-repeater-item-04fde5a wpr-grid-item-display-block wpr-grid-item-align-left\"><div class=\"inner-block\"><a target=\"_self\" href=\"https:\/\/www.care-platform.eu\/index.php\/pl\/2025\/07\/09\/wydarzenie-upowszechniajace-w-palermo-sztuka-integracja-i-innowacja-na-rzecz-mlodziezy-z-niepelnosprawnoscia-wzrokowa\/\" class=\"wpr-button-effect wpr-button-none\"><span>Read More<\/span><\/a><\/div><\/div><\/div><\/div><\/article><\/section><div class=\"wpr-grid-pagination elementor-clearfix wpr-grid-pagination-load-more\"><a href=\"https:\/\/www.care-platform.eu\/index.php\/wp-json\/wp\/v2\/pages\/1482\/page\/2\/\" class=\"wpr-load-more-btn\" data-e-disable-page-transition >Load More<\/a><div class=\"wpr-pagination-loading\"><div class=\"wpr-double-bounce\"><div class=\"wpr-child wpr-double-bounce1\"><\/div><div class=\"wpr-child wpr-double-bounce2\"><\/div><\/div><\/div><p class=\"wpr-pagination-finish\">End of Content.<\/p><\/div>\t\t\t\t<\/div>\n\t\t\t\t<\/div>\n\t\t\t\t\t<\/div>\n\t\t<\/div>\n\t\t\t\t\t<\/div>\n\t\t<\/section>\n\t\t\t\t<\/div>\n\t\t","protected":false},"excerpt":{"rendered":"<p>NEWS AND EVENTS All Posts Uncategorized A sea of possibilities June 5, 2024\/ We started ceramic workshops with our project Partners and the \u0141\u00f3d\u017a School for the Visually Impaired and Blind in \u0141\u00f3d\u017a&hellip; Read More Empowering Creativity: Ceramic Workshops and Inclusive Initiatives in Nicosia June 4, 2024\/ In the context of the project CARE in Cyprus, after a long period of preparations, we started our ceramic workshops&hellip; Read More CARE&#8217;s ceramic workshops: a new pathway for young people with visual impairments in Europe. Let\u2019s discover the uncountable benefits! June 3, 2024\/ Erasmus+ CARE&#8217;s ceramic workshops are proving to be a true success for young people with visual impairments in Italy, Greece,&hellip; Read More Improving self-esteem with a Ceramic Erasmus+ Course May 23, 2024\/ Ierfop&#8217;s Care Project, the adventure continues for ten visually impaired young people From clay to ceramics. Under the guidance of&hellip; Read More 3rd Film Festival for Disabilities in Cyprus December 29, 2023\/ Our Cypriot partners, Center for Social Innovation &#8211; CSI, on the occasion of the International Day of Persons with Disabilities,&hellip; Read More CARE at the 5th International Conference: \u201cLiteracy and Contemporary Society: Creativity, Equity, Social Action\u201d in Cyprus December 4, 2023\/ On the 4th of December 2023, during the 5th International Conference: \u201cLiteracy and Contemporary Society: Creativity, Equity, Social Action\u201d organized&hellip; Read More CARE: C1- Joint Staff Training November 8, 2023\/ \u0399nternational training in Poland on how to promote the social and labour inclusion of visually impaired young people (V.I) through&hellip; Read More CARE: the artistic approach and ceramic processing to promote the inclusion of visually impaired young people. Find out the latest&hellip; June 15, 2023\/ On 7-8 June 2023, the European partners of CARE from Italy, Greece, Cyprus, Poland, Ireland met in Wexford (Ireland) to&hellip; Read More 1st Transnational C.A.R.E Meeting January 26, 2023\/ Nine participants from five partner organizations coming from four European countries attended the 1st Transnational kick-off meeting of the Erasmus+&hellip; Read More C.A.R.E.-New Erasmus+ Project January 25, 2023\/ C.A.R.E. arises a key opportunity for young people with visual impairment (V.I.P.) to unlock their potential as individuals, as artists,&hellip; Read More<\/p>\n","protected":false},"author":1,"featured_media":0,"parent":0,"menu_order":0,"comment_status":"closed","ping_status":"closed","template":"","meta":{"_exactmetrics_skip_tracking":false,"_exactmetrics_sitenote_active":false,"_exactmetrics_sitenote_note":"","_exactmetrics_sitenote_category":0,"_monsterinsights_skip_tracking":false,"_monsterinsights_sitenote_active":false,"_monsterinsights_sitenote_note":"","_monsterinsights_sitenote_category":0,"site-sidebar-layout":"no-sidebar","site-content-layout":"page-builder","ast-site-content-layout":"full-width-container","site-content-style":"default","site-sidebar-style":"default","ast-global-header-display":"","ast-banner-title-visibility":"","ast-main-header-display":"","ast-hfb-above-header-display":"","ast-hfb-below-header-display":"","ast-hfb-mobile-header-display":"","site-post-title":"disabled","ast-breadcrumbs-content":"","ast-featured-img":"disabled","footer-sml-layout":"","theme-transparent-header-meta":"","adv-header-id-meta":"","stick-header-meta":"","header-above-stick-meta":"","header-main-stick-meta":"","header-below-stick-meta":"","astra-migrate-meta-layouts":"set","ast-page-background-enabled":"default","ast-page-background-meta":{"desktop":{"background-color":"var(--ast-global-color-4)","background-image":"","background-repeat":"repeat","background-position":"center center","background-size":"auto","background-attachment":"scroll","background-type":"","background-media":"","overlay-type":"","overlay-color":"","overlay-opacity":"","overlay-gradient":""},"tablet":{"background-color":"","background-image":"","background-repeat":"repeat","background-position":"center center","background-size":"auto","background-attachment":"scroll","background-type":"","background-media":"","overlay-type":"","overlay-color":"","overlay-opacity":"","overlay-gradient":""},"mobile":{"background-color":"","background-image":"","background-repeat":"repeat","background-position":"center center","background-size":"auto","background-attachment":"scroll","background-type":"","background-media":"","overlay-type":"","overlay-color":"","overlay-opacity":"","overlay-gradient":""}},"ast-content-background-meta":{"desktop":{"background-color":"var(--ast-global-color-5)","background-image":"","background-repeat":"repeat","background-position":"center center","background-size":"auto","background-attachment":"scroll","background-type":"","background-media":"","overlay-type":"","overlay-color":"","overlay-opacity":"","overlay-gradient":""},"tablet":{"background-color":"var(--ast-global-color-5)","background-image":"","background-repeat":"repeat","background-position":"center center","background-size":"auto","background-attachment":"scroll","background-type":"","background-media":"","overlay-type":"","overlay-color":"","overlay-opacity":"","overlay-gradient":""},"mobile":{"background-color":"var(--ast-global-color-5)","background-image":"","background-repeat":"repeat","background-position":"center center","background-size":"auto","background-attachment":"scroll","background-type":"","background-media":"","overlay-type":"","overlay-color":"","overlay-opacity":"","overlay-gradient":""}},"footnotes":""},"class_list":["post-1482","page","type-page","status-publish","hentry"],"yoast_head":"<!-- This site is optimized with the Yoast SEO plugin v25.5 - https:\/\/yoast.com\/wordpress\/plugins\/seo\/ -->\n<title>News and Events - C.A.R.E.<\/title>\n<meta name=\"robots\" content=\"index, follow, max-snippet:-1, max-image-preview:large, max-video-preview:-1\" \/>\n<link rel=\"canonical\" href=\"https:\/\/www.care-platform.eu\/index.php\/news-and-events\/\" \/>\n<meta property=\"og:locale\" content=\"en_US\" \/>\n<meta property=\"og:type\" content=\"article\" \/>\n<meta property=\"og:title\" content=\"News and Events - C.A.R.E.\" \/>\n<meta property=\"og:description\" content=\"NEWS AND EVENTS All Posts Uncategorized A sea of possibilities June 5, 2024\/ We started ceramic workshops with our project Partners and the \u0141\u00f3d\u017a School for the Visually Impaired and Blind in \u0141\u00f3d\u017a&hellip; Read More Empowering Creativity: Ceramic Workshops and Inclusive Initiatives in Nicosia June 4, 2024\/ In the context of the project CARE in Cyprus, after a long period of preparations, we started our ceramic workshops&hellip; Read More CARE&#8217;s ceramic workshops: a new pathway for young people with visual impairments in Europe. Let\u2019s discover the uncountable benefits! June 3, 2024\/ Erasmus+ CARE&#8217;s ceramic workshops are proving to be a true success for young people with visual impairments in Italy, Greece,&hellip; Read More Improving self-esteem with a Ceramic Erasmus+ Course May 23, 2024\/ Ierfop&#8217;s Care Project, the adventure continues for ten visually impaired young people From clay to ceramics. Under the guidance of&hellip; Read More 3rd Film Festival for Disabilities in Cyprus December 29, 2023\/ Our Cypriot partners, Center for Social Innovation &#8211; CSI, on the occasion of the International Day of Persons with Disabilities,&hellip; Read More CARE at the 5th International Conference: \u201cLiteracy and Contemporary Society: Creativity, Equity, Social Action\u201d in Cyprus December 4, 2023\/ On the 4th of December 2023, during the 5th International Conference: \u201cLiteracy and Contemporary Society: Creativity, Equity, Social Action\u201d organized&hellip; Read More CARE: C1- Joint Staff Training November 8, 2023\/ \u0399nternational training in Poland on how to promote the social and labour inclusion of visually impaired young people (V.I) through&hellip; Read More CARE: the artistic approach and ceramic processing to promote the inclusion of visually impaired young people. Find out the latest&hellip; June 15, 2023\/ On 7-8 June 2023, the European partners of CARE from Italy, Greece, Cyprus, Poland, Ireland met in Wexford (Ireland) to&hellip; Read More 1st Transnational C.A.R.E Meeting January 26, 2023\/ Nine participants from five partner organizations coming from four European countries attended the 1st Transnational kick-off meeting of the Erasmus+&hellip; Read More C.A.R.E.-New Erasmus+ Project January 25, 2023\/ C.A.R.E. arises a key opportunity for young people with visual impairment (V.I.P.) to unlock their potential as individuals, as artists,&hellip; Read More\" \/>\n<meta property=\"og:url\" content=\"https:\/\/www.care-platform.eu\/index.php\/news-and-events\/\" \/>\n<meta property=\"og:site_name\" content=\"C.A.R.E.\" \/>\n<meta property=\"article:modified_time\" content=\"2024-06-13T22:45:55+00:00\" \/>\n<meta name=\"twitter:card\" content=\"summary_large_image\" \/>\n<meta name=\"twitter:label1\" content=\"Est. reading time\" \/>\n\t<meta name=\"twitter:data1\" content=\"2 minutes\" \/>\n<script type=\"application\/ld+json\" class=\"yoast-schema-graph\">{\"@context\":\"https:\/\/schema.org\",\"@graph\":[{\"@type\":\"WebPage\",\"@id\":\"https:\/\/www.care-platform.eu\/index.php\/news-and-events\/\",\"url\":\"https:\/\/www.care-platform.eu\/index.php\/news-and-events\/\",\"name\":\"News and Events - C.A.R.E.\",\"isPartOf\":{\"@id\":\"https:\/\/www.care-platform.eu\/#website\"},\"datePublished\":\"2023-11-20T14:24:06+00:00\",\"dateModified\":\"2024-06-13T22:45:55+00:00\",\"breadcrumb\":{\"@id\":\"https:\/\/www.care-platform.eu\/index.php\/news-and-events\/#breadcrumb\"},\"inLanguage\":\"en-US\",\"potentialAction\":[{\"@type\":\"ReadAction\",\"target\":[\"https:\/\/www.care-platform.eu\/index.php\/news-and-events\/\"]}]},{\"@type\":\"BreadcrumbList\",\"@id\":\"https:\/\/www.care-platform.eu\/index.php\/news-and-events\/#breadcrumb\",\"itemListElement\":[{\"@type\":\"ListItem\",\"position\":1,\"name\":\"Home\",\"item\":\"https:\/\/www.care-platform.eu\/\"},{\"@type\":\"ListItem\",\"position\":2,\"name\":\"News and Events\"}]},{\"@type\":\"WebSite\",\"@id\":\"https:\/\/www.care-platform.eu\/#website\",\"url\":\"https:\/\/www.care-platform.eu\/\",\"name\":\"C.A.R.E.\",\"description\":\"\",\"publisher\":{\"@id\":\"https:\/\/www.care-platform.eu\/#organization\"},\"potentialAction\":[{\"@type\":\"SearchAction\",\"target\":{\"@type\":\"EntryPoint\",\"urlTemplate\":\"https:\/\/www.care-platform.eu\/?s={search_term_string}\"},\"query-input\":{\"@type\":\"PropertyValueSpecification\",\"valueRequired\":true,\"valueName\":\"search_term_string\"}}],\"inLanguage\":\"en-US\"},{\"@type\":\"Organization\",\"@id\":\"https:\/\/www.care-platform.eu\/#organization\",\"name\":\"C.A.R.E.\",\"url\":\"https:\/\/www.care-platform.eu\/\",\"logo\":{\"@type\":\"ImageObject\",\"inLanguage\":\"en-US\",\"@id\":\"https:\/\/www.care-platform.eu\/#\/schema\/logo\/image\/\",\"url\":\"https:\/\/www.care-platform.eu\/wp-content\/uploads\/2023\/04\/cropped-cropped-logo-1-1.png\",\"contentUrl\":\"https:\/\/www.care-platform.eu\/wp-content\/uploads\/2023\/04\/cropped-cropped-logo-1-1.png\",\"width\":127,\"height\":153,\"caption\":\"C.A.R.E.\"},\"image\":{\"@id\":\"https:\/\/www.care-platform.eu\/#\/schema\/logo\/image\/\"}}]}<\/script>\n<!-- \/ Yoast SEO plugin. -->","yoast_head_json":{"title":"News and Events - C.A.R.E.","robots":{"index":"index","follow":"follow","max-snippet":"max-snippet:-1","max-image-preview":"max-image-preview:large","max-video-preview":"max-video-preview:-1"},"canonical":"https:\/\/www.care-platform.eu\/index.php\/news-and-events\/","og_locale":"en_US","og_type":"article","og_title":"News and Events - C.A.R.E.","og_description":"NEWS AND EVENTS All Posts Uncategorized A sea of possibilities June 5, 2024\/ We started ceramic workshops with our project Partners and the \u0141\u00f3d\u017a School for the Visually Impaired and Blind in \u0141\u00f3d\u017a&hellip; Read More Empowering Creativity: Ceramic Workshops and Inclusive Initiatives in Nicosia June 4, 2024\/ In the context of the project CARE in Cyprus, after a long period of preparations, we started our ceramic workshops&hellip; Read More CARE&#8217;s ceramic workshops: a new pathway for young people with visual impairments in Europe. Let\u2019s discover the uncountable benefits! June 3, 2024\/ Erasmus+ CARE&#8217;s ceramic workshops are proving to be a true success for young people with visual impairments in Italy, Greece,&hellip; Read More Improving self-esteem with a Ceramic Erasmus+ Course May 23, 2024\/ Ierfop&#8217;s Care Project, the adventure continues for ten visually impaired young people From clay to ceramics. Under the guidance of&hellip; Read More 3rd Film Festival for Disabilities in Cyprus December 29, 2023\/ Our Cypriot partners, Center for Social Innovation &#8211; CSI, on the occasion of the International Day of Persons with Disabilities,&hellip; Read More CARE at the 5th International Conference: \u201cLiteracy and Contemporary Society: Creativity, Equity, Social Action\u201d in Cyprus December 4, 2023\/ On the 4th of December 2023, during the 5th International Conference: \u201cLiteracy and Contemporary Society: Creativity, Equity, Social Action\u201d organized&hellip; Read More CARE: C1- Joint Staff Training November 8, 2023\/ \u0399nternational training in Poland on how to promote the social and labour inclusion of visually impaired young people (V.I) through&hellip; Read More CARE: the artistic approach and ceramic processing to promote the inclusion of visually impaired young people. Find out the latest&hellip; June 15, 2023\/ On 7-8 June 2023, the European partners of CARE from Italy, Greece, Cyprus, Poland, Ireland met in Wexford (Ireland) to&hellip; Read More 1st Transnational C.A.R.E Meeting January 26, 2023\/ Nine participants from five partner organizations coming from four European countries attended the 1st Transnational kick-off meeting of the Erasmus+&hellip; Read More C.A.R.E.-New Erasmus+ Project January 25, 2023\/ C.A.R.E. arises a key opportunity for young people with visual impairment (V.I.P.) to unlock their potential as individuals, as artists,&hellip; Read More","og_url":"https:\/\/www.care-platform.eu\/index.php\/news-and-events\/","og_site_name":"C.A.R.E.","article_modified_time":"2024-06-13T22:45:55+00:00","twitter_card":"summary_large_image","twitter_misc":{"Est. reading time":"2 minutes"},"schema":{"@context":"https:\/\/schema.org","@graph":[{"@type":"WebPage","@id":"https:\/\/www.care-platform.eu\/index.php\/news-and-events\/","url":"https:\/\/www.care-platform.eu\/index.php\/news-and-events\/","name":"News and Events - C.A.R.E.","isPartOf":{"@id":"https:\/\/www.care-platform.eu\/#website"},"datePublished":"2023-11-20T14:24:06+00:00","dateModified":"2024-06-13T22:45:55+00:00","breadcrumb":{"@id":"https:\/\/www.care-platform.eu\/index.php\/news-and-events\/#breadcrumb"},"inLanguage":"en-US","potentialAction":[{"@type":"ReadAction","target":["https:\/\/www.care-platform.eu\/index.php\/news-and-events\/"]}]},{"@type":"BreadcrumbList","@id":"https:\/\/www.care-platform.eu\/index.php\/news-and-events\/#breadcrumb","itemListElement":[{"@type":"ListItem","position":1,"name":"Home","item":"https:\/\/www.care-platform.eu\/"},{"@type":"ListItem","position":2,"name":"News and Events"}]},{"@type":"WebSite","@id":"https:\/\/www.care-platform.eu\/#website","url":"https:\/\/www.care-platform.eu\/","name":"C.A.R.E.","description":"","publisher":{"@id":"https:\/\/www.care-platform.eu\/#organization"},"potentialAction":[{"@type":"SearchAction","target":{"@type":"EntryPoint","urlTemplate":"https:\/\/www.care-platform.eu\/?s={search_term_string}"},"query-input":{"@type":"PropertyValueSpecification","valueRequired":true,"valueName":"search_term_string"}}],"inLanguage":"en-US"},{"@type":"Organization","@id":"https:\/\/www.care-platform.eu\/#organization","name":"C.A.R.E.","url":"https:\/\/www.care-platform.eu\/","logo":{"@type":"ImageObject","inLanguage":"en-US","@id":"https:\/\/www.care-platform.eu\/#\/schema\/logo\/image\/","url":"https:\/\/www.care-platform.eu\/wp-content\/uploads\/2023\/04\/cropped-cropped-logo-1-1.png","contentUrl":"https:\/\/www.care-platform.eu\/wp-content\/uploads\/2023\/04\/cropped-cropped-logo-1-1.png","width":127,"height":153,"caption":"C.A.R.E."},"image":{"@id":"https:\/\/www.care-platform.eu\/#\/schema\/logo\/image\/"}}]}},"_links":{"self":[{"href":"https:\/\/www.care-platform.eu\/index.php\/wp-json\/wp\/v2\/pages\/1482","targetHints":{"allow":["GET"]}}],"collection":[{"href":"https:\/\/www.care-platform.eu\/index.php\/wp-json\/wp\/v2\/pages"}],"about":[{"href":"https:\/\/www.care-platform.eu\/index.php\/wp-json\/wp\/v2\/types\/page"}],"author":[{"embeddable":true,"href":"https:\/\/www.care-platform.eu\/index.php\/wp-json\/wp\/v2\/users\/1"}],"replies":[{"embeddable":true,"href":"https:\/\/www.care-platform.eu\/index.php\/wp-json\/wp\/v2\/comments?post=1482"}],"version-history":[{"count":25,"href":"https:\/\/www.care-platform.eu\/index.php\/wp-json\/wp\/v2\/pages\/1482\/revisions"}],"predecessor-version":[{"id":2124,"href":"https:\/\/www.care-platform.eu\/index.php\/wp-json\/wp\/v2\/pages\/1482\/revisions\/2124"}],"wp:attachment":[{"href":"https:\/\/www.care-platform.eu\/index.php\/wp-json\/wp\/v2\/media?parent=1482"}],"curies":[{"name":"wp","href":"https:\/\/api.w.org\/{rel}","templated":true}]}}