{"id":1898,"date":"2024-05-30T18:54:56","date_gmt":"2024-05-30T18:54:56","guid":{"rendered":"http:\/\/www.care-platform.eu\/?page_id=1898"},"modified":"2025-02-27T22:44:17","modified_gmt":"2025-02-27T22:44:17","slug":"wideo","status":"publish","type":"page","link":"https:\/\/www.care-platform.eu\/index.php\/pl\/wideo\/","title":{"rendered":"Wideo"},"content":{"rendered":"\t\t<div data-elementor-type=\"wp-page\" data-elementor-id=\"1898\" class=\"elementor elementor-1898\">\n\t\t\t\t\t\t<section class=\"elementor-section elementor-top-section elementor-element elementor-element-092ff12 elementor-section-boxed elementor-section-height-default elementor-section-height-default wpr-particle-no wpr-jarallax-no wpr-parallax-no wpr-sticky-section-no\" data-id=\"092ff12\" data-element_type=\"section\" data-settings=\"{&quot;background_background&quot;:&quot;classic&quot;}\">\n\t\t\t\t\t\t\t<div class=\"elementor-background-overlay\"><\/div>\n\t\t\t\t\t\t\t<div class=\"elementor-container elementor-column-gap-default\">\n\t\t\t\t\t<div class=\"elementor-column elementor-col-100 elementor-top-column elementor-element elementor-element-2a4c408\" data-id=\"2a4c408\" data-element_type=\"column\">\n\t\t\t<div class=\"elementor-widget-wrap elementor-element-populated\">\n\t\t\t\t\t\t<div class=\"elementor-element elementor-element-1663026 elementor-widget elementor-widget-heading\" data-id=\"1663026\" data-element_type=\"widget\" data-widget_type=\"heading.default\">\n\t\t\t\t<div class=\"elementor-widget-container\">\n\t\t\t\t\t<h2 class=\"elementor-heading-title elementor-size-default\">Wideo<\/h2>\t\t\t\t<\/div>\n\t\t\t\t<\/div>\n\t\t\t\t\t<\/div>\n\t\t<\/div>\n\t\t\t\t\t<\/div>\n\t\t<\/section>\n\t\t\t\t<section class=\"elementor-section elementor-top-section elementor-element elementor-element-99c0517 elementor-section-boxed elementor-section-height-default elementor-section-height-default wpr-particle-no wpr-jarallax-no wpr-parallax-no wpr-sticky-section-no\" data-id=\"99c0517\" data-element_type=\"section\" data-settings=\"{&quot;background_background&quot;:&quot;classic&quot;}\">\n\t\t\t\t\t\t<div class=\"elementor-container elementor-column-gap-default\">\n\t\t\t\t\t<div class=\"elementor-column elementor-col-100 elementor-top-column elementor-element elementor-element-cc86acc\" data-id=\"cc86acc\" data-element_type=\"column\">\n\t\t\t<div class=\"elementor-widget-wrap elementor-element-populated\">\n\t\t\t\t\t\t<div class=\"elementor-element elementor-element-17b6e28 elementor-widget elementor-widget-text-editor\" data-id=\"17b6e28\" data-element_type=\"widget\" data-widget_type=\"text-editor.default\">\n\t\t\t\t<div class=\"elementor-widget-container\">\n\t\t\t\t\t\t\t\t\t<p>Projekt Erasmus+ C.A.R.E. wykorzystuje ceramik\u0119 jako narz\u0119dzie do rozwijania kreatywno\u015bci i uwra\u017cliwiania na potrzeby m\u0142odych z niepe\u0142nosprawno\u015bci\u0105 wzrokow\u0105. Dzi\u0119ki warsztatom prowadzonym we W\u0142oszech, Grecji, na Cyprze, w Irlandii i w Polsce, uczestnicy mieli okazj\u0119 pracowa\u0107 z do\u015bwiadczonymi ceramikami, edukatorami oraz specjalistami zajmuj\u0105cymi si\u0119 wsparciem os\u00f3b z dysfunkcj\u0105 wzroku. Jednym z kluczowych dzia\u0142a\u0144 projektu by\u0142o mi\u0119dzynarodowe szkolenie, kt\u00f3re odby\u0142o si\u0119 w Polsce w 2023 roku. Przygotowano w\u00f3wczas specjalny program dla edukator\u00f3w i ekspert\u00f3w w dziedzinie wspierania os\u00f3b z niepe\u0142nosprawno\u015bci\u0105 wzrokow\u0105, pomagaj\u0105c im zdoby\u0107 umiej\u0119tno\u015bci niezb\u0119dne do prowadzenia warsztat\u00f3w ceramicznych dostosowanych do potrzeb tej grupy. W 2024 roku we W\u0142oszech m\u0142odzi uczestnicy z kraj\u00f3w partnerskich spotkali si\u0119, by wsp\u00f3lnie tworzy\u0107, dzieli\u0107 si\u0119 do\u015bwiadczeniami i budowa\u0107 relacje w przyjaznym, wielokulturowym \u015brodowisku. Projekt C.A.R.E. da\u0142 im szans\u0119 na rozwijanie kreatywno\u015bci poprzez prac\u0119 z ceramik\u0105, a tak\u017ce na doskonalenie zdolno\u015bci manualnych i budowanie pewno\u015bci siebie. Dla wielu z nich by\u0142o to nie tylko artystyczne do\u015bwiadczenie, ale tak\u017ce pierwszy krok w stron\u0119 przysz\u0142ej \u015bcie\u017cki zawodowej zwi\u0105zanej ze sztuk\u0105 i rzemios\u0142em. Zwie\u0144czeniem projektu by\u0142y wystawy i wydarzenia w krajach partnerskich, podczas kt\u00f3rych zaprezentowano prace uczestnik\u00f3w. Dzi\u0119ki temu ich talent i tw\u00f3rczo\u015b\u0107 mog\u0142y zosta\u0107 dostrze\u017cone przez szersz\u0105 publiczno\u015b\u0107. C.A.R.E. to co\u015b wi\u0119cej ni\u017c tylko projekt \u2013 to podr\u00f3\u017c ku integracji, wyra\u017caniu siebie i osobistemu rozwojowi.<\/p>\t\t\t\t\t\t\t\t<\/div>\n\t\t\t\t<\/div>\n\t\t\t\t<section class=\"elementor-section elementor-inner-section elementor-element elementor-element-eaab8a5 elementor-section-boxed elementor-section-height-default elementor-section-height-default wpr-particle-no wpr-jarallax-no wpr-parallax-no wpr-sticky-section-no\" data-id=\"eaab8a5\" data-element_type=\"section\">\n\t\t\t\t\t\t<div class=\"elementor-container elementor-column-gap-default\">\n\t\t\t\t\t<div class=\"elementor-column elementor-col-50 elementor-inner-column elementor-element elementor-element-1de6b0e\" data-id=\"1de6b0e\" data-element_type=\"column\">\n\t\t\t<div class=\"elementor-widget-wrap elementor-element-populated\">\n\t\t\t\t\t\t<div class=\"elementor-element elementor-element-a3b4f8a elementor-widget elementor-widget-video\" data-id=\"a3b4f8a\" data-element_type=\"widget\" data-settings=\"{&quot;youtube_url&quot;:&quot;https:\\\/\\\/youtu.be\\\/HMlLPXfwpg0?si=mVTba6FBT1fcLoy1&quot;,&quot;video_type&quot;:&quot;youtube&quot;,&quot;controls&quot;:&quot;yes&quot;}\" data-widget_type=\"video.default\">\n\t\t\t\t<div class=\"elementor-widget-container\">\n\t\t\t\t\t\t\t<div class=\"elementor-wrapper elementor-open-inline\">\n\t\t\t<div class=\"elementor-video\"><\/div>\t\t<\/div>\n\t\t\t\t\t\t<\/div>\n\t\t\t\t<\/div>\n\t\t\t\t\t<\/div>\n\t\t<\/div>\n\t\t\t\t<div class=\"elementor-column elementor-col-50 elementor-inner-column elementor-element elementor-element-89393e6\" data-id=\"89393e6\" data-element_type=\"column\">\n\t\t\t<div class=\"elementor-widget-wrap elementor-element-populated\">\n\t\t\t\t\t\t<div class=\"elementor-element elementor-element-24c9cc1 elementor-widget elementor-widget-video\" data-id=\"24c9cc1\" data-element_type=\"widget\" data-settings=\"{&quot;youtube_url&quot;:&quot;https:\\\/\\\/youtu.be\\\/XDVfgwxc7fQ?si=-nxxC6UvT84Qz91D&quot;,&quot;video_type&quot;:&quot;youtube&quot;,&quot;controls&quot;:&quot;yes&quot;}\" data-widget_type=\"video.default\">\n\t\t\t\t<div class=\"elementor-widget-container\">\n\t\t\t\t\t\t\t<div class=\"elementor-wrapper elementor-open-inline\">\n\t\t\t<div class=\"elementor-video\"><\/div>\t\t<\/div>\n\t\t\t\t\t\t<\/div>\n\t\t\t\t<\/div>\n\t\t\t\t\t<\/div>\n\t\t<\/div>\n\t\t\t\t\t<\/div>\n\t\t<\/section>\n\t\t\t\t<section class=\"elementor-section elementor-inner-section elementor-element elementor-element-20ea090 elementor-section-boxed elementor-section-height-default elementor-section-height-default wpr-particle-no wpr-jarallax-no wpr-parallax-no wpr-sticky-section-no\" data-id=\"20ea090\" data-element_type=\"section\">\n\t\t\t\t\t\t<div class=\"elementor-container elementor-column-gap-default\">\n\t\t\t\t\t<div class=\"elementor-column elementor-col-50 elementor-inner-column elementor-element elementor-element-d7cf74a\" data-id=\"d7cf74a\" data-element_type=\"column\">\n\t\t\t<div class=\"elementor-widget-wrap elementor-element-populated\">\n\t\t\t\t\t\t<div class=\"elementor-element elementor-element-7405c50 elementor-widget elementor-widget-video\" data-id=\"7405c50\" data-element_type=\"widget\" data-settings=\"{&quot;youtube_url&quot;:&quot;https:\\\/\\\/youtu.be\\\/VPw1RD2gwVY?si=DaFIdhWPrwVnkcjn&quot;,&quot;video_type&quot;:&quot;youtube&quot;,&quot;controls&quot;:&quot;yes&quot;}\" data-widget_type=\"video.default\">\n\t\t\t\t<div class=\"elementor-widget-container\">\n\t\t\t\t\t\t\t<div class=\"elementor-wrapper elementor-open-inline\">\n\t\t\t<div class=\"elementor-video\"><\/div>\t\t<\/div>\n\t\t\t\t\t\t<\/div>\n\t\t\t\t<\/div>\n\t\t\t\t\t<\/div>\n\t\t<\/div>\n\t\t\t\t<div class=\"elementor-column elementor-col-50 elementor-inner-column elementor-element elementor-element-3e77533\" data-id=\"3e77533\" data-element_type=\"column\">\n\t\t\t<div class=\"elementor-widget-wrap elementor-element-populated\">\n\t\t\t\t\t\t<div class=\"elementor-element elementor-element-b16aabf elementor-widget elementor-widget-video\" data-id=\"b16aabf\" data-element_type=\"widget\" data-settings=\"{&quot;youtube_url&quot;:&quot;https:\\\/\\\/youtu.be\\\/p-hioR1_qfo?si=ujXuLr3qB-k748dE&quot;,&quot;video_type&quot;:&quot;youtube&quot;,&quot;controls&quot;:&quot;yes&quot;}\" data-widget_type=\"video.default\">\n\t\t\t\t<div class=\"elementor-widget-container\">\n\t\t\t\t\t\t\t<div class=\"elementor-wrapper elementor-open-inline\">\n\t\t\t<div class=\"elementor-video\"><\/div>\t\t<\/div>\n\t\t\t\t\t\t<\/div>\n\t\t\t\t<\/div>\n\t\t\t\t\t<\/div>\n\t\t<\/div>\n\t\t\t\t\t<\/div>\n\t\t<\/section>\n\t\t\t\t<section class=\"elementor-section elementor-inner-section elementor-element elementor-element-a5bda68 elementor-section-boxed elementor-section-height-default elementor-section-height-default wpr-particle-no wpr-jarallax-no wpr-parallax-no wpr-sticky-section-no\" data-id=\"a5bda68\" data-element_type=\"section\">\n\t\t\t\t\t\t<div class=\"elementor-container elementor-column-gap-default\">\n\t\t\t\t\t<div class=\"elementor-column elementor-col-50 elementor-inner-column elementor-element elementor-element-bd607c9\" data-id=\"bd607c9\" data-element_type=\"column\">\n\t\t\t<div class=\"elementor-widget-wrap elementor-element-populated\">\n\t\t\t\t\t\t<div class=\"elementor-element elementor-element-933f231 elementor-widget elementor-widget-video\" data-id=\"933f231\" data-element_type=\"widget\" data-settings=\"{&quot;youtube_url&quot;:&quot;https:\\\/\\\/youtu.be\\\/ly0R4Kj-Ovk?si=zKEcMJen79xr0lKh&quot;,&quot;video_type&quot;:&quot;youtube&quot;,&quot;controls&quot;:&quot;yes&quot;}\" data-widget_type=\"video.default\">\n\t\t\t\t<div class=\"elementor-widget-container\">\n\t\t\t\t\t\t\t<div class=\"elementor-wrapper elementor-open-inline\">\n\t\t\t<div class=\"elementor-video\"><\/div>\t\t<\/div>\n\t\t\t\t\t\t<\/div>\n\t\t\t\t<\/div>\n\t\t\t\t\t<\/div>\n\t\t<\/div>\n\t\t\t\t<div class=\"elementor-column elementor-col-50 elementor-inner-column elementor-element elementor-element-7f9420a\" data-id=\"7f9420a\" data-element_type=\"column\">\n\t\t\t<div class=\"elementor-widget-wrap elementor-element-populated\">\n\t\t\t\t\t\t<div class=\"elementor-element elementor-element-6b38d30 elementor-widget elementor-widget-video\" data-id=\"6b38d30\" data-element_type=\"widget\" data-settings=\"{&quot;youtube_url&quot;:&quot;https:\\\/\\\/youtu.be\\\/LlXJ59WVuJI?si=-hhVEfXFI1yMGImU&quot;,&quot;video_type&quot;:&quot;youtube&quot;,&quot;controls&quot;:&quot;yes&quot;}\" data-widget_type=\"video.default\">\n\t\t\t\t<div class=\"elementor-widget-container\">\n\t\t\t\t\t\t\t<div class=\"elementor-wrapper elementor-open-inline\">\n\t\t\t<div class=\"elementor-video\"><\/div>\t\t<\/div>\n\t\t\t\t\t\t<\/div>\n\t\t\t\t<\/div>\n\t\t\t\t\t<\/div>\n\t\t<\/div>\n\t\t\t\t\t<\/div>\n\t\t<\/section>\n\t\t\t\t<section class=\"elementor-section elementor-inner-section elementor-element elementor-element-2be70e2 elementor-section-boxed elementor-section-height-default elementor-section-height-default wpr-particle-no wpr-jarallax-no wpr-parallax-no wpr-sticky-section-no\" data-id=\"2be70e2\" data-element_type=\"section\">\n\t\t\t\t\t\t<div class=\"elementor-container elementor-column-gap-default\">\n\t\t\t\t\t<div class=\"elementor-column elementor-col-50 elementor-inner-column elementor-element elementor-element-d3ea4cf\" data-id=\"d3ea4cf\" data-element_type=\"column\">\n\t\t\t<div class=\"elementor-widget-wrap elementor-element-populated\">\n\t\t\t\t\t\t<div class=\"elementor-element elementor-element-c8935e6 elementor-widget elementor-widget-video\" data-id=\"c8935e6\" data-element_type=\"widget\" data-settings=\"{&quot;youtube_url&quot;:&quot;https:\\\/\\\/youtu.be\\\/QVVqiCVAfA4?si=arS3aDz7Av9Ah_Cd&quot;,&quot;video_type&quot;:&quot;youtube&quot;,&quot;controls&quot;:&quot;yes&quot;}\" data-widget_type=\"video.default\">\n\t\t\t\t<div class=\"elementor-widget-container\">\n\t\t\t\t\t\t\t<div class=\"elementor-wrapper elementor-open-inline\">\n\t\t\t<div class=\"elementor-video\"><\/div>\t\t<\/div>\n\t\t\t\t\t\t<\/div>\n\t\t\t\t<\/div>\n\t\t\t\t\t<\/div>\n\t\t<\/div>\n\t\t\t\t<div class=\"elementor-column elementor-col-50 elementor-inner-column elementor-element elementor-element-01e3ea3\" data-id=\"01e3ea3\" data-element_type=\"column\">\n\t\t\t<div class=\"elementor-widget-wrap elementor-element-populated\">\n\t\t\t\t\t\t<div class=\"elementor-element elementor-element-4fb0430 elementor-widget elementor-widget-video\" data-id=\"4fb0430\" data-element_type=\"widget\" data-settings=\"{&quot;youtube_url&quot;:&quot;https:\\\/\\\/youtu.be\\\/oazRGe7OUDc?si=NjWmRseLhgdzVISB&quot;,&quot;video_type&quot;:&quot;youtube&quot;,&quot;controls&quot;:&quot;yes&quot;}\" data-widget_type=\"video.default\">\n\t\t\t\t<div class=\"elementor-widget-container\">\n\t\t\t\t\t\t\t<div class=\"elementor-wrapper elementor-open-inline\">\n\t\t\t<div class=\"elementor-video\"><\/div>\t\t<\/div>\n\t\t\t\t\t\t<\/div>\n\t\t\t\t<\/div>\n\t\t\t\t\t<\/div>\n\t\t<\/div>\n\t\t\t\t\t<\/div>\n\t\t<\/section>\n\t\t\t\t\t<\/div>\n\t\t<\/div>\n\t\t\t\t\t<\/div>\n\t\t<\/section>\n\t\t\t\t<\/div>\n\t\t","protected":false},"excerpt":{"rendered":"<p>Wideo Projekt Erasmus+ C.A.R.E. wykorzystuje ceramik\u0119 jako narz\u0119dzie do rozwijania kreatywno\u015bci i uwra\u017cliwiania na potrzeby m\u0142odych z niepe\u0142nosprawno\u015bci\u0105 wzrokow\u0105. Dzi\u0119ki warsztatom prowadzonym we W\u0142oszech, Grecji, na Cyprze, w Irlandii i w Polsce, uczestnicy mieli okazj\u0119 pracowa\u0107 z do\u015bwiadczonymi ceramikami, edukatorami oraz specjalistami zajmuj\u0105cymi si\u0119 wsparciem os\u00f3b z dysfunkcj\u0105 wzroku. Jednym z kluczowych dzia\u0142a\u0144 projektu by\u0142o mi\u0119dzynarodowe szkolenie, kt\u00f3re odby\u0142o si\u0119 w Polsce w 2023 roku. Przygotowano w\u00f3wczas specjalny program dla edukator\u00f3w i ekspert\u00f3w w dziedzinie wspierania os\u00f3b z niepe\u0142nosprawno\u015bci\u0105 wzrokow\u0105, pomagaj\u0105c im zdoby\u0107 umiej\u0119tno\u015bci niezb\u0119dne do prowadzenia warsztat\u00f3w ceramicznych dostosowanych do potrzeb tej grupy. W 2024 roku we W\u0142oszech m\u0142odzi uczestnicy z kraj\u00f3w partnerskich spotkali si\u0119, by wsp\u00f3lnie tworzy\u0107, dzieli\u0107 si\u0119 do\u015bwiadczeniami i budowa\u0107 relacje w przyjaznym, wielokulturowym \u015brodowisku. Projekt C.A.R.E. da\u0142 im szans\u0119 na rozwijanie kreatywno\u015bci poprzez prac\u0119 z ceramik\u0105, a tak\u017ce na doskonalenie zdolno\u015bci manualnych i budowanie pewno\u015bci siebie. Dla wielu z nich by\u0142o to nie tylko artystyczne do\u015bwiadczenie, ale tak\u017ce pierwszy krok w stron\u0119 przysz\u0142ej \u015bcie\u017cki zawodowej zwi\u0105zanej ze sztuk\u0105 i rzemios\u0142em. Zwie\u0144czeniem projektu by\u0142y wystawy i wydarzenia w krajach partnerskich, podczas kt\u00f3rych zaprezentowano prace uczestnik\u00f3w. Dzi\u0119ki temu ich talent i tw\u00f3rczo\u015b\u0107 mog\u0142y zosta\u0107 dostrze\u017cone przez szersz\u0105 publiczno\u015b\u0107. C.A.R.E. to co\u015b wi\u0119cej ni\u017c tylko projekt \u2013 to podr\u00f3\u017c ku integracji, wyra\u017caniu siebie i osobistemu rozwojowi. https:\/\/youtu.be\/HMlLPXfwpg0?si=mVTba6FBT1fcLoy1https:\/\/youtu.be\/XDVfgwxc7fQ?si=-nxxC6UvT84Qz91Dhttps:\/\/youtu.be\/VPw1RD2gwVY?si=DaFIdhWPrwVnkcjnhttps:\/\/youtu.be\/p-hioR1_qfo?si=ujXuLr3qB-k748dEhttps:\/\/youtu.be\/ly0R4Kj-Ovk?si=zKEcMJen79xr0lKhhttps:\/\/youtu.be\/LlXJ59WVuJI?si=-hhVEfXFI1yMGImUhttps:\/\/youtu.be\/QVVqiCVAfA4?si=arS3aDz7Av9Ah_Cdhttps:\/\/youtu.be\/oazRGe7OUDc?si=NjWmRseLhgdzVISB<\/p>\n","protected":false},"author":1,"featured_media":0,"parent":0,"menu_order":0,"comment_status":"closed","ping_status":"closed","template":"","meta":{"_exactmetrics_skip_tracking":false,"_exactmetrics_sitenote_active":false,"_exactmetrics_sitenote_note":"","_exactmetrics_sitenote_category":0,"_monsterinsights_skip_tracking":false,"_monsterinsights_sitenote_active":false,"_monsterinsights_sitenote_note":"","_monsterinsights_sitenote_category":0,"site-sidebar-layout":"no-sidebar","site-content-layout":"page-builder","ast-site-content-layout":"full-width-container","site-content-style":"default","site-sidebar-style":"default","ast-global-header-display":"","ast-banner-title-visibility":"","ast-main-header-display":"","ast-hfb-above-header-display":"","ast-hfb-below-header-display":"","ast-hfb-mobile-header-display":"","site-post-title":"disabled","ast-breadcrumbs-content":"","ast-featured-img":"disabled","footer-sml-layout":"","theme-transparent-header-meta":"","adv-header-id-meta":"","stick-header-meta":"","header-above-stick-meta":"","header-main-stick-meta":"","header-below-stick-meta":"","astra-migrate-meta-layouts":"set","ast-page-background-enabled":"default","ast-page-background-meta":{"desktop":{"background-color":"var(--ast-global-color-4)","background-image":"","background-repeat":"repeat","background-position":"center center","background-size":"auto","background-attachment":"scroll","background-type":"","background-media":"","overlay-type":"","overlay-color":"","overlay-opacity":"","overlay-gradient":""},"tablet":{"background-color":"","background-image":"","background-repeat":"repeat","background-position":"center center","background-size":"auto","background-attachment":"scroll","background-type":"","background-media":"","overlay-type":"","overlay-color":"","overlay-opacity":"","overlay-gradient":""},"mobile":{"background-color":"","background-image":"","background-repeat":"repeat","background-position":"center center","background-size":"auto","background-attachment":"scroll","background-type":"","background-media":"","overlay-type":"","overlay-color":"","overlay-opacity":"","overlay-gradient":""}},"ast-content-background-meta":{"desktop":{"background-color":"var(--ast-global-color-5)","background-image":"","background-repeat":"repeat","background-position":"center center","background-size":"auto","background-attachment":"scroll","background-type":"","background-media":"","overlay-type":"","overlay-color":"","overlay-opacity":"","overlay-gradient":""},"tablet":{"background-color":"var(--ast-global-color-5)","background-image":"","background-repeat":"repeat","background-position":"center center","background-size":"auto","background-attachment":"scroll","background-type":"","background-media":"","overlay-type":"","overlay-color":"","overlay-opacity":"","overlay-gradient":""},"mobile":{"background-color":"var(--ast-global-color-5)","background-image":"","background-repeat":"repeat","background-position":"center center","background-size":"auto","background-attachment":"scroll","background-type":"","background-media":"","overlay-type":"","overlay-color":"","overlay-opacity":"","overlay-gradient":""}},"footnotes":""},"class_list":["post-1898","page","type-page","status-publish","hentry"],"yoast_head":"<!-- This site is optimized with the Yoast SEO plugin v25.5 - https:\/\/yoast.com\/wordpress\/plugins\/seo\/ -->\n<title>Wideo - C.A.R.E.<\/title>\n<meta name=\"robots\" content=\"index, follow, max-snippet:-1, max-image-preview:large, max-video-preview:-1\" \/>\n<link rel=\"canonical\" href=\"https:\/\/www.care-platform.eu\/index.php\/pl\/wideo\/\" \/>\n<meta property=\"og:locale\" content=\"en_US\" \/>\n<meta property=\"og:type\" content=\"article\" \/>\n<meta property=\"og:title\" content=\"Wideo - C.A.R.E.\" \/>\n<meta property=\"og:description\" content=\"Wideo Projekt Erasmus+ C.A.R.E. wykorzystuje ceramik\u0119 jako narz\u0119dzie do rozwijania kreatywno\u015bci i uwra\u017cliwiania na potrzeby m\u0142odych z niepe\u0142nosprawno\u015bci\u0105 wzrokow\u0105. Dzi\u0119ki warsztatom prowadzonym we W\u0142oszech, Grecji, na Cyprze, w Irlandii i w Polsce, uczestnicy mieli okazj\u0119 pracowa\u0107 z do\u015bwiadczonymi ceramikami, edukatorami oraz specjalistami zajmuj\u0105cymi si\u0119 wsparciem os\u00f3b z dysfunkcj\u0105 wzroku. Jednym z kluczowych dzia\u0142a\u0144 projektu by\u0142o mi\u0119dzynarodowe szkolenie, kt\u00f3re odby\u0142o si\u0119 w Polsce w 2023 roku. Przygotowano w\u00f3wczas specjalny program dla edukator\u00f3w i ekspert\u00f3w w dziedzinie wspierania os\u00f3b z niepe\u0142nosprawno\u015bci\u0105 wzrokow\u0105, pomagaj\u0105c im zdoby\u0107 umiej\u0119tno\u015bci niezb\u0119dne do prowadzenia warsztat\u00f3w ceramicznych dostosowanych do potrzeb tej grupy. W 2024 roku we W\u0142oszech m\u0142odzi uczestnicy z kraj\u00f3w partnerskich spotkali si\u0119, by wsp\u00f3lnie tworzy\u0107, dzieli\u0107 si\u0119 do\u015bwiadczeniami i budowa\u0107 relacje w przyjaznym, wielokulturowym \u015brodowisku. Projekt C.A.R.E. da\u0142 im szans\u0119 na rozwijanie kreatywno\u015bci poprzez prac\u0119 z ceramik\u0105, a tak\u017ce na doskonalenie zdolno\u015bci manualnych i budowanie pewno\u015bci siebie. Dla wielu z nich by\u0142o to nie tylko artystyczne do\u015bwiadczenie, ale tak\u017ce pierwszy krok w stron\u0119 przysz\u0142ej \u015bcie\u017cki zawodowej zwi\u0105zanej ze sztuk\u0105 i rzemios\u0142em. Zwie\u0144czeniem projektu by\u0142y wystawy i wydarzenia w krajach partnerskich, podczas kt\u00f3rych zaprezentowano prace uczestnik\u00f3w. Dzi\u0119ki temu ich talent i tw\u00f3rczo\u015b\u0107 mog\u0142y zosta\u0107 dostrze\u017cone przez szersz\u0105 publiczno\u015b\u0107. C.A.R.E. to co\u015b wi\u0119cej ni\u017c tylko projekt \u2013 to podr\u00f3\u017c ku integracji, wyra\u017caniu siebie i osobistemu rozwojowi. https:\/\/youtu.be\/HMlLPXfwpg0?si=mVTba6FBT1fcLoy1https:\/\/youtu.be\/XDVfgwxc7fQ?si=-nxxC6UvT84Qz91Dhttps:\/\/youtu.be\/VPw1RD2gwVY?si=DaFIdhWPrwVnkcjnhttps:\/\/youtu.be\/p-hioR1_qfo?si=ujXuLr3qB-k748dEhttps:\/\/youtu.be\/ly0R4Kj-Ovk?si=zKEcMJen79xr0lKhhttps:\/\/youtu.be\/LlXJ59WVuJI?si=-hhVEfXFI1yMGImUhttps:\/\/youtu.be\/QVVqiCVAfA4?si=arS3aDz7Av9Ah_Cdhttps:\/\/youtu.be\/oazRGe7OUDc?si=NjWmRseLhgdzVISB\" \/>\n<meta property=\"og:url\" content=\"https:\/\/www.care-platform.eu\/index.php\/pl\/wideo\/\" \/>\n<meta property=\"og:site_name\" content=\"C.A.R.E.\" \/>\n<meta property=\"article:modified_time\" content=\"2025-02-27T22:44:17+00:00\" \/>\n<meta name=\"twitter:card\" content=\"summary_large_image\" \/>\n<meta name=\"twitter:label1\" content=\"Est. reading time\" \/>\n\t<meta name=\"twitter:data1\" content=\"1 minute\" \/>\n<script type=\"application\/ld+json\" class=\"yoast-schema-graph\">{\"@context\":\"https:\/\/schema.org\",\"@graph\":[{\"@type\":\"WebPage\",\"@id\":\"https:\/\/www.care-platform.eu\/index.php\/pl\/wideo\/\",\"url\":\"https:\/\/www.care-platform.eu\/index.php\/pl\/wideo\/\",\"name\":\"Wideo - C.A.R.E.\",\"isPartOf\":{\"@id\":\"https:\/\/www.care-platform.eu\/#website\"},\"datePublished\":\"2024-05-30T18:54:56+00:00\",\"dateModified\":\"2025-02-27T22:44:17+00:00\",\"breadcrumb\":{\"@id\":\"https:\/\/www.care-platform.eu\/index.php\/pl\/wideo\/#breadcrumb\"},\"inLanguage\":\"en-US\",\"potentialAction\":[{\"@type\":\"ReadAction\",\"target\":[\"https:\/\/www.care-platform.eu\/index.php\/pl\/wideo\/\"]}]},{\"@type\":\"BreadcrumbList\",\"@id\":\"https:\/\/www.care-platform.eu\/index.php\/pl\/wideo\/#breadcrumb\",\"itemListElement\":[{\"@type\":\"ListItem\",\"position\":1,\"name\":\"Home\",\"item\":\"https:\/\/www.care-platform.eu\/\"},{\"@type\":\"ListItem\",\"position\":2,\"name\":\"Wideo\"}]},{\"@type\":\"WebSite\",\"@id\":\"https:\/\/www.care-platform.eu\/#website\",\"url\":\"https:\/\/www.care-platform.eu\/\",\"name\":\"C.A.R.E.\",\"description\":\"\",\"publisher\":{\"@id\":\"https:\/\/www.care-platform.eu\/#organization\"},\"potentialAction\":[{\"@type\":\"SearchAction\",\"target\":{\"@type\":\"EntryPoint\",\"urlTemplate\":\"https:\/\/www.care-platform.eu\/?s={search_term_string}\"},\"query-input\":{\"@type\":\"PropertyValueSpecification\",\"valueRequired\":true,\"valueName\":\"search_term_string\"}}],\"inLanguage\":\"en-US\"},{\"@type\":\"Organization\",\"@id\":\"https:\/\/www.care-platform.eu\/#organization\",\"name\":\"C.A.R.E.\",\"url\":\"https:\/\/www.care-platform.eu\/\",\"logo\":{\"@type\":\"ImageObject\",\"inLanguage\":\"en-US\",\"@id\":\"https:\/\/www.care-platform.eu\/#\/schema\/logo\/image\/\",\"url\":\"https:\/\/www.care-platform.eu\/wp-content\/uploads\/2023\/04\/cropped-cropped-logo-1-1.png\",\"contentUrl\":\"https:\/\/www.care-platform.eu\/wp-content\/uploads\/2023\/04\/cropped-cropped-logo-1-1.png\",\"width\":127,\"height\":153,\"caption\":\"C.A.R.E.\"},\"image\":{\"@id\":\"https:\/\/www.care-platform.eu\/#\/schema\/logo\/image\/\"}}]}<\/script>\n<!-- \/ Yoast SEO plugin. -->","yoast_head_json":{"title":"Wideo - C.A.R.E.","robots":{"index":"index","follow":"follow","max-snippet":"max-snippet:-1","max-image-preview":"max-image-preview:large","max-video-preview":"max-video-preview:-1"},"canonical":"https:\/\/www.care-platform.eu\/index.php\/pl\/wideo\/","og_locale":"en_US","og_type":"article","og_title":"Wideo - C.A.R.E.","og_description":"Wideo Projekt Erasmus+ C.A.R.E. wykorzystuje ceramik\u0119 jako narz\u0119dzie do rozwijania kreatywno\u015bci i uwra\u017cliwiania na potrzeby m\u0142odych z niepe\u0142nosprawno\u015bci\u0105 wzrokow\u0105. Dzi\u0119ki warsztatom prowadzonym we W\u0142oszech, Grecji, na Cyprze, w Irlandii i w Polsce, uczestnicy mieli okazj\u0119 pracowa\u0107 z do\u015bwiadczonymi ceramikami, edukatorami oraz specjalistami zajmuj\u0105cymi si\u0119 wsparciem os\u00f3b z dysfunkcj\u0105 wzroku. Jednym z kluczowych dzia\u0142a\u0144 projektu by\u0142o mi\u0119dzynarodowe szkolenie, kt\u00f3re odby\u0142o si\u0119 w Polsce w 2023 roku. Przygotowano w\u00f3wczas specjalny program dla edukator\u00f3w i ekspert\u00f3w w dziedzinie wspierania os\u00f3b z niepe\u0142nosprawno\u015bci\u0105 wzrokow\u0105, pomagaj\u0105c im zdoby\u0107 umiej\u0119tno\u015bci niezb\u0119dne do prowadzenia warsztat\u00f3w ceramicznych dostosowanych do potrzeb tej grupy. W 2024 roku we W\u0142oszech m\u0142odzi uczestnicy z kraj\u00f3w partnerskich spotkali si\u0119, by wsp\u00f3lnie tworzy\u0107, dzieli\u0107 si\u0119 do\u015bwiadczeniami i budowa\u0107 relacje w przyjaznym, wielokulturowym \u015brodowisku. Projekt C.A.R.E. da\u0142 im szans\u0119 na rozwijanie kreatywno\u015bci poprzez prac\u0119 z ceramik\u0105, a tak\u017ce na doskonalenie zdolno\u015bci manualnych i budowanie pewno\u015bci siebie. Dla wielu z nich by\u0142o to nie tylko artystyczne do\u015bwiadczenie, ale tak\u017ce pierwszy krok w stron\u0119 przysz\u0142ej \u015bcie\u017cki zawodowej zwi\u0105zanej ze sztuk\u0105 i rzemios\u0142em. Zwie\u0144czeniem projektu by\u0142y wystawy i wydarzenia w krajach partnerskich, podczas kt\u00f3rych zaprezentowano prace uczestnik\u00f3w. Dzi\u0119ki temu ich talent i tw\u00f3rczo\u015b\u0107 mog\u0142y zosta\u0107 dostrze\u017cone przez szersz\u0105 publiczno\u015b\u0107. C.A.R.E. to co\u015b wi\u0119cej ni\u017c tylko projekt \u2013 to podr\u00f3\u017c ku integracji, wyra\u017caniu siebie i osobistemu rozwojowi. https:\/\/youtu.be\/HMlLPXfwpg0?si=mVTba6FBT1fcLoy1https:\/\/youtu.be\/XDVfgwxc7fQ?si=-nxxC6UvT84Qz91Dhttps:\/\/youtu.be\/VPw1RD2gwVY?si=DaFIdhWPrwVnkcjnhttps:\/\/youtu.be\/p-hioR1_qfo?si=ujXuLr3qB-k748dEhttps:\/\/youtu.be\/ly0R4Kj-Ovk?si=zKEcMJen79xr0lKhhttps:\/\/youtu.be\/LlXJ59WVuJI?si=-hhVEfXFI1yMGImUhttps:\/\/youtu.be\/QVVqiCVAfA4?si=arS3aDz7Av9Ah_Cdhttps:\/\/youtu.be\/oazRGe7OUDc?si=NjWmRseLhgdzVISB","og_url":"https:\/\/www.care-platform.eu\/index.php\/pl\/wideo\/","og_site_name":"C.A.R.E.","article_modified_time":"2025-02-27T22:44:17+00:00","twitter_card":"summary_large_image","twitter_misc":{"Est. reading time":"1 minute"},"schema":{"@context":"https:\/\/schema.org","@graph":[{"@type":"WebPage","@id":"https:\/\/www.care-platform.eu\/index.php\/pl\/wideo\/","url":"https:\/\/www.care-platform.eu\/index.php\/pl\/wideo\/","name":"Wideo - C.A.R.E.","isPartOf":{"@id":"https:\/\/www.care-platform.eu\/#website"},"datePublished":"2024-05-30T18:54:56+00:00","dateModified":"2025-02-27T22:44:17+00:00","breadcrumb":{"@id":"https:\/\/www.care-platform.eu\/index.php\/pl\/wideo\/#breadcrumb"},"inLanguage":"en-US","potentialAction":[{"@type":"ReadAction","target":["https:\/\/www.care-platform.eu\/index.php\/pl\/wideo\/"]}]},{"@type":"BreadcrumbList","@id":"https:\/\/www.care-platform.eu\/index.php\/pl\/wideo\/#breadcrumb","itemListElement":[{"@type":"ListItem","position":1,"name":"Home","item":"https:\/\/www.care-platform.eu\/"},{"@type":"ListItem","position":2,"name":"Wideo"}]},{"@type":"WebSite","@id":"https:\/\/www.care-platform.eu\/#website","url":"https:\/\/www.care-platform.eu\/","name":"C.A.R.E.","description":"","publisher":{"@id":"https:\/\/www.care-platform.eu\/#organization"},"potentialAction":[{"@type":"SearchAction","target":{"@type":"EntryPoint","urlTemplate":"https:\/\/www.care-platform.eu\/?s={search_term_string}"},"query-input":{"@type":"PropertyValueSpecification","valueRequired":true,"valueName":"search_term_string"}}],"inLanguage":"en-US"},{"@type":"Organization","@id":"https:\/\/www.care-platform.eu\/#organization","name":"C.A.R.E.","url":"https:\/\/www.care-platform.eu\/","logo":{"@type":"ImageObject","inLanguage":"en-US","@id":"https:\/\/www.care-platform.eu\/#\/schema\/logo\/image\/","url":"https:\/\/www.care-platform.eu\/wp-content\/uploads\/2023\/04\/cropped-cropped-logo-1-1.png","contentUrl":"https:\/\/www.care-platform.eu\/wp-content\/uploads\/2023\/04\/cropped-cropped-logo-1-1.png","width":127,"height":153,"caption":"C.A.R.E."},"image":{"@id":"https:\/\/www.care-platform.eu\/#\/schema\/logo\/image\/"}}]}},"_links":{"self":[{"href":"https:\/\/www.care-platform.eu\/index.php\/wp-json\/wp\/v2\/pages\/1898","targetHints":{"allow":["GET"]}}],"collection":[{"href":"https:\/\/www.care-platform.eu\/index.php\/wp-json\/wp\/v2\/pages"}],"about":[{"href":"https:\/\/www.care-platform.eu\/index.php\/wp-json\/wp\/v2\/types\/page"}],"author":[{"embeddable":true,"href":"https:\/\/www.care-platform.eu\/index.php\/wp-json\/wp\/v2\/users\/1"}],"replies":[{"embeddable":true,"href":"https:\/\/www.care-platform.eu\/index.php\/wp-json\/wp\/v2\/comments?post=1898"}],"version-history":[{"count":10,"href":"https:\/\/www.care-platform.eu\/index.php\/wp-json\/wp\/v2\/pages\/1898\/revisions"}],"predecessor-version":[{"id":2583,"href":"https:\/\/www.care-platform.eu\/index.php\/wp-json\/wp\/v2\/pages\/1898\/revisions\/2583"}],"wp:attachment":[{"href":"https:\/\/www.care-platform.eu\/index.php\/wp-json\/wp\/v2\/media?parent=1898"}],"curies":[{"name":"wp","href":"https:\/\/api.w.org\/{rel}","templated":true}]}}