{"id":3525,"date":"2025-07-13T22:14:23","date_gmt":"2025-07-13T22:14:23","guid":{"rendered":"https:\/\/www.care-platform.eu\/?page_id=3525"},"modified":"2025-08-02T10:17:30","modified_gmt":"2025-08-02T10:17:30","slug":"dobre-praktyki-wywiady","status":"publish","type":"page","link":"https:\/\/www.care-platform.eu\/index.php\/pl\/dobre-praktyki-wywiady\/","title":{"rendered":"Dobre praktyki &#8211; wywiady"},"content":{"rendered":"\t\t<div data-elementor-type=\"wp-page\" data-elementor-id=\"3525\" class=\"elementor elementor-3525\">\n\t\t\t\t\t\t<section class=\"elementor-section elementor-top-section elementor-element elementor-element-51ce20b elementor-section-boxed elementor-section-height-default elementor-section-height-default wpr-particle-no wpr-jarallax-no wpr-parallax-no wpr-sticky-section-no\" data-id=\"51ce20b\" data-element_type=\"section\" data-settings=\"{&quot;background_background&quot;:&quot;classic&quot;}\">\n\t\t\t\t\t\t\t<div class=\"elementor-background-overlay\"><\/div>\n\t\t\t\t\t\t\t<div class=\"elementor-container elementor-column-gap-default\">\n\t\t\t\t\t<div class=\"elementor-column elementor-col-100 elementor-top-column elementor-element elementor-element-7d49f94\" data-id=\"7d49f94\" data-element_type=\"column\">\n\t\t\t<div class=\"elementor-widget-wrap elementor-element-populated\">\n\t\t\t\t\t\t<div class=\"elementor-element elementor-element-fe06dfa elementor-widget elementor-widget-heading\" data-id=\"fe06dfa\" data-element_type=\"widget\" data-widget_type=\"heading.default\">\n\t\t\t\t<div class=\"elementor-widget-container\">\n\t\t\t\t\t<h2 class=\"elementor-heading-title elementor-size-default\">Dobre praktyki - wywiady <\/h2>\t\t\t\t<\/div>\n\t\t\t\t<\/div>\n\t\t\t\t\t<\/div>\n\t\t<\/div>\n\t\t\t\t\t<\/div>\n\t\t<\/section>\n\t\t\t\t<section class=\"elementor-section elementor-top-section elementor-element elementor-element-2d1713e elementor-section-boxed elementor-section-height-default elementor-section-height-default wpr-particle-no wpr-jarallax-no wpr-parallax-no wpr-sticky-section-no\" data-id=\"2d1713e\" data-element_type=\"section\" data-settings=\"{&quot;background_background&quot;:&quot;classic&quot;}\">\n\t\t\t\t\t\t<div class=\"elementor-container elementor-column-gap-default\">\n\t\t\t\t\t<div class=\"elementor-column elementor-col-100 elementor-top-column elementor-element elementor-element-2182c85\" data-id=\"2182c85\" data-element_type=\"column\">\n\t\t\t<div class=\"elementor-widget-wrap elementor-element-populated\">\n\t\t\t\t\t\t<div class=\"elementor-element elementor-element-f8cc05e elementor-widget elementor-widget-text-editor\" data-id=\"f8cc05e\" data-element_type=\"widget\" data-widget_type=\"text-editor.default\">\n\t\t\t\t<div class=\"elementor-widget-container\">\n\t\t\t\t\t\t\t\t\t<p>W ramach projektu CARE ka\u017cdy kraj partnerski przygotowa\u0142 inspiruj\u0105ce wywiady wideo z m\u0142odymi osobami z niepe\u0142nosprawno\u015bciami, ukazuj\u0105ce ich osobiste historie odporno\u015bci, kreatywno\u015bci i wp\u0142ywu spo\u0142ecznego.<\/p><p>Wywiady te towarzysz\u0105 publikacji \u201ePodr\u0119cznik przedsi\u0119biorczo\u015bci dla spo\u0142eczno\u015bci os\u00f3b z dysfunkcj\u0105 wzroku\u201d, kt\u00f3ry zawiera praktyczne narz\u0119dzia, wskaz\u00f3wki i motywacj\u0119 dla m\u0142odych os\u00f3b z niepe\u0142nosprawno\u015bciami, pomagaj\u0105c im dostrzec potrzeby w swoich spo\u0142eczno\u015bciach i zak\u0142ada\u0107 w\u0142asne inicjatywy.<\/p><p>W ka\u017cdym kr\u00f3tkim filmie przedstawieni m\u0142odzi ludzie opowiadaj\u0105 o sobie oraz dziel\u0105 si\u0119 refleksjami na temat swojej drogi \u017cyciowej i zawodowej. M\u00f3wi\u0105 o tym, co zainspirowa\u0142o ich do podj\u0119cia kariery artystycznej lub biznesowej, z jakimi wyzwaniami mierzyli si\u0119 jako osoby z niepe\u0142nosprawno\u015bci\u0105 oraz w jaki spos\u00f3b te przeszkody pokonali. Wywiady poruszaj\u0105 tak\u017ce temat system\u00f3w wsparcia, kt\u00f3re odegra\u0142y kluczow\u0105 rol\u0119 w ich sukcesie, zawieraj\u0105 porady dla innych m\u0142odych os\u00f3b z niepe\u0142nosprawno\u015bciami chc\u0105cych obra\u0107 podobn\u0105 \u015bcie\u017ck\u0119 oraz pokazuj\u0105, jak spo\u0142ecze\u0144stwo mo\u017ce wspiera\u0107 i anga\u017cowa\u0107 si\u0119 w ich dzia\u0142ania.<\/p><p>Historie te stanowi\u0105 realne przyk\u0142ady tego, co jest mo\u017cliwe, gdy talent spotyka si\u0119 z odpowiednimi szansami. Ich celem jest szerzenie idei wzmocnienia i integracji, jako cz\u0119\u015b\u0107 szerszego dzia\u0142ania projektu CARE na rzecz bardziej inkluzywnego sektora kreatywnego w Europie.<\/p>\t\t\t\t\t\t\t\t<\/div>\n\t\t\t\t<\/div>\n\t\t\t\t\t<\/div>\n\t\t<\/div>\n\t\t\t\t\t<\/div>\n\t\t<\/section>\n\t\t\t\t<section class=\"elementor-section elementor-top-section elementor-element elementor-element-0fe1575 elementor-section-boxed elementor-section-height-default elementor-section-height-default wpr-particle-no wpr-jarallax-no wpr-parallax-no wpr-sticky-section-no\" data-id=\"0fe1575\" data-element_type=\"section\" data-settings=\"{&quot;background_background&quot;:&quot;classic&quot;}\">\n\t\t\t\t\t\t<div class=\"elementor-container elementor-column-gap-default\">\n\t\t\t\t\t<div class=\"elementor-column elementor-col-100 elementor-top-column elementor-element elementor-element-1ace6b8\" data-id=\"1ace6b8\" data-element_type=\"column\">\n\t\t\t<div class=\"elementor-widget-wrap elementor-element-populated\">\n\t\t\t\t\t\t<section class=\"elementor-section elementor-inner-section elementor-element elementor-element-ab434b7 elementor-section-boxed elementor-section-height-default elementor-section-height-default wpr-particle-no wpr-jarallax-no wpr-parallax-no wpr-sticky-section-no\" data-id=\"ab434b7\" data-element_type=\"section\">\n\t\t\t\t\t\t<div class=\"elementor-container elementor-column-gap-default\">\n\t\t\t\t\t<div class=\"elementor-column elementor-col-50 elementor-inner-column elementor-element elementor-element-ef8b16b\" data-id=\"ef8b16b\" data-element_type=\"column\">\n\t\t\t<div class=\"elementor-widget-wrap elementor-element-populated\">\n\t\t\t\t\t\t<div class=\"elementor-element elementor-element-cbbc691 elementor-widget elementor-widget-video\" data-id=\"cbbc691\" data-element_type=\"widget\" data-settings=\"{&quot;youtube_url&quot;:&quot;https:\\\/\\\/youtu.be\\\/6pYrveAyhi8?si=fSlybZb6Plk9tm6m&quot;,&quot;video_type&quot;:&quot;youtube&quot;,&quot;controls&quot;:&quot;yes&quot;}\" data-widget_type=\"video.default\">\n\t\t\t\t<div class=\"elementor-widget-container\">\n\t\t\t\t\t\t\t<div class=\"elementor-wrapper elementor-open-inline\">\n\t\t\t<div class=\"elementor-video\"><\/div>\t\t<\/div>\n\t\t\t\t\t\t<\/div>\n\t\t\t\t<\/div>\n\t\t\t\t\t<\/div>\n\t\t<\/div>\n\t\t\t\t<div class=\"elementor-column elementor-col-50 elementor-inner-column elementor-element elementor-element-13ce7a6\" data-id=\"13ce7a6\" data-element_type=\"column\">\n\t\t\t<div class=\"elementor-widget-wrap elementor-element-populated\">\n\t\t\t\t\t\t<div class=\"elementor-element elementor-element-f0f6225 elementor-widget elementor-widget-video\" data-id=\"f0f6225\" data-element_type=\"widget\" data-settings=\"{&quot;youtube_url&quot;:&quot;https:\\\/\\\/youtu.be\\\/H5w5DEllDXI?si=yuzeL-BysW6yrSXw&quot;,&quot;video_type&quot;:&quot;youtube&quot;,&quot;controls&quot;:&quot;yes&quot;}\" data-widget_type=\"video.default\">\n\t\t\t\t<div class=\"elementor-widget-container\">\n\t\t\t\t\t\t\t<div class=\"elementor-wrapper elementor-open-inline\">\n\t\t\t<div class=\"elementor-video\"><\/div>\t\t<\/div>\n\t\t\t\t\t\t<\/div>\n\t\t\t\t<\/div>\n\t\t\t\t\t<\/div>\n\t\t<\/div>\n\t\t\t\t\t<\/div>\n\t\t<\/section>\n\t\t\t\t<section class=\"elementor-section elementor-inner-section elementor-element elementor-element-aff3c09 elementor-section-boxed elementor-section-height-default elementor-section-height-default wpr-particle-no wpr-jarallax-no wpr-parallax-no wpr-sticky-section-no\" data-id=\"aff3c09\" data-element_type=\"section\">\n\t\t\t\t\t\t<div class=\"elementor-container elementor-column-gap-default\">\n\t\t\t\t\t<div class=\"elementor-column elementor-col-50 elementor-inner-column elementor-element elementor-element-dbb6590\" data-id=\"dbb6590\" data-element_type=\"column\">\n\t\t\t<div class=\"elementor-widget-wrap elementor-element-populated\">\n\t\t\t\t\t\t<div class=\"elementor-element elementor-element-08f374f elementor-widget elementor-widget-video\" data-id=\"08f374f\" data-element_type=\"widget\" data-settings=\"{&quot;youtube_url&quot;:&quot;https:\\\/\\\/youtu.be\\\/sPNIE4FrVa4?si=47VRReTN30jBCUI4&quot;,&quot;video_type&quot;:&quot;youtube&quot;,&quot;controls&quot;:&quot;yes&quot;}\" data-widget_type=\"video.default\">\n\t\t\t\t<div class=\"elementor-widget-container\">\n\t\t\t\t\t\t\t<div class=\"elementor-wrapper elementor-open-inline\">\n\t\t\t<div class=\"elementor-video\"><\/div>\t\t<\/div>\n\t\t\t\t\t\t<\/div>\n\t\t\t\t<\/div>\n\t\t\t\t\t<\/div>\n\t\t<\/div>\n\t\t\t\t<div class=\"elementor-column elementor-col-50 elementor-inner-column elementor-element elementor-element-2cb67df\" data-id=\"2cb67df\" data-element_type=\"column\">\n\t\t\t<div class=\"elementor-widget-wrap elementor-element-populated\">\n\t\t\t\t\t\t<div class=\"elementor-element elementor-element-e03db18 elementor-widget elementor-widget-video\" data-id=\"e03db18\" data-element_type=\"widget\" data-settings=\"{&quot;youtube_url&quot;:&quot;https:\\\/\\\/youtu.be\\\/1urqXiMUyeM?si=Hz7LgWBB9y0uM4Zn&quot;,&quot;video_type&quot;:&quot;youtube&quot;,&quot;controls&quot;:&quot;yes&quot;}\" data-widget_type=\"video.default\">\n\t\t\t\t<div class=\"elementor-widget-container\">\n\t\t\t\t\t\t\t<div class=\"elementor-wrapper elementor-open-inline\">\n\t\t\t<div class=\"elementor-video\"><\/div>\t\t<\/div>\n\t\t\t\t\t\t<\/div>\n\t\t\t\t<\/div>\n\t\t\t\t\t<\/div>\n\t\t<\/div>\n\t\t\t\t\t<\/div>\n\t\t<\/section>\n\t\t\t\t<section class=\"elementor-section elementor-inner-section elementor-element elementor-element-0c9f8d8 elementor-section-boxed elementor-section-height-default elementor-section-height-default wpr-particle-no wpr-jarallax-no wpr-parallax-no wpr-sticky-section-no\" data-id=\"0c9f8d8\" data-element_type=\"section\">\n\t\t\t\t\t\t<div class=\"elementor-container elementor-column-gap-default\">\n\t\t\t\t\t<div class=\"elementor-column elementor-col-50 elementor-inner-column elementor-element elementor-element-d428607\" data-id=\"d428607\" data-element_type=\"column\">\n\t\t\t<div class=\"elementor-widget-wrap elementor-element-populated\">\n\t\t\t\t\t\t<div class=\"elementor-element elementor-element-3e1167c elementor-widget elementor-widget-video\" data-id=\"3e1167c\" data-element_type=\"widget\" data-settings=\"{&quot;youtube_url&quot;:&quot;https:\\\/\\\/youtu.be\\\/86pfCRu1vJw?si=7dqRqIE9IdtT1yvI&quot;,&quot;video_type&quot;:&quot;youtube&quot;,&quot;controls&quot;:&quot;yes&quot;}\" data-widget_type=\"video.default\">\n\t\t\t\t<div class=\"elementor-widget-container\">\n\t\t\t\t\t\t\t<div class=\"elementor-wrapper elementor-open-inline\">\n\t\t\t<div class=\"elementor-video\"><\/div>\t\t<\/div>\n\t\t\t\t\t\t<\/div>\n\t\t\t\t<\/div>\n\t\t\t\t\t<\/div>\n\t\t<\/div>\n\t\t\t\t<div class=\"elementor-column elementor-col-50 elementor-inner-column elementor-element elementor-element-117779f\" data-id=\"117779f\" data-element_type=\"column\">\n\t\t\t<div class=\"elementor-widget-wrap elementor-element-populated\">\n\t\t\t\t\t\t<div class=\"elementor-element elementor-element-62f2289 elementor-widget elementor-widget-video\" data-id=\"62f2289\" data-element_type=\"widget\" data-settings=\"{&quot;youtube_url&quot;:&quot;https:\\\/\\\/youtu.be\\\/33QznPB9uwc?si=unwyC5cML0tGznV1&quot;,&quot;video_type&quot;:&quot;youtube&quot;,&quot;controls&quot;:&quot;yes&quot;}\" data-widget_type=\"video.default\">\n\t\t\t\t<div class=\"elementor-widget-container\">\n\t\t\t\t\t\t\t<div class=\"elementor-wrapper elementor-open-inline\">\n\t\t\t<div class=\"elementor-video\"><\/div>\t\t<\/div>\n\t\t\t\t\t\t<\/div>\n\t\t\t\t<\/div>\n\t\t\t\t\t<\/div>\n\t\t<\/div>\n\t\t\t\t\t<\/div>\n\t\t<\/section>\n\t\t\t\t\t<\/div>\n\t\t<\/div>\n\t\t\t\t\t<\/div>\n\t\t<\/section>\n\t\t\t\t<\/div>\n\t\t","protected":false},"excerpt":{"rendered":"<p>Dobre praktyki &#8211; wywiady W ramach projektu CARE ka\u017cdy kraj partnerski przygotowa\u0142 inspiruj\u0105ce wywiady wideo z m\u0142odymi osobami z niepe\u0142nosprawno\u015bciami, ukazuj\u0105ce ich osobiste historie odporno\u015bci, kreatywno\u015bci i wp\u0142ywu spo\u0142ecznego. Wywiady te towarzysz\u0105 publikacji \u201ePodr\u0119cznik przedsi\u0119biorczo\u015bci dla spo\u0142eczno\u015bci os\u00f3b z dysfunkcj\u0105 wzroku\u201d, kt\u00f3ry zawiera praktyczne narz\u0119dzia, wskaz\u00f3wki i motywacj\u0119 dla m\u0142odych os\u00f3b z niepe\u0142nosprawno\u015bciami, pomagaj\u0105c im dostrzec potrzeby w swoich spo\u0142eczno\u015bciach i zak\u0142ada\u0107 w\u0142asne inicjatywy. W ka\u017cdym kr\u00f3tkim filmie przedstawieni m\u0142odzi ludzie opowiadaj\u0105 o sobie oraz dziel\u0105 si\u0119 refleksjami na temat swojej drogi \u017cyciowej i zawodowej. M\u00f3wi\u0105 o tym, co zainspirowa\u0142o ich do podj\u0119cia kariery artystycznej lub biznesowej, z jakimi wyzwaniami mierzyli si\u0119 jako osoby z niepe\u0142nosprawno\u015bci\u0105 oraz w jaki spos\u00f3b te przeszkody pokonali. Wywiady poruszaj\u0105 tak\u017ce temat system\u00f3w wsparcia, kt\u00f3re odegra\u0142y kluczow\u0105 rol\u0119 w ich sukcesie, zawieraj\u0105 porady dla innych m\u0142odych os\u00f3b z niepe\u0142nosprawno\u015bciami chc\u0105cych obra\u0107 podobn\u0105 \u015bcie\u017ck\u0119 oraz pokazuj\u0105, jak spo\u0142ecze\u0144stwo mo\u017ce wspiera\u0107 i anga\u017cowa\u0107 si\u0119 w ich dzia\u0142ania. Historie te stanowi\u0105 realne przyk\u0142ady tego, co jest mo\u017cliwe, gdy talent spotyka si\u0119 z odpowiednimi szansami. Ich celem jest szerzenie idei wzmocnienia i integracji, jako cz\u0119\u015b\u0107 szerszego dzia\u0142ania projektu CARE na rzecz bardziej inkluzywnego sektora kreatywnego w Europie. https:\/\/youtu.be\/6pYrveAyhi8?si=fSlybZb6Plk9tm6mhttps:\/\/youtu.be\/H5w5DEllDXI?si=yuzeL-BysW6yrSXwhttps:\/\/youtu.be\/sPNIE4FrVa4?si=47VRReTN30jBCUI4https:\/\/youtu.be\/1urqXiMUyeM?si=Hz7LgWBB9y0uM4Znhttps:\/\/youtu.be\/86pfCRu1vJw?si=7dqRqIE9IdtT1yvIhttps:\/\/youtu.be\/33QznPB9uwc?si=unwyC5cML0tGznV1<\/p>\n","protected":false},"author":1,"featured_media":0,"parent":0,"menu_order":0,"comment_status":"closed","ping_status":"closed","template":"","meta":{"_exactmetrics_skip_tracking":false,"_exactmetrics_sitenote_active":false,"_exactmetrics_sitenote_note":"","_exactmetrics_sitenote_category":0,"_monsterinsights_skip_tracking":false,"_monsterinsights_sitenote_active":false,"_monsterinsights_sitenote_note":"","_monsterinsights_sitenote_category":0,"site-sidebar-layout":"no-sidebar","site-content-layout":"page-builder","ast-site-content-layout":"full-width-container","site-content-style":"default","site-sidebar-style":"default","ast-global-header-display":"","ast-banner-title-visibility":"","ast-main-header-display":"","ast-hfb-above-header-display":"","ast-hfb-below-header-display":"","ast-hfb-mobile-header-display":"","site-post-title":"disabled","ast-breadcrumbs-content":"","ast-featured-img":"disabled","footer-sml-layout":"","theme-transparent-header-meta":"default","adv-header-id-meta":"","stick-header-meta":"","header-above-stick-meta":"","header-main-stick-meta":"","header-below-stick-meta":"","astra-migrate-meta-layouts":"set","ast-page-background-enabled":"default","ast-page-background-meta":{"desktop":{"background-color":"var(--ast-global-color-4)","background-image":"","background-repeat":"repeat","background-position":"center center","background-size":"auto","background-attachment":"scroll","background-type":"","background-media":"","overlay-type":"","overlay-color":"","overlay-opacity":"","overlay-gradient":""},"tablet":{"background-color":"","background-image":"","background-repeat":"repeat","background-position":"center center","background-size":"auto","background-attachment":"scroll","background-type":"","background-media":"","overlay-type":"","overlay-color":"","overlay-opacity":"","overlay-gradient":""},"mobile":{"background-color":"","background-image":"","background-repeat":"repeat","background-position":"center center","background-size":"auto","background-attachment":"scroll","background-type":"","background-media":"","overlay-type":"","overlay-color":"","overlay-opacity":"","overlay-gradient":""}},"ast-content-background-meta":{"desktop":{"background-color":"var(--ast-global-color-5)","background-image":"","background-repeat":"repeat","background-position":"center center","background-size":"auto","background-attachment":"scroll","background-type":"","background-media":"","overlay-type":"","overlay-color":"","overlay-opacity":"","overlay-gradient":""},"tablet":{"background-color":"var(--ast-global-color-5)","background-image":"","background-repeat":"repeat","background-position":"center center","background-size":"auto","background-attachment":"scroll","background-type":"","background-media":"","overlay-type":"","overlay-color":"","overlay-opacity":"","overlay-gradient":""},"mobile":{"background-color":"var(--ast-global-color-5)","background-image":"","background-repeat":"repeat","background-position":"center center","background-size":"auto","background-attachment":"scroll","background-type":"","background-media":"","overlay-type":"","overlay-color":"","overlay-opacity":"","overlay-gradient":""}},"footnotes":""},"class_list":["post-3525","page","type-page","status-publish","hentry"],"yoast_head":"<!-- This site is optimized with the Yoast SEO plugin v25.5 - https:\/\/yoast.com\/wordpress\/plugins\/seo\/ -->\n<title>Dobre praktyki - wywiady - C.A.R.E.<\/title>\n<meta name=\"robots\" content=\"index, follow, max-snippet:-1, max-image-preview:large, max-video-preview:-1\" \/>\n<link rel=\"canonical\" href=\"https:\/\/www.care-platform.eu\/index.php\/pl\/dobre-praktyki-wywiady\/\" \/>\n<meta property=\"og:locale\" content=\"en_US\" \/>\n<meta property=\"og:type\" content=\"article\" \/>\n<meta property=\"og:title\" content=\"Dobre praktyki - wywiady - C.A.R.E.\" \/>\n<meta property=\"og:description\" content=\"Dobre praktyki &#8211; wywiady W ramach projektu CARE ka\u017cdy kraj partnerski przygotowa\u0142 inspiruj\u0105ce wywiady wideo z m\u0142odymi osobami z niepe\u0142nosprawno\u015bciami, ukazuj\u0105ce ich osobiste historie odporno\u015bci, kreatywno\u015bci i wp\u0142ywu spo\u0142ecznego. Wywiady te towarzysz\u0105 publikacji \u201ePodr\u0119cznik przedsi\u0119biorczo\u015bci dla spo\u0142eczno\u015bci os\u00f3b z dysfunkcj\u0105 wzroku\u201d, kt\u00f3ry zawiera praktyczne narz\u0119dzia, wskaz\u00f3wki i motywacj\u0119 dla m\u0142odych os\u00f3b z niepe\u0142nosprawno\u015bciami, pomagaj\u0105c im dostrzec potrzeby w swoich spo\u0142eczno\u015bciach i zak\u0142ada\u0107 w\u0142asne inicjatywy. W ka\u017cdym kr\u00f3tkim filmie przedstawieni m\u0142odzi ludzie opowiadaj\u0105 o sobie oraz dziel\u0105 si\u0119 refleksjami na temat swojej drogi \u017cyciowej i zawodowej. M\u00f3wi\u0105 o tym, co zainspirowa\u0142o ich do podj\u0119cia kariery artystycznej lub biznesowej, z jakimi wyzwaniami mierzyli si\u0119 jako osoby z niepe\u0142nosprawno\u015bci\u0105 oraz w jaki spos\u00f3b te przeszkody pokonali. Wywiady poruszaj\u0105 tak\u017ce temat system\u00f3w wsparcia, kt\u00f3re odegra\u0142y kluczow\u0105 rol\u0119 w ich sukcesie, zawieraj\u0105 porady dla innych m\u0142odych os\u00f3b z niepe\u0142nosprawno\u015bciami chc\u0105cych obra\u0107 podobn\u0105 \u015bcie\u017ck\u0119 oraz pokazuj\u0105, jak spo\u0142ecze\u0144stwo mo\u017ce wspiera\u0107 i anga\u017cowa\u0107 si\u0119 w ich dzia\u0142ania. Historie te stanowi\u0105 realne przyk\u0142ady tego, co jest mo\u017cliwe, gdy talent spotyka si\u0119 z odpowiednimi szansami. Ich celem jest szerzenie idei wzmocnienia i integracji, jako cz\u0119\u015b\u0107 szerszego dzia\u0142ania projektu CARE na rzecz bardziej inkluzywnego sektora kreatywnego w Europie. https:\/\/youtu.be\/6pYrveAyhi8?si=fSlybZb6Plk9tm6mhttps:\/\/youtu.be\/H5w5DEllDXI?si=yuzeL-BysW6yrSXwhttps:\/\/youtu.be\/sPNIE4FrVa4?si=47VRReTN30jBCUI4https:\/\/youtu.be\/1urqXiMUyeM?si=Hz7LgWBB9y0uM4Znhttps:\/\/youtu.be\/86pfCRu1vJw?si=7dqRqIE9IdtT1yvIhttps:\/\/youtu.be\/33QznPB9uwc?si=unwyC5cML0tGznV1\" \/>\n<meta property=\"og:url\" content=\"https:\/\/www.care-platform.eu\/index.php\/pl\/dobre-praktyki-wywiady\/\" \/>\n<meta property=\"og:site_name\" content=\"C.A.R.E.\" \/>\n<meta property=\"article:modified_time\" content=\"2025-08-02T10:17:30+00:00\" \/>\n<meta name=\"twitter:card\" content=\"summary_large_image\" \/>\n<meta name=\"twitter:label1\" content=\"Est. reading time\" \/>\n\t<meta name=\"twitter:data1\" content=\"1 minute\" \/>\n<script type=\"application\/ld+json\" class=\"yoast-schema-graph\">{\"@context\":\"https:\/\/schema.org\",\"@graph\":[{\"@type\":\"WebPage\",\"@id\":\"https:\/\/www.care-platform.eu\/index.php\/pl\/dobre-praktyki-wywiady\/\",\"url\":\"https:\/\/www.care-platform.eu\/index.php\/pl\/dobre-praktyki-wywiady\/\",\"name\":\"Dobre praktyki - wywiady - C.A.R.E.\",\"isPartOf\":{\"@id\":\"https:\/\/www.care-platform.eu\/#website\"},\"datePublished\":\"2025-07-13T22:14:23+00:00\",\"dateModified\":\"2025-08-02T10:17:30+00:00\",\"breadcrumb\":{\"@id\":\"https:\/\/www.care-platform.eu\/index.php\/pl\/dobre-praktyki-wywiady\/#breadcrumb\"},\"inLanguage\":\"en-US\",\"potentialAction\":[{\"@type\":\"ReadAction\",\"target\":[\"https:\/\/www.care-platform.eu\/index.php\/pl\/dobre-praktyki-wywiady\/\"]}]},{\"@type\":\"BreadcrumbList\",\"@id\":\"https:\/\/www.care-platform.eu\/index.php\/pl\/dobre-praktyki-wywiady\/#breadcrumb\",\"itemListElement\":[{\"@type\":\"ListItem\",\"position\":1,\"name\":\"Home\",\"item\":\"https:\/\/www.care-platform.eu\/\"},{\"@type\":\"ListItem\",\"position\":2,\"name\":\"Dobre praktyki &#8211; wywiady\"}]},{\"@type\":\"WebSite\",\"@id\":\"https:\/\/www.care-platform.eu\/#website\",\"url\":\"https:\/\/www.care-platform.eu\/\",\"name\":\"C.A.R.E.\",\"description\":\"\",\"publisher\":{\"@id\":\"https:\/\/www.care-platform.eu\/#organization\"},\"potentialAction\":[{\"@type\":\"SearchAction\",\"target\":{\"@type\":\"EntryPoint\",\"urlTemplate\":\"https:\/\/www.care-platform.eu\/?s={search_term_string}\"},\"query-input\":{\"@type\":\"PropertyValueSpecification\",\"valueRequired\":true,\"valueName\":\"search_term_string\"}}],\"inLanguage\":\"en-US\"},{\"@type\":\"Organization\",\"@id\":\"https:\/\/www.care-platform.eu\/#organization\",\"name\":\"C.A.R.E.\",\"url\":\"https:\/\/www.care-platform.eu\/\",\"logo\":{\"@type\":\"ImageObject\",\"inLanguage\":\"en-US\",\"@id\":\"https:\/\/www.care-platform.eu\/#\/schema\/logo\/image\/\",\"url\":\"https:\/\/www.care-platform.eu\/wp-content\/uploads\/2023\/04\/cropped-cropped-logo-1-1.png\",\"contentUrl\":\"https:\/\/www.care-platform.eu\/wp-content\/uploads\/2023\/04\/cropped-cropped-logo-1-1.png\",\"width\":127,\"height\":153,\"caption\":\"C.A.R.E.\"},\"image\":{\"@id\":\"https:\/\/www.care-platform.eu\/#\/schema\/logo\/image\/\"}}]}<\/script>\n<!-- \/ Yoast SEO plugin. -->","yoast_head_json":{"title":"Dobre praktyki - wywiady - C.A.R.E.","robots":{"index":"index","follow":"follow","max-snippet":"max-snippet:-1","max-image-preview":"max-image-preview:large","max-video-preview":"max-video-preview:-1"},"canonical":"https:\/\/www.care-platform.eu\/index.php\/pl\/dobre-praktyki-wywiady\/","og_locale":"en_US","og_type":"article","og_title":"Dobre praktyki - wywiady - C.A.R.E.","og_description":"Dobre praktyki &#8211; wywiady W ramach projektu CARE ka\u017cdy kraj partnerski przygotowa\u0142 inspiruj\u0105ce wywiady wideo z m\u0142odymi osobami z niepe\u0142nosprawno\u015bciami, ukazuj\u0105ce ich osobiste historie odporno\u015bci, kreatywno\u015bci i wp\u0142ywu spo\u0142ecznego. Wywiady te towarzysz\u0105 publikacji \u201ePodr\u0119cznik przedsi\u0119biorczo\u015bci dla spo\u0142eczno\u015bci os\u00f3b z dysfunkcj\u0105 wzroku\u201d, kt\u00f3ry zawiera praktyczne narz\u0119dzia, wskaz\u00f3wki i motywacj\u0119 dla m\u0142odych os\u00f3b z niepe\u0142nosprawno\u015bciami, pomagaj\u0105c im dostrzec potrzeby w swoich spo\u0142eczno\u015bciach i zak\u0142ada\u0107 w\u0142asne inicjatywy. W ka\u017cdym kr\u00f3tkim filmie przedstawieni m\u0142odzi ludzie opowiadaj\u0105 o sobie oraz dziel\u0105 si\u0119 refleksjami na temat swojej drogi \u017cyciowej i zawodowej. M\u00f3wi\u0105 o tym, co zainspirowa\u0142o ich do podj\u0119cia kariery artystycznej lub biznesowej, z jakimi wyzwaniami mierzyli si\u0119 jako osoby z niepe\u0142nosprawno\u015bci\u0105 oraz w jaki spos\u00f3b te przeszkody pokonali. Wywiady poruszaj\u0105 tak\u017ce temat system\u00f3w wsparcia, kt\u00f3re odegra\u0142y kluczow\u0105 rol\u0119 w ich sukcesie, zawieraj\u0105 porady dla innych m\u0142odych os\u00f3b z niepe\u0142nosprawno\u015bciami chc\u0105cych obra\u0107 podobn\u0105 \u015bcie\u017ck\u0119 oraz pokazuj\u0105, jak spo\u0142ecze\u0144stwo mo\u017ce wspiera\u0107 i anga\u017cowa\u0107 si\u0119 w ich dzia\u0142ania. Historie te stanowi\u0105 realne przyk\u0142ady tego, co jest mo\u017cliwe, gdy talent spotyka si\u0119 z odpowiednimi szansami. Ich celem jest szerzenie idei wzmocnienia i integracji, jako cz\u0119\u015b\u0107 szerszego dzia\u0142ania projektu CARE na rzecz bardziej inkluzywnego sektora kreatywnego w Europie. https:\/\/youtu.be\/6pYrveAyhi8?si=fSlybZb6Plk9tm6mhttps:\/\/youtu.be\/H5w5DEllDXI?si=yuzeL-BysW6yrSXwhttps:\/\/youtu.be\/sPNIE4FrVa4?si=47VRReTN30jBCUI4https:\/\/youtu.be\/1urqXiMUyeM?si=Hz7LgWBB9y0uM4Znhttps:\/\/youtu.be\/86pfCRu1vJw?si=7dqRqIE9IdtT1yvIhttps:\/\/youtu.be\/33QznPB9uwc?si=unwyC5cML0tGznV1","og_url":"https:\/\/www.care-platform.eu\/index.php\/pl\/dobre-praktyki-wywiady\/","og_site_name":"C.A.R.E.","article_modified_time":"2025-08-02T10:17:30+00:00","twitter_card":"summary_large_image","twitter_misc":{"Est. reading time":"1 minute"},"schema":{"@context":"https:\/\/schema.org","@graph":[{"@type":"WebPage","@id":"https:\/\/www.care-platform.eu\/index.php\/pl\/dobre-praktyki-wywiady\/","url":"https:\/\/www.care-platform.eu\/index.php\/pl\/dobre-praktyki-wywiady\/","name":"Dobre praktyki - wywiady - C.A.R.E.","isPartOf":{"@id":"https:\/\/www.care-platform.eu\/#website"},"datePublished":"2025-07-13T22:14:23+00:00","dateModified":"2025-08-02T10:17:30+00:00","breadcrumb":{"@id":"https:\/\/www.care-platform.eu\/index.php\/pl\/dobre-praktyki-wywiady\/#breadcrumb"},"inLanguage":"en-US","potentialAction":[{"@type":"ReadAction","target":["https:\/\/www.care-platform.eu\/index.php\/pl\/dobre-praktyki-wywiady\/"]}]},{"@type":"BreadcrumbList","@id":"https:\/\/www.care-platform.eu\/index.php\/pl\/dobre-praktyki-wywiady\/#breadcrumb","itemListElement":[{"@type":"ListItem","position":1,"name":"Home","item":"https:\/\/www.care-platform.eu\/"},{"@type":"ListItem","position":2,"name":"Dobre praktyki &#8211; wywiady"}]},{"@type":"WebSite","@id":"https:\/\/www.care-platform.eu\/#website","url":"https:\/\/www.care-platform.eu\/","name":"C.A.R.E.","description":"","publisher":{"@id":"https:\/\/www.care-platform.eu\/#organization"},"potentialAction":[{"@type":"SearchAction","target":{"@type":"EntryPoint","urlTemplate":"https:\/\/www.care-platform.eu\/?s={search_term_string}"},"query-input":{"@type":"PropertyValueSpecification","valueRequired":true,"valueName":"search_term_string"}}],"inLanguage":"en-US"},{"@type":"Organization","@id":"https:\/\/www.care-platform.eu\/#organization","name":"C.A.R.E.","url":"https:\/\/www.care-platform.eu\/","logo":{"@type":"ImageObject","inLanguage":"en-US","@id":"https:\/\/www.care-platform.eu\/#\/schema\/logo\/image\/","url":"https:\/\/www.care-platform.eu\/wp-content\/uploads\/2023\/04\/cropped-cropped-logo-1-1.png","contentUrl":"https:\/\/www.care-platform.eu\/wp-content\/uploads\/2023\/04\/cropped-cropped-logo-1-1.png","width":127,"height":153,"caption":"C.A.R.E."},"image":{"@id":"https:\/\/www.care-platform.eu\/#\/schema\/logo\/image\/"}}]}},"_links":{"self":[{"href":"https:\/\/www.care-platform.eu\/index.php\/wp-json\/wp\/v2\/pages\/3525","targetHints":{"allow":["GET"]}}],"collection":[{"href":"https:\/\/www.care-platform.eu\/index.php\/wp-json\/wp\/v2\/pages"}],"about":[{"href":"https:\/\/www.care-platform.eu\/index.php\/wp-json\/wp\/v2\/types\/page"}],"author":[{"embeddable":true,"href":"https:\/\/www.care-platform.eu\/index.php\/wp-json\/wp\/v2\/users\/1"}],"replies":[{"embeddable":true,"href":"https:\/\/www.care-platform.eu\/index.php\/wp-json\/wp\/v2\/comments?post=3525"}],"version-history":[{"count":7,"href":"https:\/\/www.care-platform.eu\/index.php\/wp-json\/wp\/v2\/pages\/3525\/revisions"}],"predecessor-version":[{"id":3730,"href":"https:\/\/www.care-platform.eu\/index.php\/wp-json\/wp\/v2\/pages\/3525\/revisions\/3730"}],"wp:attachment":[{"href":"https:\/\/www.care-platform.eu\/index.php\/wp-json\/wp\/v2\/media?parent=3525"}],"curies":[{"name":"wp","href":"https:\/\/api.w.org\/{rel}","templated":true}]}}